{"id":13301,"date":"2022-08-10T16:12:08","date_gmt":"2022-08-10T14:12:08","guid":{"rendered":"https:\/\/tarczynskiarenawroclaw.pl\/?post_type=mec-events&#038;p=13301"},"modified":"2022-08-23T12:55:56","modified_gmt":"2022-08-23T10:55:56","slug":"targi-mieszkaniowe-wro-expo","status":"publish","type":"mec-events","link":"https:\/\/tarczynskiarenawroclaw.pl\/en\/events\/targi-mieszkaniowe-wro-expo\/","title":{"rendered":"Targi Mieszkaniowe Wro-Expo"},"content":{"rendered":"\n<p>Co nowego na rynku mieszkaniowym? Jak kszta\u0142tuj\u0105 si\u0119 ceny? Na jak wysokie rabaty mo\u017cna liczy\u0107? Jakie obecnie s\u0105 mo\u017cliwo\u015bci kredytowania zakupu nowego mieszkania? Odpowiedzi na te i wiele innych pyta\u0144 znajdziesz na Targach Mieszkaniowych Wroc\u0142aw, kt\u00f3re odb\u0119d\u0105 si\u0119 3 i 4 wrze\u015bnia 2022r. na terenie stadionu Tarczy\u0144ski Arena Wroc\u0142aw przy Alei \u015al\u0105skiej 1.<\/p>\n\n\n\n<p>W targach we\u017amie udzia\u0142 kilkudziesi\u0119ciu wystawc\u00f3w, przede wszystkim firm deweloperskich prezentuj\u0105cych swoje inwestycje. Nie zabraknie te\u017c ofert z rynku wt\u00f3rnego, kt\u00f3re zaprezentuj\u0105 po\u015brednicy w obrocie nieruchomo\u015bciami. Swoj\u0105 wiedz\u0105 i do\u015bwiadczeniem podziel\u0105 si\u0119 r\u00f3wnie\u017c przedstawiciele bank\u00f3w i instytucji finansuj\u0105cych zakup nowej nieruchomo\u015bci.<\/p>\n\n\n\n<p>Merytorycznego wsparcia udziel\u0105 odwiedzaj\u0105cym doradcy kredytowi, kt\u00f3rzy pomog\u0105 i podpowiedz\u0105 w kwestiach finansowych. Do dyspozycji odwiedzaj\u0105cych b\u0119d\u0105 r\u00f3wnie\u017c specjali\u015bci zajmuj\u0105cy si\u0119 szeroko rozumian\u0105 aran\u017cacj\u0105 wn\u0119trz.<br><br>Ka\u017cda osoba poszukuj\u0105ca i chc\u0105ca kupi\u0107 nieruchomo\u015b\u0107 b\u0119dzie mog\u0142a w czasie trwania Targ\u00f3w Mieszkaniowych Wroc\u0142awa znale\u017a\u0107 profesjonaln\u0105 pomoc na ka\u017cdym etapie: pocz\u0105wszy od poszukiwania lokalu, poprzez jego kredytowanie, na urz\u0105dzeniu i wystroju ko\u0144cz\u0105c. Wed\u0142ug opinii licz\u0105cych si\u0119 firm deweloperskich to najwi\u0119ksza i najlepsza we Wroc\u0142awiu impreza targowa bran\u017cy nieruchomo\u015bci.<br><br>Organizatorzy Targ\u00f3w Mieszkaniowych Wroc\u0142aw przygotowali tak\u017ce panele wyk\u0142adowe, podczas kt\u00f3rych prelegenci porusz\u0105 takie kwestie, jak m.in.: kupno pierwszego mieszkania, finansowanie zakupu nieruchomo\u015bci, odbi\u00f3r mieszkania czy kodeks dobrego dewelopera.<br>Wst\u0119p na Targi Mieszkaniowe Wroc\u0142aw jest bezp\u0142atny. Na zmotoryzowanych go\u015bci czeka komfortowy parking.<\/p>\n\n\n\n<p><strong>Godziny otwarcia:<br>sobota 3 wrze\u015bnia \u2013 w godz. 10.00\u201317.00<br>niedziela 4 wrze\u015bnia \u2013 w godz. 10.00\u201316.00<\/strong><\/p>\n\n\n\n<p>Patron G\u0142\u00f3wny: ROBYG<br>Patron finansowy: EXPANDER<br>Patron Techniczny: LEROY MERLIN<br>Patroni Medialni: RynekPierwotny.pl | Radio RAM | Radio Wroc\u0142aw<\/p>\n\n\n\n<p>Wi\u0119cej informacji na temat Targ\u00f3w Mieszkaniowych Wroc\u0142aw mo\u017cna znale\u017a\u0107 na stronie internetowej: www.wro-expo.pl<\/p>\n\n\n\n<hr class=\"wp-block-separator has-alpha-channel-opacity\"\/>\n\n\n\n<h2 class=\"wp-block-heading\"><\/h2>\n","protected":false},"excerpt":{"rendered":"<p>Co nowego na rynku mieszkaniowym? Jak kszta\u0142tuj\u0105 si\u0119 ceny? Na jak wysokie rabaty&#8230;<\/p>\n","protected":false},"author":3,"featured_media":13321,"comment_status":"closed","ping_status":"closed","template":"","tags":[],"mec_category":[52,37],"class_list":["post-13301","mec-events","type-mec-events","status-publish","has-post-thumbnail","hentry","mec_category-fairs-events","mec_category-top-event-en"],"yoast_head":"<!-- This site is optimized with the Yoast SEO plugin v27.4 - https:\/\/yoast.com\/product\/yoast-seo-wordpress\/ -->\n<title>Targi Mieszkaniowe Wro-Expo &#8211; Tarczy\u0144ski Arena Wroc\u0142aw<\/title>\n<meta name=\"description\" content=\"Ponad 100 wystawc\u00f3w: deweloperzy, po\u015brednicy nieruchomo\u015bci oraz kredytowi, banki, biura projektowe. Zapraszamy 3-4 wrze\u015bnia 2022!\" \/>\n<meta name=\"robots\" content=\"index, follow, max-snippet:-1, max-image-preview:large, max-video-preview:-1\" \/>\n<link rel=\"canonical\" href=\"https:\/\/tarczynskiarenawroclaw.pl\/events\/targi-mieszkaniowe-wro-expo\/\" \/>\n<meta property=\"og:locale\" content=\"en_US\" \/>\n<meta property=\"og:type\" content=\"article\" \/>\n<meta property=\"og:title\" content=\"Targi Mieszkaniowe Wro-Expo &#8211; Tarczy\u0144ski Arena Wroc\u0142aw\" \/>\n<meta property=\"og:description\" content=\"Ponad 100 wystawc\u00f3w: deweloperzy, po\u015brednicy nieruchomo\u015bci oraz kredytowi, banki, biura projektowe. Zapraszamy 3-4 wrze\u015bnia 2022!\" \/>\n<meta property=\"og:url\" content=\"https:\/\/tarczynskiarenawroclaw.pl\/events\/targi-mieszkaniowe-wro-expo\/\" \/>\n<meta property=\"og:site_name\" content=\"Tarczy\u0144ski Arena Wroc\u0142aw\" \/>\n<meta property=\"article:modified_time\" content=\"2022-08-23T10:55:56+00:00\" \/>\n<meta property=\"og:image\" content=\"https:\/\/tarczynskiarenawroclaw.pl\/wp-content\/uploads\/2022\/08\/Grafika-4_3-_1024x768-px-_09-2022-Emisja.jpg\" \/>\n\t<meta property=\"og:image:width\" content=\"1024\" \/>\n\t<meta property=\"og:image:height\" content=\"768\" \/>\n\t<meta property=\"og:image:type\" content=\"image\/jpeg\" \/>\n<meta name=\"twitter:card\" content=\"summary_large_image\" \/>\n<meta name=\"twitter:label1\" content=\"Est. reading time\" \/>\n\t<meta name=\"twitter:data1\" content=\"2 minutes\" \/>\n<script type=\"application\/ld+json\" class=\"yoast-schema-graph\">{\"@context\":\"https:\\\/\\\/schema.org\",\"@graph\":[{\"@type\":\"WebPage\",\"@id\":\"https:\\\/\\\/tarczynskiarenawroclaw.pl\\\/events\\\/targi-mieszkaniowe-wro-expo\\\/\",\"url\":\"https:\\\/\\\/tarczynskiarenawroclaw.pl\\\/events\\\/targi-mieszkaniowe-wro-expo\\\/\",\"name\":\"Targi Mieszkaniowe Wro-Expo &#8211; Tarczy\u0144ski Arena Wroc\u0142aw\",\"isPartOf\":{\"@id\":\"https:\\\/\\\/tarczynskiarenawroclaw.pl\\\/#website\"},\"primaryImageOfPage\":{\"@id\":\"https:\\\/\\\/tarczynskiarenawroclaw.pl\\\/events\\\/targi-mieszkaniowe-wro-expo\\\/#primaryimage\"},\"image\":{\"@id\":\"https:\\\/\\\/tarczynskiarenawroclaw.pl\\\/events\\\/targi-mieszkaniowe-wro-expo\\\/#primaryimage\"},\"thumbnailUrl\":\"https:\\\/\\\/tarczynskiarenawroclaw.pl\\\/wp-content\\\/uploads\\\/2022\\\/08\\\/Grafika-4_3-_1024x768-px-_09-2022-Emisja.jpg\",\"datePublished\":\"2022-08-10T14:12:08+00:00\",\"dateModified\":\"2022-08-23T10:55:56+00:00\",\"description\":\"Ponad 100 wystawc\u00f3w: deweloperzy, po\u015brednicy nieruchomo\u015bci oraz kredytowi, banki, biura projektowe. Zapraszamy 3-4 wrze\u015bnia 2022!\",\"breadcrumb\":{\"@id\":\"https:\\\/\\\/tarczynskiarenawroclaw.pl\\\/events\\\/targi-mieszkaniowe-wro-expo\\\/#breadcrumb\"},\"inLanguage\":\"en-US\",\"potentialAction\":[{\"@type\":\"ReadAction\",\"target\":[\"https:\\\/\\\/tarczynskiarenawroclaw.pl\\\/events\\\/targi-mieszkaniowe-wro-expo\\\/\"]}]},{\"@type\":\"ImageObject\",\"inLanguage\":\"en-US\",\"@id\":\"https:\\\/\\\/tarczynskiarenawroclaw.pl\\\/events\\\/targi-mieszkaniowe-wro-expo\\\/#primaryimage\",\"url\":\"https:\\\/\\\/tarczynskiarenawroclaw.pl\\\/wp-content\\\/uploads\\\/2022\\\/08\\\/Grafika-4_3-_1024x768-px-_09-2022-Emisja.jpg\",\"contentUrl\":\"https:\\\/\\\/tarczynskiarenawroclaw.pl\\\/wp-content\\\/uploads\\\/2022\\\/08\\\/Grafika-4_3-_1024x768-px-_09-2022-Emisja.jpg\",\"width\":1024,\"height\":768},{\"@type\":\"BreadcrumbList\",\"@id\":\"https:\\\/\\\/tarczynskiarenawroclaw.pl\\\/events\\\/targi-mieszkaniowe-wro-expo\\\/#breadcrumb\",\"itemListElement\":[{\"@type\":\"ListItem\",\"position\":1,\"name\":\"Strona g\u0142\u00f3wna\",\"item\":\"https:\\\/\\\/tarczynskiarenawroclaw.pl\\\/en\\\/\"},{\"@type\":\"ListItem\",\"position\":2,\"name\":\"Events\",\"item\":\"https:\\\/\\\/tarczynskiarenawroclaw.pl\\\/events\\\/\"},{\"@type\":\"ListItem\",\"position\":3,\"name\":\"Fairs \\\/ Events\",\"item\":\"https:\\\/\\\/tarczynskiarenawroclaw.pl\\\/en\\\/category-events\\\/fairs-events\\\/\"},{\"@type\":\"ListItem\",\"position\":4,\"name\":\"Targi Mieszkaniowe Wro-Expo\"}]},{\"@type\":\"WebSite\",\"@id\":\"https:\\\/\\\/tarczynskiarenawroclaw.pl\\\/#website\",\"url\":\"https:\\\/\\\/tarczynskiarenawroclaw.pl\\\/\",\"name\":\"Tarczy\u0144ski Arena Wroc\u0142aw\",\"description\":\"Stadion Miejski we Wroc\u0142awiu\",\"publisher\":{\"@id\":\"https:\\\/\\\/tarczynskiarenawroclaw.pl\\\/#organization\"},\"potentialAction\":[{\"@type\":\"SearchAction\",\"target\":{\"@type\":\"EntryPoint\",\"urlTemplate\":\"https:\\\/\\\/tarczynskiarenawroclaw.pl\\\/?s={search_term_string}\"},\"query-input\":{\"@type\":\"PropertyValueSpecification\",\"valueRequired\":true,\"valueName\":\"search_term_string\"}}],\"inLanguage\":\"en-US\"},{\"@type\":\"Organization\",\"@id\":\"https:\\\/\\\/tarczynskiarenawroclaw.pl\\\/#organization\",\"name\":\"Stadion Wroc\u0142aw\",\"url\":\"https:\\\/\\\/tarczynskiarenawroclaw.pl\\\/\",\"logo\":{\"@type\":\"ImageObject\",\"inLanguage\":\"en-US\",\"@id\":\"https:\\\/\\\/tarczynskiarenawroclaw.pl\\\/#\\\/schema\\\/logo\\\/image\\\/\",\"url\":\"https:\\\/\\\/stadionwroclaw.pl\\\/wp-content\\\/uploads\\\/2021\\\/08\\\/favicon-stadion-wroclaw.png\",\"contentUrl\":\"https:\\\/\\\/stadionwroclaw.pl\\\/wp-content\\\/uploads\\\/2021\\\/08\\\/favicon-stadion-wroclaw.png\",\"width\":512,\"height\":512,\"caption\":\"Stadion Wroc\u0142aw\"},\"image\":{\"@id\":\"https:\\\/\\\/tarczynskiarenawroclaw.pl\\\/#\\\/schema\\\/logo\\\/image\\\/\"}}]}<\/script>\n<!-- \/ Yoast SEO plugin. -->","yoast_head_json":{"title":"Targi Mieszkaniowe Wro-Expo &#8211; Tarczy\u0144ski Arena Wroc\u0142aw","description":"Ponad 100 wystawc\u00f3w: deweloperzy, po\u015brednicy nieruchomo\u015bci oraz kredytowi, banki, biura projektowe. Zapraszamy 3-4 wrze\u015bnia 2022!","robots":{"index":"index","follow":"follow","max-snippet":"max-snippet:-1","max-image-preview":"max-image-preview:large","max-video-preview":"max-video-preview:-1"},"canonical":"https:\/\/tarczynskiarenawroclaw.pl\/events\/targi-mieszkaniowe-wro-expo\/","og_locale":"en_US","og_type":"article","og_title":"Targi Mieszkaniowe Wro-Expo &#8211; Tarczy\u0144ski Arena Wroc\u0142aw","og_description":"Ponad 100 wystawc\u00f3w: deweloperzy, po\u015brednicy nieruchomo\u015bci oraz kredytowi, banki, biura projektowe. Zapraszamy 3-4 wrze\u015bnia 2022!","og_url":"https:\/\/tarczynskiarenawroclaw.pl\/events\/targi-mieszkaniowe-wro-expo\/","og_site_name":"Tarczy\u0144ski Arena Wroc\u0142aw","article_modified_time":"2022-08-23T10:55:56+00:00","og_image":[{"width":1024,"height":768,"url":"https:\/\/tarczynskiarenawroclaw.pl\/wp-content\/uploads\/2022\/08\/Grafika-4_3-_1024x768-px-_09-2022-Emisja.jpg","type":"image\/jpeg"}],"twitter_card":"summary_large_image","twitter_misc":{"Est. reading time":"2 minutes"},"schema":{"@context":"https:\/\/schema.org","@graph":[{"@type":"WebPage","@id":"https:\/\/tarczynskiarenawroclaw.pl\/events\/targi-mieszkaniowe-wro-expo\/","url":"https:\/\/tarczynskiarenawroclaw.pl\/events\/targi-mieszkaniowe-wro-expo\/","name":"Targi Mieszkaniowe Wro-Expo &#8211; Tarczy\u0144ski Arena Wroc\u0142aw","isPartOf":{"@id":"https:\/\/tarczynskiarenawroclaw.pl\/#website"},"primaryImageOfPage":{"@id":"https:\/\/tarczynskiarenawroclaw.pl\/events\/targi-mieszkaniowe-wro-expo\/#primaryimage"},"image":{"@id":"https:\/\/tarczynskiarenawroclaw.pl\/events\/targi-mieszkaniowe-wro-expo\/#primaryimage"},"thumbnailUrl":"https:\/\/tarczynskiarenawroclaw.pl\/wp-content\/uploads\/2022\/08\/Grafika-4_3-_1024x768-px-_09-2022-Emisja.jpg","datePublished":"2022-08-10T14:12:08+00:00","dateModified":"2022-08-23T10:55:56+00:00","description":"Ponad 100 wystawc\u00f3w: deweloperzy, po\u015brednicy nieruchomo\u015bci oraz kredytowi, banki, biura projektowe. Zapraszamy 3-4 wrze\u015bnia 2022!","breadcrumb":{"@id":"https:\/\/tarczynskiarenawroclaw.pl\/events\/targi-mieszkaniowe-wro-expo\/#breadcrumb"},"inLanguage":"en-US","potentialAction":[{"@type":"ReadAction","target":["https:\/\/tarczynskiarenawroclaw.pl\/events\/targi-mieszkaniowe-wro-expo\/"]}]},{"@type":"ImageObject","inLanguage":"en-US","@id":"https:\/\/tarczynskiarenawroclaw.pl\/events\/targi-mieszkaniowe-wro-expo\/#primaryimage","url":"https:\/\/tarczynskiarenawroclaw.pl\/wp-content\/uploads\/2022\/08\/Grafika-4_3-_1024x768-px-_09-2022-Emisja.jpg","contentUrl":"https:\/\/tarczynskiarenawroclaw.pl\/wp-content\/uploads\/2022\/08\/Grafika-4_3-_1024x768-px-_09-2022-Emisja.jpg","width":1024,"height":768},{"@type":"BreadcrumbList","@id":"https:\/\/tarczynskiarenawroclaw.pl\/events\/targi-mieszkaniowe-wro-expo\/#breadcrumb","itemListElement":[{"@type":"ListItem","position":1,"name":"Strona g\u0142\u00f3wna","item":"https:\/\/tarczynskiarenawroclaw.pl\/en\/"},{"@type":"ListItem","position":2,"name":"Events","item":"https:\/\/tarczynskiarenawroclaw.pl\/events\/"},{"@type":"ListItem","position":3,"name":"Fairs \/ Events","item":"https:\/\/tarczynskiarenawroclaw.pl\/en\/category-events\/fairs-events\/"},{"@type":"ListItem","position":4,"name":"Targi Mieszkaniowe Wro-Expo"}]},{"@type":"WebSite","@id":"https:\/\/tarczynskiarenawroclaw.pl\/#website","url":"https:\/\/tarczynskiarenawroclaw.pl\/","name":"Tarczy\u0144ski Arena Wroc\u0142aw","description":"Stadion Miejski we Wroc\u0142awiu","publisher":{"@id":"https:\/\/tarczynskiarenawroclaw.pl\/#organization"},"potentialAction":[{"@type":"SearchAction","target":{"@type":"EntryPoint","urlTemplate":"https:\/\/tarczynskiarenawroclaw.pl\/?s={search_term_string}"},"query-input":{"@type":"PropertyValueSpecification","valueRequired":true,"valueName":"search_term_string"}}],"inLanguage":"en-US"},{"@type":"Organization","@id":"https:\/\/tarczynskiarenawroclaw.pl\/#organization","name":"Stadion Wroc\u0142aw","url":"https:\/\/tarczynskiarenawroclaw.pl\/","logo":{"@type":"ImageObject","inLanguage":"en-US","@id":"https:\/\/tarczynskiarenawroclaw.pl\/#\/schema\/logo\/image\/","url":"https:\/\/stadionwroclaw.pl\/wp-content\/uploads\/2021\/08\/favicon-stadion-wroclaw.png","contentUrl":"https:\/\/stadionwroclaw.pl\/wp-content\/uploads\/2021\/08\/favicon-stadion-wroclaw.png","width":512,"height":512,"caption":"Stadion Wroc\u0142aw"},"image":{"@id":"https:\/\/tarczynskiarenawroclaw.pl\/#\/schema\/logo\/image\/"}}]}},"featured_img":"https:\/\/tarczynskiarenawroclaw.pl\/wp-content\/uploads\/2022\/08\/Grafika-4_3-_1024x768-px-_09-2022-Emisja-326x326.jpg","coauthors":[],"author_meta":{"author_link":"https:\/\/tarczynskiarenawroclaw.pl\/en\/author\/nina-admin\/","display_name":"Nina Kolodziej"},"relative_dates":{"created":"Posted 4 years ago","modified":"Updated 4 years ago"},"absolute_dates":{"created":"Posted on 10.08.2022","modified":"Updated on 23.08.2022"},"absolute_dates_time":{"created":"Posted on 10.08.2022 16:12","modified":"Updated on 23.08.2022 12:55"},"featured_img_caption":"","tax_additional":{"post_tag":{"linked":[],"unlinked":[],"slug":"post_tag","name":"Tags"},"mec_category":{"linked":["<a href=\"https:\/\/tarczynskiarenawroclaw.pl\/en\/category-events\/fairs-events\/\" class=\"advgb-post-tax-term\">Fairs \/ Events<\/a>","<a href=\"https:\/\/tarczynskiarenawroclaw.pl\/en\/category-events\/top-event-en\/\" class=\"advgb-post-tax-term\">Top Event<\/a>"],"unlinked":["<span class=\"advgb-post-tax-term\">Fairs \/ Events<\/span>","<span class=\"advgb-post-tax-term\">Top Event<\/span>"],"slug":"mec_category","name":"Categories"},"mec_label":{"linked":[],"unlinked":[],"slug":"mec_label","name":"Labels"},"mec_location":{"linked":["<a href=\"https:\/\/tarczynskiarenawroclaw.pl\/events-location\/tarczynski-arena-wroclaw\/\" class=\"advgb-post-tax-term\">Tarczy\u0144ski Arena Wroc\u0142aw<\/a>"],"unlinked":["<span class=\"advgb-post-tax-term\">Tarczy\u0144ski Arena Wroc\u0142aw<\/span>"],"slug":"mec_location","name":"Locations"},"mec_organizer":{"linked":[],"unlinked":[],"slug":"mec_organizer","name":"Organizers"}},"series_order":"","_links":{"self":[{"href":"https:\/\/tarczynskiarenawroclaw.pl\/en\/wp-json\/wp\/v2\/mec-events\/13301","targetHints":{"allow":["GET"]}}],"collection":[{"href":"https:\/\/tarczynskiarenawroclaw.pl\/en\/wp-json\/wp\/v2\/mec-events"}],"about":[{"href":"https:\/\/tarczynskiarenawroclaw.pl\/en\/wp-json\/wp\/v2\/types\/mec-events"}],"author":[{"embeddable":true,"href":"https:\/\/tarczynskiarenawroclaw.pl\/en\/wp-json\/wp\/v2\/users\/3"}],"replies":[{"embeddable":true,"href":"https:\/\/tarczynskiarenawroclaw.pl\/en\/wp-json\/wp\/v2\/comments?post=13301"}],"wp:featuredmedia":[{"embeddable":true,"href":"https:\/\/tarczynskiarenawroclaw.pl\/en\/wp-json\/wp\/v2\/media\/13321"}],"wp:attachment":[{"href":"https:\/\/tarczynskiarenawroclaw.pl\/en\/wp-json\/wp\/v2\/media?parent=13301"}],"wp:term":[{"taxonomy":"post_tag","embeddable":true,"href":"https:\/\/tarczynskiarenawroclaw.pl\/en\/wp-json\/wp\/v2\/tags?post=13301"},{"taxonomy":"mec_category","embeddable":true,"href":"https:\/\/tarczynskiarenawroclaw.pl\/en\/wp-json\/wp\/v2\/mec_category?post=13301"}],"curies":[{"name":"wp","href":"https:\/\/api.w.org\/{rel}","templated":true}]}}