{"id":13494,"date":"2022-10-06T12:54:22","date_gmt":"2022-10-06T10:54:22","guid":{"rendered":"https:\/\/tarczynskiarenawroclaw.pl\/?post_type=mec-events&#038;p=13494"},"modified":"2022-10-06T12:54:25","modified_gmt":"2022-10-06T10:54:25","slug":"talent-days-wroclaw-targi-pracy","status":"publish","type":"mec-events","link":"https:\/\/tarczynskiarenawroclaw.pl\/en\/events\/talent-days-wroclaw-targi-pracy\/","title":{"rendered":"Talent Days Wroc\u0142aw &#8211; targi pracy"},"content":{"rendered":"\n<p>Odkryj z nami sw\u00f3j TALENT &#8211; ju\u017c 26 pa\u017adziernika na targach pracy Talent Days! Zaczynasz lub ko\u0144czysz studia, a mo\u017ce obron\u0119 masz ju\u017c za sob\u0105? Nauka, nauk\u0105, ale\u2026 chcesz zdoby\u0107 praktyczne do\u015bwiadczenie w pracy? i nie wiesz jak zabra\u0107 si\u0119 za jej poszukiwanie?<\/p>\n\n\n\n<p>Nie tra\u0107 czasu na scrollowanie ofert &#8211; we\u017a udzia\u0142 w targach pracy Talent Days. Targi pracy to idealne miejsce dla tych, kt\u00f3rzy dopiero startuj\u0105 na rynku pracy i chc\u0105 pozna\u0107 jego tajniki. Na Talent Days znajdziesz r\u00f3wnie\u017c co\u015b dla siebie, nawet je\u015bli te pierwsze kroki masz ju\u017c za sob\u0105. Jest to miejsce spotka\u0144 dla szukaj\u0105cych mo\u017cliwo\u015bci rozwoju m\u0142odych Talent\u00f3w oraz TOPowych pracodawc\u00f3w z wielu bran\u017c. Spotkasz tam firmy rekrutuj\u0105ce do swoich team\u00f3w &#8211; od marketingu, przez finanse, na in\u017cynierskich tematach ko\u0144cz\u0105c. Zdecydowan\u0105 przewag\u0105 targ\u00f3w pracy nad innymi formami poszukiwania zatrudnienia, jest mo\u017cliwo\u015b\u0107 zrobienia researchu, poprzez bliskie poznanie potencjalnych pracodawc\u00f3w i wchodzenie z nimi w bezpo\u015brednie interakcje. To te\u017c szansa, by od razu porozmawia\u0107 z rekruterami w cztery oczy. W ten spos\u00f3b mo\u017cesz zab\u0142ysn\u0105\u0107 i zdoby\u0107 przewag\u0119 nad pozosta\u0142ymi kandydatami na wymarzone stanowisko.<\/p>\n\n\n\n<p>Je\u015bli poczujesz #perfectMATCH, pami\u0119taj o zostawieniu swojego CV &#8211; zrobisz to poprzez zeskanowanie opaski z zakodowanym e-CV, kt\u00f3r\u0105 dostaniesz na samym pocz\u0105tku wydarzenia. To jeszcze nie wszystko! Opr\u00f3cz przechadzania si\u0119 mi\u0119dzy stoiskami pracodawc\u00f3w, skorzystasz z dodatkowych atrakcji i opcji na rozw\u00f3j:<br>\u25cf We\u017a udzia\u0142 w certyfikowanych warsztatach,<br>\u25cf Dosi\u0105d\u017a si\u0119 do Round Table i podyskutuj z ekspertami,<br>\u25cf Skonsultuj CV w CV-point,<br>\u25cf Uzupe\u0142nij je o profesjonalne zdj\u0119cie, kt\u00f3re w strefie FOTO zrobimy Ci absolutnie za FREE.<\/p>\n\n\n\n<p>Nie tra\u0107 czasu na wysy\u0142anie setek CV i zabaw\u0119 w g\u0142uchy telefon &#8211; postaw na nasze wsparcie!<br>Zarejestruj si\u0119 na targi pracy we Wroc\u0142awiu.<br>Do zobaczenia na Talent Days: ju\u017c 26.10.2022 r. na Tarczy\u0144ski Arena<\/p>\n","protected":false},"excerpt":{"rendered":"<p>Odkryj z nami sw\u00f3j TALENT &#8211; ju\u017c 26 pa\u017adziernika na targach pracy Talent&#8230;<\/p>\n","protected":false},"author":3,"featured_media":13495,"comment_status":"closed","ping_status":"closed","template":"","tags":[],"mec_category":[52,37],"class_list":["post-13494","mec-events","type-mec-events","status-publish","has-post-thumbnail","hentry","mec_category-fairs-events","mec_category-top-event-en"],"yoast_head":"<!-- This site is optimized with the Yoast SEO plugin v27.4 - https:\/\/yoast.com\/product\/yoast-seo-wordpress\/ -->\n<title>Talent Days - najwi\u0119ksze targi pracy i praktyk na Tarczy\u0144ski Arenie!<\/title>\n<meta name=\"description\" content=\"Odkryj sw\u00f3j TALENT - ju\u017c 26 pa\u017adziernika na Tarczy\u0144ski Arenie! Zaczynasz lub ko\u0144czysz studia, a mo\u017ce obron\u0119 masz ju\u017c za sob\u0105? Sprawd\u017a!\" \/>\n<meta name=\"robots\" content=\"index, follow, max-snippet:-1, max-image-preview:large, max-video-preview:-1\" \/>\n<link rel=\"canonical\" href=\"https:\/\/tarczynskiarenawroclaw.pl\/events\/talent-days-wroclaw-targi-pracy\/\" \/>\n<meta property=\"og:locale\" content=\"en_US\" \/>\n<meta property=\"og:type\" content=\"article\" \/>\n<meta property=\"og:title\" content=\"Talent Days - najwi\u0119ksze targi pracy i praktyk na Tarczy\u0144ski Arenie!\" \/>\n<meta property=\"og:description\" content=\"Odkryj sw\u00f3j TALENT - ju\u017c 26 pa\u017adziernika na Tarczy\u0144ski Arenie! Zaczynasz lub ko\u0144czysz studia, a mo\u017ce obron\u0119 masz ju\u017c za sob\u0105? Sprawd\u017a!\" \/>\n<meta property=\"og:url\" content=\"https:\/\/tarczynskiarenawroclaw.pl\/events\/talent-days-wroclaw-targi-pracy\/\" \/>\n<meta property=\"og:site_name\" content=\"Tarczy\u0144ski Arena Wroc\u0142aw\" \/>\n<meta property=\"article:modified_time\" content=\"2022-10-06T10:54:25+00:00\" \/>\n<meta property=\"og:image\" content=\"https:\/\/tarczynskiarenawroclaw.pl\/wp-content\/uploads\/2022\/10\/TalentDays_TarczynskiArena-1024x784.png\" \/>\n\t<meta property=\"og:image:width\" content=\"1024\" \/>\n\t<meta property=\"og:image:height\" content=\"784\" \/>\n\t<meta property=\"og:image:type\" content=\"image\/png\" \/>\n<meta name=\"twitter:card\" content=\"summary_large_image\" \/>\n<meta name=\"twitter:label1\" content=\"Est. reading time\" \/>\n\t<meta name=\"twitter:data1\" content=\"2 minutes\" \/>\n<script type=\"application\/ld+json\" class=\"yoast-schema-graph\">{\"@context\":\"https:\\\/\\\/schema.org\",\"@graph\":[{\"@type\":\"WebPage\",\"@id\":\"https:\\\/\\\/tarczynskiarenawroclaw.pl\\\/events\\\/talent-days-wroclaw-targi-pracy\\\/\",\"url\":\"https:\\\/\\\/tarczynskiarenawroclaw.pl\\\/events\\\/talent-days-wroclaw-targi-pracy\\\/\",\"name\":\"Talent Days - najwi\u0119ksze targi pracy i praktyk na Tarczy\u0144ski Arenie!\",\"isPartOf\":{\"@id\":\"https:\\\/\\\/tarczynskiarenawroclaw.pl\\\/#website\"},\"primaryImageOfPage\":{\"@id\":\"https:\\\/\\\/tarczynskiarenawroclaw.pl\\\/events\\\/talent-days-wroclaw-targi-pracy\\\/#primaryimage\"},\"image\":{\"@id\":\"https:\\\/\\\/tarczynskiarenawroclaw.pl\\\/events\\\/talent-days-wroclaw-targi-pracy\\\/#primaryimage\"},\"thumbnailUrl\":\"https:\\\/\\\/tarczynskiarenawroclaw.pl\\\/wp-content\\\/uploads\\\/2022\\\/10\\\/TalentDays_TarczynskiArena.png\",\"datePublished\":\"2022-10-06T10:54:22+00:00\",\"dateModified\":\"2022-10-06T10:54:25+00:00\",\"description\":\"Odkryj sw\u00f3j TALENT - ju\u017c 26 pa\u017adziernika na Tarczy\u0144ski Arenie! Zaczynasz lub ko\u0144czysz studia, a mo\u017ce obron\u0119 masz ju\u017c za sob\u0105? Sprawd\u017a!\",\"breadcrumb\":{\"@id\":\"https:\\\/\\\/tarczynskiarenawroclaw.pl\\\/events\\\/talent-days-wroclaw-targi-pracy\\\/#breadcrumb\"},\"inLanguage\":\"en-US\",\"potentialAction\":[{\"@type\":\"ReadAction\",\"target\":[\"https:\\\/\\\/tarczynskiarenawroclaw.pl\\\/events\\\/talent-days-wroclaw-targi-pracy\\\/\"]}]},{\"@type\":\"ImageObject\",\"inLanguage\":\"en-US\",\"@id\":\"https:\\\/\\\/tarczynskiarenawroclaw.pl\\\/events\\\/talent-days-wroclaw-targi-pracy\\\/#primaryimage\",\"url\":\"https:\\\/\\\/tarczynskiarenawroclaw.pl\\\/wp-content\\\/uploads\\\/2022\\\/10\\\/TalentDays_TarczynskiArena.png\",\"contentUrl\":\"https:\\\/\\\/tarczynskiarenawroclaw.pl\\\/wp-content\\\/uploads\\\/2022\\\/10\\\/TalentDays_TarczynskiArena.png\",\"width\":6000,\"height\":4592},{\"@type\":\"BreadcrumbList\",\"@id\":\"https:\\\/\\\/tarczynskiarenawroclaw.pl\\\/events\\\/talent-days-wroclaw-targi-pracy\\\/#breadcrumb\",\"itemListElement\":[{\"@type\":\"ListItem\",\"position\":1,\"name\":\"Strona g\u0142\u00f3wna\",\"item\":\"https:\\\/\\\/tarczynskiarenawroclaw.pl\\\/en\\\/\"},{\"@type\":\"ListItem\",\"position\":2,\"name\":\"Events\",\"item\":\"https:\\\/\\\/tarczynskiarenawroclaw.pl\\\/events\\\/\"},{\"@type\":\"ListItem\",\"position\":3,\"name\":\"Fairs \\\/ Events\",\"item\":\"https:\\\/\\\/tarczynskiarenawroclaw.pl\\\/en\\\/category-events\\\/fairs-events\\\/\"},{\"@type\":\"ListItem\",\"position\":4,\"name\":\"Talent Days Wroc\u0142aw &#8211; targi pracy\"}]},{\"@type\":\"WebSite\",\"@id\":\"https:\\\/\\\/tarczynskiarenawroclaw.pl\\\/#website\",\"url\":\"https:\\\/\\\/tarczynskiarenawroclaw.pl\\\/\",\"name\":\"Tarczy\u0144ski Arena Wroc\u0142aw\",\"description\":\"Stadion Miejski we Wroc\u0142awiu\",\"publisher\":{\"@id\":\"https:\\\/\\\/tarczynskiarenawroclaw.pl\\\/#organization\"},\"potentialAction\":[{\"@type\":\"SearchAction\",\"target\":{\"@type\":\"EntryPoint\",\"urlTemplate\":\"https:\\\/\\\/tarczynskiarenawroclaw.pl\\\/?s={search_term_string}\"},\"query-input\":{\"@type\":\"PropertyValueSpecification\",\"valueRequired\":true,\"valueName\":\"search_term_string\"}}],\"inLanguage\":\"en-US\"},{\"@type\":\"Organization\",\"@id\":\"https:\\\/\\\/tarczynskiarenawroclaw.pl\\\/#organization\",\"name\":\"Stadion Wroc\u0142aw\",\"url\":\"https:\\\/\\\/tarczynskiarenawroclaw.pl\\\/\",\"logo\":{\"@type\":\"ImageObject\",\"inLanguage\":\"en-US\",\"@id\":\"https:\\\/\\\/tarczynskiarenawroclaw.pl\\\/#\\\/schema\\\/logo\\\/image\\\/\",\"url\":\"https:\\\/\\\/stadionwroclaw.pl\\\/wp-content\\\/uploads\\\/2021\\\/08\\\/favicon-stadion-wroclaw.png\",\"contentUrl\":\"https:\\\/\\\/stadionwroclaw.pl\\\/wp-content\\\/uploads\\\/2021\\\/08\\\/favicon-stadion-wroclaw.png\",\"width\":512,\"height\":512,\"caption\":\"Stadion Wroc\u0142aw\"},\"image\":{\"@id\":\"https:\\\/\\\/tarczynskiarenawroclaw.pl\\\/#\\\/schema\\\/logo\\\/image\\\/\"}}]}<\/script>\n<!-- \/ Yoast SEO plugin. -->","yoast_head_json":{"title":"Talent Days - najwi\u0119ksze targi pracy i praktyk na Tarczy\u0144ski Arenie!","description":"Odkryj sw\u00f3j TALENT - ju\u017c 26 pa\u017adziernika na Tarczy\u0144ski Arenie! Zaczynasz lub ko\u0144czysz studia, a mo\u017ce obron\u0119 masz ju\u017c za sob\u0105? Sprawd\u017a!","robots":{"index":"index","follow":"follow","max-snippet":"max-snippet:-1","max-image-preview":"max-image-preview:large","max-video-preview":"max-video-preview:-1"},"canonical":"https:\/\/tarczynskiarenawroclaw.pl\/events\/talent-days-wroclaw-targi-pracy\/","og_locale":"en_US","og_type":"article","og_title":"Talent Days - najwi\u0119ksze targi pracy i praktyk na Tarczy\u0144ski Arenie!","og_description":"Odkryj sw\u00f3j TALENT - ju\u017c 26 pa\u017adziernika na Tarczy\u0144ski Arenie! Zaczynasz lub ko\u0144czysz studia, a mo\u017ce obron\u0119 masz ju\u017c za sob\u0105? Sprawd\u017a!","og_url":"https:\/\/tarczynskiarenawroclaw.pl\/events\/talent-days-wroclaw-targi-pracy\/","og_site_name":"Tarczy\u0144ski Arena Wroc\u0142aw","article_modified_time":"2022-10-06T10:54:25+00:00","og_image":[{"width":1024,"height":784,"url":"https:\/\/tarczynskiarenawroclaw.pl\/wp-content\/uploads\/2022\/10\/TalentDays_TarczynskiArena-1024x784.png","type":"image\/png"}],"twitter_card":"summary_large_image","twitter_misc":{"Est. reading time":"2 minutes"},"schema":{"@context":"https:\/\/schema.org","@graph":[{"@type":"WebPage","@id":"https:\/\/tarczynskiarenawroclaw.pl\/events\/talent-days-wroclaw-targi-pracy\/","url":"https:\/\/tarczynskiarenawroclaw.pl\/events\/talent-days-wroclaw-targi-pracy\/","name":"Talent Days - najwi\u0119ksze targi pracy i praktyk na Tarczy\u0144ski Arenie!","isPartOf":{"@id":"https:\/\/tarczynskiarenawroclaw.pl\/#website"},"primaryImageOfPage":{"@id":"https:\/\/tarczynskiarenawroclaw.pl\/events\/talent-days-wroclaw-targi-pracy\/#primaryimage"},"image":{"@id":"https:\/\/tarczynskiarenawroclaw.pl\/events\/talent-days-wroclaw-targi-pracy\/#primaryimage"},"thumbnailUrl":"https:\/\/tarczynskiarenawroclaw.pl\/wp-content\/uploads\/2022\/10\/TalentDays_TarczynskiArena.png","datePublished":"2022-10-06T10:54:22+00:00","dateModified":"2022-10-06T10:54:25+00:00","description":"Odkryj sw\u00f3j TALENT - ju\u017c 26 pa\u017adziernika na Tarczy\u0144ski Arenie! Zaczynasz lub ko\u0144czysz studia, a mo\u017ce obron\u0119 masz ju\u017c za sob\u0105? Sprawd\u017a!","breadcrumb":{"@id":"https:\/\/tarczynskiarenawroclaw.pl\/events\/talent-days-wroclaw-targi-pracy\/#breadcrumb"},"inLanguage":"en-US","potentialAction":[{"@type":"ReadAction","target":["https:\/\/tarczynskiarenawroclaw.pl\/events\/talent-days-wroclaw-targi-pracy\/"]}]},{"@type":"ImageObject","inLanguage":"en-US","@id":"https:\/\/tarczynskiarenawroclaw.pl\/events\/talent-days-wroclaw-targi-pracy\/#primaryimage","url":"https:\/\/tarczynskiarenawroclaw.pl\/wp-content\/uploads\/2022\/10\/TalentDays_TarczynskiArena.png","contentUrl":"https:\/\/tarczynskiarenawroclaw.pl\/wp-content\/uploads\/2022\/10\/TalentDays_TarczynskiArena.png","width":6000,"height":4592},{"@type":"BreadcrumbList","@id":"https:\/\/tarczynskiarenawroclaw.pl\/events\/talent-days-wroclaw-targi-pracy\/#breadcrumb","itemListElement":[{"@type":"ListItem","position":1,"name":"Strona g\u0142\u00f3wna","item":"https:\/\/tarczynskiarenawroclaw.pl\/en\/"},{"@type":"ListItem","position":2,"name":"Events","item":"https:\/\/tarczynskiarenawroclaw.pl\/events\/"},{"@type":"ListItem","position":3,"name":"Fairs \/ Events","item":"https:\/\/tarczynskiarenawroclaw.pl\/en\/category-events\/fairs-events\/"},{"@type":"ListItem","position":4,"name":"Talent Days Wroc\u0142aw &#8211; targi pracy"}]},{"@type":"WebSite","@id":"https:\/\/tarczynskiarenawroclaw.pl\/#website","url":"https:\/\/tarczynskiarenawroclaw.pl\/","name":"Tarczy\u0144ski Arena Wroc\u0142aw","description":"Stadion Miejski we Wroc\u0142awiu","publisher":{"@id":"https:\/\/tarczynskiarenawroclaw.pl\/#organization"},"potentialAction":[{"@type":"SearchAction","target":{"@type":"EntryPoint","urlTemplate":"https:\/\/tarczynskiarenawroclaw.pl\/?s={search_term_string}"},"query-input":{"@type":"PropertyValueSpecification","valueRequired":true,"valueName":"search_term_string"}}],"inLanguage":"en-US"},{"@type":"Organization","@id":"https:\/\/tarczynskiarenawroclaw.pl\/#organization","name":"Stadion Wroc\u0142aw","url":"https:\/\/tarczynskiarenawroclaw.pl\/","logo":{"@type":"ImageObject","inLanguage":"en-US","@id":"https:\/\/tarczynskiarenawroclaw.pl\/#\/schema\/logo\/image\/","url":"https:\/\/stadionwroclaw.pl\/wp-content\/uploads\/2021\/08\/favicon-stadion-wroclaw.png","contentUrl":"https:\/\/stadionwroclaw.pl\/wp-content\/uploads\/2021\/08\/favicon-stadion-wroclaw.png","width":512,"height":512,"caption":"Stadion Wroc\u0142aw"},"image":{"@id":"https:\/\/tarczynskiarenawroclaw.pl\/#\/schema\/logo\/image\/"}}]}},"featured_img":"https:\/\/tarczynskiarenawroclaw.pl\/wp-content\/uploads\/2022\/10\/TalentDays_TarczynskiArena-326x326.png","coauthors":[],"author_meta":{"author_link":"https:\/\/tarczynskiarenawroclaw.pl\/en\/author\/nina-admin\/","display_name":"Nina Kolodziej"},"relative_dates":{"created":"Posted 4 years ago","modified":"Updated 4 years ago"},"absolute_dates":{"created":"Posted on 06.10.2022","modified":"Updated on 06.10.2022"},"absolute_dates_time":{"created":"Posted on 06.10.2022 12:54","modified":"Updated on 06.10.2022 12:54"},"featured_img_caption":"","tax_additional":{"post_tag":{"linked":[],"unlinked":[],"slug":"post_tag","name":"Tags"},"mec_category":{"linked":["<a href=\"https:\/\/tarczynskiarenawroclaw.pl\/en\/category-events\/fairs-events\/\" class=\"advgb-post-tax-term\">Fairs \/ Events<\/a>","<a href=\"https:\/\/tarczynskiarenawroclaw.pl\/en\/category-events\/top-event-en\/\" class=\"advgb-post-tax-term\">Top Event<\/a>"],"unlinked":["<span class=\"advgb-post-tax-term\">Fairs \/ Events<\/span>","<span class=\"advgb-post-tax-term\">Top Event<\/span>"],"slug":"mec_category","name":"Categories"},"mec_label":{"linked":[],"unlinked":[],"slug":"mec_label","name":"Labels"},"mec_location":{"linked":["<a href=\"https:\/\/tarczynskiarenawroclaw.pl\/events-location\/tarczynski-arena-wroclaw\/\" class=\"advgb-post-tax-term\">Tarczy\u0144ski Arena Wroc\u0142aw<\/a>"],"unlinked":["<span class=\"advgb-post-tax-term\">Tarczy\u0144ski Arena Wroc\u0142aw<\/span>"],"slug":"mec_location","name":"Locations"},"mec_organizer":{"linked":[],"unlinked":[],"slug":"mec_organizer","name":"Organizers"}},"series_order":"","_links":{"self":[{"href":"https:\/\/tarczynskiarenawroclaw.pl\/en\/wp-json\/wp\/v2\/mec-events\/13494","targetHints":{"allow":["GET"]}}],"collection":[{"href":"https:\/\/tarczynskiarenawroclaw.pl\/en\/wp-json\/wp\/v2\/mec-events"}],"about":[{"href":"https:\/\/tarczynskiarenawroclaw.pl\/en\/wp-json\/wp\/v2\/types\/mec-events"}],"author":[{"embeddable":true,"href":"https:\/\/tarczynskiarenawroclaw.pl\/en\/wp-json\/wp\/v2\/users\/3"}],"replies":[{"embeddable":true,"href":"https:\/\/tarczynskiarenawroclaw.pl\/en\/wp-json\/wp\/v2\/comments?post=13494"}],"wp:featuredmedia":[{"embeddable":true,"href":"https:\/\/tarczynskiarenawroclaw.pl\/en\/wp-json\/wp\/v2\/media\/13495"}],"wp:attachment":[{"href":"https:\/\/tarczynskiarenawroclaw.pl\/en\/wp-json\/wp\/v2\/media?parent=13494"}],"wp:term":[{"taxonomy":"post_tag","embeddable":true,"href":"https:\/\/tarczynskiarenawroclaw.pl\/en\/wp-json\/wp\/v2\/tags?post=13494"},{"taxonomy":"mec_category","embeddable":true,"href":"https:\/\/tarczynskiarenawroclaw.pl\/en\/wp-json\/wp\/v2\/mec_category?post=13494"}],"curies":[{"name":"wp","href":"https:\/\/api.w.org\/{rel}","templated":true}]}}