{"id":14088,"date":"2023-02-17T15:01:32","date_gmt":"2023-02-17T14:01:32","guid":{"rendered":"https:\/\/tarczynskiarenawroclaw.pl\/?post_type=mec-events&#038;p=14088"},"modified":"2023-02-17T15:01:35","modified_gmt":"2023-02-17T14:01:35","slug":"miedzynarodowe-targi-turystyki-i-czasu-wolnego-pierwsza-w-tym-roku-okazja-by-zaczac-myslec-o-wakacjach","status":"publish","type":"mec-events","link":"https:\/\/tarczynskiarenawroclaw.pl\/en\/events\/miedzynarodowe-targi-turystyki-i-czasu-wolnego-pierwsza-w-tym-roku-okazja-by-zaczac-myslec-o-wakacjach\/","title":{"rendered":"Mi\u0119dzynarodowe Targi Turystyki i czasu wolnego \u2013 pierwsza w tym roku okazja, by zacz\u0105\u0107 my\u015ble\u0107 o wakacjach!"},"content":{"rendered":"\n<p>Wszystkim mi\u0142o\u015bnikom podr\u00f3\u017cowania i aktywnego sp\u0119dzania wolnego czasu, turystom, eksploratorom, obie\u017cy\u015bwiatom lub po prostu mi\u0142o\u015bnikom targ\u00f3w turystycznych chcemy przekaza\u0107 wspania\u0142e wiadomo\u015bci. W dniach 3-5 marca we Wroc\u0142awiu zorganizujemy kolejn\u0105, 14. ju\u017c edycj\u0119 Mi\u0119dzynarodowych Targ\u00f3w Turystyki i czasu wolnego.<\/p>\n\n\n\n<p>Na terenie Tarczy\u0144ski Arena Wroc\u0142aw zgromadzimy wystawc\u00f3w z Polski i ze \u015bwiata, wiele lokalnych atrakcji oraz takich miejsc, o istnieniu kt\u00f3rych jeszcze nie s\u0142yszeli\u015bcie. Jak co troku staramy si\u0119, by ka\u017cdy znalaz\u0142 cos dla siebie, ale i odkry\u0142 co\u015b nowego. Najwa\u017cniejsza jest inspiracja!<\/p>\n\n\n\n<p>Pr\u00f3cz stoisk wystawc\u00f3w, zaprezentujemy wiele atrakcji dodatkowych. Festiwal Podr\u00f3\u017cnik\u00f3w \u201eSwoj\u0105 drog\u0105\u201d to ju\u017c sta\u0142y i kluczowy punkt programu, Swoj\u0105 obecno\u015b\u0107 potwierdzi\u0142o ju\u017c 16 podr\u00f3\u017cnik\u00f3w, a to nie koniec. Oczywi\u015bcie w\u015br\u00f3d nich zobaczymy go\u015bci specjalnych. Festiwal Kulinarny to gotowanie na \u017cywo \u2013 ka\u017cdego dnia zaprezentujemy inn\u0105 kuchni\u0119, a przygotowane potrawy b\u0119d\u0105 dla Was uczt\u0105.<\/p>\n\n\n\n<p>Z ka\u017cdego takiego wydarzenia odwiedzaj\u0105cy powinni co\u015b wynie\u015b\u0107. Opr\u00f3cz nowych inspiracji i wiedzy, materia\u0142\u00f3w i broszur turystycznych, wielu rozm\u00f3w \u2013 my, wraz z partnerami zapewnimy wiele wej\u015bci\u00f3wek, nagr\u00f3d, gad\u017cet\u00f3w. W\u015br\u00f3d nich wyjazdy weekendowe i nagroda g\u0142\u00f3wna \u2013 to na razie zostanie niespodziank\u0105.<\/p>\n\n\n\n<p>Rodzic\u00f3w przestrzegamy! Zaplanujcie troch\u0119 wi\u0119cej czasu na odwiedziny. Mnogo\u015b\u0107 atrakcji dla dzieci sprawi, \u017ce zostaniecie tu na d\u0142u\u017cej. A jak zg\u0142odniejecie, zapraszamy do strefy produkt\u00f3w regionalnych!<\/p>\n\n\n\n<p>W targowy pi\u0105tek przedstawiciele sektora turystycznego wezm\u0105 udzia\u0142 w warsztatach i spotkaniach bran\u017cowych, og\u0142osimy r\u00f3wnie\u017c laureat\u00f3w nagrody bran\u017cowej &#8211; Kryszta\u0142y Turystyki.<\/p>\n\n\n\n<p>Szczeg\u00f3\u0142y b\u0119d\u0105 publikowane na facebooku: https:\/\/www.facebook.com\/mttwroclaw<\/p>\n\n\n\n<p>Wsp\u00f3\u0142organizatorem targ\u00f3w jest Urz\u0105d Marsza\u0142kowski Wojew\u00f3dztwa Dolno\u015bl\u0105skiego.<\/p>\n","protected":false},"excerpt":{"rendered":"<p>Wszystkim mi\u0142o\u015bnikom podr\u00f3\u017cowania i aktywnego sp\u0119dzania wolnego czasu, turystom, eksploratorom, obie\u017cy\u015bwiatom lub po&#8230;<\/p>\n","protected":false},"author":3,"featured_media":14089,"comment_status":"closed","ping_status":"closed","template":"","tags":[],"mec_category":[50,37],"class_list":["post-14088","mec-events","type-mec-events","status-publish","has-post-thumbnail","hentry","mec_category-leisure-recreation","mec_category-top-event-en"],"yoast_head":"<!-- This site is optimized with the Yoast SEO plugin v27.4 - https:\/\/yoast.com\/product\/yoast-seo-wordpress\/ -->\n<title>Mi\u0119dzynarodowe Targi Turystyki i Czasu Wolnego!<\/title>\n<meta name=\"description\" content=\"W dniach 3-5 marca na Tarczy\u0144ski Arenie Wroc\u0142aw odb\u0119dzie si\u0119 kolejna, 14. ju\u017c edycja Mi\u0119dzynarodowych Targ\u00f3w Turystyki i czasu wolnego!\" \/>\n<meta name=\"robots\" content=\"index, follow, max-snippet:-1, max-image-preview:large, max-video-preview:-1\" \/>\n<link rel=\"canonical\" href=\"https:\/\/tarczynskiarenawroclaw.pl\/events\/miedzynarodowe-targi-turystyki-i-czasu-wolnego-pierwsza-w-tym-roku-okazja-by-zaczac-myslec-o-wakacjach\/\" \/>\n<meta property=\"og:locale\" content=\"en_US\" \/>\n<meta property=\"og:type\" content=\"article\" \/>\n<meta property=\"og:title\" content=\"Mi\u0119dzynarodowe Targi Turystyki i Czasu Wolnego!\" \/>\n<meta property=\"og:description\" content=\"W dniach 3-5 marca na Tarczy\u0144ski Arenie Wroc\u0142aw odb\u0119dzie si\u0119 kolejna, 14. ju\u017c edycja Mi\u0119dzynarodowych Targ\u00f3w Turystyki i czasu wolnego!\" \/>\n<meta property=\"og:url\" content=\"https:\/\/tarczynskiarenawroclaw.pl\/events\/miedzynarodowe-targi-turystyki-i-czasu-wolnego-pierwsza-w-tym-roku-okazja-by-zaczac-myslec-o-wakacjach\/\" \/>\n<meta property=\"og:site_name\" content=\"Tarczy\u0144ski Arena Wroc\u0142aw\" \/>\n<meta property=\"article:modified_time\" content=\"2023-02-17T14:01:35+00:00\" \/>\n<meta property=\"og:image\" content=\"https:\/\/tarczynskiarenawroclaw.pl\/wp-content\/uploads\/2023\/02\/311285124_5657551574308260_8058900463354377640_n.jpg\" \/>\n\t<meta property=\"og:image:width\" content=\"851\" \/>\n\t<meta property=\"og:image:height\" content=\"351\" \/>\n\t<meta property=\"og:image:type\" content=\"image\/jpeg\" \/>\n<meta name=\"twitter:card\" content=\"summary_large_image\" \/>\n<meta name=\"twitter:label1\" content=\"Est. reading time\" \/>\n\t<meta name=\"twitter:data1\" content=\"2 minutes\" \/>\n<script type=\"application\/ld+json\" class=\"yoast-schema-graph\">{\"@context\":\"https:\\\/\\\/schema.org\",\"@graph\":[{\"@type\":\"WebPage\",\"@id\":\"https:\\\/\\\/tarczynskiarenawroclaw.pl\\\/events\\\/miedzynarodowe-targi-turystyki-i-czasu-wolnego-pierwsza-w-tym-roku-okazja-by-zaczac-myslec-o-wakacjach\\\/\",\"url\":\"https:\\\/\\\/tarczynskiarenawroclaw.pl\\\/events\\\/miedzynarodowe-targi-turystyki-i-czasu-wolnego-pierwsza-w-tym-roku-okazja-by-zaczac-myslec-o-wakacjach\\\/\",\"name\":\"Mi\u0119dzynarodowe Targi Turystyki i Czasu Wolnego!\",\"isPartOf\":{\"@id\":\"https:\\\/\\\/tarczynskiarenawroclaw.pl\\\/#website\"},\"primaryImageOfPage\":{\"@id\":\"https:\\\/\\\/tarczynskiarenawroclaw.pl\\\/events\\\/miedzynarodowe-targi-turystyki-i-czasu-wolnego-pierwsza-w-tym-roku-okazja-by-zaczac-myslec-o-wakacjach\\\/#primaryimage\"},\"image\":{\"@id\":\"https:\\\/\\\/tarczynskiarenawroclaw.pl\\\/events\\\/miedzynarodowe-targi-turystyki-i-czasu-wolnego-pierwsza-w-tym-roku-okazja-by-zaczac-myslec-o-wakacjach\\\/#primaryimage\"},\"thumbnailUrl\":\"https:\\\/\\\/tarczynskiarenawroclaw.pl\\\/wp-content\\\/uploads\\\/2023\\\/02\\\/311285124_5657551574308260_8058900463354377640_n.jpg\",\"datePublished\":\"2023-02-17T14:01:32+00:00\",\"dateModified\":\"2023-02-17T14:01:35+00:00\",\"description\":\"W dniach 3-5 marca na Tarczy\u0144ski Arenie Wroc\u0142aw odb\u0119dzie si\u0119 kolejna, 14. ju\u017c edycja Mi\u0119dzynarodowych Targ\u00f3w Turystyki i czasu wolnego!\",\"breadcrumb\":{\"@id\":\"https:\\\/\\\/tarczynskiarenawroclaw.pl\\\/events\\\/miedzynarodowe-targi-turystyki-i-czasu-wolnego-pierwsza-w-tym-roku-okazja-by-zaczac-myslec-o-wakacjach\\\/#breadcrumb\"},\"inLanguage\":\"en-US\",\"potentialAction\":[{\"@type\":\"ReadAction\",\"target\":[\"https:\\\/\\\/tarczynskiarenawroclaw.pl\\\/events\\\/miedzynarodowe-targi-turystyki-i-czasu-wolnego-pierwsza-w-tym-roku-okazja-by-zaczac-myslec-o-wakacjach\\\/\"]}]},{\"@type\":\"ImageObject\",\"inLanguage\":\"en-US\",\"@id\":\"https:\\\/\\\/tarczynskiarenawroclaw.pl\\\/events\\\/miedzynarodowe-targi-turystyki-i-czasu-wolnego-pierwsza-w-tym-roku-okazja-by-zaczac-myslec-o-wakacjach\\\/#primaryimage\",\"url\":\"https:\\\/\\\/tarczynskiarenawroclaw.pl\\\/wp-content\\\/uploads\\\/2023\\\/02\\\/311285124_5657551574308260_8058900463354377640_n.jpg\",\"contentUrl\":\"https:\\\/\\\/tarczynskiarenawroclaw.pl\\\/wp-content\\\/uploads\\\/2023\\\/02\\\/311285124_5657551574308260_8058900463354377640_n.jpg\",\"width\":851,\"height\":351},{\"@type\":\"BreadcrumbList\",\"@id\":\"https:\\\/\\\/tarczynskiarenawroclaw.pl\\\/events\\\/miedzynarodowe-targi-turystyki-i-czasu-wolnego-pierwsza-w-tym-roku-okazja-by-zaczac-myslec-o-wakacjach\\\/#breadcrumb\",\"itemListElement\":[{\"@type\":\"ListItem\",\"position\":1,\"name\":\"Strona g\u0142\u00f3wna\",\"item\":\"https:\\\/\\\/tarczynskiarenawroclaw.pl\\\/en\\\/\"},{\"@type\":\"ListItem\",\"position\":2,\"name\":\"Events\",\"item\":\"https:\\\/\\\/tarczynskiarenawroclaw.pl\\\/events\\\/\"},{\"@type\":\"ListItem\",\"position\":3,\"name\":\"Top Event\",\"item\":\"https:\\\/\\\/tarczynskiarenawroclaw.pl\\\/en\\\/category-events\\\/top-event-en\\\/\"},{\"@type\":\"ListItem\",\"position\":4,\"name\":\"Mi\u0119dzynarodowe Targi Turystyki i czasu wolnego \u2013 pierwsza w tym roku okazja, by zacz\u0105\u0107 my\u015ble\u0107 o wakacjach!\"}]},{\"@type\":\"WebSite\",\"@id\":\"https:\\\/\\\/tarczynskiarenawroclaw.pl\\\/#website\",\"url\":\"https:\\\/\\\/tarczynskiarenawroclaw.pl\\\/\",\"name\":\"Tarczy\u0144ski Arena Wroc\u0142aw\",\"description\":\"Stadion Miejski we Wroc\u0142awiu\",\"publisher\":{\"@id\":\"https:\\\/\\\/tarczynskiarenawroclaw.pl\\\/#organization\"},\"potentialAction\":[{\"@type\":\"SearchAction\",\"target\":{\"@type\":\"EntryPoint\",\"urlTemplate\":\"https:\\\/\\\/tarczynskiarenawroclaw.pl\\\/?s={search_term_string}\"},\"query-input\":{\"@type\":\"PropertyValueSpecification\",\"valueRequired\":true,\"valueName\":\"search_term_string\"}}],\"inLanguage\":\"en-US\"},{\"@type\":\"Organization\",\"@id\":\"https:\\\/\\\/tarczynskiarenawroclaw.pl\\\/#organization\",\"name\":\"Stadion Wroc\u0142aw\",\"url\":\"https:\\\/\\\/tarczynskiarenawroclaw.pl\\\/\",\"logo\":{\"@type\":\"ImageObject\",\"inLanguage\":\"en-US\",\"@id\":\"https:\\\/\\\/tarczynskiarenawroclaw.pl\\\/#\\\/schema\\\/logo\\\/image\\\/\",\"url\":\"https:\\\/\\\/stadionwroclaw.pl\\\/wp-content\\\/uploads\\\/2021\\\/08\\\/favicon-stadion-wroclaw.png\",\"contentUrl\":\"https:\\\/\\\/stadionwroclaw.pl\\\/wp-content\\\/uploads\\\/2021\\\/08\\\/favicon-stadion-wroclaw.png\",\"width\":512,\"height\":512,\"caption\":\"Stadion Wroc\u0142aw\"},\"image\":{\"@id\":\"https:\\\/\\\/tarczynskiarenawroclaw.pl\\\/#\\\/schema\\\/logo\\\/image\\\/\"}}]}<\/script>\n<!-- \/ Yoast SEO plugin. -->","yoast_head_json":{"title":"Mi\u0119dzynarodowe Targi Turystyki i Czasu Wolnego!","description":"W dniach 3-5 marca na Tarczy\u0144ski Arenie Wroc\u0142aw odb\u0119dzie si\u0119 kolejna, 14. ju\u017c edycja Mi\u0119dzynarodowych Targ\u00f3w Turystyki i czasu wolnego!","robots":{"index":"index","follow":"follow","max-snippet":"max-snippet:-1","max-image-preview":"max-image-preview:large","max-video-preview":"max-video-preview:-1"},"canonical":"https:\/\/tarczynskiarenawroclaw.pl\/events\/miedzynarodowe-targi-turystyki-i-czasu-wolnego-pierwsza-w-tym-roku-okazja-by-zaczac-myslec-o-wakacjach\/","og_locale":"en_US","og_type":"article","og_title":"Mi\u0119dzynarodowe Targi Turystyki i Czasu Wolnego!","og_description":"W dniach 3-5 marca na Tarczy\u0144ski Arenie Wroc\u0142aw odb\u0119dzie si\u0119 kolejna, 14. ju\u017c edycja Mi\u0119dzynarodowych Targ\u00f3w Turystyki i czasu wolnego!","og_url":"https:\/\/tarczynskiarenawroclaw.pl\/events\/miedzynarodowe-targi-turystyki-i-czasu-wolnego-pierwsza-w-tym-roku-okazja-by-zaczac-myslec-o-wakacjach\/","og_site_name":"Tarczy\u0144ski Arena Wroc\u0142aw","article_modified_time":"2023-02-17T14:01:35+00:00","og_image":[{"width":851,"height":351,"url":"https:\/\/tarczynskiarenawroclaw.pl\/wp-content\/uploads\/2023\/02\/311285124_5657551574308260_8058900463354377640_n.jpg","type":"image\/jpeg"}],"twitter_card":"summary_large_image","twitter_misc":{"Est. reading time":"2 minutes"},"schema":{"@context":"https:\/\/schema.org","@graph":[{"@type":"WebPage","@id":"https:\/\/tarczynskiarenawroclaw.pl\/events\/miedzynarodowe-targi-turystyki-i-czasu-wolnego-pierwsza-w-tym-roku-okazja-by-zaczac-myslec-o-wakacjach\/","url":"https:\/\/tarczynskiarenawroclaw.pl\/events\/miedzynarodowe-targi-turystyki-i-czasu-wolnego-pierwsza-w-tym-roku-okazja-by-zaczac-myslec-o-wakacjach\/","name":"Mi\u0119dzynarodowe Targi Turystyki i Czasu Wolnego!","isPartOf":{"@id":"https:\/\/tarczynskiarenawroclaw.pl\/#website"},"primaryImageOfPage":{"@id":"https:\/\/tarczynskiarenawroclaw.pl\/events\/miedzynarodowe-targi-turystyki-i-czasu-wolnego-pierwsza-w-tym-roku-okazja-by-zaczac-myslec-o-wakacjach\/#primaryimage"},"image":{"@id":"https:\/\/tarczynskiarenawroclaw.pl\/events\/miedzynarodowe-targi-turystyki-i-czasu-wolnego-pierwsza-w-tym-roku-okazja-by-zaczac-myslec-o-wakacjach\/#primaryimage"},"thumbnailUrl":"https:\/\/tarczynskiarenawroclaw.pl\/wp-content\/uploads\/2023\/02\/311285124_5657551574308260_8058900463354377640_n.jpg","datePublished":"2023-02-17T14:01:32+00:00","dateModified":"2023-02-17T14:01:35+00:00","description":"W dniach 3-5 marca na Tarczy\u0144ski Arenie Wroc\u0142aw odb\u0119dzie si\u0119 kolejna, 14. ju\u017c edycja Mi\u0119dzynarodowych Targ\u00f3w Turystyki i czasu wolnego!","breadcrumb":{"@id":"https:\/\/tarczynskiarenawroclaw.pl\/events\/miedzynarodowe-targi-turystyki-i-czasu-wolnego-pierwsza-w-tym-roku-okazja-by-zaczac-myslec-o-wakacjach\/#breadcrumb"},"inLanguage":"en-US","potentialAction":[{"@type":"ReadAction","target":["https:\/\/tarczynskiarenawroclaw.pl\/events\/miedzynarodowe-targi-turystyki-i-czasu-wolnego-pierwsza-w-tym-roku-okazja-by-zaczac-myslec-o-wakacjach\/"]}]},{"@type":"ImageObject","inLanguage":"en-US","@id":"https:\/\/tarczynskiarenawroclaw.pl\/events\/miedzynarodowe-targi-turystyki-i-czasu-wolnego-pierwsza-w-tym-roku-okazja-by-zaczac-myslec-o-wakacjach\/#primaryimage","url":"https:\/\/tarczynskiarenawroclaw.pl\/wp-content\/uploads\/2023\/02\/311285124_5657551574308260_8058900463354377640_n.jpg","contentUrl":"https:\/\/tarczynskiarenawroclaw.pl\/wp-content\/uploads\/2023\/02\/311285124_5657551574308260_8058900463354377640_n.jpg","width":851,"height":351},{"@type":"BreadcrumbList","@id":"https:\/\/tarczynskiarenawroclaw.pl\/events\/miedzynarodowe-targi-turystyki-i-czasu-wolnego-pierwsza-w-tym-roku-okazja-by-zaczac-myslec-o-wakacjach\/#breadcrumb","itemListElement":[{"@type":"ListItem","position":1,"name":"Strona g\u0142\u00f3wna","item":"https:\/\/tarczynskiarenawroclaw.pl\/en\/"},{"@type":"ListItem","position":2,"name":"Events","item":"https:\/\/tarczynskiarenawroclaw.pl\/events\/"},{"@type":"ListItem","position":3,"name":"Top Event","item":"https:\/\/tarczynskiarenawroclaw.pl\/en\/category-events\/top-event-en\/"},{"@type":"ListItem","position":4,"name":"Mi\u0119dzynarodowe Targi Turystyki i czasu wolnego \u2013 pierwsza w tym roku okazja, by zacz\u0105\u0107 my\u015ble\u0107 o wakacjach!"}]},{"@type":"WebSite","@id":"https:\/\/tarczynskiarenawroclaw.pl\/#website","url":"https:\/\/tarczynskiarenawroclaw.pl\/","name":"Tarczy\u0144ski Arena Wroc\u0142aw","description":"Stadion Miejski we Wroc\u0142awiu","publisher":{"@id":"https:\/\/tarczynskiarenawroclaw.pl\/#organization"},"potentialAction":[{"@type":"SearchAction","target":{"@type":"EntryPoint","urlTemplate":"https:\/\/tarczynskiarenawroclaw.pl\/?s={search_term_string}"},"query-input":{"@type":"PropertyValueSpecification","valueRequired":true,"valueName":"search_term_string"}}],"inLanguage":"en-US"},{"@type":"Organization","@id":"https:\/\/tarczynskiarenawroclaw.pl\/#organization","name":"Stadion Wroc\u0142aw","url":"https:\/\/tarczynskiarenawroclaw.pl\/","logo":{"@type":"ImageObject","inLanguage":"en-US","@id":"https:\/\/tarczynskiarenawroclaw.pl\/#\/schema\/logo\/image\/","url":"https:\/\/stadionwroclaw.pl\/wp-content\/uploads\/2021\/08\/favicon-stadion-wroclaw.png","contentUrl":"https:\/\/stadionwroclaw.pl\/wp-content\/uploads\/2021\/08\/favicon-stadion-wroclaw.png","width":512,"height":512,"caption":"Stadion Wroc\u0142aw"},"image":{"@id":"https:\/\/tarczynskiarenawroclaw.pl\/#\/schema\/logo\/image\/"}}]}},"featured_img":"https:\/\/tarczynskiarenawroclaw.pl\/wp-content\/uploads\/2023\/02\/311285124_5657551574308260_8058900463354377640_n-326x326.jpg","coauthors":[],"author_meta":{"author_link":"https:\/\/tarczynskiarenawroclaw.pl\/en\/author\/nina-admin\/","display_name":"Nina Kolodziej"},"relative_dates":{"created":"Posted 3 years ago","modified":"Updated 3 years ago"},"absolute_dates":{"created":"Posted on 17.02.2023","modified":"Updated on 17.02.2023"},"absolute_dates_time":{"created":"Posted on 17.02.2023 15:01","modified":"Updated on 17.02.2023 15:01"},"featured_img_caption":"","tax_additional":{"post_tag":{"linked":[],"unlinked":[],"slug":"post_tag","name":"Tags"},"mec_category":{"linked":["<a href=\"https:\/\/tarczynskiarenawroclaw.pl\/en\/category-events\/leisure-recreation\/\" class=\"advgb-post-tax-term\">Leisure \/ Recreation<\/a>","<a href=\"https:\/\/tarczynskiarenawroclaw.pl\/en\/category-events\/top-event-en\/\" class=\"advgb-post-tax-term\">Top Event<\/a>"],"unlinked":["<span class=\"advgb-post-tax-term\">Leisure \/ Recreation<\/span>","<span class=\"advgb-post-tax-term\">Top Event<\/span>"],"slug":"mec_category","name":"Categories"},"mec_label":{"linked":[],"unlinked":[],"slug":"mec_label","name":"Labels"},"mec_location":{"linked":["<a href=\"https:\/\/tarczynskiarenawroclaw.pl\/events-location\/tarczynski-arena-wroclaw\/\" class=\"advgb-post-tax-term\">Tarczy\u0144ski Arena Wroc\u0142aw<\/a>"],"unlinked":["<span class=\"advgb-post-tax-term\">Tarczy\u0144ski Arena Wroc\u0142aw<\/span>"],"slug":"mec_location","name":"Locations"},"mec_organizer":{"linked":[],"unlinked":[],"slug":"mec_organizer","name":"Organizers"}},"series_order":"","_links":{"self":[{"href":"https:\/\/tarczynskiarenawroclaw.pl\/en\/wp-json\/wp\/v2\/mec-events\/14088","targetHints":{"allow":["GET"]}}],"collection":[{"href":"https:\/\/tarczynskiarenawroclaw.pl\/en\/wp-json\/wp\/v2\/mec-events"}],"about":[{"href":"https:\/\/tarczynskiarenawroclaw.pl\/en\/wp-json\/wp\/v2\/types\/mec-events"}],"author":[{"embeddable":true,"href":"https:\/\/tarczynskiarenawroclaw.pl\/en\/wp-json\/wp\/v2\/users\/3"}],"replies":[{"embeddable":true,"href":"https:\/\/tarczynskiarenawroclaw.pl\/en\/wp-json\/wp\/v2\/comments?post=14088"}],"wp:featuredmedia":[{"embeddable":true,"href":"https:\/\/tarczynskiarenawroclaw.pl\/en\/wp-json\/wp\/v2\/media\/14089"}],"wp:attachment":[{"href":"https:\/\/tarczynskiarenawroclaw.pl\/en\/wp-json\/wp\/v2\/media?parent=14088"}],"wp:term":[{"taxonomy":"post_tag","embeddable":true,"href":"https:\/\/tarczynskiarenawroclaw.pl\/en\/wp-json\/wp\/v2\/tags?post=14088"},{"taxonomy":"mec_category","embeddable":true,"href":"https:\/\/tarczynskiarenawroclaw.pl\/en\/wp-json\/wp\/v2\/mec_category?post=14088"}],"curies":[{"name":"wp","href":"https:\/\/api.w.org\/{rel}","templated":true}]}}