{"id":14100,"date":"2023-02-17T15:16:15","date_gmt":"2023-02-17T14:16:15","guid":{"rendered":"https:\/\/tarczynskiarenawroclaw.pl\/?post_type=mec-events&#038;p=14100"},"modified":"2023-03-14T12:28:53","modified_gmt":"2023-03-14T11:28:53","slug":"targi-mamaville-wroclaw-2","status":"publish","type":"mec-events","link":"https:\/\/tarczynskiarenawroclaw.pl\/en\/events\/targi-mamaville-wroclaw-2\/","title":{"rendered":"Targi Mamaville Wroc\u0142aw"},"content":{"rendered":"\n<p>To ju\u017c&nbsp; nasza 14 edycja Targ\u00f3w&nbsp; Mamaville, ponownie spotkamy si\u0119 z Wami na wroc\u0142awskim stadionie \u2013&nbsp;<strong>Tarczy\u0144ski Arena Wroc\u0142aw.<\/strong>&nbsp; Nasze Targi to najwi\u0119ksze wydarzenie skierowane do kobiet w ci\u0105\u017cy, wszystkich mam, rodzin z dzie\u0107mi oraz os\u00f3b zainteresowanych tematyk\u0105 macierzy\u0144stwa.<\/p>\n\n\n\n<p>Wst\u0119p jest bezp\u0142atny.<\/p>\n\n\n\n<ul class=\"wp-block-list\">\n<li>Lokalizacja targ\u00f3w na Stadionie Wroc\u0142aw to du\u017co udogodnie\u0144 dla Was:<ul><li>mo\u017cliwo\u015b\u0107 dotarcia komunikacj\u0105 miejsk\u0105<\/li><li>parking na 1900 miejsc<\/li><li>du\u017ca przestrze\u0144 targowa do swobodnego poruszania si\u0119, tak\u017ce z w\u00f3zkami<\/li><li>przestronna strefa dla mamy i dziecka<\/li><li>atrakcyjna strefa relaksu<\/li><\/ul>Mini miasto Mamaville, to jeden dzie\u0144 pe\u0142en atrakcji, warsztat\u00f3w oraz zakup\u00f3w u oryginalnych, polskich projektant\u00f3w i firm zwi\u0105zanych z tematyk\u0105 ci\u0105\u017cy, macierzy\u0144stwa i rodzicielstwa.<br>Macierzy\u0144stwo, to nowy rozdzia\u0142 w \u017cyciu ka\u017cdej rodziny, a targi Mamaville, to idea, kt\u00f3ra Wam przybli\u017cy t\u0105 now\u0105 ekscytuj\u0105c\u0105 przygod\u0119 \u017cycia. 23&nbsp; kwietnia z nami to \u015bwietny pomys\u0142 na rodzinne sp\u0119dzenie czasu !!!<strong>Najwa\u017cniejsze informacje<\/strong><\/li>\n\n\n\n<li>P\u0142atno\u015b\u0107 na targach \u2013 niekt\u00f3rzy z wystawc\u00f3w przyjmuj\u0105 karty p\u0142atnicze, ale zdecydowanie zach\u0119camy do przyj\u015bcia z got\u00f3wk\u0105. Na terenie Stadionu nie ma bankomatu.<\/li>\n\n\n\n<li>W \u015brodku dost\u0119pne s\u0105 windy.<\/li>\n\n\n\n<li>Targi odbywaj\u0105 si\u0119 na Stadionie Wroc\u0142aw, w cz\u0119\u015bci targowo-konferencyjnej. &nbsp;Wej\u015bcie \u201eW3\u201d z poziomu \u201e0\u201d strefa VIP.<\/li>\n\n\n\n<li>Dla zmotoryzowanych wjazd na parking \u2013 brama A.<\/li>\n\n\n\n<li>Dojazd komunikacj\u0105 miejsk\u0105: linie: 31, 101, 102, 103, 104 \u2013 przystanek Kr\u00f3lewiecka.<br>Linie 3, 10, 20 \u2013 przystanek Lotnicza \u2013 tu kieruj si\u0119 do windy znajduj\u0105cej si\u0119 na przystanku, wyj\u015bcie poziom 0.<br>Pami\u0119taj! Przyje\u017cd\u017caj\u0105c komunikacj\u0105 miejsk\u0105 trzeba zej\u015b\u0107 na poziom parking\u00f3w.<\/li>\n\n\n\n<li>WARSZTATY I WYK\u0141ADY odbywaj\u0105 si\u0119 na poziomie 0.<\/li>\n\n\n\n<li>Strefa MAMY I DZIECKA znajduje si\u0119 na poziomie +2, mo\u017cecie tam nakarmi\u0107 czy przewin\u0105\u0107 dziecko. B\u0119dzie przytulnie i pi\u0119knie!<\/li>\n\n\n\n<li>B\u0119d\u0105 osobne drogi wej\u015bcia i wyj\u015bcia na teren targowy. Nasza obs\u0142uga b\u0119dzie kierowa\u0142a ruchem<\/li>\n\n\n\n<li>Przy wej\u015bciu oraz na ka\u017cdym stoisku b\u0119d\u0105 znajdowa\u0142y si\u0119 p\u0142yny do dezynfekcji r\u0105k<\/li>\n\n\n\n<li>bilety sprzedawane s\u0105 wy\u0142\u0105cznie w formie online, aby unikn\u0105\u0107 niepotrzebnych kolejek i t\u0142um\u00f3w<\/li>\n\n\n\n<li>zdecydowana wi\u0119kszo\u015b\u0107 wystawc\u00f3w b\u0119dzie umo\u017cliwia\u0142a p\u0142atno\u015b\u0107 bezgot\u00f3wkow\u0105 na swoich stoiskach<\/li>\n\n\n\n<li>na terenie targ\u00f3w b\u0119dzie profesjonalna ekipa medyczna<\/li>\n<\/ul>\n\n\n\n<p>Targi Mamaville to przede wszystkim:<\/p>\n\n\n\n<ul class=\"wp-block-list\">\n<li>Wi\u0119cej, ponad 100 wystawc\u00f3w znanych marek, w wi\u0119kszo\u015bci polskich producent\u00f3w. Zapewnimy Wam najwi\u0119kszy wyb\u00f3r produkt\u00f3w dla kobiet w ci\u0105\u017cy, mam i dzieci.<\/li>\n\n\n\n<li>Wi\u0119cej premierowych, wschodz\u0105cych firm, kt\u00f3re zaprezentuj\u0105 swoje produkty po raz pierwszy na polu targowym.<\/li>\n\n\n\n<li>Najnowsze kolekcje i linie przygotowane przez projektant\u00f3w specjalnie na targi Mamaville. Asortyment najcz\u0119\u015bciej niedost\u0119pny w og\u00f3lnej sprzeda\u017cy.<\/li>\n\n\n\n<li>Bezp\u0142atna edukacja dla ca\u0142ej rodziny.<\/li>\n\n\n\n<li>Mn\u00f3stwo atrakcji dla najmniejszych.<\/li>\n<\/ul>\n\n\n\n<p>Mini miasto Mamaville, to jeden dzie\u0144 pe\u0142en atrakcji, warsztat\u00f3w oraz zakup\u00f3w u oryginalnych, polskich projektant\u00f3w i firm zwi\u0105zanych z tematyk\u0105 ci\u0105\u017cy, macierzy\u0144stwa i rodzicielstwa.<br>Macierzy\u0144stwo, to nowy rozdzia\u0142 w \u017cyciu ka\u017cdej rodziny, a targi Mamaville, to idea, kt\u00f3ra Wam przybli\u017cy t\u0105 now\u0105 ekscytuj\u0105c\u0105 przygod\u0119 \u017cycia.&nbsp;<strong>23 kwietnia z nami, to \u015bwietny pomys\u0142 na niedzielne, rodzinne sp\u0119dzenie czasu \u2013 b\u0119dziemy Was rozpieszcza\u0107!<\/strong><\/p>\n\n\n\n<p>Targi podzielone s\u0105 na strefy:<\/p>\n\n\n\n<p><strong>STREFA ZAKUP\u00d3W<\/strong><br>U wystawc\u00f3w znanych oraz premierowych marek i wybranych projektant\u00f3w z bran\u017c: ubrania \/ zabawki \/ wystr\u00f3j wn\u0119trz \/ akcesoria \/ dodatki \/ edukacja \/ wydawnictwa \/ us\u0142ugi \u2013 dla kobiet, rodzin oraz dzieci w r\u00f3\u017cnym wieku, od niemowlaka do starszaka. Skupiamy marki kreatywnych mam, zgodnie z ide\u0105 aktywizacji przedsi\u0119biorczo\u015bci kobiet, wspierania polskich \u017ar\u00f3de\u0142 pochodzenia towar\u00f3w, naturalnych surowc\u00f3w i autorskich projekt\u00f3w.<\/p>\n\n\n\n<p><strong>STREFA EDUKACYJNA<\/strong><br>Edukacja i rozrywka dla ca\u0142ej rodziny, czyli najnowsze i najbardziej przydatne wyk\u0142ady dla rodzic\u00f3w i warsztaty dla dzieci, zwi\u0105zane z tematyk\u0105 macierzy\u0144stwa, prowadzone przez do\u015bwiadczonych prelegent\u00f3w.&nbsp;Warsztaty i wyk\u0142ady s\u0105 bezp\u0142atne, lecz z uwagi na ograniczon\u0105 ilo\u015b\u0107 miejsc obowi\u0105zuj\u0105 zapisy.<\/p>\n\n\n\n<p>Wi\u0119cej szczeg\u00f3\u0142\u00f3w wkr\u00f3tce.<\/p>\n\n\n\n<p><strong>STREFA ATRAKCJI DLA DZIECI<br><\/strong>Zaj\u0119cia i warsztaty dla dzieci, gdzie wspieraj\u0105c lokalne miejsca prezentujemy najciekawsze kierunki rozwoju najm\u0142odszych poprzez zabaw\u0119.<\/p>\n\n\n\n<p><strong>STREFA MAMY I DZIECKA<\/strong><br>Mo\u017cecie tam nakarmi\u0107 czy przewin\u0105\u0107 dziecko. B\u0119dzie przytulnie i pi\u0119knie!<\/p>\n\n\n\n<p><strong>STREFA RELAKSU<\/strong><br>Na t\u0119 edycj\u0119 zadbamy o wi\u0119ksz\u0105, wygodn\u0105 i kolorow\u0105 stref\u0119 relaksu, gdzie po zakupach i atrakcjach b\u0119dziecie mogli odpocz\u0105\u0107 i dobrze zje\u015b\u0107!<\/p>\n","protected":false},"excerpt":{"rendered":"<p>To ju\u017c&nbsp; nasza 14 edycja Targ\u00f3w&nbsp; Mamaville, ponownie spotkamy si\u0119 z Wami na&#8230;<\/p>\n","protected":false},"author":3,"featured_media":14101,"comment_status":"closed","ping_status":"closed","template":"","tags":[],"mec_category":[52,37],"class_list":["post-14100","mec-events","type-mec-events","status-publish","has-post-thumbnail","hentry","mec_category-fairs-events","mec_category-top-event-en"],"yoast_head":"<!-- This site is optimized with the Yoast SEO plugin v27.4 - https:\/\/yoast.com\/product\/yoast-seo-wordpress\/ -->\n<title>Targi Mamaville na Tarczy\u0144ski Arenie Wroc\u0142aw<\/title>\n<meta name=\"description\" content=\"To ju\u017c nasza 14 edycja Targ\u00f3w Mamaville, ponownie spotkamy si\u0119 z Wami na wroc\u0142awskim stadionie \u2013 Tarczy\u0144ski Arena Wroc\u0142aw.\" \/>\n<meta name=\"robots\" content=\"index, follow, max-snippet:-1, max-image-preview:large, max-video-preview:-1\" \/>\n<link rel=\"canonical\" href=\"https:\/\/tarczynskiarenawroclaw.pl\/events\/targi-mamaville-wroclaw-2\/\" \/>\n<meta property=\"og:locale\" content=\"en_US\" \/>\n<meta property=\"og:type\" content=\"article\" \/>\n<meta property=\"og:title\" content=\"Targi Mamaville na Tarczy\u0144ski Arenie Wroc\u0142aw\" \/>\n<meta property=\"og:description\" content=\"To ju\u017c nasza 14 edycja Targ\u00f3w Mamaville, ponownie spotkamy si\u0119 z Wami na wroc\u0142awskim stadionie \u2013 Tarczy\u0144ski Arena Wroc\u0142aw.\" \/>\n<meta property=\"og:url\" content=\"https:\/\/tarczynskiarenawroclaw.pl\/events\/targi-mamaville-wroclaw-2\/\" \/>\n<meta property=\"og:site_name\" content=\"Tarczy\u0144ski Arena Wroc\u0142aw\" \/>\n<meta property=\"article:modified_time\" content=\"2023-03-14T11:28:53+00:00\" \/>\n<meta property=\"og:image\" content=\"https:\/\/tarczynskiarenawroclaw.pl\/wp-content\/uploads\/2023\/02\/2023.jpg\" \/>\n\t<meta property=\"og:image:width\" content=\"1200\" \/>\n\t<meta property=\"og:image:height\" content=\"628\" \/>\n\t<meta property=\"og:image:type\" content=\"image\/jpeg\" \/>\n<meta name=\"twitter:card\" content=\"summary_large_image\" \/>\n<meta name=\"twitter:label1\" content=\"Est. reading time\" \/>\n\t<meta name=\"twitter:data1\" content=\"4 minutes\" \/>\n<script type=\"application\/ld+json\" class=\"yoast-schema-graph\">{\"@context\":\"https:\\\/\\\/schema.org\",\"@graph\":[{\"@type\":\"WebPage\",\"@id\":\"https:\\\/\\\/tarczynskiarenawroclaw.pl\\\/events\\\/targi-mamaville-wroclaw-2\\\/\",\"url\":\"https:\\\/\\\/tarczynskiarenawroclaw.pl\\\/events\\\/targi-mamaville-wroclaw-2\\\/\",\"name\":\"Targi Mamaville na Tarczy\u0144ski Arenie Wroc\u0142aw\",\"isPartOf\":{\"@id\":\"https:\\\/\\\/tarczynskiarenawroclaw.pl\\\/#website\"},\"primaryImageOfPage\":{\"@id\":\"https:\\\/\\\/tarczynskiarenawroclaw.pl\\\/events\\\/targi-mamaville-wroclaw-2\\\/#primaryimage\"},\"image\":{\"@id\":\"https:\\\/\\\/tarczynskiarenawroclaw.pl\\\/events\\\/targi-mamaville-wroclaw-2\\\/#primaryimage\"},\"thumbnailUrl\":\"https:\\\/\\\/tarczynskiarenawroclaw.pl\\\/wp-content\\\/uploads\\\/2023\\\/02\\\/2023.jpg\",\"datePublished\":\"2023-02-17T14:16:15+00:00\",\"dateModified\":\"2023-03-14T11:28:53+00:00\",\"description\":\"To ju\u017c nasza 14 edycja Targ\u00f3w Mamaville, ponownie spotkamy si\u0119 z Wami na wroc\u0142awskim stadionie \u2013 Tarczy\u0144ski Arena Wroc\u0142aw.\",\"breadcrumb\":{\"@id\":\"https:\\\/\\\/tarczynskiarenawroclaw.pl\\\/events\\\/targi-mamaville-wroclaw-2\\\/#breadcrumb\"},\"inLanguage\":\"en-US\",\"potentialAction\":[{\"@type\":\"ReadAction\",\"target\":[\"https:\\\/\\\/tarczynskiarenawroclaw.pl\\\/events\\\/targi-mamaville-wroclaw-2\\\/\"]}]},{\"@type\":\"ImageObject\",\"inLanguage\":\"en-US\",\"@id\":\"https:\\\/\\\/tarczynskiarenawroclaw.pl\\\/events\\\/targi-mamaville-wroclaw-2\\\/#primaryimage\",\"url\":\"https:\\\/\\\/tarczynskiarenawroclaw.pl\\\/wp-content\\\/uploads\\\/2023\\\/02\\\/2023.jpg\",\"contentUrl\":\"https:\\\/\\\/tarczynskiarenawroclaw.pl\\\/wp-content\\\/uploads\\\/2023\\\/02\\\/2023.jpg\",\"width\":1200,\"height\":628},{\"@type\":\"BreadcrumbList\",\"@id\":\"https:\\\/\\\/tarczynskiarenawroclaw.pl\\\/events\\\/targi-mamaville-wroclaw-2\\\/#breadcrumb\",\"itemListElement\":[{\"@type\":\"ListItem\",\"position\":1,\"name\":\"Strona g\u0142\u00f3wna\",\"item\":\"https:\\\/\\\/tarczynskiarenawroclaw.pl\\\/en\\\/\"},{\"@type\":\"ListItem\",\"position\":2,\"name\":\"Events\",\"item\":\"https:\\\/\\\/tarczynskiarenawroclaw.pl\\\/events\\\/\"},{\"@type\":\"ListItem\",\"position\":3,\"name\":\"Top Event\",\"item\":\"https:\\\/\\\/tarczynskiarenawroclaw.pl\\\/en\\\/category-events\\\/top-event-en\\\/\"},{\"@type\":\"ListItem\",\"position\":4,\"name\":\"Targi Mamaville Wroc\u0142aw\"}]},{\"@type\":\"WebSite\",\"@id\":\"https:\\\/\\\/tarczynskiarenawroclaw.pl\\\/#website\",\"url\":\"https:\\\/\\\/tarczynskiarenawroclaw.pl\\\/\",\"name\":\"Tarczy\u0144ski Arena Wroc\u0142aw\",\"description\":\"Stadion Miejski we Wroc\u0142awiu\",\"publisher\":{\"@id\":\"https:\\\/\\\/tarczynskiarenawroclaw.pl\\\/#organization\"},\"potentialAction\":[{\"@type\":\"SearchAction\",\"target\":{\"@type\":\"EntryPoint\",\"urlTemplate\":\"https:\\\/\\\/tarczynskiarenawroclaw.pl\\\/?s={search_term_string}\"},\"query-input\":{\"@type\":\"PropertyValueSpecification\",\"valueRequired\":true,\"valueName\":\"search_term_string\"}}],\"inLanguage\":\"en-US\"},{\"@type\":\"Organization\",\"@id\":\"https:\\\/\\\/tarczynskiarenawroclaw.pl\\\/#organization\",\"name\":\"Stadion Wroc\u0142aw\",\"url\":\"https:\\\/\\\/tarczynskiarenawroclaw.pl\\\/\",\"logo\":{\"@type\":\"ImageObject\",\"inLanguage\":\"en-US\",\"@id\":\"https:\\\/\\\/tarczynskiarenawroclaw.pl\\\/#\\\/schema\\\/logo\\\/image\\\/\",\"url\":\"https:\\\/\\\/stadionwroclaw.pl\\\/wp-content\\\/uploads\\\/2021\\\/08\\\/favicon-stadion-wroclaw.png\",\"contentUrl\":\"https:\\\/\\\/stadionwroclaw.pl\\\/wp-content\\\/uploads\\\/2021\\\/08\\\/favicon-stadion-wroclaw.png\",\"width\":512,\"height\":512,\"caption\":\"Stadion Wroc\u0142aw\"},\"image\":{\"@id\":\"https:\\\/\\\/tarczynskiarenawroclaw.pl\\\/#\\\/schema\\\/logo\\\/image\\\/\"}}]}<\/script>\n<!-- \/ Yoast SEO plugin. -->","yoast_head_json":{"title":"Targi Mamaville na Tarczy\u0144ski Arenie Wroc\u0142aw","description":"To ju\u017c nasza 14 edycja Targ\u00f3w Mamaville, ponownie spotkamy si\u0119 z Wami na wroc\u0142awskim stadionie \u2013 Tarczy\u0144ski Arena Wroc\u0142aw.","robots":{"index":"index","follow":"follow","max-snippet":"max-snippet:-1","max-image-preview":"max-image-preview:large","max-video-preview":"max-video-preview:-1"},"canonical":"https:\/\/tarczynskiarenawroclaw.pl\/events\/targi-mamaville-wroclaw-2\/","og_locale":"en_US","og_type":"article","og_title":"Targi Mamaville na Tarczy\u0144ski Arenie Wroc\u0142aw","og_description":"To ju\u017c nasza 14 edycja Targ\u00f3w Mamaville, ponownie spotkamy si\u0119 z Wami na wroc\u0142awskim stadionie \u2013 Tarczy\u0144ski Arena Wroc\u0142aw.","og_url":"https:\/\/tarczynskiarenawroclaw.pl\/events\/targi-mamaville-wroclaw-2\/","og_site_name":"Tarczy\u0144ski Arena Wroc\u0142aw","article_modified_time":"2023-03-14T11:28:53+00:00","og_image":[{"width":1200,"height":628,"url":"https:\/\/tarczynskiarenawroclaw.pl\/wp-content\/uploads\/2023\/02\/2023.jpg","type":"image\/jpeg"}],"twitter_card":"summary_large_image","twitter_misc":{"Est. reading time":"4 minutes"},"schema":{"@context":"https:\/\/schema.org","@graph":[{"@type":"WebPage","@id":"https:\/\/tarczynskiarenawroclaw.pl\/events\/targi-mamaville-wroclaw-2\/","url":"https:\/\/tarczynskiarenawroclaw.pl\/events\/targi-mamaville-wroclaw-2\/","name":"Targi Mamaville na Tarczy\u0144ski Arenie Wroc\u0142aw","isPartOf":{"@id":"https:\/\/tarczynskiarenawroclaw.pl\/#website"},"primaryImageOfPage":{"@id":"https:\/\/tarczynskiarenawroclaw.pl\/events\/targi-mamaville-wroclaw-2\/#primaryimage"},"image":{"@id":"https:\/\/tarczynskiarenawroclaw.pl\/events\/targi-mamaville-wroclaw-2\/#primaryimage"},"thumbnailUrl":"https:\/\/tarczynskiarenawroclaw.pl\/wp-content\/uploads\/2023\/02\/2023.jpg","datePublished":"2023-02-17T14:16:15+00:00","dateModified":"2023-03-14T11:28:53+00:00","description":"To ju\u017c nasza 14 edycja Targ\u00f3w Mamaville, ponownie spotkamy si\u0119 z Wami na wroc\u0142awskim stadionie \u2013 Tarczy\u0144ski Arena Wroc\u0142aw.","breadcrumb":{"@id":"https:\/\/tarczynskiarenawroclaw.pl\/events\/targi-mamaville-wroclaw-2\/#breadcrumb"},"inLanguage":"en-US","potentialAction":[{"@type":"ReadAction","target":["https:\/\/tarczynskiarenawroclaw.pl\/events\/targi-mamaville-wroclaw-2\/"]}]},{"@type":"ImageObject","inLanguage":"en-US","@id":"https:\/\/tarczynskiarenawroclaw.pl\/events\/targi-mamaville-wroclaw-2\/#primaryimage","url":"https:\/\/tarczynskiarenawroclaw.pl\/wp-content\/uploads\/2023\/02\/2023.jpg","contentUrl":"https:\/\/tarczynskiarenawroclaw.pl\/wp-content\/uploads\/2023\/02\/2023.jpg","width":1200,"height":628},{"@type":"BreadcrumbList","@id":"https:\/\/tarczynskiarenawroclaw.pl\/events\/targi-mamaville-wroclaw-2\/#breadcrumb","itemListElement":[{"@type":"ListItem","position":1,"name":"Strona g\u0142\u00f3wna","item":"https:\/\/tarczynskiarenawroclaw.pl\/en\/"},{"@type":"ListItem","position":2,"name":"Events","item":"https:\/\/tarczynskiarenawroclaw.pl\/events\/"},{"@type":"ListItem","position":3,"name":"Top Event","item":"https:\/\/tarczynskiarenawroclaw.pl\/en\/category-events\/top-event-en\/"},{"@type":"ListItem","position":4,"name":"Targi Mamaville Wroc\u0142aw"}]},{"@type":"WebSite","@id":"https:\/\/tarczynskiarenawroclaw.pl\/#website","url":"https:\/\/tarczynskiarenawroclaw.pl\/","name":"Tarczy\u0144ski Arena Wroc\u0142aw","description":"Stadion Miejski we Wroc\u0142awiu","publisher":{"@id":"https:\/\/tarczynskiarenawroclaw.pl\/#organization"},"potentialAction":[{"@type":"SearchAction","target":{"@type":"EntryPoint","urlTemplate":"https:\/\/tarczynskiarenawroclaw.pl\/?s={search_term_string}"},"query-input":{"@type":"PropertyValueSpecification","valueRequired":true,"valueName":"search_term_string"}}],"inLanguage":"en-US"},{"@type":"Organization","@id":"https:\/\/tarczynskiarenawroclaw.pl\/#organization","name":"Stadion Wroc\u0142aw","url":"https:\/\/tarczynskiarenawroclaw.pl\/","logo":{"@type":"ImageObject","inLanguage":"en-US","@id":"https:\/\/tarczynskiarenawroclaw.pl\/#\/schema\/logo\/image\/","url":"https:\/\/stadionwroclaw.pl\/wp-content\/uploads\/2021\/08\/favicon-stadion-wroclaw.png","contentUrl":"https:\/\/stadionwroclaw.pl\/wp-content\/uploads\/2021\/08\/favicon-stadion-wroclaw.png","width":512,"height":512,"caption":"Stadion Wroc\u0142aw"},"image":{"@id":"https:\/\/tarczynskiarenawroclaw.pl\/#\/schema\/logo\/image\/"}}]}},"featured_img":"https:\/\/tarczynskiarenawroclaw.pl\/wp-content\/uploads\/2023\/02\/2023-326x326.jpg","coauthors":[],"author_meta":{"author_link":"https:\/\/tarczynskiarenawroclaw.pl\/en\/author\/nina-admin\/","display_name":"Nina Kolodziej"},"relative_dates":{"created":"Posted 3 years ago","modified":"Updated 3 years ago"},"absolute_dates":{"created":"Posted on 17.02.2023","modified":"Updated on 14.03.2023"},"absolute_dates_time":{"created":"Posted on 17.02.2023 15:16","modified":"Updated on 14.03.2023 12:28"},"featured_img_caption":"","tax_additional":{"post_tag":{"linked":[],"unlinked":[],"slug":"post_tag","name":"Tags"},"mec_category":{"linked":["<a href=\"https:\/\/tarczynskiarenawroclaw.pl\/en\/category-events\/fairs-events\/\" class=\"advgb-post-tax-term\">Fairs \/ Events<\/a>","<a href=\"https:\/\/tarczynskiarenawroclaw.pl\/en\/category-events\/top-event-en\/\" class=\"advgb-post-tax-term\">Top Event<\/a>"],"unlinked":["<span class=\"advgb-post-tax-term\">Fairs \/ Events<\/span>","<span class=\"advgb-post-tax-term\">Top Event<\/span>"],"slug":"mec_category","name":"Categories"},"mec_label":{"linked":[],"unlinked":[],"slug":"mec_label","name":"Labels"},"mec_location":{"linked":["<a href=\"https:\/\/tarczynskiarenawroclaw.pl\/events-location\/tarczynski-arena-wroclaw\/\" class=\"advgb-post-tax-term\">Tarczy\u0144ski Arena Wroc\u0142aw<\/a>"],"unlinked":["<span class=\"advgb-post-tax-term\">Tarczy\u0144ski Arena Wroc\u0142aw<\/span>"],"slug":"mec_location","name":"Locations"},"mec_organizer":{"linked":[],"unlinked":[],"slug":"mec_organizer","name":"Organizers"}},"series_order":"","_links":{"self":[{"href":"https:\/\/tarczynskiarenawroclaw.pl\/en\/wp-json\/wp\/v2\/mec-events\/14100","targetHints":{"allow":["GET"]}}],"collection":[{"href":"https:\/\/tarczynskiarenawroclaw.pl\/en\/wp-json\/wp\/v2\/mec-events"}],"about":[{"href":"https:\/\/tarczynskiarenawroclaw.pl\/en\/wp-json\/wp\/v2\/types\/mec-events"}],"author":[{"embeddable":true,"href":"https:\/\/tarczynskiarenawroclaw.pl\/en\/wp-json\/wp\/v2\/users\/3"}],"replies":[{"embeddable":true,"href":"https:\/\/tarczynskiarenawroclaw.pl\/en\/wp-json\/wp\/v2\/comments?post=14100"}],"wp:featuredmedia":[{"embeddable":true,"href":"https:\/\/tarczynskiarenawroclaw.pl\/en\/wp-json\/wp\/v2\/media\/14101"}],"wp:attachment":[{"href":"https:\/\/tarczynskiarenawroclaw.pl\/en\/wp-json\/wp\/v2\/media?parent=14100"}],"wp:term":[{"taxonomy":"post_tag","embeddable":true,"href":"https:\/\/tarczynskiarenawroclaw.pl\/en\/wp-json\/wp\/v2\/tags?post=14100"},{"taxonomy":"mec_category","embeddable":true,"href":"https:\/\/tarczynskiarenawroclaw.pl\/en\/wp-json\/wp\/v2\/mec_category?post=14100"}],"curies":[{"name":"wp","href":"https:\/\/api.w.org\/{rel}","templated":true}]}}