{"id":14122,"date":"2023-02-22T12:01:25","date_gmt":"2023-02-22T11:01:25","guid":{"rendered":"https:\/\/tarczynskiarenawroclaw.pl\/?post_type=mec-events&#038;p=14122"},"modified":"2023-03-23T12:51:29","modified_gmt":"2023-03-23T11:51:29","slug":"festiwal-roslin-miesozernych","status":"publish","type":"mec-events","link":"https:\/\/tarczynskiarenawroclaw.pl\/en\/events\/festiwal-roslin-miesozernych\/","title":{"rendered":"Festiwal ro\u015blin mi\u0119so\u017cernych"},"content":{"rendered":"\n<p><strong>Przygotuj si\u0119 na prawdziwy #<u>FlowerBOOM<\/u> od FlowerShock!<\/strong><\/p>\n\n\n\n<p>Co\u015b dla fan\u00f3w adrenaliny, ale te\u017c dla mi\u0142o\u015bnik\u00f3w subtelnego pi\u0119kna! Masz ciarki na sam\u0105 my\u015bl o mi\u0119so\u017cernych ro\u015blinach, zachwycasz si\u0119 kolekcjonerskimi okazami niespotykanych ro\u015blin, a mo\u017ce po prostu chcesz dowiedzie\u0107 si\u0119 czego\u015b wi\u0119cej o finezyjnych orchideach? To b\u0119dzie weekend pe\u0142en atrakcji! Trzy niezwyk\u0142e wydarzenia w jednym miejscu!<\/p>\n\n\n\n<p>Sprawd\u017a co Ci\u0119 czeka 25-26.03.2023 we Wroc\u0142awiu!<\/p>\n\n\n\n<figure class=\"wp-block-image size-full\"><img loading=\"lazy\" decoding=\"async\" width=\"960\" height=\"540\" src=\"https:\/\/tarczynskiarenawroclaw.pl\/wp-content\/uploads\/2023\/02\/316409423_2828292647304153_4179398919906606522_n.png\" alt=\"\" class=\"wp-image-14124\"\/><\/figure>\n\n\n\n<p>Potworne Cuda to wspania\u0142a przygoda mro\u017c\u0105ca krew w \u017cy\u0142ach! Wyg\u0142odnia\u0142e owado\u017cerne ro\u015bliny, kt\u00f3re czekaj\u0105 na weekendow\u0105 uczt\u0119! <strong>Przy\u0142\u0105czysz si\u0119?<\/strong><\/p>\n\n\n\n<p>Magiczna d\u017cungla stworzona z ro\u015blin pochodz\u0105cych z ponad 40 pa\u0144stw! Najwi\u0119ksza na \u015bwiecie \u017cywa wystawa mi\u0119so\u017cernych zielonych stwor\u00f3w.<\/p>\n\n\n\n<p><strong>Jeste\u015b ciekaw, co Ci\u0119 czeka podczas tego niezwyk\u0142ego weekendu?<\/strong><\/p>\n\n\n\n<p>Bajeczny \u015bwiat owado\u017cernych gigant\u00f3w \u2013 przygoda odkrywania pi\u0119kna i skrytych tajemnic natury. Wyj\u0105tkowe pokazy karmienia ro\u015blin, niezwykle warto\u015bciowe prelekcje i mn\u00f3stwo atrakcji dla dzieci i doros\u0142ych.<\/p>\n\n\n\n<p>Budz\u0105ce groz\u0119 SHOW nadchodzi!<\/p>\n\n\n\n<figure class=\"wp-block-image size-full\"><img loading=\"lazy\" decoding=\"async\" width=\"960\" height=\"502\" src=\"https:\/\/tarczynskiarenawroclaw.pl\/wp-content\/uploads\/2023\/02\/323989691_3412692329012840_9132037828925084981_n.jpg\" alt=\"\" class=\"wp-image-14126\"\/><\/figure>\n\n\n\n<p><a href=\"http:\/\/WWW.POTWORNECUDA.PL\"><strong>WWW.POTWORNECUDA.PL<\/strong><\/a><strong><\/strong><\/p>\n\n\n\n<p>IMPREZ\u0104 TOWARZYSZ\u0104C\u0104 \u2013 ODBYWAJ\u0104C\u0104 SI\u0118 JEDNOCZE\u015aNIE JEST:<\/p>\n\n\n\n<p>\ud83c\udf3a<strong> <\/strong><strong>\u015aWIATOWA WYSTAWA ORCHIDEI, BONSAI I SUKULENT\u00d3W<\/strong> \ud83c\udf3a<br><br>Prawdziwa kwiatowa eksplozja!<strong><\/strong><\/p>\n\n\n\n<p>Kilkana\u015bcie tysi\u0119cy najwspanialszych orchidei, ponad stuletnie drzewka bonsai i zjawiskowe sukulenty z ca\u0142ego \u015bwiata odwiedz\u0105 Wroc\u0142aw!<\/p>\n\n\n\n<p>Poczuj niesamowit\u0105 symfoni\u0119 kolor\u00f3w, kszta\u0142t\u00f3w i zapach\u00f3w. Zobacz prawdziwe cuda natury z najdalszych zak\u0105tk\u00f3w globu.<\/p>\n\n\n\n<p>\u2b50\ufe0f Wybitne arcydzie\u0142a bonsai prawdziwych Mistrz\u00f3w. \u2b50\ufe0f<br>Unikatowe per\u0142y fantastycznych orchidei i osobliwie okrutne pi\u0119kno\u015bci sukulent\u00f3w.<\/p>\n\n\n\n<p><strong>To w\u0142a\u015bnie one zagraj\u0105 g\u0142\u00f3wn\u0105 rol\u0119 w tym spektaklu! Nie mo\u017cesz tego przegapi\u0107!<\/strong><\/p>\n\n\n\n<p>Najwi\u0119ksze wydarzenie o takim charakterze w Europie!<\/p>\n\n\n\n<p>Ogromne aran\u017cacje, niesztampowe wystawy z najciekawszych okaz\u00f3w z ca\u0142ego \u015bwiata zaskakuj\u0105 odwiedzaj\u0105cych \u015awiatow\u0105 Wystaw\u0119 w ca\u0142ej Polsce.<\/p>\n\n\n\n<p>Wydarzenie jest jeszcze ciekawsze dzi\u0119ki interesuj\u0105cym prelekcjom, pokazom i przer\u00f3\u017cnym wyst\u0119pom, kt\u00f3re u\u015bwietniaj\u0105 ca\u0142\u0105 idee \u015awiatowej Wystawy.<\/p>\n\n\n\n<figure class=\"wp-block-image size-full\"><img loading=\"lazy\" decoding=\"async\" width=\"960\" height=\"502\" src=\"https:\/\/tarczynskiarenawroclaw.pl\/wp-content\/uploads\/2023\/02\/323864509_728611842169620_7228815159561785163_n.jpg\" alt=\"\" class=\"wp-image-14128\"\/><\/figure>\n\n\n\n<p><a href=\"http:\/\/WWW.SWIATOWAWYSTAWA.PL\"><strong>WWW.SWIATOWAWYSTAWA.PL<\/strong><\/a><strong><\/strong><\/p>\n\n\n\n<p><strong>EXTRA:<\/strong> Dodatkowo trakcie wydarze\u0144 zapraszamy na:<\/p>\n\n\n\n<p><strong><u>PLANTPORN &#8211; wielkie targi ro\u015blin kolekcjonerskich<\/u><\/strong><\/p>\n\n\n\n<p>Je\u015bli jeste\u015b fanem ro\u015blin i chcesz si\u0119 wprowadzi\u0107 w ekstremalny stan zielonej euforii, to musisz przyj\u015b\u0107 i zobaczy\u0107 na \u017cywo <strong>#PLANTPORN <\/strong>&#8211; czyli szale\u0144stwo najciekawszych, topowych, najbardziej niespotykanych ro\u015blin kolekcjonerskich kiedykolwiek widzia\u0142e\u015b!<\/p>\n\n\n\n<p>Je\u017celi marzysz o jakiej\u015b ro\u015blinie i zawsze chcia\u0142e\u015b j\u0105 mie\u0107, to bardzo prawdopodobne, \u017ce podczas <strong>#PLANTPORN<\/strong> b\u0119dziesz m\u00f3g\u0142 je zobaczy\u0107 i kupi\u0107 w najlepszej cenie kiedykolwiek!<\/p>\n\n\n\n<p>Przer\u00f3\u017cne, najwspanialsze odmiany, kultywary, gatunki philodendron\u00f3w, alocasi, calathei, anthurium, aglaonem, syngonium i wiele wiele innych!<\/p>\n\n\n\n<p><strong>Spe\u0142nimy Twoje najwi\u0119ksze ro\u015blinne \u017c\u0105dze!<\/strong><\/p>\n\n\n\n<p>A to wszystko w&#8230; PRZERA\u017bAJ\u0104CO OKAZYJNYCH CENACH!<\/p>\n\n\n\n<figure class=\"wp-block-image size-full\"><img loading=\"lazy\" decoding=\"async\" width=\"960\" height=\"502\" src=\"https:\/\/tarczynskiarenawroclaw.pl\/wp-content\/uploads\/2023\/02\/322824734_3497438467142644_8099932375722724566_n.jpg\" alt=\"\" class=\"wp-image-14130\"\/><\/figure>\n\n\n\n<p>Na wszystkie wydarzenia obowi\u0105zuje jeden bilet.<\/p>\n\n\n\n<p>Po wi\u0119cej informacji prosimy o kontakt:<\/p>\n\n\n\n<p>Paulina Puzia<\/p>\n\n\n\n<p>biuro@flowershock.pl<\/p>\n\n\n\n<p>Tel. +48\u00a0536 195 247<\/p>\n","protected":false},"excerpt":{"rendered":"<p>Przygotuj si\u0119 na prawdziwy #FlowerBOOM od FlowerShock! Co\u015b dla fan\u00f3w adrenaliny, ale te\u017c&#8230;<\/p>\n","protected":false},"author":3,"featured_media":14126,"comment_status":"closed","ping_status":"closed","template":"","tags":[],"mec_category":[52,37],"class_list":["post-14122","mec-events","type-mec-events","status-publish","has-post-thumbnail","hentry","mec_category-fairs-events","mec_category-top-event-en"],"yoast_head":"<!-- This site is optimized with the Yoast SEO plugin v27.4 - https:\/\/yoast.com\/product\/yoast-seo-wordpress\/ -->\n<title>Festiwal ro\u015blin mi\u0119so\u017cernych na Tarczy\u0144ski Arenie!<\/title>\n<meta name=\"description\" content=\"Co\u015b dla fan\u00f3w adrenaliny, ale te\u017c dla mi\u0142o\u015bnik\u00f3w subtelnego pi\u0119kna! To b\u0119dzie weekend pe\u0142en atrakcji! 25 - 26 marca na Tarczy\u0144ski Arenie!\" \/>\n<meta name=\"robots\" content=\"index, follow, max-snippet:-1, max-image-preview:large, max-video-preview:-1\" \/>\n<link rel=\"canonical\" href=\"https:\/\/tarczynskiarenawroclaw.pl\/events\/festiwal-roslin-miesozernych\/\" \/>\n<meta property=\"og:locale\" content=\"en_US\" \/>\n<meta property=\"og:type\" content=\"article\" \/>\n<meta property=\"og:title\" content=\"Festiwal ro\u015blin mi\u0119so\u017cernych na Tarczy\u0144ski Arenie!\" \/>\n<meta property=\"og:description\" content=\"Co\u015b dla fan\u00f3w adrenaliny, ale te\u017c dla mi\u0142o\u015bnik\u00f3w subtelnego pi\u0119kna! To b\u0119dzie weekend pe\u0142en atrakcji! 25 - 26 marca na Tarczy\u0144ski Arenie!\" \/>\n<meta property=\"og:url\" content=\"https:\/\/tarczynskiarenawroclaw.pl\/events\/festiwal-roslin-miesozernych\/\" \/>\n<meta property=\"og:site_name\" content=\"Tarczy\u0144ski Arena Wroc\u0142aw\" \/>\n<meta property=\"article:modified_time\" content=\"2023-03-23T11:51:29+00:00\" \/>\n<meta property=\"og:image\" content=\"https:\/\/tarczynskiarenawroclaw.pl\/wp-content\/uploads\/2023\/02\/323989691_3412692329012840_9132037828925084981_n.jpg\" \/>\n\t<meta property=\"og:image:width\" content=\"960\" \/>\n\t<meta property=\"og:image:height\" content=\"502\" \/>\n\t<meta property=\"og:image:type\" content=\"image\/jpeg\" \/>\n<meta name=\"twitter:card\" content=\"summary_large_image\" \/>\n<meta name=\"twitter:label1\" content=\"Est. reading time\" \/>\n\t<meta name=\"twitter:data1\" content=\"4 minutes\" \/>\n<script type=\"application\/ld+json\" class=\"yoast-schema-graph\">{\"@context\":\"https:\\\/\\\/schema.org\",\"@graph\":[{\"@type\":\"WebPage\",\"@id\":\"https:\\\/\\\/tarczynskiarenawroclaw.pl\\\/events\\\/festiwal-roslin-miesozernych\\\/\",\"url\":\"https:\\\/\\\/tarczynskiarenawroclaw.pl\\\/events\\\/festiwal-roslin-miesozernych\\\/\",\"name\":\"Festiwal ro\u015blin mi\u0119so\u017cernych na Tarczy\u0144ski Arenie!\",\"isPartOf\":{\"@id\":\"https:\\\/\\\/tarczynskiarenawroclaw.pl\\\/#website\"},\"primaryImageOfPage\":{\"@id\":\"https:\\\/\\\/tarczynskiarenawroclaw.pl\\\/events\\\/festiwal-roslin-miesozernych\\\/#primaryimage\"},\"image\":{\"@id\":\"https:\\\/\\\/tarczynskiarenawroclaw.pl\\\/events\\\/festiwal-roslin-miesozernych\\\/#primaryimage\"},\"thumbnailUrl\":\"https:\\\/\\\/tarczynskiarenawroclaw.pl\\\/wp-content\\\/uploads\\\/2023\\\/02\\\/323989691_3412692329012840_9132037828925084981_n.jpg\",\"datePublished\":\"2023-02-22T11:01:25+00:00\",\"dateModified\":\"2023-03-23T11:51:29+00:00\",\"description\":\"Co\u015b dla fan\u00f3w adrenaliny, ale te\u017c dla mi\u0142o\u015bnik\u00f3w subtelnego pi\u0119kna! To b\u0119dzie weekend pe\u0142en atrakcji! 25 - 26 marca na Tarczy\u0144ski Arenie!\",\"breadcrumb\":{\"@id\":\"https:\\\/\\\/tarczynskiarenawroclaw.pl\\\/events\\\/festiwal-roslin-miesozernych\\\/#breadcrumb\"},\"inLanguage\":\"en-US\",\"potentialAction\":[{\"@type\":\"ReadAction\",\"target\":[\"https:\\\/\\\/tarczynskiarenawroclaw.pl\\\/events\\\/festiwal-roslin-miesozernych\\\/\"]}]},{\"@type\":\"ImageObject\",\"inLanguage\":\"en-US\",\"@id\":\"https:\\\/\\\/tarczynskiarenawroclaw.pl\\\/events\\\/festiwal-roslin-miesozernych\\\/#primaryimage\",\"url\":\"https:\\\/\\\/tarczynskiarenawroclaw.pl\\\/wp-content\\\/uploads\\\/2023\\\/02\\\/323989691_3412692329012840_9132037828925084981_n.jpg\",\"contentUrl\":\"https:\\\/\\\/tarczynskiarenawroclaw.pl\\\/wp-content\\\/uploads\\\/2023\\\/02\\\/323989691_3412692329012840_9132037828925084981_n.jpg\",\"width\":960,\"height\":502},{\"@type\":\"BreadcrumbList\",\"@id\":\"https:\\\/\\\/tarczynskiarenawroclaw.pl\\\/events\\\/festiwal-roslin-miesozernych\\\/#breadcrumb\",\"itemListElement\":[{\"@type\":\"ListItem\",\"position\":1,\"name\":\"Strona g\u0142\u00f3wna\",\"item\":\"https:\\\/\\\/tarczynskiarenawroclaw.pl\\\/en\\\/\"},{\"@type\":\"ListItem\",\"position\":2,\"name\":\"Events\",\"item\":\"https:\\\/\\\/tarczynskiarenawroclaw.pl\\\/events\\\/\"},{\"@type\":\"ListItem\",\"position\":3,\"name\":\"Top Event\",\"item\":\"https:\\\/\\\/tarczynskiarenawroclaw.pl\\\/en\\\/category-events\\\/top-event-en\\\/\"},{\"@type\":\"ListItem\",\"position\":4,\"name\":\"Festiwal ro\u015blin mi\u0119so\u017cernych\"}]},{\"@type\":\"WebSite\",\"@id\":\"https:\\\/\\\/tarczynskiarenawroclaw.pl\\\/#website\",\"url\":\"https:\\\/\\\/tarczynskiarenawroclaw.pl\\\/\",\"name\":\"Tarczy\u0144ski Arena Wroc\u0142aw\",\"description\":\"Stadion Miejski we Wroc\u0142awiu\",\"publisher\":{\"@id\":\"https:\\\/\\\/tarczynskiarenawroclaw.pl\\\/#organization\"},\"potentialAction\":[{\"@type\":\"SearchAction\",\"target\":{\"@type\":\"EntryPoint\",\"urlTemplate\":\"https:\\\/\\\/tarczynskiarenawroclaw.pl\\\/?s={search_term_string}\"},\"query-input\":{\"@type\":\"PropertyValueSpecification\",\"valueRequired\":true,\"valueName\":\"search_term_string\"}}],\"inLanguage\":\"en-US\"},{\"@type\":\"Organization\",\"@id\":\"https:\\\/\\\/tarczynskiarenawroclaw.pl\\\/#organization\",\"name\":\"Stadion Wroc\u0142aw\",\"url\":\"https:\\\/\\\/tarczynskiarenawroclaw.pl\\\/\",\"logo\":{\"@type\":\"ImageObject\",\"inLanguage\":\"en-US\",\"@id\":\"https:\\\/\\\/tarczynskiarenawroclaw.pl\\\/#\\\/schema\\\/logo\\\/image\\\/\",\"url\":\"https:\\\/\\\/stadionwroclaw.pl\\\/wp-content\\\/uploads\\\/2021\\\/08\\\/favicon-stadion-wroclaw.png\",\"contentUrl\":\"https:\\\/\\\/stadionwroclaw.pl\\\/wp-content\\\/uploads\\\/2021\\\/08\\\/favicon-stadion-wroclaw.png\",\"width\":512,\"height\":512,\"caption\":\"Stadion Wroc\u0142aw\"},\"image\":{\"@id\":\"https:\\\/\\\/tarczynskiarenawroclaw.pl\\\/#\\\/schema\\\/logo\\\/image\\\/\"}}]}<\/script>\n<!-- \/ Yoast SEO plugin. -->","yoast_head_json":{"title":"Festiwal ro\u015blin mi\u0119so\u017cernych na Tarczy\u0144ski Arenie!","description":"Co\u015b dla fan\u00f3w adrenaliny, ale te\u017c dla mi\u0142o\u015bnik\u00f3w subtelnego pi\u0119kna! To b\u0119dzie weekend pe\u0142en atrakcji! 25 - 26 marca na Tarczy\u0144ski Arenie!","robots":{"index":"index","follow":"follow","max-snippet":"max-snippet:-1","max-image-preview":"max-image-preview:large","max-video-preview":"max-video-preview:-1"},"canonical":"https:\/\/tarczynskiarenawroclaw.pl\/events\/festiwal-roslin-miesozernych\/","og_locale":"en_US","og_type":"article","og_title":"Festiwal ro\u015blin mi\u0119so\u017cernych na Tarczy\u0144ski Arenie!","og_description":"Co\u015b dla fan\u00f3w adrenaliny, ale te\u017c dla mi\u0142o\u015bnik\u00f3w subtelnego pi\u0119kna! To b\u0119dzie weekend pe\u0142en atrakcji! 25 - 26 marca na Tarczy\u0144ski Arenie!","og_url":"https:\/\/tarczynskiarenawroclaw.pl\/events\/festiwal-roslin-miesozernych\/","og_site_name":"Tarczy\u0144ski Arena Wroc\u0142aw","article_modified_time":"2023-03-23T11:51:29+00:00","og_image":[{"width":960,"height":502,"url":"https:\/\/tarczynskiarenawroclaw.pl\/wp-content\/uploads\/2023\/02\/323989691_3412692329012840_9132037828925084981_n.jpg","type":"image\/jpeg"}],"twitter_card":"summary_large_image","twitter_misc":{"Est. reading time":"4 minutes"},"schema":{"@context":"https:\/\/schema.org","@graph":[{"@type":"WebPage","@id":"https:\/\/tarczynskiarenawroclaw.pl\/events\/festiwal-roslin-miesozernych\/","url":"https:\/\/tarczynskiarenawroclaw.pl\/events\/festiwal-roslin-miesozernych\/","name":"Festiwal ro\u015blin mi\u0119so\u017cernych na Tarczy\u0144ski Arenie!","isPartOf":{"@id":"https:\/\/tarczynskiarenawroclaw.pl\/#website"},"primaryImageOfPage":{"@id":"https:\/\/tarczynskiarenawroclaw.pl\/events\/festiwal-roslin-miesozernych\/#primaryimage"},"image":{"@id":"https:\/\/tarczynskiarenawroclaw.pl\/events\/festiwal-roslin-miesozernych\/#primaryimage"},"thumbnailUrl":"https:\/\/tarczynskiarenawroclaw.pl\/wp-content\/uploads\/2023\/02\/323989691_3412692329012840_9132037828925084981_n.jpg","datePublished":"2023-02-22T11:01:25+00:00","dateModified":"2023-03-23T11:51:29+00:00","description":"Co\u015b dla fan\u00f3w adrenaliny, ale te\u017c dla mi\u0142o\u015bnik\u00f3w subtelnego pi\u0119kna! To b\u0119dzie weekend pe\u0142en atrakcji! 25 - 26 marca na Tarczy\u0144ski Arenie!","breadcrumb":{"@id":"https:\/\/tarczynskiarenawroclaw.pl\/events\/festiwal-roslin-miesozernych\/#breadcrumb"},"inLanguage":"en-US","potentialAction":[{"@type":"ReadAction","target":["https:\/\/tarczynskiarenawroclaw.pl\/events\/festiwal-roslin-miesozernych\/"]}]},{"@type":"ImageObject","inLanguage":"en-US","@id":"https:\/\/tarczynskiarenawroclaw.pl\/events\/festiwal-roslin-miesozernych\/#primaryimage","url":"https:\/\/tarczynskiarenawroclaw.pl\/wp-content\/uploads\/2023\/02\/323989691_3412692329012840_9132037828925084981_n.jpg","contentUrl":"https:\/\/tarczynskiarenawroclaw.pl\/wp-content\/uploads\/2023\/02\/323989691_3412692329012840_9132037828925084981_n.jpg","width":960,"height":502},{"@type":"BreadcrumbList","@id":"https:\/\/tarczynskiarenawroclaw.pl\/events\/festiwal-roslin-miesozernych\/#breadcrumb","itemListElement":[{"@type":"ListItem","position":1,"name":"Strona g\u0142\u00f3wna","item":"https:\/\/tarczynskiarenawroclaw.pl\/en\/"},{"@type":"ListItem","position":2,"name":"Events","item":"https:\/\/tarczynskiarenawroclaw.pl\/events\/"},{"@type":"ListItem","position":3,"name":"Top Event","item":"https:\/\/tarczynskiarenawroclaw.pl\/en\/category-events\/top-event-en\/"},{"@type":"ListItem","position":4,"name":"Festiwal ro\u015blin mi\u0119so\u017cernych"}]},{"@type":"WebSite","@id":"https:\/\/tarczynskiarenawroclaw.pl\/#website","url":"https:\/\/tarczynskiarenawroclaw.pl\/","name":"Tarczy\u0144ski Arena Wroc\u0142aw","description":"Stadion Miejski we Wroc\u0142awiu","publisher":{"@id":"https:\/\/tarczynskiarenawroclaw.pl\/#organization"},"potentialAction":[{"@type":"SearchAction","target":{"@type":"EntryPoint","urlTemplate":"https:\/\/tarczynskiarenawroclaw.pl\/?s={search_term_string}"},"query-input":{"@type":"PropertyValueSpecification","valueRequired":true,"valueName":"search_term_string"}}],"inLanguage":"en-US"},{"@type":"Organization","@id":"https:\/\/tarczynskiarenawroclaw.pl\/#organization","name":"Stadion Wroc\u0142aw","url":"https:\/\/tarczynskiarenawroclaw.pl\/","logo":{"@type":"ImageObject","inLanguage":"en-US","@id":"https:\/\/tarczynskiarenawroclaw.pl\/#\/schema\/logo\/image\/","url":"https:\/\/stadionwroclaw.pl\/wp-content\/uploads\/2021\/08\/favicon-stadion-wroclaw.png","contentUrl":"https:\/\/stadionwroclaw.pl\/wp-content\/uploads\/2021\/08\/favicon-stadion-wroclaw.png","width":512,"height":512,"caption":"Stadion Wroc\u0142aw"},"image":{"@id":"https:\/\/tarczynskiarenawroclaw.pl\/#\/schema\/logo\/image\/"}}]}},"featured_img":"https:\/\/tarczynskiarenawroclaw.pl\/wp-content\/uploads\/2023\/02\/323989691_3412692329012840_9132037828925084981_n-326x326.jpg","coauthors":[],"author_meta":{"author_link":"https:\/\/tarczynskiarenawroclaw.pl\/en\/author\/nina-admin\/","display_name":"Nina Kolodziej"},"relative_dates":{"created":"Posted 3 years ago","modified":"Updated 3 years ago"},"absolute_dates":{"created":"Posted on 22.02.2023","modified":"Updated on 23.03.2023"},"absolute_dates_time":{"created":"Posted on 22.02.2023 12:01","modified":"Updated on 23.03.2023 12:51"},"featured_img_caption":"","tax_additional":{"post_tag":{"linked":[],"unlinked":[],"slug":"post_tag","name":"Tags"},"mec_category":{"linked":["<a href=\"https:\/\/tarczynskiarenawroclaw.pl\/en\/category-events\/fairs-events\/\" class=\"advgb-post-tax-term\">Fairs \/ Events<\/a>","<a href=\"https:\/\/tarczynskiarenawroclaw.pl\/en\/category-events\/top-event-en\/\" class=\"advgb-post-tax-term\">Top Event<\/a>"],"unlinked":["<span class=\"advgb-post-tax-term\">Fairs \/ Events<\/span>","<span class=\"advgb-post-tax-term\">Top Event<\/span>"],"slug":"mec_category","name":"Categories"},"mec_label":{"linked":[],"unlinked":[],"slug":"mec_label","name":"Labels"},"mec_location":{"linked":["<a href=\"https:\/\/tarczynskiarenawroclaw.pl\/events-location\/tarczynski-arena-wroclaw\/\" class=\"advgb-post-tax-term\">Tarczy\u0144ski Arena Wroc\u0142aw<\/a>"],"unlinked":["<span class=\"advgb-post-tax-term\">Tarczy\u0144ski Arena Wroc\u0142aw<\/span>"],"slug":"mec_location","name":"Locations"},"mec_organizer":{"linked":[],"unlinked":[],"slug":"mec_organizer","name":"Organizers"}},"series_order":"","_links":{"self":[{"href":"https:\/\/tarczynskiarenawroclaw.pl\/en\/wp-json\/wp\/v2\/mec-events\/14122","targetHints":{"allow":["GET"]}}],"collection":[{"href":"https:\/\/tarczynskiarenawroclaw.pl\/en\/wp-json\/wp\/v2\/mec-events"}],"about":[{"href":"https:\/\/tarczynskiarenawroclaw.pl\/en\/wp-json\/wp\/v2\/types\/mec-events"}],"author":[{"embeddable":true,"href":"https:\/\/tarczynskiarenawroclaw.pl\/en\/wp-json\/wp\/v2\/users\/3"}],"replies":[{"embeddable":true,"href":"https:\/\/tarczynskiarenawroclaw.pl\/en\/wp-json\/wp\/v2\/comments?post=14122"}],"wp:featuredmedia":[{"embeddable":true,"href":"https:\/\/tarczynskiarenawroclaw.pl\/en\/wp-json\/wp\/v2\/media\/14126"}],"wp:attachment":[{"href":"https:\/\/tarczynskiarenawroclaw.pl\/en\/wp-json\/wp\/v2\/media?parent=14122"}],"wp:term":[{"taxonomy":"post_tag","embeddable":true,"href":"https:\/\/tarczynskiarenawroclaw.pl\/en\/wp-json\/wp\/v2\/tags?post=14122"},{"taxonomy":"mec_category","embeddable":true,"href":"https:\/\/tarczynskiarenawroclaw.pl\/en\/wp-json\/wp\/v2\/mec_category?post=14122"}],"curies":[{"name":"wp","href":"https:\/\/api.w.org\/{rel}","templated":true}]}}