{"id":14182,"date":"2023-03-15T16:53:57","date_gmt":"2023-03-15T15:53:57","guid":{"rendered":"https:\/\/tarczynskiarenawroclaw.pl\/?post_type=mec-events&#038;p=14182"},"modified":"2023-03-15T17:12:02","modified_gmt":"2023-03-15T16:12:02","slug":"tek-day-wroclaw-ii-edycja","status":"publish","type":"mec-events","link":"https:\/\/tarczynskiarenawroclaw.pl\/en\/events\/tek-day-wroclaw-ii-edycja\/","title":{"rendered":"TEK.day Wroc\u0142aw II edycja"},"content":{"rendered":"\n<p>30 marca 2023 na wroc\u0142awskim stadionie Tarczy\u0144ski Arena ob\u0119dzie si\u0119 druga edycja TEK.day Wroc\u0142aw. Nasze spotkanie z Wami bardzo si\u0119 rozro\u015bnie: zajmie dwie kondygnacje a liczba wystawc\u00f3w przekroczy 120.<\/p>\n\n\n\n<p>Dla tych, kt\u00f3rzy jeszcze nie byli na naszym spotkaniu: TEK.day to jednodniowe spotkania, dedykowane dla os\u00f3b profesjonalnie zwi\u0105zanych z przemys\u0142em elektronicznym: projektant\u00f3w, specjalist\u00f3w monta\u017cu, project manager\u00f3w czy os\u00f3b zarz\u0105dzaj\u0105cych \u0142a\u0144cuchem dostaw. Pierwsze takie spotkanie odby\u0142o si\u0119 31 marca 2022 i zgromadzi\u0142o blisko tysi\u0105c os\u00f3b. &nbsp;<\/p>\n\n\n\n<p>TEK.day to przede wszystkim targi w formule table-top. W por\u00f3wnaniu do pierwszej edycji liczba wystawc\u00f3w wzros\u0142a niemal dwukrotnie &#8211; jest ich obecnie 120 &#8211; a cz\u0119\u015b\u0107 targowa zajmie dwa poziomy Business Klubu na Tarczy\u0144ski Arena. Po covidowej przerwie wszyscy odczuwaj\u0105 g\u0142\u00f3d osobistych spotka\u0144, to znakomita okazja do od\u015bwie\u017cenia starych kontakt\u00f3w i nawi\u0105zania nowych w swobodnej, niezobowi\u0105zuj\u0105cej atmosferze. Z drugiej strony, problemy w \u0142a\u0144cuchu dostaw wci\u0105\u017c nie ust\u0119puj\u0105, a w takich warunkach, liczne kontakty i alternatywne \u017ar\u00f3d\u0142a zaopatrzenia staj\u0105 si\u0119 po prostu niezb\u0119dne. Przyjd\u017a, spotkaj si\u0119 z partnerami z bran\u017cy i przekonaj si\u0119 sam, jak wiele swoich zawodowych wyzwa\u0144 mo\u017cesz rozwi\u0105za\u0107 w jeden dzie\u0144.<\/p>\n\n\n\n<p>W\u015br\u00f3d 120 wystawc\u00f3w znajdziesz wszystkich kluczowych dostawc\u00f3w komponent\u00f3w, kilku dostawc\u00f3w PCB, firmy EMS, producent\u00f3w wi\u0105zek czy dostawc\u00f3w sprz\u0119tu do monta\u017cu.<\/p>\n\n\n\n<p>Podczas spotkania mo\u017cna te\u017c pog\u0142\u0119bi\u0107 swoj\u0105 wiedz\u0119 &#8211; przygotowali\u015bmy 8 wyk\u0142ad\u00f3w, a w\u015br\u00f3d wyk\u0142adowc\u00f3w specjali\u015bci z firm EMC4B, Wurth Elektronik, Best Supply, Hamamatsu, FlowCAD, Milar i Mycronic. Pami\u0119tajcie: w tym roku przenie\u015bli\u015bmy wyk\u0142ady do specjalnie wydzielonej sali przy naszej recepcji, tak aby zapewni\u0107 Wam wszystkim najwy\u017cszy komfort s\u0142uchania. O wysoki poziom wyk\u0142ad\u00f3w zadba nasz partner merytoryczny, EMC4B, firma szkoleniowa z wieloletnim do\u015bwiadczeniem. Warto przyj\u015b\u0107 na TEK.day ju\u017c z samego rana, bo pierwszy wyk\u0142ad o zgodno\u015bci produkt\u00f3w z formalnymi wymogami rynku przeprowadzi w\u0142a\u015bnie Tomek Utkowski, <em>spiritus movens<\/em> EMC4B. Od wyk\u0142ad\u00f3w Ewy Za\u0142upskiej nie mo\u017cna si\u0119 oderwa\u0107, czego z przyjemno\u015bci\u0105 do\u015bwiadczy\u0142em na w\u0142asnej sk\u00f3rze (11.45), a Teoria chaosu w bran\u017cy p\u00f3\u0142przewodnikowej Jacka Ma\u0142eckiego te\u017c b\u0119dzie prawdziwym prze\u017cyciem (10.15), natomiast pozosta\u0142e wyk\u0142ady to zawsze solidna dawka wiedzy.&nbsp;<\/p>\n\n\n\n<p>Sponsorem ca\u0142ego wydarzenia jest firma Wurth Elektronik<\/p>\n\n\n\n<p>Dla ka\u017cdego wst\u0119p jest bezp\u0142atny, ka\u017cdemu zapewniamy te\u017c serwis kawowo-przek\u0105skowy przez ca\u0142y dzie\u0144 oraz smaczny lunch od 12.30 do 14.00. &nbsp;Jedyne co musisz zrobi\u0107, to zarejestrowa\u0107 si\u0119 na stronie targ\u00f3w https:\/\/wroclaw.tekday.pl\/, najlepiej ju\u017c teraz. Je\u015bli lubisz nasz portal i chcia\u0142by\u015b spotka\u0107 si\u0119 z zespo\u0142em tek.info.pl, zapewniamy \u017ce nam te\u017c b\u0119dzie bardzo mi\u0142o spotka\u0107 Was wszystkich w realu J<\/p>\n","protected":false},"excerpt":{"rendered":"<p>30 marca 2023 na wroc\u0142awskim stadionie Tarczy\u0144ski Arena ob\u0119dzie si\u0119 druga edycja TEK.day&#8230;<\/p>\n","protected":false},"author":3,"featured_media":14183,"comment_status":"closed","ping_status":"closed","template":"","tags":[],"mec_category":[52,37],"class_list":["post-14182","mec-events","type-mec-events","status-publish","has-post-thumbnail","hentry","mec_category-fairs-events","mec_category-top-event-en"],"yoast_head":"<!-- This site is optimized with the Yoast SEO plugin v27.4 - https:\/\/yoast.com\/product\/yoast-seo-wordpress\/ -->\n<title>TEK.day Wroc\u0142aw II edycja &#8211; Tarczy\u0144ski Arena Wroc\u0142aw<\/title>\n<meta name=\"description\" content=\"30.03.2023 na Tarczy\u0144ski Arenie odb\u0119dzie si\u0119 II edycja TEK.day Wroc\u0142aw - spotkanie, dla os\u00f3b zwi\u0105zanych z przemys\u0142em elektronicznym!\" \/>\n<meta name=\"robots\" content=\"index, follow, max-snippet:-1, max-image-preview:large, max-video-preview:-1\" \/>\n<link rel=\"canonical\" href=\"https:\/\/tarczynskiarenawroclaw.pl\/events\/tek-day-wroclaw-ii-edycja\/\" \/>\n<meta property=\"og:locale\" content=\"en_US\" \/>\n<meta property=\"og:type\" content=\"article\" \/>\n<meta property=\"og:title\" content=\"TEK.day Wroc\u0142aw II edycja &#8211; Tarczy\u0144ski Arena Wroc\u0142aw\" \/>\n<meta property=\"og:description\" content=\"30.03.2023 na Tarczy\u0144ski Arenie odb\u0119dzie si\u0119 II edycja TEK.day Wroc\u0142aw - spotkanie, dla os\u00f3b zwi\u0105zanych z przemys\u0142em elektronicznym!\" \/>\n<meta property=\"og:url\" content=\"https:\/\/tarczynskiarenawroclaw.pl\/events\/tek-day-wroclaw-ii-edycja\/\" \/>\n<meta property=\"og:site_name\" content=\"Tarczy\u0144ski Arena Wroc\u0142aw\" \/>\n<meta property=\"article:modified_time\" content=\"2023-03-15T16:12:02+00:00\" \/>\n<meta property=\"og:image\" content=\"https:\/\/tarczynskiarenawroclaw.pl\/wp-content\/uploads\/2023\/03\/baner-tek-day-2023-wro-300x200-1.jpg\" \/>\n\t<meta property=\"og:image:width\" content=\"300\" \/>\n\t<meta property=\"og:image:height\" content=\"200\" \/>\n\t<meta property=\"og:image:type\" content=\"image\/jpeg\" \/>\n<meta name=\"twitter:card\" content=\"summary_large_image\" \/>\n<meta name=\"twitter:label1\" content=\"Est. reading time\" \/>\n\t<meta name=\"twitter:data1\" content=\"3 minutes\" \/>\n<script type=\"application\/ld+json\" class=\"yoast-schema-graph\">{\"@context\":\"https:\\\/\\\/schema.org\",\"@graph\":[{\"@type\":\"WebPage\",\"@id\":\"https:\\\/\\\/tarczynskiarenawroclaw.pl\\\/events\\\/tek-day-wroclaw-ii-edycja\\\/\",\"url\":\"https:\\\/\\\/tarczynskiarenawroclaw.pl\\\/events\\\/tek-day-wroclaw-ii-edycja\\\/\",\"name\":\"TEK.day Wroc\u0142aw II edycja &#8211; Tarczy\u0144ski Arena Wroc\u0142aw\",\"isPartOf\":{\"@id\":\"https:\\\/\\\/tarczynskiarenawroclaw.pl\\\/#website\"},\"primaryImageOfPage\":{\"@id\":\"https:\\\/\\\/tarczynskiarenawroclaw.pl\\\/events\\\/tek-day-wroclaw-ii-edycja\\\/#primaryimage\"},\"image\":{\"@id\":\"https:\\\/\\\/tarczynskiarenawroclaw.pl\\\/events\\\/tek-day-wroclaw-ii-edycja\\\/#primaryimage\"},\"thumbnailUrl\":\"https:\\\/\\\/tarczynskiarenawroclaw.pl\\\/wp-content\\\/uploads\\\/2023\\\/03\\\/baner-tek-day-2023-wro-300x200-1.jpg\",\"datePublished\":\"2023-03-15T15:53:57+00:00\",\"dateModified\":\"2023-03-15T16:12:02+00:00\",\"description\":\"30.03.2023 na Tarczy\u0144ski Arenie odb\u0119dzie si\u0119 II edycja TEK.day Wroc\u0142aw - spotkanie, dla os\u00f3b zwi\u0105zanych z przemys\u0142em elektronicznym!\",\"breadcrumb\":{\"@id\":\"https:\\\/\\\/tarczynskiarenawroclaw.pl\\\/events\\\/tek-day-wroclaw-ii-edycja\\\/#breadcrumb\"},\"inLanguage\":\"en-US\",\"potentialAction\":[{\"@type\":\"ReadAction\",\"target\":[\"https:\\\/\\\/tarczynskiarenawroclaw.pl\\\/events\\\/tek-day-wroclaw-ii-edycja\\\/\"]}]},{\"@type\":\"ImageObject\",\"inLanguage\":\"en-US\",\"@id\":\"https:\\\/\\\/tarczynskiarenawroclaw.pl\\\/events\\\/tek-day-wroclaw-ii-edycja\\\/#primaryimage\",\"url\":\"https:\\\/\\\/tarczynskiarenawroclaw.pl\\\/wp-content\\\/uploads\\\/2023\\\/03\\\/baner-tek-day-2023-wro-300x200-1.jpg\",\"contentUrl\":\"https:\\\/\\\/tarczynskiarenawroclaw.pl\\\/wp-content\\\/uploads\\\/2023\\\/03\\\/baner-tek-day-2023-wro-300x200-1.jpg\",\"width\":300,\"height\":200},{\"@type\":\"BreadcrumbList\",\"@id\":\"https:\\\/\\\/tarczynskiarenawroclaw.pl\\\/events\\\/tek-day-wroclaw-ii-edycja\\\/#breadcrumb\",\"itemListElement\":[{\"@type\":\"ListItem\",\"position\":1,\"name\":\"Strona g\u0142\u00f3wna\",\"item\":\"https:\\\/\\\/tarczynskiarenawroclaw.pl\\\/en\\\/\"},{\"@type\":\"ListItem\",\"position\":2,\"name\":\"Events\",\"item\":\"https:\\\/\\\/tarczynskiarenawroclaw.pl\\\/events\\\/\"},{\"@type\":\"ListItem\",\"position\":3,\"name\":\"Fairs \\\/ Events\",\"item\":\"https:\\\/\\\/tarczynskiarenawroclaw.pl\\\/en\\\/category-events\\\/fairs-events\\\/\"},{\"@type\":\"ListItem\",\"position\":4,\"name\":\"TEK.day Wroc\u0142aw II edycja\"}]},{\"@type\":\"WebSite\",\"@id\":\"https:\\\/\\\/tarczynskiarenawroclaw.pl\\\/#website\",\"url\":\"https:\\\/\\\/tarczynskiarenawroclaw.pl\\\/\",\"name\":\"Tarczy\u0144ski Arena Wroc\u0142aw\",\"description\":\"Stadion Miejski we Wroc\u0142awiu\",\"publisher\":{\"@id\":\"https:\\\/\\\/tarczynskiarenawroclaw.pl\\\/#organization\"},\"potentialAction\":[{\"@type\":\"SearchAction\",\"target\":{\"@type\":\"EntryPoint\",\"urlTemplate\":\"https:\\\/\\\/tarczynskiarenawroclaw.pl\\\/?s={search_term_string}\"},\"query-input\":{\"@type\":\"PropertyValueSpecification\",\"valueRequired\":true,\"valueName\":\"search_term_string\"}}],\"inLanguage\":\"en-US\"},{\"@type\":\"Organization\",\"@id\":\"https:\\\/\\\/tarczynskiarenawroclaw.pl\\\/#organization\",\"name\":\"Stadion Wroc\u0142aw\",\"url\":\"https:\\\/\\\/tarczynskiarenawroclaw.pl\\\/\",\"logo\":{\"@type\":\"ImageObject\",\"inLanguage\":\"en-US\",\"@id\":\"https:\\\/\\\/tarczynskiarenawroclaw.pl\\\/#\\\/schema\\\/logo\\\/image\\\/\",\"url\":\"https:\\\/\\\/stadionwroclaw.pl\\\/wp-content\\\/uploads\\\/2021\\\/08\\\/favicon-stadion-wroclaw.png\",\"contentUrl\":\"https:\\\/\\\/stadionwroclaw.pl\\\/wp-content\\\/uploads\\\/2021\\\/08\\\/favicon-stadion-wroclaw.png\",\"width\":512,\"height\":512,\"caption\":\"Stadion Wroc\u0142aw\"},\"image\":{\"@id\":\"https:\\\/\\\/tarczynskiarenawroclaw.pl\\\/#\\\/schema\\\/logo\\\/image\\\/\"}}]}<\/script>\n<!-- \/ Yoast SEO plugin. -->","yoast_head_json":{"title":"TEK.day Wroc\u0142aw II edycja &#8211; Tarczy\u0144ski Arena Wroc\u0142aw","description":"30.03.2023 na Tarczy\u0144ski Arenie odb\u0119dzie si\u0119 II edycja TEK.day Wroc\u0142aw - spotkanie, dla os\u00f3b zwi\u0105zanych z przemys\u0142em elektronicznym!","robots":{"index":"index","follow":"follow","max-snippet":"max-snippet:-1","max-image-preview":"max-image-preview:large","max-video-preview":"max-video-preview:-1"},"canonical":"https:\/\/tarczynskiarenawroclaw.pl\/events\/tek-day-wroclaw-ii-edycja\/","og_locale":"en_US","og_type":"article","og_title":"TEK.day Wroc\u0142aw II edycja &#8211; Tarczy\u0144ski Arena Wroc\u0142aw","og_description":"30.03.2023 na Tarczy\u0144ski Arenie odb\u0119dzie si\u0119 II edycja TEK.day Wroc\u0142aw - spotkanie, dla os\u00f3b zwi\u0105zanych z przemys\u0142em elektronicznym!","og_url":"https:\/\/tarczynskiarenawroclaw.pl\/events\/tek-day-wroclaw-ii-edycja\/","og_site_name":"Tarczy\u0144ski Arena Wroc\u0142aw","article_modified_time":"2023-03-15T16:12:02+00:00","og_image":[{"width":300,"height":200,"url":"https:\/\/tarczynskiarenawroclaw.pl\/wp-content\/uploads\/2023\/03\/baner-tek-day-2023-wro-300x200-1.jpg","type":"image\/jpeg"}],"twitter_card":"summary_large_image","twitter_misc":{"Est. reading time":"3 minutes"},"schema":{"@context":"https:\/\/schema.org","@graph":[{"@type":"WebPage","@id":"https:\/\/tarczynskiarenawroclaw.pl\/events\/tek-day-wroclaw-ii-edycja\/","url":"https:\/\/tarczynskiarenawroclaw.pl\/events\/tek-day-wroclaw-ii-edycja\/","name":"TEK.day Wroc\u0142aw II edycja &#8211; Tarczy\u0144ski Arena Wroc\u0142aw","isPartOf":{"@id":"https:\/\/tarczynskiarenawroclaw.pl\/#website"},"primaryImageOfPage":{"@id":"https:\/\/tarczynskiarenawroclaw.pl\/events\/tek-day-wroclaw-ii-edycja\/#primaryimage"},"image":{"@id":"https:\/\/tarczynskiarenawroclaw.pl\/events\/tek-day-wroclaw-ii-edycja\/#primaryimage"},"thumbnailUrl":"https:\/\/tarczynskiarenawroclaw.pl\/wp-content\/uploads\/2023\/03\/baner-tek-day-2023-wro-300x200-1.jpg","datePublished":"2023-03-15T15:53:57+00:00","dateModified":"2023-03-15T16:12:02+00:00","description":"30.03.2023 na Tarczy\u0144ski Arenie odb\u0119dzie si\u0119 II edycja TEK.day Wroc\u0142aw - spotkanie, dla os\u00f3b zwi\u0105zanych z przemys\u0142em elektronicznym!","breadcrumb":{"@id":"https:\/\/tarczynskiarenawroclaw.pl\/events\/tek-day-wroclaw-ii-edycja\/#breadcrumb"},"inLanguage":"en-US","potentialAction":[{"@type":"ReadAction","target":["https:\/\/tarczynskiarenawroclaw.pl\/events\/tek-day-wroclaw-ii-edycja\/"]}]},{"@type":"ImageObject","inLanguage":"en-US","@id":"https:\/\/tarczynskiarenawroclaw.pl\/events\/tek-day-wroclaw-ii-edycja\/#primaryimage","url":"https:\/\/tarczynskiarenawroclaw.pl\/wp-content\/uploads\/2023\/03\/baner-tek-day-2023-wro-300x200-1.jpg","contentUrl":"https:\/\/tarczynskiarenawroclaw.pl\/wp-content\/uploads\/2023\/03\/baner-tek-day-2023-wro-300x200-1.jpg","width":300,"height":200},{"@type":"BreadcrumbList","@id":"https:\/\/tarczynskiarenawroclaw.pl\/events\/tek-day-wroclaw-ii-edycja\/#breadcrumb","itemListElement":[{"@type":"ListItem","position":1,"name":"Strona g\u0142\u00f3wna","item":"https:\/\/tarczynskiarenawroclaw.pl\/en\/"},{"@type":"ListItem","position":2,"name":"Events","item":"https:\/\/tarczynskiarenawroclaw.pl\/events\/"},{"@type":"ListItem","position":3,"name":"Fairs \/ Events","item":"https:\/\/tarczynskiarenawroclaw.pl\/en\/category-events\/fairs-events\/"},{"@type":"ListItem","position":4,"name":"TEK.day Wroc\u0142aw II edycja"}]},{"@type":"WebSite","@id":"https:\/\/tarczynskiarenawroclaw.pl\/#website","url":"https:\/\/tarczynskiarenawroclaw.pl\/","name":"Tarczy\u0144ski Arena Wroc\u0142aw","description":"Stadion Miejski we Wroc\u0142awiu","publisher":{"@id":"https:\/\/tarczynskiarenawroclaw.pl\/#organization"},"potentialAction":[{"@type":"SearchAction","target":{"@type":"EntryPoint","urlTemplate":"https:\/\/tarczynskiarenawroclaw.pl\/?s={search_term_string}"},"query-input":{"@type":"PropertyValueSpecification","valueRequired":true,"valueName":"search_term_string"}}],"inLanguage":"en-US"},{"@type":"Organization","@id":"https:\/\/tarczynskiarenawroclaw.pl\/#organization","name":"Stadion Wroc\u0142aw","url":"https:\/\/tarczynskiarenawroclaw.pl\/","logo":{"@type":"ImageObject","inLanguage":"en-US","@id":"https:\/\/tarczynskiarenawroclaw.pl\/#\/schema\/logo\/image\/","url":"https:\/\/stadionwroclaw.pl\/wp-content\/uploads\/2021\/08\/favicon-stadion-wroclaw.png","contentUrl":"https:\/\/stadionwroclaw.pl\/wp-content\/uploads\/2021\/08\/favicon-stadion-wroclaw.png","width":512,"height":512,"caption":"Stadion Wroc\u0142aw"},"image":{"@id":"https:\/\/tarczynskiarenawroclaw.pl\/#\/schema\/logo\/image\/"}}]}},"featured_img":"https:\/\/tarczynskiarenawroclaw.pl\/wp-content\/uploads\/2023\/03\/baner-tek-day-2023-wro-300x200-1.jpg","coauthors":[],"author_meta":{"author_link":"https:\/\/tarczynskiarenawroclaw.pl\/en\/author\/nina-admin\/","display_name":"Nina Kolodziej"},"relative_dates":{"created":"Posted 3 years ago","modified":"Updated 3 years ago"},"absolute_dates":{"created":"Posted on 15.03.2023","modified":"Updated on 15.03.2023"},"absolute_dates_time":{"created":"Posted on 15.03.2023 16:53","modified":"Updated on 15.03.2023 17:12"},"featured_img_caption":"","tax_additional":{"post_tag":{"linked":[],"unlinked":[],"slug":"post_tag","name":"Tags"},"mec_category":{"linked":["<a href=\"https:\/\/tarczynskiarenawroclaw.pl\/en\/category-events\/fairs-events\/\" class=\"advgb-post-tax-term\">Fairs \/ Events<\/a>","<a href=\"https:\/\/tarczynskiarenawroclaw.pl\/en\/category-events\/top-event-en\/\" class=\"advgb-post-tax-term\">Top Event<\/a>"],"unlinked":["<span class=\"advgb-post-tax-term\">Fairs \/ Events<\/span>","<span class=\"advgb-post-tax-term\">Top Event<\/span>"],"slug":"mec_category","name":"Categories"},"mec_label":{"linked":[],"unlinked":[],"slug":"mec_label","name":"Labels"},"mec_location":{"linked":["<a href=\"https:\/\/tarczynskiarenawroclaw.pl\/events-location\/tarczynski-arena-wroclaw\/\" class=\"advgb-post-tax-term\">Tarczy\u0144ski Arena Wroc\u0142aw<\/a>"],"unlinked":["<span class=\"advgb-post-tax-term\">Tarczy\u0144ski Arena Wroc\u0142aw<\/span>"],"slug":"mec_location","name":"Locations"},"mec_organizer":{"linked":[],"unlinked":[],"slug":"mec_organizer","name":"Organizers"}},"series_order":"","_links":{"self":[{"href":"https:\/\/tarczynskiarenawroclaw.pl\/en\/wp-json\/wp\/v2\/mec-events\/14182","targetHints":{"allow":["GET"]}}],"collection":[{"href":"https:\/\/tarczynskiarenawroclaw.pl\/en\/wp-json\/wp\/v2\/mec-events"}],"about":[{"href":"https:\/\/tarczynskiarenawroclaw.pl\/en\/wp-json\/wp\/v2\/types\/mec-events"}],"author":[{"embeddable":true,"href":"https:\/\/tarczynskiarenawroclaw.pl\/en\/wp-json\/wp\/v2\/users\/3"}],"replies":[{"embeddable":true,"href":"https:\/\/tarczynskiarenawroclaw.pl\/en\/wp-json\/wp\/v2\/comments?post=14182"}],"wp:featuredmedia":[{"embeddable":true,"href":"https:\/\/tarczynskiarenawroclaw.pl\/en\/wp-json\/wp\/v2\/media\/14183"}],"wp:attachment":[{"href":"https:\/\/tarczynskiarenawroclaw.pl\/en\/wp-json\/wp\/v2\/media?parent=14182"}],"wp:term":[{"taxonomy":"post_tag","embeddable":true,"href":"https:\/\/tarczynskiarenawroclaw.pl\/en\/wp-json\/wp\/v2\/tags?post=14182"},{"taxonomy":"mec_category","embeddable":true,"href":"https:\/\/tarczynskiarenawroclaw.pl\/en\/wp-json\/wp\/v2\/mec_category?post=14182"}],"curies":[{"name":"wp","href":"https:\/\/api.w.org\/{rel}","templated":true}]}}