{"id":14536,"date":"2023-05-15T13:03:09","date_gmt":"2023-05-15T11:03:09","guid":{"rendered":"https:\/\/tarczynskiarenawroclaw.pl\/?post_type=mec-events&#038;p=14536"},"modified":"2023-05-15T13:03:13","modified_gmt":"2023-05-15T11:03:13","slug":"influencers-live-wroclaw-2023","status":"publish","type":"mec-events","link":"https:\/\/tarczynskiarenawroclaw.pl\/en\/events\/influencers-live-wroclaw-2023\/","title":{"rendered":"Influencers LIVE Wroc\u0142aw 2023"},"content":{"rendered":"\n<p>W dniach 27-28 maja w przestrzeniach Tarczy\u0144ski Areny Wroc\u0142aw odb\u0119dzie si\u0119 Influencers LIVE Wroc\u0142aw 2023 \u2013 INTEGRACJA POKOLE\u0143. Wydarzenie stanowi okazj\u0119 do integracji w \u015brodowisku Tw\u00f3rc\u00f3w Internetowych, wymiany do\u015bwiadcze\u0144 i przyswojenia ogromnej dawki wiedzy na temat najnowszych trend\u00f3w w bran\u017cy. W programie przewidziano mi\u0119dzy innymi prezentacje, warsztaty i panele dyskusyjne prowadzone przez ekspert\u00f3w i topowych influencer\u00f3w, kt\u00f3rzy podziel\u0105 si\u0119 swoj\u0105 wiedz\u0105 na temat tworzenia i promocji contentu w sieci oraz monetyzowania swoich dzia\u0142a\u0144. Impreza zgromadzi oko\u0142o 1500 uczestnik\u00f3w i 70 prelegent\u00f3w. W czasie jej trwania przewidziano 12 prelekcji marketingowych, 12 praktycznych warsztat\u00f3w, 12 merytorycznych warsztat\u00f3w z markami oraz 12 prelekcji tematycznych i paneli dyskusyjnych. Szczeg\u00f3\u0142y wydarzenia znajduj\u0105 si\u0119 na stronie internetowej: www.influencerslive.pl oraz w wydarzeniu na Facebooku: tinyurl.com\/InfluencersLIVE.<\/p>\n","protected":false},"excerpt":{"rendered":"<p>W dniach 27-28 maja w przestrzeniach Tarczy\u0144ski Areny Wroc\u0142aw odb\u0119dzie si\u0119 Influencers LIVE&#8230;<\/p>\n","protected":false},"author":3,"featured_media":14537,"comment_status":"closed","ping_status":"closed","template":"","tags":[],"mec_category":[52,37],"class_list":["post-14536","mec-events","type-mec-events","status-publish","has-post-thumbnail","hentry","mec_category-fairs-events","mec_category-top-event-en"],"yoast_head":"<!-- This site is optimized with the Yoast SEO plugin v27.4 - https:\/\/yoast.com\/product\/yoast-seo-wordpress\/ -->\n<title>Influencers LIVE Wroc\u0142aw 2023 &#8211; Tarczy\u0144ski Arena Wroc\u0142aw<\/title>\n<meta name=\"description\" content=\"W dniach 27-28 maja w przestrzeniach Tarczy\u0144ski Areny Wroc\u0142aw odb\u0119dzie si\u0119 Influencers LIVE Wroc\u0142aw 2023 \u2013 INTEGRACJA POKOLE\u0143. Wydarzenie stanowi okazj\u0119\" \/>\n<meta name=\"robots\" content=\"index, follow, max-snippet:-1, max-image-preview:large, max-video-preview:-1\" \/>\n<link rel=\"canonical\" href=\"https:\/\/tarczynskiarenawroclaw.pl\/events\/influencers-live-wroclaw-2023\/\" \/>\n<meta property=\"og:locale\" content=\"en_US\" \/>\n<meta property=\"og:type\" content=\"article\" \/>\n<meta property=\"og:title\" content=\"Influencers LIVE Wroc\u0142aw 2023 &#8211; Tarczy\u0144ski Arena Wroc\u0142aw\" \/>\n<meta property=\"og:description\" content=\"W dniach 27-28 maja w przestrzeniach Tarczy\u0144ski Areny Wroc\u0142aw odb\u0119dzie si\u0119 Influencers LIVE Wroc\u0142aw 2023 \u2013 INTEGRACJA POKOLE\u0143. Wydarzenie stanowi okazj\u0119\" \/>\n<meta property=\"og:url\" content=\"https:\/\/tarczynskiarenawroclaw.pl\/events\/influencers-live-wroclaw-2023\/\" \/>\n<meta property=\"og:site_name\" content=\"Tarczy\u0144ski Arena Wroc\u0142aw\" \/>\n<meta property=\"article:modified_time\" content=\"2023-05-15T11:03:13+00:00\" \/>\n<meta property=\"og:image\" content=\"https:\/\/tarczynskiarenawroclaw.pl\/wp-content\/uploads\/2023\/05\/Influencers-LIVE.png\" \/>\n\t<meta property=\"og:image:width\" content=\"1229\" \/>\n\t<meta property=\"og:image:height\" content=\"1536\" \/>\n\t<meta property=\"og:image:type\" content=\"image\/png\" \/>\n<meta name=\"twitter:card\" content=\"summary_large_image\" \/>\n<meta name=\"twitter:label1\" content=\"Est. reading time\" \/>\n\t<meta name=\"twitter:data1\" content=\"1 minute\" \/>\n<script type=\"application\/ld+json\" class=\"yoast-schema-graph\">{\"@context\":\"https:\\\/\\\/schema.org\",\"@graph\":[{\"@type\":\"WebPage\",\"@id\":\"https:\\\/\\\/tarczynskiarenawroclaw.pl\\\/events\\\/influencers-live-wroclaw-2023\\\/\",\"url\":\"https:\\\/\\\/tarczynskiarenawroclaw.pl\\\/events\\\/influencers-live-wroclaw-2023\\\/\",\"name\":\"Influencers LIVE Wroc\u0142aw 2023 &#8211; Tarczy\u0144ski Arena Wroc\u0142aw\",\"isPartOf\":{\"@id\":\"https:\\\/\\\/tarczynskiarenawroclaw.pl\\\/#website\"},\"primaryImageOfPage\":{\"@id\":\"https:\\\/\\\/tarczynskiarenawroclaw.pl\\\/events\\\/influencers-live-wroclaw-2023\\\/#primaryimage\"},\"image\":{\"@id\":\"https:\\\/\\\/tarczynskiarenawroclaw.pl\\\/events\\\/influencers-live-wroclaw-2023\\\/#primaryimage\"},\"thumbnailUrl\":\"https:\\\/\\\/tarczynskiarenawroclaw.pl\\\/wp-content\\\/uploads\\\/2023\\\/05\\\/Influencers-LIVE.png\",\"datePublished\":\"2023-05-15T11:03:09+00:00\",\"dateModified\":\"2023-05-15T11:03:13+00:00\",\"description\":\"W dniach 27-28 maja w przestrzeniach Tarczy\u0144ski Areny Wroc\u0142aw odb\u0119dzie si\u0119 Influencers LIVE Wroc\u0142aw 2023 \u2013 INTEGRACJA POKOLE\u0143. Wydarzenie stanowi okazj\u0119\",\"breadcrumb\":{\"@id\":\"https:\\\/\\\/tarczynskiarenawroclaw.pl\\\/events\\\/influencers-live-wroclaw-2023\\\/#breadcrumb\"},\"inLanguage\":\"en-US\",\"potentialAction\":[{\"@type\":\"ReadAction\",\"target\":[\"https:\\\/\\\/tarczynskiarenawroclaw.pl\\\/events\\\/influencers-live-wroclaw-2023\\\/\"]}]},{\"@type\":\"ImageObject\",\"inLanguage\":\"en-US\",\"@id\":\"https:\\\/\\\/tarczynskiarenawroclaw.pl\\\/events\\\/influencers-live-wroclaw-2023\\\/#primaryimage\",\"url\":\"https:\\\/\\\/tarczynskiarenawroclaw.pl\\\/wp-content\\\/uploads\\\/2023\\\/05\\\/Influencers-LIVE.png\",\"contentUrl\":\"https:\\\/\\\/tarczynskiarenawroclaw.pl\\\/wp-content\\\/uploads\\\/2023\\\/05\\\/Influencers-LIVE.png\",\"width\":1229,\"height\":1536},{\"@type\":\"BreadcrumbList\",\"@id\":\"https:\\\/\\\/tarczynskiarenawroclaw.pl\\\/events\\\/influencers-live-wroclaw-2023\\\/#breadcrumb\",\"itemListElement\":[{\"@type\":\"ListItem\",\"position\":1,\"name\":\"Strona g\u0142\u00f3wna\",\"item\":\"https:\\\/\\\/tarczynskiarenawroclaw.pl\\\/en\\\/\"},{\"@type\":\"ListItem\",\"position\":2,\"name\":\"Events\",\"item\":\"https:\\\/\\\/tarczynskiarenawroclaw.pl\\\/events\\\/\"},{\"@type\":\"ListItem\",\"position\":3,\"name\":\"Fairs \\\/ Events\",\"item\":\"https:\\\/\\\/tarczynskiarenawroclaw.pl\\\/en\\\/category-events\\\/fairs-events\\\/\"},{\"@type\":\"ListItem\",\"position\":4,\"name\":\"Influencers LIVE Wroc\u0142aw 2023\"}]},{\"@type\":\"WebSite\",\"@id\":\"https:\\\/\\\/tarczynskiarenawroclaw.pl\\\/#website\",\"url\":\"https:\\\/\\\/tarczynskiarenawroclaw.pl\\\/\",\"name\":\"Tarczy\u0144ski Arena Wroc\u0142aw\",\"description\":\"Stadion Miejski we Wroc\u0142awiu\",\"publisher\":{\"@id\":\"https:\\\/\\\/tarczynskiarenawroclaw.pl\\\/#organization\"},\"potentialAction\":[{\"@type\":\"SearchAction\",\"target\":{\"@type\":\"EntryPoint\",\"urlTemplate\":\"https:\\\/\\\/tarczynskiarenawroclaw.pl\\\/?s={search_term_string}\"},\"query-input\":{\"@type\":\"PropertyValueSpecification\",\"valueRequired\":true,\"valueName\":\"search_term_string\"}}],\"inLanguage\":\"en-US\"},{\"@type\":\"Organization\",\"@id\":\"https:\\\/\\\/tarczynskiarenawroclaw.pl\\\/#organization\",\"name\":\"Stadion Wroc\u0142aw\",\"url\":\"https:\\\/\\\/tarczynskiarenawroclaw.pl\\\/\",\"logo\":{\"@type\":\"ImageObject\",\"inLanguage\":\"en-US\",\"@id\":\"https:\\\/\\\/tarczynskiarenawroclaw.pl\\\/#\\\/schema\\\/logo\\\/image\\\/\",\"url\":\"https:\\\/\\\/stadionwroclaw.pl\\\/wp-content\\\/uploads\\\/2021\\\/08\\\/favicon-stadion-wroclaw.png\",\"contentUrl\":\"https:\\\/\\\/stadionwroclaw.pl\\\/wp-content\\\/uploads\\\/2021\\\/08\\\/favicon-stadion-wroclaw.png\",\"width\":512,\"height\":512,\"caption\":\"Stadion Wroc\u0142aw\"},\"image\":{\"@id\":\"https:\\\/\\\/tarczynskiarenawroclaw.pl\\\/#\\\/schema\\\/logo\\\/image\\\/\"}}]}<\/script>\n<!-- \/ Yoast SEO plugin. -->","yoast_head_json":{"title":"Influencers LIVE Wroc\u0142aw 2023 &#8211; Tarczy\u0144ski Arena Wroc\u0142aw","description":"W dniach 27-28 maja w przestrzeniach Tarczy\u0144ski Areny Wroc\u0142aw odb\u0119dzie si\u0119 Influencers LIVE Wroc\u0142aw 2023 \u2013 INTEGRACJA POKOLE\u0143. Wydarzenie stanowi okazj\u0119","robots":{"index":"index","follow":"follow","max-snippet":"max-snippet:-1","max-image-preview":"max-image-preview:large","max-video-preview":"max-video-preview:-1"},"canonical":"https:\/\/tarczynskiarenawroclaw.pl\/events\/influencers-live-wroclaw-2023\/","og_locale":"en_US","og_type":"article","og_title":"Influencers LIVE Wroc\u0142aw 2023 &#8211; Tarczy\u0144ski Arena Wroc\u0142aw","og_description":"W dniach 27-28 maja w przestrzeniach Tarczy\u0144ski Areny Wroc\u0142aw odb\u0119dzie si\u0119 Influencers LIVE Wroc\u0142aw 2023 \u2013 INTEGRACJA POKOLE\u0143. Wydarzenie stanowi okazj\u0119","og_url":"https:\/\/tarczynskiarenawroclaw.pl\/events\/influencers-live-wroclaw-2023\/","og_site_name":"Tarczy\u0144ski Arena Wroc\u0142aw","article_modified_time":"2023-05-15T11:03:13+00:00","og_image":[{"width":1229,"height":1536,"url":"https:\/\/tarczynskiarenawroclaw.pl\/wp-content\/uploads\/2023\/05\/Influencers-LIVE.png","type":"image\/png"}],"twitter_card":"summary_large_image","twitter_misc":{"Est. reading time":"1 minute"},"schema":{"@context":"https:\/\/schema.org","@graph":[{"@type":"WebPage","@id":"https:\/\/tarczynskiarenawroclaw.pl\/events\/influencers-live-wroclaw-2023\/","url":"https:\/\/tarczynskiarenawroclaw.pl\/events\/influencers-live-wroclaw-2023\/","name":"Influencers LIVE Wroc\u0142aw 2023 &#8211; Tarczy\u0144ski Arena Wroc\u0142aw","isPartOf":{"@id":"https:\/\/tarczynskiarenawroclaw.pl\/#website"},"primaryImageOfPage":{"@id":"https:\/\/tarczynskiarenawroclaw.pl\/events\/influencers-live-wroclaw-2023\/#primaryimage"},"image":{"@id":"https:\/\/tarczynskiarenawroclaw.pl\/events\/influencers-live-wroclaw-2023\/#primaryimage"},"thumbnailUrl":"https:\/\/tarczynskiarenawroclaw.pl\/wp-content\/uploads\/2023\/05\/Influencers-LIVE.png","datePublished":"2023-05-15T11:03:09+00:00","dateModified":"2023-05-15T11:03:13+00:00","description":"W dniach 27-28 maja w przestrzeniach Tarczy\u0144ski Areny Wroc\u0142aw odb\u0119dzie si\u0119 Influencers LIVE Wroc\u0142aw 2023 \u2013 INTEGRACJA POKOLE\u0143. Wydarzenie stanowi okazj\u0119","breadcrumb":{"@id":"https:\/\/tarczynskiarenawroclaw.pl\/events\/influencers-live-wroclaw-2023\/#breadcrumb"},"inLanguage":"en-US","potentialAction":[{"@type":"ReadAction","target":["https:\/\/tarczynskiarenawroclaw.pl\/events\/influencers-live-wroclaw-2023\/"]}]},{"@type":"ImageObject","inLanguage":"en-US","@id":"https:\/\/tarczynskiarenawroclaw.pl\/events\/influencers-live-wroclaw-2023\/#primaryimage","url":"https:\/\/tarczynskiarenawroclaw.pl\/wp-content\/uploads\/2023\/05\/Influencers-LIVE.png","contentUrl":"https:\/\/tarczynskiarenawroclaw.pl\/wp-content\/uploads\/2023\/05\/Influencers-LIVE.png","width":1229,"height":1536},{"@type":"BreadcrumbList","@id":"https:\/\/tarczynskiarenawroclaw.pl\/events\/influencers-live-wroclaw-2023\/#breadcrumb","itemListElement":[{"@type":"ListItem","position":1,"name":"Strona g\u0142\u00f3wna","item":"https:\/\/tarczynskiarenawroclaw.pl\/en\/"},{"@type":"ListItem","position":2,"name":"Events","item":"https:\/\/tarczynskiarenawroclaw.pl\/events\/"},{"@type":"ListItem","position":3,"name":"Fairs \/ Events","item":"https:\/\/tarczynskiarenawroclaw.pl\/en\/category-events\/fairs-events\/"},{"@type":"ListItem","position":4,"name":"Influencers LIVE Wroc\u0142aw 2023"}]},{"@type":"WebSite","@id":"https:\/\/tarczynskiarenawroclaw.pl\/#website","url":"https:\/\/tarczynskiarenawroclaw.pl\/","name":"Tarczy\u0144ski Arena Wroc\u0142aw","description":"Stadion Miejski we Wroc\u0142awiu","publisher":{"@id":"https:\/\/tarczynskiarenawroclaw.pl\/#organization"},"potentialAction":[{"@type":"SearchAction","target":{"@type":"EntryPoint","urlTemplate":"https:\/\/tarczynskiarenawroclaw.pl\/?s={search_term_string}"},"query-input":{"@type":"PropertyValueSpecification","valueRequired":true,"valueName":"search_term_string"}}],"inLanguage":"en-US"},{"@type":"Organization","@id":"https:\/\/tarczynskiarenawroclaw.pl\/#organization","name":"Stadion Wroc\u0142aw","url":"https:\/\/tarczynskiarenawroclaw.pl\/","logo":{"@type":"ImageObject","inLanguage":"en-US","@id":"https:\/\/tarczynskiarenawroclaw.pl\/#\/schema\/logo\/image\/","url":"https:\/\/stadionwroclaw.pl\/wp-content\/uploads\/2021\/08\/favicon-stadion-wroclaw.png","contentUrl":"https:\/\/stadionwroclaw.pl\/wp-content\/uploads\/2021\/08\/favicon-stadion-wroclaw.png","width":512,"height":512,"caption":"Stadion Wroc\u0142aw"},"image":{"@id":"https:\/\/tarczynskiarenawroclaw.pl\/#\/schema\/logo\/image\/"}}]}},"featured_img":"https:\/\/tarczynskiarenawroclaw.pl\/wp-content\/uploads\/2023\/05\/Influencers-LIVE-330x330.png","coauthors":[],"author_meta":{"author_link":"https:\/\/tarczynskiarenawroclaw.pl\/en\/author\/nina-admin\/","display_name":"Nina Kolodziej"},"relative_dates":{"created":"Posted 3 years ago","modified":"Updated 3 years ago"},"absolute_dates":{"created":"Posted on 15.05.2023","modified":"Updated on 15.05.2023"},"absolute_dates_time":{"created":"Posted on 15.05.2023 13:03","modified":"Updated on 15.05.2023 13:03"},"featured_img_caption":"","tax_additional":{"post_tag":{"linked":[],"unlinked":[],"slug":"post_tag","name":"Tags"},"mec_category":{"linked":["<a href=\"https:\/\/tarczynskiarenawroclaw.pl\/en\/category-events\/fairs-events\/\" class=\"advgb-post-tax-term\">Fairs \/ Events<\/a>","<a href=\"https:\/\/tarczynskiarenawroclaw.pl\/en\/category-events\/top-event-en\/\" class=\"advgb-post-tax-term\">Top Event<\/a>"],"unlinked":["<span class=\"advgb-post-tax-term\">Fairs \/ Events<\/span>","<span class=\"advgb-post-tax-term\">Top Event<\/span>"],"slug":"mec_category","name":"Categories"},"mec_label":{"linked":[],"unlinked":[],"slug":"mec_label","name":"Labels"},"mec_location":{"linked":[],"unlinked":[],"slug":"mec_location","name":"Locations"},"mec_organizer":{"linked":[],"unlinked":[],"slug":"mec_organizer","name":"Organizers"}},"series_order":"","_links":{"self":[{"href":"https:\/\/tarczynskiarenawroclaw.pl\/en\/wp-json\/wp\/v2\/mec-events\/14536","targetHints":{"allow":["GET"]}}],"collection":[{"href":"https:\/\/tarczynskiarenawroclaw.pl\/en\/wp-json\/wp\/v2\/mec-events"}],"about":[{"href":"https:\/\/tarczynskiarenawroclaw.pl\/en\/wp-json\/wp\/v2\/types\/mec-events"}],"author":[{"embeddable":true,"href":"https:\/\/tarczynskiarenawroclaw.pl\/en\/wp-json\/wp\/v2\/users\/3"}],"replies":[{"embeddable":true,"href":"https:\/\/tarczynskiarenawroclaw.pl\/en\/wp-json\/wp\/v2\/comments?post=14536"}],"wp:featuredmedia":[{"embeddable":true,"href":"https:\/\/tarczynskiarenawroclaw.pl\/en\/wp-json\/wp\/v2\/media\/14537"}],"wp:attachment":[{"href":"https:\/\/tarczynskiarenawroclaw.pl\/en\/wp-json\/wp\/v2\/media?parent=14536"}],"wp:term":[{"taxonomy":"post_tag","embeddable":true,"href":"https:\/\/tarczynskiarenawroclaw.pl\/en\/wp-json\/wp\/v2\/tags?post=14536"},{"taxonomy":"mec_category","embeddable":true,"href":"https:\/\/tarczynskiarenawroclaw.pl\/en\/wp-json\/wp\/v2\/mec_category?post=14536"}],"curies":[{"name":"wp","href":"https:\/\/api.w.org\/{rel}","templated":true}]}}