{"id":14655,"date":"2023-07-06T15:45:29","date_gmt":"2023-07-06T13:45:29","guid":{"rendered":"https:\/\/tarczynskiarenawroclaw.pl\/?post_type=mec-events&#038;p=14655"},"modified":"2023-08-25T12:11:00","modified_gmt":"2023-08-25T10:11:00","slug":"oleksandr-usyk-vs-daniel-dubois","status":"publish","type":"mec-events","link":"https:\/\/tarczynskiarenawroclaw.pl\/en\/events\/oleksandr-usyk-vs-daniel-dubois\/","title":{"rendered":"Oleksandr Usyk vs Daniel Dubois"},"content":{"rendered":"\n<h2 class=\"wp-block-heading has-medium-font-size\">Wielki boks zn\u00f3w we Wroc\u0142awiu: po raz pierwszy od 12 lat losy mistrzowskiego pasa w najwa\u017cniejszej kategorii wagowej rozstrzygn\u0105 si\u0119 w Polsce! Co wa\u017cne, poprzedni pojedynek r\u00f3wnie\u017c odbywa\u0142 si\u0119 na wroc\u0142awskim stadionie. To tutaj Witalij Kliczko obroni\u0142 mistrzostwo wagi ci\u0119\u017ckiej pokonuj\u0105c Tomasza Adamka we wrze\u015bniu 2011 roku przez techniczny nokaut w dziesi\u0105tej rundzie. Tamten pojedynek ogl\u0105da\u0142o ponad 40&nbsp;000 widz\u00f3w na trybunach, a stawk\u0105 by\u0142 pas federacji WBC. W sierpniu pi\u0119\u015bciarze b\u0119d\u0105 walczy\u0107 a\u017c o trzy pasy: WBO, WBA i IBF.<\/h2>\n\n\n\n<p><strong>Link do sprzeda\u017cy bilet\u00f3w\/ Tickets:<\/strong> <a href=\"https:\/\/www.ebilet.pl\/sport\/sporty-walki\/usyk-vs-dubois\">https:\/\/www.ebilet.pl\/sport\/sporty-walki\/usyk-vs-dubois<\/a><\/p>\n\n\n\n<p class=\"has-normal-font-size advgb-dyn-c2d3e5e9\"><strong>Special Public Transport [ENG]:<\/strong> <a href=\"https:\/\/tarczynskiarenawroclaw.pl\/en\/usyk-vs-dubois-boxing-gala-at-tarczynski-arena-wroclaw-special-transport-arrangements\/\">Click here<\/a><\/p>\n\n\n\n<p><strong>Specjalny transport publiczny:<\/strong> <strong>[PL\/UA]: <\/strong><a href=\"https:\/\/tarczynskiarenawroclaw.pl\/gala-bokserska-usyk-vs-dubois-na-tarczynski-arenie-wroclaw-dojazd-i-komunikacja-specjalna\/\">Tutaj<\/a><\/p>\n\n\n\n<p>Ca\u0142o\u015b\u0107 wydarzenia jest organizowana przez K2 Promotions braci Kliczk\u00f3w we wsp\u00f3\u0142pracy z Knockout Promotions i Skill Challenge Promotions. W walce wieczoru zmierz\u0105 si\u0119 wspomniani Oleksandr Usyk (20-0, 13 KO) z Ukrainy i Daniel Dubois (19-1, 18 KO) z Wielkiej Brytanii o pasy trzech federacji jednocze\u015bnie.<\/p>\n\n\n\n<p>&nbsp;Oleksandr Usyk: &#8211; <em>Bardzo si\u0119 ciesz\u0119, \u017ce mamy mo\u017cliwo\u015b\u0107 zorganizowania mojej walki w Polsce, gdzie siedem lat temu zdoby\u0142em sw\u00f3j pierwszy tytu\u0142 mistrza \u015bwiata <\/em>[w wadze junior ci\u0119\u017ckiej pokonuj\u0105c G\u0142owackiego \u2013 przyp. red.]<em>. Chc\u0119 podzi\u0119kowa\u0107 Polakom, kt\u00f3rzy tak szczerze pomagaj\u0105 Ukrainie. Setki tysi\u0119cy moich rodak\u00f3w zosta\u0142y ugoszczone w tym wspania\u0142ym kraju. Dlatego mam nadziej\u0119, \u017ce moja walka stanie si\u0119 kolejn\u0105 szans\u0105 dla Ukrai\u0144c\u00f3w i Polak\u00f3w na zjednoczenie i umocnienie naszej przyja\u017ani.<\/em><\/p>\n\n\n\n<p>Zdecydowanym faworytem jest obecny mistrz, kt\u00f3ry odebra\u0142 ten tytu\u0142 rodakowi Duboisa, Anthonemu Joshui w Londynie w 2021 roku po jednog\u0142o\u015bnym werdykcie s\u0119dzi\u00f3w. Nowy przeciwnik Ukrai\u0144ca jest od niego m\u0142odszy a\u017c o 11 lat. Zapowiada, \u017ce sprawi kibicom niespodziank\u0119.<\/p>\n\n\n\n<p>&nbsp;Daniel Dubois: &#8211; <em>Nie mog\u0119 si\u0119 doczeka\u0107 walki z Oleksandrem Usykiem i jestem pewien, \u017ce wr\u00f3c\u0119 do Wielkiej Brytanii z pasami. Usyk jest \u015bwietnym pi\u0119\u015bciarzem i szanuj\u0119 go, ale teraz nadszed\u0142 m\u00f3j czas. Zaszokuj\u0119 \u015bwiat i poka\u017c\u0119 ludziom, jak naprawd\u0119 dobry jest Daniel Dubois.<\/em><\/p>\n\n\n\n<p>Walka wieczoru nie b\u0119dzie oczywi\u015bcie jedyn\u0105 na karcie tej gali. Andrzej Wasilewski, szef Knockout Promotions m\u00f3wi: &#8211; <em>To dla mnie wielka przyjemno\u015b\u0107 i zaszczyt zaprosi\u0107 naszych ukrai\u0144skich przyjaci\u00f3\u0142 do Polski na to niezwyk\u0142e wydarzenie bokserskie. Ta wspania\u0142a uroczysto\u015b\u0107 wyznacza kolejny rozdzia\u0142 w naszej wsp\u00f3lnej historii, zar\u00f3wno spo\u0142ecznej, jak i sportowej. Dla Ukrai\u0144c\u00f3w w Polsce i dla Polak\u00f3w to historyczne wydarzenie jest naprawd\u0119 wyj\u0105tkowe. Nasza grupa Knockuut Promotions dzia\u0142a od 25 lat, w ci\u0105gu kt\u00f3rych zorganizowali\u015bmy wiele znakomitych imprez z licznymi walkami o mistrzostwo \u015bwiata. Jednak jeszcze nigdy nie go\u015bcili\u015bmy na polskiej ziemi walki o trzy tytu\u0142y wagi ci\u0119\u017ckiej! Cieszymy si\u0119, \u017ce Oleksandr Usyk, wspania\u0142y cz\u0142owiek i fenomenalny sportowiec, po raz kolejny b\u0119dzie walczy\u0142 w Polsce. To tutaj, 7 lat temu w Gda\u0144sku, od zwyci\u0119stwa nad naszym mistrzem Krzysztofem G\u0142owackim rozpocz\u0105\u0142 swoj\u0105 drog\u0119 do unifikacji tytu\u0142\u00f3w wagi junior ci\u0119\u017ckiej. Cieszymy si\u0119 r\u00f3wnie\u017c, \u017ce nasi bokserzy pojawi\u0105 si\u0119 na mocnej karcie \u2013 Fiodor Czerkaszyn, wyj\u0105tkowy talent, kt\u00f3ry jest ju\u017c jednym z najlepszych zawodnik\u00f3w wagi \u015bredniej na \u015bwiecie oraz obiecuj\u0105cy Rafa\u0142 Wo\u0142czecki. To kolejna okazja, aby zobaczy\u0107 zawodnik\u00f3w Knockout w\u015br\u00f3d najlepszych na \u015bwiecie. To naprawd\u0119 wielka sprawa by\u0107 wsp\u00f3\u0142organizatorem tego niesamowitego wydarzenia! Chcia\u0142bym podzi\u0119kowa\u0107 ca\u0142emu zespo\u0142owi Oleksandra Usyka, w tym mojemu wieloletniemu przyjacielowi Aleksandrowi Krassyukowi, za przyja\u017a\u0144, doskona\u0142e relacje i fantastyczn\u0105 wsp\u00f3\u0142prac\u0119.<\/em><\/p>\n\n\n\n<p>Prezydent Wroc\u0142awia Jacek Sutryk podkre\u015bla ponadsportowy charakter widowiska w kr\u00f3lewskiej wadze: &#8211; <em>Gala pi\u0119\u015bciarska na Tarczy\u0144ski Arenie, z udzia\u0142em mistrza Oleksandra Usyka, ma wymiar mocno symboliczny i pokazuje, jak pi\u0119knie historia potrafi zatoczy\u0107 ko\u0142o. Waga ci\u0119\u017cka nazywana jest w \u015bwiecie boksu kategori\u0105 kr\u00f3lewsk\u0105, zatem po raz kolejny oczy tego \u015bwiata b\u0119d\u0105 spogl\u0105da\u0107 w kierunku Wroc\u0142awia. To tak\u017ce wielkie wydarzenie dla ca\u0142ej naszej miejskiej spo\u0142eczno\u015bci. Dla naszych przyjaci\u00f3\u0142 z Ukrainy to co\u015b wi\u0119cej ni\u017c tylko pojedynek bokserski. Ciesz\u0119 si\u0119, \u017ce nasi nowi mieszka\u0144cy \u015bwietnie si\u0119 czuj\u0105 we Wroc\u0142awiu i jestem przekonany, \u017ce wroc\u0142awski klimat pos\u0142u\u017cy r\u00f3wnie\u017c Oleksandrowi Usykowi. Bo \u017ce ukrai\u0144scy pi\u0119\u015bciarze potrafi\u0105 pokazywa\u0107 swoj\u0105 wielko\u015b\u0107 na miejskim stadionie, udowodni\u0142 ju\u017c przed dwunastoma laty Witalij Kliczko, wtedy wybitny sportowiec, a dzi\u015b mer naszego partnerskiego miasta, Kijowa \u2013 <\/em>podkre\u015bla prezydent.<\/p>\n\n\n\n<p>Ca\u0142o\u015b\u0107 wydarzenia odb\u0119dzie si\u0119 26 sierpnia. Sprzeda\u017c bilet\u00f3w rozpocznie si\u0119 ju\u017c niebawem \u2013 za pomoc\u0105 platformy ebilet.pl.<\/p>\n\n\n\n<p>Noc boksu z walk\u0105 o trzy mistrzowskie pasy jest kolejn\u0105 w ostatnich dniach wielk\u0105 imprez\u0105 zapowiedzian\u0105 na Tarczy\u0144ski Arenie Wroc\u0142aw. Przypomnijmy \u2013 pod koniec czerwca UEFA og\u0142osi\u0142a, \u017ce fina\u0142 pi\u0142karskiej Ligi Konferencji Europy UEFA sezonu 2024\/2025 odb\u0119dzie si\u0119 we Wroc\u0142awiu.<\/p>\n\n\n\n<p>UK:<\/p>\n\n\n\n<p class=\"has-text-align-left\">On the night of August 26 night at the Tarczy\u0144ski Arena in Wroclaw, Poland, the IBF, WBA, WBO,IBO and The Ring Heavyweight Champion Oleksandr Usyk (20-0-0, 13 KOs) will face the current WBA Regular Champion, Britain\u2019s Daniel Dubois (19-1-0, 18 KOs). The world heavyweight title clash will headline the K2 Promotions boxing event in collaboration with Knockout Promotions and Skill Challenge Promotions.<\/p>\n\n\n\n<p>It was in Poland, where seven years ago, Usyk began his flash-like journey to the title of the undisputed cruiserweight champion by winning the belt of the WBO in a fight against Krzysztof Glowacki. This time Oleksandr will step into a Polish ring again but on his way to Undisputed status in the heavyweight division. Here, we should recall that to complete the full collection, Usyk lacks the belt of WBC, which now is owned by Tyson Fury, who is also the Lineal champion. Oleksandr Usyk: \u201cI am very glad that we have the opportunity to organize my fight in Poland, where I won my first world title seven years ago. I want to thank the Polish people who are helping Ukraine so sincerely. Hundreds of thousands of my compatriots have been hosted by this wonderful country. Therefore, I hope that my fight will become one more opportunity for Ukrainians and people of Poland to unite and strengthen our friendship.\u201d<\/p>\n\n\n\n<p>Daniel \u201cDynamite\u201d Dubois is 11 years younger than Usyk. The 25-year-old British boxer is promoted by Frank Warren\u2019s Queensberry and has a record of 20 fights, 19 wins (18 by KO) and just one loss to his compatriot Joe Joyce in November 2020. At the same time, before being stopped due to an eye injury, Dubois was ahead on the scorecards. There were five championship belts at stake: EBU, WBC Silver, WBO International, BBBofC British and Commonwealth Boxing Council Heavyweight belts.<\/p>\n\n\n\n<p>Daniel Dubois: \u201cI\u2019m looking forward to challenging Oleksandr Usyk and am confident that I will be returning to the UK with the belts. He is a great fighter and I do respect him, but it\u2019s my time now. I\u2019m going to shock the world and show people how good Daniel Dubois really is.\u201d Dubois won his WBA (Regular) belt against ex-champion Trevor Bryan in June 2022. Later the Briton successfully defended his title in December last year and this presented him with the<br>opportunity to become WBA (Super) Heavyweight mandatory challenger. Previously Daniel held the WBC Silver, WBO International, WBO Global, WBO European, BBBofC British, WBC Youth and BBBofC Southern Area titles.<\/p>\n\n\n\n<p>Alexander A. Krassyuk (K2 Promotions): \u201cToday we are officially announcing the Usyk vs Dubois Unified heavyweight championship to take place in the Polish city of Wroclaw. The Stadium \u201cTarczy\u0144ski Arena\u201d has already witnessed the victory of a Ukrainian boxer when Vitali Klitschko defeated Tomasz Adamek back in 2011. We have put in extraordinary efforts to make a \u201chome\u201d fight for Usyk who has been fighting in the backyards of his opponents since 2016. The serious preparation is in progress. Tickets are about to become available. This show will mean a lot for Ukraine as it will be broadcast live throughout the world. We do trust that the whole planet will be witnessing a Ukrainian victory.\u201d<\/p>\n\n\n\n<p>Frank Warren (Queensberry): \u201cThe date of August 26 is when Daniel Dubois will turn the heavyweight division on its head by becoming the WBO, WBA and IBF World Heavyweight Champion. To the outside world, Daniel is a big outsider, but here at Queensberry we are supremely confident in his ability to cause a major upset and achieve the status he set out to realise when he turned professional with us back in 2017. \u201cI knew back then that we were working with a future world champion, and he now has the opportunity to chase greatness against a fine champion in Oleksandr Usyk in front of many<br>thousands of fans in Wroclaw. \u201cI am so looking forward to the fight and it will be our absolute pleasure to be part of a historic<br>occasion in Poland, where there will be a huge presence from Ukraine.\u201d<\/p>\n\n\n\n<p>Egis Klimas (Maganer of Oleksand Usyk): \u201cHappy to announce that finally we have a fight between the WBO, IBF, WBA, IBO and The Ring Magazine Champion Oleksandr Usyk and Regular WBA Champion Daniel Dubois, all signed and sealed. I am looking forward to August 26th in Poland at Wroclaw stadium filling up with approximately 45,000 people. It\u2019s my pleasure to represent Mr Usyk and to be part of this global level event. We do not underestimate our opponent as we very well understand his size, reach and he can really punch. So, saying this, I mean that Oleksandr is already in camp and preparing for the fight to be 100% ready. Hopefully, with the victory in this fight, it will lead us into the biggest clash in the world, a unification for the undisputed heavyweight championship with WBC Champion Tyson Fury. But first, as I said, we are not overlooking this upcoming bout with Daniel and taking it very seriously.\u201d<\/p>\n\n\n\n<p>Andrjei Wasilewski (Knockout Promotions): \u201cIt is a great pleasure and honor for me to invite our Ukrainian friends to Poland for this extraordinary boxing event. This magnificent celebration marks another chapter in our shared history, both socially and in sports. For Ukrainians in Poland and for Poles, this historical event is truly unique. Our group, KnockOut Promotions, has been operating for 25 years, during which we have organized many outstanding events featuring numerous world championship fights. However, we have never hosted a three heavyweight titles fight on Polish soil! We are thrilled that Oleksandr Usyk, a great man and phenomenal athlete, will once again fight in Poland. It was here, 7 years ago in Gda\u0144sk, that he began his journey to unify the World Cruiserweight titles with a victory over our champion, Krzysztof G\u0142owacki. We are also delighted that our boxers will appear on a strong card \u2013 Fiodor Cherkashyn, an exceptional talent who is already one of the best middleweight fighters in the world, and the promising Rafa\u0142 Wo\u0142czecki. This is another opportunity to see Knockout fighters among the greatest in the world. It is truly a great thing to be a co-promoter of this incredible event! I would like to thank the entire Usyk team, including my longtime friend Alexander Krassyuk, for their friendship, excellent relationships, and fantastic collaboration.\u201d<\/p>\n\n\n\n<p>The fight will be broadcast exclusively live on TNT Sports Box Office in the UK and Ireland.<br>Broadcast details for other territories will be announced shortly.<\/p>\n","protected":false},"excerpt":{"rendered":"<p>Wielki boks zn\u00f3w we Wroc\u0142awiu: po raz pierwszy od 12 lat losy mistrzowskiego&#8230;<\/p>\n","protected":false},"author":3,"featured_media":14657,"comment_status":"closed","ping_status":"closed","template":"","tags":[],"mec_category":[51,37],"class_list":["post-14655","mec-events","type-mec-events","status-publish","has-post-thumbnail","hentry","mec_category-sport-en","mec_category-top-event-en"],"yoast_head":"<!-- This site is optimized with the Yoast SEO plugin v27.4 - https:\/\/yoast.com\/product\/yoast-seo-wordpress\/ -->\n<title>Oleksandr Usyk vs Daniel Dubois &#8211; Tarczy\u0144ski Arena Wroc\u0142aw<\/title>\n<meta name=\"description\" content=\"Wielki boks zn\u00f3w we Wroc\u0142awiu: po raz pierwszy od 12 lat losy mistrzowskiego pasa w najwa\u017cniejszej kategorii wagowej rozstrzygn\u0105 si\u0119 w Polsce!\" \/>\n<meta name=\"robots\" content=\"index, follow, max-snippet:-1, max-image-preview:large, max-video-preview:-1\" \/>\n<link rel=\"canonical\" href=\"https:\/\/tarczynskiarenawroclaw.pl\/events\/oleksandr-usyk-vs-daniel-dubois\/\" \/>\n<meta property=\"og:locale\" content=\"en_US\" \/>\n<meta property=\"og:type\" content=\"article\" \/>\n<meta property=\"og:title\" content=\"Oleksandr Usyk vs Daniel Dubois &#8211; Tarczy\u0144ski Arena Wroc\u0142aw\" \/>\n<meta property=\"og:description\" content=\"Wielki boks zn\u00f3w we Wroc\u0142awiu: po raz pierwszy od 12 lat losy mistrzowskiego pasa w najwa\u017cniejszej kategorii wagowej rozstrzygn\u0105 si\u0119 w Polsce!\" \/>\n<meta property=\"og:url\" content=\"https:\/\/tarczynskiarenawroclaw.pl\/events\/oleksandr-usyk-vs-daniel-dubois\/\" \/>\n<meta property=\"og:site_name\" content=\"Tarczy\u0144ski Arena Wroc\u0142aw\" \/>\n<meta property=\"article:modified_time\" content=\"2023-08-25T10:11:00+00:00\" \/>\n<meta property=\"og:image\" content=\"https:\/\/tarczynskiarenawroclaw.pl\/wp-content\/uploads\/2023\/07\/Twitter_post_1600x900_eng_USYK_DUBOIS.jpg-1024x576.png\" \/>\n\t<meta property=\"og:image:width\" content=\"1024\" \/>\n\t<meta property=\"og:image:height\" content=\"576\" \/>\n\t<meta property=\"og:image:type\" content=\"image\/png\" \/>\n<meta name=\"twitter:card\" content=\"summary_large_image\" \/>\n<meta name=\"twitter:label1\" content=\"Est. reading time\" \/>\n\t<meta name=\"twitter:data1\" content=\"11 minutes\" \/>\n<script type=\"application\/ld+json\" class=\"yoast-schema-graph\">{\"@context\":\"https:\\\/\\\/schema.org\",\"@graph\":[{\"@type\":\"WebPage\",\"@id\":\"https:\\\/\\\/tarczynskiarenawroclaw.pl\\\/events\\\/oleksandr-usyk-vs-daniel-dubois\\\/\",\"url\":\"https:\\\/\\\/tarczynskiarenawroclaw.pl\\\/events\\\/oleksandr-usyk-vs-daniel-dubois\\\/\",\"name\":\"Oleksandr Usyk vs Daniel Dubois &#8211; Tarczy\u0144ski Arena Wroc\u0142aw\",\"isPartOf\":{\"@id\":\"https:\\\/\\\/tarczynskiarenawroclaw.pl\\\/#website\"},\"primaryImageOfPage\":{\"@id\":\"https:\\\/\\\/tarczynskiarenawroclaw.pl\\\/events\\\/oleksandr-usyk-vs-daniel-dubois\\\/#primaryimage\"},\"image\":{\"@id\":\"https:\\\/\\\/tarczynskiarenawroclaw.pl\\\/events\\\/oleksandr-usyk-vs-daniel-dubois\\\/#primaryimage\"},\"thumbnailUrl\":\"https:\\\/\\\/tarczynskiarenawroclaw.pl\\\/wp-content\\\/uploads\\\/2023\\\/07\\\/Twitter_post_1600x900_eng_USYK_DUBOIS.jpg.png\",\"datePublished\":\"2023-07-06T13:45:29+00:00\",\"dateModified\":\"2023-08-25T10:11:00+00:00\",\"description\":\"Wielki boks zn\u00f3w we Wroc\u0142awiu: po raz pierwszy od 12 lat losy mistrzowskiego pasa w najwa\u017cniejszej kategorii wagowej rozstrzygn\u0105 si\u0119 w Polsce!\",\"breadcrumb\":{\"@id\":\"https:\\\/\\\/tarczynskiarenawroclaw.pl\\\/events\\\/oleksandr-usyk-vs-daniel-dubois\\\/#breadcrumb\"},\"inLanguage\":\"en-US\",\"potentialAction\":[{\"@type\":\"ReadAction\",\"target\":[\"https:\\\/\\\/tarczynskiarenawroclaw.pl\\\/events\\\/oleksandr-usyk-vs-daniel-dubois\\\/\"]}]},{\"@type\":\"ImageObject\",\"inLanguage\":\"en-US\",\"@id\":\"https:\\\/\\\/tarczynskiarenawroclaw.pl\\\/events\\\/oleksandr-usyk-vs-daniel-dubois\\\/#primaryimage\",\"url\":\"https:\\\/\\\/tarczynskiarenawroclaw.pl\\\/wp-content\\\/uploads\\\/2023\\\/07\\\/Twitter_post_1600x900_eng_USYK_DUBOIS.jpg.png\",\"contentUrl\":\"https:\\\/\\\/tarczynskiarenawroclaw.pl\\\/wp-content\\\/uploads\\\/2023\\\/07\\\/Twitter_post_1600x900_eng_USYK_DUBOIS.jpg.png\",\"width\":1600,\"height\":900},{\"@type\":\"BreadcrumbList\",\"@id\":\"https:\\\/\\\/tarczynskiarenawroclaw.pl\\\/events\\\/oleksandr-usyk-vs-daniel-dubois\\\/#breadcrumb\",\"itemListElement\":[{\"@type\":\"ListItem\",\"position\":1,\"name\":\"Strona g\u0142\u00f3wna\",\"item\":\"https:\\\/\\\/tarczynskiarenawroclaw.pl\\\/en\\\/\"},{\"@type\":\"ListItem\",\"position\":2,\"name\":\"Events\",\"item\":\"https:\\\/\\\/tarczynskiarenawroclaw.pl\\\/events\\\/\"},{\"@type\":\"ListItem\",\"position\":3,\"name\":\"Sport\",\"item\":\"https:\\\/\\\/tarczynskiarenawroclaw.pl\\\/en\\\/category-events\\\/sport-en\\\/\"},{\"@type\":\"ListItem\",\"position\":4,\"name\":\"Oleksandr Usyk vs Daniel Dubois\"}]},{\"@type\":\"WebSite\",\"@id\":\"https:\\\/\\\/tarczynskiarenawroclaw.pl\\\/#website\",\"url\":\"https:\\\/\\\/tarczynskiarenawroclaw.pl\\\/\",\"name\":\"Tarczy\u0144ski Arena Wroc\u0142aw\",\"description\":\"Stadion Miejski we Wroc\u0142awiu\",\"publisher\":{\"@id\":\"https:\\\/\\\/tarczynskiarenawroclaw.pl\\\/#organization\"},\"potentialAction\":[{\"@type\":\"SearchAction\",\"target\":{\"@type\":\"EntryPoint\",\"urlTemplate\":\"https:\\\/\\\/tarczynskiarenawroclaw.pl\\\/?s={search_term_string}\"},\"query-input\":{\"@type\":\"PropertyValueSpecification\",\"valueRequired\":true,\"valueName\":\"search_term_string\"}}],\"inLanguage\":\"en-US\"},{\"@type\":\"Organization\",\"@id\":\"https:\\\/\\\/tarczynskiarenawroclaw.pl\\\/#organization\",\"name\":\"Stadion Wroc\u0142aw\",\"url\":\"https:\\\/\\\/tarczynskiarenawroclaw.pl\\\/\",\"logo\":{\"@type\":\"ImageObject\",\"inLanguage\":\"en-US\",\"@id\":\"https:\\\/\\\/tarczynskiarenawroclaw.pl\\\/#\\\/schema\\\/logo\\\/image\\\/\",\"url\":\"https:\\\/\\\/stadionwroclaw.pl\\\/wp-content\\\/uploads\\\/2021\\\/08\\\/favicon-stadion-wroclaw.png\",\"contentUrl\":\"https:\\\/\\\/stadionwroclaw.pl\\\/wp-content\\\/uploads\\\/2021\\\/08\\\/favicon-stadion-wroclaw.png\",\"width\":512,\"height\":512,\"caption\":\"Stadion Wroc\u0142aw\"},\"image\":{\"@id\":\"https:\\\/\\\/tarczynskiarenawroclaw.pl\\\/#\\\/schema\\\/logo\\\/image\\\/\"}}]}<\/script>\n<!-- \/ Yoast SEO plugin. -->","yoast_head_json":{"title":"Oleksandr Usyk vs Daniel Dubois &#8211; Tarczy\u0144ski Arena Wroc\u0142aw","description":"Wielki boks zn\u00f3w we Wroc\u0142awiu: po raz pierwszy od 12 lat losy mistrzowskiego pasa w najwa\u017cniejszej kategorii wagowej rozstrzygn\u0105 si\u0119 w Polsce!","robots":{"index":"index","follow":"follow","max-snippet":"max-snippet:-1","max-image-preview":"max-image-preview:large","max-video-preview":"max-video-preview:-1"},"canonical":"https:\/\/tarczynskiarenawroclaw.pl\/events\/oleksandr-usyk-vs-daniel-dubois\/","og_locale":"en_US","og_type":"article","og_title":"Oleksandr Usyk vs Daniel Dubois &#8211; Tarczy\u0144ski Arena Wroc\u0142aw","og_description":"Wielki boks zn\u00f3w we Wroc\u0142awiu: po raz pierwszy od 12 lat losy mistrzowskiego pasa w najwa\u017cniejszej kategorii wagowej rozstrzygn\u0105 si\u0119 w Polsce!","og_url":"https:\/\/tarczynskiarenawroclaw.pl\/events\/oleksandr-usyk-vs-daniel-dubois\/","og_site_name":"Tarczy\u0144ski Arena Wroc\u0142aw","article_modified_time":"2023-08-25T10:11:00+00:00","og_image":[{"width":1024,"height":576,"url":"https:\/\/tarczynskiarenawroclaw.pl\/wp-content\/uploads\/2023\/07\/Twitter_post_1600x900_eng_USYK_DUBOIS.jpg-1024x576.png","type":"image\/png"}],"twitter_card":"summary_large_image","twitter_misc":{"Est. reading time":"11 minutes"},"schema":{"@context":"https:\/\/schema.org","@graph":[{"@type":"WebPage","@id":"https:\/\/tarczynskiarenawroclaw.pl\/events\/oleksandr-usyk-vs-daniel-dubois\/","url":"https:\/\/tarczynskiarenawroclaw.pl\/events\/oleksandr-usyk-vs-daniel-dubois\/","name":"Oleksandr Usyk vs Daniel Dubois &#8211; Tarczy\u0144ski Arena Wroc\u0142aw","isPartOf":{"@id":"https:\/\/tarczynskiarenawroclaw.pl\/#website"},"primaryImageOfPage":{"@id":"https:\/\/tarczynskiarenawroclaw.pl\/events\/oleksandr-usyk-vs-daniel-dubois\/#primaryimage"},"image":{"@id":"https:\/\/tarczynskiarenawroclaw.pl\/events\/oleksandr-usyk-vs-daniel-dubois\/#primaryimage"},"thumbnailUrl":"https:\/\/tarczynskiarenawroclaw.pl\/wp-content\/uploads\/2023\/07\/Twitter_post_1600x900_eng_USYK_DUBOIS.jpg.png","datePublished":"2023-07-06T13:45:29+00:00","dateModified":"2023-08-25T10:11:00+00:00","description":"Wielki boks zn\u00f3w we Wroc\u0142awiu: po raz pierwszy od 12 lat losy mistrzowskiego pasa w najwa\u017cniejszej kategorii wagowej rozstrzygn\u0105 si\u0119 w Polsce!","breadcrumb":{"@id":"https:\/\/tarczynskiarenawroclaw.pl\/events\/oleksandr-usyk-vs-daniel-dubois\/#breadcrumb"},"inLanguage":"en-US","potentialAction":[{"@type":"ReadAction","target":["https:\/\/tarczynskiarenawroclaw.pl\/events\/oleksandr-usyk-vs-daniel-dubois\/"]}]},{"@type":"ImageObject","inLanguage":"en-US","@id":"https:\/\/tarczynskiarenawroclaw.pl\/events\/oleksandr-usyk-vs-daniel-dubois\/#primaryimage","url":"https:\/\/tarczynskiarenawroclaw.pl\/wp-content\/uploads\/2023\/07\/Twitter_post_1600x900_eng_USYK_DUBOIS.jpg.png","contentUrl":"https:\/\/tarczynskiarenawroclaw.pl\/wp-content\/uploads\/2023\/07\/Twitter_post_1600x900_eng_USYK_DUBOIS.jpg.png","width":1600,"height":900},{"@type":"BreadcrumbList","@id":"https:\/\/tarczynskiarenawroclaw.pl\/events\/oleksandr-usyk-vs-daniel-dubois\/#breadcrumb","itemListElement":[{"@type":"ListItem","position":1,"name":"Strona g\u0142\u00f3wna","item":"https:\/\/tarczynskiarenawroclaw.pl\/en\/"},{"@type":"ListItem","position":2,"name":"Events","item":"https:\/\/tarczynskiarenawroclaw.pl\/events\/"},{"@type":"ListItem","position":3,"name":"Sport","item":"https:\/\/tarczynskiarenawroclaw.pl\/en\/category-events\/sport-en\/"},{"@type":"ListItem","position":4,"name":"Oleksandr Usyk vs Daniel Dubois"}]},{"@type":"WebSite","@id":"https:\/\/tarczynskiarenawroclaw.pl\/#website","url":"https:\/\/tarczynskiarenawroclaw.pl\/","name":"Tarczy\u0144ski Arena Wroc\u0142aw","description":"Stadion Miejski we Wroc\u0142awiu","publisher":{"@id":"https:\/\/tarczynskiarenawroclaw.pl\/#organization"},"potentialAction":[{"@type":"SearchAction","target":{"@type":"EntryPoint","urlTemplate":"https:\/\/tarczynskiarenawroclaw.pl\/?s={search_term_string}"},"query-input":{"@type":"PropertyValueSpecification","valueRequired":true,"valueName":"search_term_string"}}],"inLanguage":"en-US"},{"@type":"Organization","@id":"https:\/\/tarczynskiarenawroclaw.pl\/#organization","name":"Stadion Wroc\u0142aw","url":"https:\/\/tarczynskiarenawroclaw.pl\/","logo":{"@type":"ImageObject","inLanguage":"en-US","@id":"https:\/\/tarczynskiarenawroclaw.pl\/#\/schema\/logo\/image\/","url":"https:\/\/stadionwroclaw.pl\/wp-content\/uploads\/2021\/08\/favicon-stadion-wroclaw.png","contentUrl":"https:\/\/stadionwroclaw.pl\/wp-content\/uploads\/2021\/08\/favicon-stadion-wroclaw.png","width":512,"height":512,"caption":"Stadion Wroc\u0142aw"},"image":{"@id":"https:\/\/tarczynskiarenawroclaw.pl\/#\/schema\/logo\/image\/"}}]}},"featured_img":"https:\/\/tarczynskiarenawroclaw.pl\/wp-content\/uploads\/2023\/07\/Twitter_post_1600x900_eng_USYK_DUBOIS.jpg-330x330.png","coauthors":[],"author_meta":{"author_link":"https:\/\/tarczynskiarenawroclaw.pl\/en\/author\/nina-admin\/","display_name":"Nina Kolodziej"},"relative_dates":{"created":"Posted 3 years ago","modified":"Updated 3 years ago"},"absolute_dates":{"created":"Posted on 06.07.2023","modified":"Updated on 25.08.2023"},"absolute_dates_time":{"created":"Posted on 06.07.2023 15:45","modified":"Updated on 25.08.2023 12:11"},"featured_img_caption":"","tax_additional":{"post_tag":{"linked":[],"unlinked":[],"slug":"post_tag","name":"Tags"},"mec_category":{"linked":["<a href=\"https:\/\/tarczynskiarenawroclaw.pl\/en\/category-events\/sport-en\/\" class=\"advgb-post-tax-term\">Sport<\/a>","<a href=\"https:\/\/tarczynskiarenawroclaw.pl\/en\/category-events\/top-event-en\/\" class=\"advgb-post-tax-term\">Top Event<\/a>"],"unlinked":["<span class=\"advgb-post-tax-term\">Sport<\/span>","<span class=\"advgb-post-tax-term\">Top Event<\/span>"],"slug":"mec_category","name":"Categories"},"mec_label":{"linked":[],"unlinked":[],"slug":"mec_label","name":"Labels"},"mec_location":{"linked":["<a href=\"https:\/\/tarczynskiarenawroclaw.pl\/events-location\/tarczynski-arena-wroclaw\/\" class=\"advgb-post-tax-term\">Tarczy\u0144ski Arena Wroc\u0142aw<\/a>"],"unlinked":["<span class=\"advgb-post-tax-term\">Tarczy\u0144ski Arena Wroc\u0142aw<\/span>"],"slug":"mec_location","name":"Locations"},"mec_organizer":{"linked":[],"unlinked":[],"slug":"mec_organizer","name":"Organizers"}},"series_order":"","_links":{"self":[{"href":"https:\/\/tarczynskiarenawroclaw.pl\/en\/wp-json\/wp\/v2\/mec-events\/14655","targetHints":{"allow":["GET"]}}],"collection":[{"href":"https:\/\/tarczynskiarenawroclaw.pl\/en\/wp-json\/wp\/v2\/mec-events"}],"about":[{"href":"https:\/\/tarczynskiarenawroclaw.pl\/en\/wp-json\/wp\/v2\/types\/mec-events"}],"author":[{"embeddable":true,"href":"https:\/\/tarczynskiarenawroclaw.pl\/en\/wp-json\/wp\/v2\/users\/3"}],"replies":[{"embeddable":true,"href":"https:\/\/tarczynskiarenawroclaw.pl\/en\/wp-json\/wp\/v2\/comments?post=14655"}],"wp:featuredmedia":[{"embeddable":true,"href":"https:\/\/tarczynskiarenawroclaw.pl\/en\/wp-json\/wp\/v2\/media\/14657"}],"wp:attachment":[{"href":"https:\/\/tarczynskiarenawroclaw.pl\/en\/wp-json\/wp\/v2\/media?parent=14655"}],"wp:term":[{"taxonomy":"post_tag","embeddable":true,"href":"https:\/\/tarczynskiarenawroclaw.pl\/en\/wp-json\/wp\/v2\/tags?post=14655"},{"taxonomy":"mec_category","embeddable":true,"href":"https:\/\/tarczynskiarenawroclaw.pl\/en\/wp-json\/wp\/v2\/mec_category?post=14655"}],"curies":[{"name":"wp","href":"https:\/\/api.w.org\/{rel}","templated":true}]}}