{"id":14729,"date":"2023-08-04T15:34:45","date_gmt":"2023-08-04T13:34:45","guid":{"rendered":"https:\/\/tarczynskiarenawroclaw.pl\/?post_type=mec-events&#038;p=14729"},"modified":"2023-08-27T23:33:18","modified_gmt":"2023-08-27T21:33:18","slug":"otwarcie-muzeum-slaska-wroclaw","status":"publish","type":"mec-events","link":"https:\/\/tarczynskiarenawroclaw.pl\/en\/events\/otwarcie-muzeum-slaska-wroclaw\/","title":{"rendered":"Otwarcie Muzeum \u015al\u0105ska Wroc\u0142aw"},"content":{"rendered":"\n<p>We wtorek 5 wrze\u015bnia bramy Muzeum \u015al\u0105ska Wroc\u0142aw zostan\u0105 po raz pierwszy otwarte dla wszystkich ch\u0119tnych. Od godziny 10:00 ka\u017cdy zwiedzaj\u0105cy b\u0119dzie m\u00f3g\u0142, przemierzaj\u0105c poszczeg\u00f3lne pomieszczenia, pozna\u0107 ponad 75 lat historii WKS \u2013 przede wszystkim dru\u017cyny pi\u0142karskiej. Go\u015bcie dowiedz\u0105 si\u0119 mi\u0119dzy innymi szczeg\u00f3\u0142\u00f3w dotycz\u0105cych \u017cycia zas\u0142u\u017conych pi\u0142karzy, zobacz\u0105 historyczne herby \u015al\u0105ska, obejrz\u0105 gole strzelone w europejskich pucharach i stadiony, na kt\u00f3rych futboli\u015bci rozgrywali swoje domowe mecze.<\/p>\n\n\n\n<p>Ekspozycja jest podzielona na poszczeg\u00f3lne etapy historii miasta i \u015al\u0105ska, mi\u0119dzy innymi: Klub na gruzach miasta (1945-1956), Historyczny awans w 1964 r., Z\u0142ote lata 70, czy Powr\u00f3t na szczyt. W muzeum znajduj\u0105 si\u0119 r\u00f3wnie\u017c: artefakty z przesz\u0142o\u015bci (dokumenty, proporce itp.), wypowiedzi zawodnik\u00f3w, historyczne fotografie, materia\u0142y wideo i rotunda po\u015bwi\u0119cona stadionom. Do tego fotobudka oraz tr\u00f3jwymiarowa, przestrzenna \u201epi\u0142ka\u201d z projektorem znajduj\u0105cym si\u0119 za ni\u0105, s\u0142u\u017c\u0105ca jako ekran do wy\u015bwietlania pi\u0142karskich impresji. Odnotowano tak\u017ce aspekt kibicowski \u2013 poprzez prezentacj\u0119 zapisu oprawy meczowej za pomoc\u0105 projektora.<\/p>\n\n\n\n<p>Od strony promenad \u2013 pod trybunami, po przej\u015bciu muzeum \u2013 znajduje si\u0119 strefa aktywno\u015bci dla dzieci i m\u0142odzie\u017cy, z bezpiecznymi, przestrzennymi urz\u0105dzeniami do zabawy. B\u0119d\u0105 mogli korzysta\u0107 z niej zar\u00f3wno odwiedzaj\u0105cy Muzeum \u015al\u0105ska Wroc\u0142aw, jak i po\u0142o\u017cony zaraz obok Browar Stu Most\u00f3w \u2013 Sports Bar.<\/p>\n\n\n\n<figure class=\"wp-block-gallery has-nested-images columns-default is-cropped wp-block-gallery-1 is-layout-flex wp-block-gallery-is-layout-flex\">\n<figure class=\"wp-block-image size-large\"><img loading=\"lazy\" decoding=\"async\" width=\"1024\" height=\"683\" data-id=\"14726\" src=\"https:\/\/tarczynskiarenawroclaw.pl\/wp-content\/uploads\/2023\/08\/Muzeum-Slaska-Wroclaw-fot-Maciej-Kulczynski-3-1024x683.jpg\" alt=\"\" class=\"wp-image-14726\"\/><\/figure>\n\n\n\n<figure class=\"wp-block-image size-large\"><img loading=\"lazy\" decoding=\"async\" width=\"1024\" height=\"683\" data-id=\"14724\" src=\"https:\/\/tarczynskiarenawroclaw.pl\/wp-content\/uploads\/2023\/08\/Muzeum-Slaska-Wroclaw-fot-Maciej-Kulczynski-4-1024x683.jpg\" alt=\"\" class=\"wp-image-14724\"\/><\/figure>\n<\/figure>\n\n\n\n<p>&#8211; <em>\u015al\u0105sk Wroc\u0142aw ju\u017c od ponad 75 lat niejednokrotnie wyzwala\u0142 w nas, mieszka\u0144cach, wiele emocji i dawa\u0142 nam powody do dumy<\/em> \u2013 m\u00f3wi prezydent Wroc\u0142awia Jacek Sutryk. <em>Bez w\u0105tpienia dzieje WKS-u to przepi\u0119kna historia, jak to w sporcie, wzloty i upadki, cho\u0107 z przewag\u0105 tych pierwszych. Jako wroc\u0142awianie mo\u017cemy pochwali\u0107 si\u0119 tytu\u0142ami mistrzowskimi w wielu dyscyplinach, cho\u0107 w Muzeum skupiamy si\u0119 na zespole maj\u0105cym sw\u00f3j dom na Tarczy\u0144ski Arenie, czyli dru\u017cynie pi\u0142karskiej. Pami\u0119tamy jednak, \u017ce klub wyszkoli\u0142 te\u017c m.in. kilkunastu medalist\u00f3w olimpijskich, kt\u00f3rych losy r\u00f3wnie\u017c mo\u017cemy pozna\u0107 na miejscu. Jestem pewien, \u017ce odwiedzaj\u0105cy z przyjemno\u015bci\u0105 odkryj\u0105 rozmaite echa historii miasta wybrzmiewaj\u0105ce w dziejach naszego klubu.<\/em><\/p>\n\n\n\n<p>&nbsp;&#8211; <em>Muzeum \u015al\u0105ska Wroc\u0142aw to kolejny element, kt\u00f3ry z pewno\u015bci\u0105 doskonale uzupe\u0142ni ofert\u0119 Tarczy\u0144ski Areny<\/em> \u2013 t\u0142umaczy Marcin Przychodny, prezes Tarczy\u0144ski Areny Wroc\u0142aw. <em>Zosta\u0142o ono zaprojektowane tak, by zainteresowa\u0107 nie tylko kibic\u00f3w pi\u0142karskich. Mamy nadziej\u0119, \u017ce stanie si\u0119 popularnym celem odwiedzin mieszka\u0144c\u00f3w Wroc\u0142awia i okolic. To kolejny krok w procesie jeszcze \u201eszerszego\u201d otwierania przestrzeni stadionu \u2013 nie tylko jako miejsca zorganizowanych wydarze\u0144, ale i codziennej rekreacji.<\/em><\/p>\n\n\n\n<p>Bilety do muzeum b\u0119dzie mo\u017cna naby\u0107 w okr\u0105g\u0142ym kiosku &#8211; Fan Shopie \u015al\u0105ska Wroc\u0142aw, na esplanadzie stadionu, od ul. Kr\u00f3lewieckiej lub za pomoc\u0105 strony internetowej. Pojawi si\u0119 tak\u017ce mo\u017cliwo\u015b\u0107 skorzystania z wizyty w muzeum w pakiecie ze zwiedzaniem Tarczy\u0144ski Areny Wroc\u0142aw. Koszt bilet\u00f3w, mo\u017cliwo\u015b\u0107 zakupu i szczeg\u00f3\u0142y znajd\u0105 si\u0119 niebawem na stronie <a href=\"https:\/\/www.muzeumslaskwroclaw.pl\" target=\"_blank\" rel=\"noreferrer noopener nofollow\">www.muzeumslaskwroclaw.pl<\/a>. Muzeum b\u0119dzie czynne w dni powszednie od 10:00 do 18:00, za\u015b w weekendy od 11:00 do 19:00 (z mo\u017cliwo\u015bci\u0105 wprowadzenia zmian podczas imprez masowych). <\/p>\n\n\n\n<p>Zach\u0119camy tak\u017ce do \u015bledzenia profilu Muzeum w mediach spo\u0142eczno\u015bciowych:<\/p>\n\n\n\n\n\n\n\n<ul class=\"wp-block-list\">\n<li>Facebook: <strong><a href=\"https:\/\/www.facebook.com\/muzeumslaskawroclaw\" target=\"_blank\" rel=\"noreferrer noopener nofollow\">www.facebook.com\/muzeumslaskawroclaw<\/a><\/strong><\/li>\n\n\n\n<li>Instagram: <a href=\"https:\/\/www.instagram.com\/muzeum_slaska_wroclaw\/\" target=\"_blank\" rel=\"noreferrer noopener nofollow\"><strong>@muzeum_slaska_wroclaw<\/strong><\/a><\/li>\n<\/ul>\n","protected":false},"excerpt":{"rendered":"<p>We wtorek 5 wrze\u015bnia bramy Muzeum \u015al\u0105ska Wroc\u0142aw zostan\u0105 po raz pierwszy otwarte&#8230;<\/p>\n","protected":false},"author":3,"featured_media":14722,"comment_status":"closed","ping_status":"closed","template":"","tags":[],"mec_category":[50,37],"class_list":["post-14729","mec-events","type-mec-events","status-publish","has-post-thumbnail","hentry","mec_category-leisure-recreation","mec_category-top-event-en"],"yoast_head":"<!-- This site is optimized with the Yoast SEO plugin v27.4 - https:\/\/yoast.com\/product\/yoast-seo-wordpress\/ -->\n<title>Otwarcie Muzeum \u015al\u0105ska Wroc\u0142aw &#8211; Tarczy\u0144ski Arena Wroc\u0142aw<\/title>\n<meta name=\"description\" content=\"We wtorek 5 wrze\u015bnia bramy Muzeum \u015al\u0105ska Wroc\u0142aw zostan\u0105 po raz pierwszy otwarte dla wszystkich ch\u0119tnych. Zapraszamy!\" \/>\n<meta name=\"robots\" content=\"index, follow, max-snippet:-1, max-image-preview:large, max-video-preview:-1\" \/>\n<link rel=\"canonical\" href=\"https:\/\/tarczynskiarenawroclaw.pl\/events\/otwarcie-muzeum-slaska-wroclaw\/\" \/>\n<meta property=\"og:locale\" content=\"en_US\" \/>\n<meta property=\"og:type\" content=\"article\" \/>\n<meta property=\"og:title\" content=\"Otwarcie Muzeum \u015al\u0105ska Wroc\u0142aw &#8211; Tarczy\u0144ski Arena Wroc\u0142aw\" \/>\n<meta property=\"og:description\" content=\"We wtorek 5 wrze\u015bnia bramy Muzeum \u015al\u0105ska Wroc\u0142aw zostan\u0105 po raz pierwszy otwarte dla wszystkich ch\u0119tnych. Zapraszamy!\" \/>\n<meta property=\"og:url\" content=\"https:\/\/tarczynskiarenawroclaw.pl\/events\/otwarcie-muzeum-slaska-wroclaw\/\" \/>\n<meta property=\"og:site_name\" content=\"Tarczy\u0144ski Arena Wroc\u0142aw\" \/>\n<meta property=\"article:modified_time\" content=\"2023-08-27T21:33:18+00:00\" \/>\n<meta property=\"og:image\" content=\"https:\/\/tarczynskiarenawroclaw.pl\/wp-content\/uploads\/2023\/08\/Muezum-Slaska-Wroclaw-grafika4.jpg\" \/>\n\t<meta property=\"og:image:width\" content=\"801\" \/>\n\t<meta property=\"og:image:height\" content=\"451\" \/>\n\t<meta property=\"og:image:type\" content=\"image\/jpeg\" \/>\n<meta name=\"twitter:card\" content=\"summary_large_image\" \/>\n<meta name=\"twitter:label1\" content=\"Est. reading time\" \/>\n\t<meta name=\"twitter:data1\" content=\"3 minutes\" \/>\n<script type=\"application\/ld+json\" class=\"yoast-schema-graph\">{\"@context\":\"https:\\\/\\\/schema.org\",\"@graph\":[{\"@type\":\"WebPage\",\"@id\":\"https:\\\/\\\/tarczynskiarenawroclaw.pl\\\/events\\\/otwarcie-muzeum-slaska-wroclaw\\\/\",\"url\":\"https:\\\/\\\/tarczynskiarenawroclaw.pl\\\/events\\\/otwarcie-muzeum-slaska-wroclaw\\\/\",\"name\":\"Otwarcie Muzeum \u015al\u0105ska Wroc\u0142aw &#8211; Tarczy\u0144ski Arena Wroc\u0142aw\",\"isPartOf\":{\"@id\":\"https:\\\/\\\/tarczynskiarenawroclaw.pl\\\/#website\"},\"primaryImageOfPage\":{\"@id\":\"https:\\\/\\\/tarczynskiarenawroclaw.pl\\\/events\\\/otwarcie-muzeum-slaska-wroclaw\\\/#primaryimage\"},\"image\":{\"@id\":\"https:\\\/\\\/tarczynskiarenawroclaw.pl\\\/events\\\/otwarcie-muzeum-slaska-wroclaw\\\/#primaryimage\"},\"thumbnailUrl\":\"https:\\\/\\\/tarczynskiarenawroclaw.pl\\\/wp-content\\\/uploads\\\/2023\\\/08\\\/Muezum-Slaska-Wroclaw-grafika4.jpg\",\"datePublished\":\"2023-08-04T13:34:45+00:00\",\"dateModified\":\"2023-08-27T21:33:18+00:00\",\"description\":\"We wtorek 5 wrze\u015bnia bramy Muzeum \u015al\u0105ska Wroc\u0142aw zostan\u0105 po raz pierwszy otwarte dla wszystkich ch\u0119tnych. Zapraszamy!\",\"breadcrumb\":{\"@id\":\"https:\\\/\\\/tarczynskiarenawroclaw.pl\\\/events\\\/otwarcie-muzeum-slaska-wroclaw\\\/#breadcrumb\"},\"inLanguage\":\"en-US\",\"potentialAction\":[{\"@type\":\"ReadAction\",\"target\":[\"https:\\\/\\\/tarczynskiarenawroclaw.pl\\\/events\\\/otwarcie-muzeum-slaska-wroclaw\\\/\"]}]},{\"@type\":\"ImageObject\",\"inLanguage\":\"en-US\",\"@id\":\"https:\\\/\\\/tarczynskiarenawroclaw.pl\\\/events\\\/otwarcie-muzeum-slaska-wroclaw\\\/#primaryimage\",\"url\":\"https:\\\/\\\/tarczynskiarenawroclaw.pl\\\/wp-content\\\/uploads\\\/2023\\\/08\\\/Muezum-Slaska-Wroclaw-grafika4.jpg\",\"contentUrl\":\"https:\\\/\\\/tarczynskiarenawroclaw.pl\\\/wp-content\\\/uploads\\\/2023\\\/08\\\/Muezum-Slaska-Wroclaw-grafika4.jpg\",\"width\":801,\"height\":451},{\"@type\":\"BreadcrumbList\",\"@id\":\"https:\\\/\\\/tarczynskiarenawroclaw.pl\\\/events\\\/otwarcie-muzeum-slaska-wroclaw\\\/#breadcrumb\",\"itemListElement\":[{\"@type\":\"ListItem\",\"position\":1,\"name\":\"Strona g\u0142\u00f3wna\",\"item\":\"https:\\\/\\\/tarczynskiarenawroclaw.pl\\\/en\\\/\"},{\"@type\":\"ListItem\",\"position\":2,\"name\":\"Events\",\"item\":\"https:\\\/\\\/tarczynskiarenawroclaw.pl\\\/events\\\/\"},{\"@type\":\"ListItem\",\"position\":3,\"name\":\"Top Event\",\"item\":\"https:\\\/\\\/tarczynskiarenawroclaw.pl\\\/en\\\/category-events\\\/top-event-en\\\/\"},{\"@type\":\"ListItem\",\"position\":4,\"name\":\"Otwarcie Muzeum \u015al\u0105ska Wroc\u0142aw\"}]},{\"@type\":\"WebSite\",\"@id\":\"https:\\\/\\\/tarczynskiarenawroclaw.pl\\\/#website\",\"url\":\"https:\\\/\\\/tarczynskiarenawroclaw.pl\\\/\",\"name\":\"Tarczy\u0144ski Arena Wroc\u0142aw\",\"description\":\"Stadion Miejski we Wroc\u0142awiu\",\"publisher\":{\"@id\":\"https:\\\/\\\/tarczynskiarenawroclaw.pl\\\/#organization\"},\"potentialAction\":[{\"@type\":\"SearchAction\",\"target\":{\"@type\":\"EntryPoint\",\"urlTemplate\":\"https:\\\/\\\/tarczynskiarenawroclaw.pl\\\/?s={search_term_string}\"},\"query-input\":{\"@type\":\"PropertyValueSpecification\",\"valueRequired\":true,\"valueName\":\"search_term_string\"}}],\"inLanguage\":\"en-US\"},{\"@type\":\"Organization\",\"@id\":\"https:\\\/\\\/tarczynskiarenawroclaw.pl\\\/#organization\",\"name\":\"Stadion Wroc\u0142aw\",\"url\":\"https:\\\/\\\/tarczynskiarenawroclaw.pl\\\/\",\"logo\":{\"@type\":\"ImageObject\",\"inLanguage\":\"en-US\",\"@id\":\"https:\\\/\\\/tarczynskiarenawroclaw.pl\\\/#\\\/schema\\\/logo\\\/image\\\/\",\"url\":\"https:\\\/\\\/stadionwroclaw.pl\\\/wp-content\\\/uploads\\\/2021\\\/08\\\/favicon-stadion-wroclaw.png\",\"contentUrl\":\"https:\\\/\\\/stadionwroclaw.pl\\\/wp-content\\\/uploads\\\/2021\\\/08\\\/favicon-stadion-wroclaw.png\",\"width\":512,\"height\":512,\"caption\":\"Stadion Wroc\u0142aw\"},\"image\":{\"@id\":\"https:\\\/\\\/tarczynskiarenawroclaw.pl\\\/#\\\/schema\\\/logo\\\/image\\\/\"}}]}<\/script>\n<!-- \/ Yoast SEO plugin. -->","yoast_head_json":{"title":"Otwarcie Muzeum \u015al\u0105ska Wroc\u0142aw &#8211; Tarczy\u0144ski Arena Wroc\u0142aw","description":"We wtorek 5 wrze\u015bnia bramy Muzeum \u015al\u0105ska Wroc\u0142aw zostan\u0105 po raz pierwszy otwarte dla wszystkich ch\u0119tnych. Zapraszamy!","robots":{"index":"index","follow":"follow","max-snippet":"max-snippet:-1","max-image-preview":"max-image-preview:large","max-video-preview":"max-video-preview:-1"},"canonical":"https:\/\/tarczynskiarenawroclaw.pl\/events\/otwarcie-muzeum-slaska-wroclaw\/","og_locale":"en_US","og_type":"article","og_title":"Otwarcie Muzeum \u015al\u0105ska Wroc\u0142aw &#8211; Tarczy\u0144ski Arena Wroc\u0142aw","og_description":"We wtorek 5 wrze\u015bnia bramy Muzeum \u015al\u0105ska Wroc\u0142aw zostan\u0105 po raz pierwszy otwarte dla wszystkich ch\u0119tnych. Zapraszamy!","og_url":"https:\/\/tarczynskiarenawroclaw.pl\/events\/otwarcie-muzeum-slaska-wroclaw\/","og_site_name":"Tarczy\u0144ski Arena Wroc\u0142aw","article_modified_time":"2023-08-27T21:33:18+00:00","og_image":[{"width":801,"height":451,"url":"https:\/\/tarczynskiarenawroclaw.pl\/wp-content\/uploads\/2023\/08\/Muezum-Slaska-Wroclaw-grafika4.jpg","type":"image\/jpeg"}],"twitter_card":"summary_large_image","twitter_misc":{"Est. reading time":"3 minutes"},"schema":{"@context":"https:\/\/schema.org","@graph":[{"@type":"WebPage","@id":"https:\/\/tarczynskiarenawroclaw.pl\/events\/otwarcie-muzeum-slaska-wroclaw\/","url":"https:\/\/tarczynskiarenawroclaw.pl\/events\/otwarcie-muzeum-slaska-wroclaw\/","name":"Otwarcie Muzeum \u015al\u0105ska Wroc\u0142aw &#8211; Tarczy\u0144ski Arena Wroc\u0142aw","isPartOf":{"@id":"https:\/\/tarczynskiarenawroclaw.pl\/#website"},"primaryImageOfPage":{"@id":"https:\/\/tarczynskiarenawroclaw.pl\/events\/otwarcie-muzeum-slaska-wroclaw\/#primaryimage"},"image":{"@id":"https:\/\/tarczynskiarenawroclaw.pl\/events\/otwarcie-muzeum-slaska-wroclaw\/#primaryimage"},"thumbnailUrl":"https:\/\/tarczynskiarenawroclaw.pl\/wp-content\/uploads\/2023\/08\/Muezum-Slaska-Wroclaw-grafika4.jpg","datePublished":"2023-08-04T13:34:45+00:00","dateModified":"2023-08-27T21:33:18+00:00","description":"We wtorek 5 wrze\u015bnia bramy Muzeum \u015al\u0105ska Wroc\u0142aw zostan\u0105 po raz pierwszy otwarte dla wszystkich ch\u0119tnych. Zapraszamy!","breadcrumb":{"@id":"https:\/\/tarczynskiarenawroclaw.pl\/events\/otwarcie-muzeum-slaska-wroclaw\/#breadcrumb"},"inLanguage":"en-US","potentialAction":[{"@type":"ReadAction","target":["https:\/\/tarczynskiarenawroclaw.pl\/events\/otwarcie-muzeum-slaska-wroclaw\/"]}]},{"@type":"ImageObject","inLanguage":"en-US","@id":"https:\/\/tarczynskiarenawroclaw.pl\/events\/otwarcie-muzeum-slaska-wroclaw\/#primaryimage","url":"https:\/\/tarczynskiarenawroclaw.pl\/wp-content\/uploads\/2023\/08\/Muezum-Slaska-Wroclaw-grafika4.jpg","contentUrl":"https:\/\/tarczynskiarenawroclaw.pl\/wp-content\/uploads\/2023\/08\/Muezum-Slaska-Wroclaw-grafika4.jpg","width":801,"height":451},{"@type":"BreadcrumbList","@id":"https:\/\/tarczynskiarenawroclaw.pl\/events\/otwarcie-muzeum-slaska-wroclaw\/#breadcrumb","itemListElement":[{"@type":"ListItem","position":1,"name":"Strona g\u0142\u00f3wna","item":"https:\/\/tarczynskiarenawroclaw.pl\/en\/"},{"@type":"ListItem","position":2,"name":"Events","item":"https:\/\/tarczynskiarenawroclaw.pl\/events\/"},{"@type":"ListItem","position":3,"name":"Top Event","item":"https:\/\/tarczynskiarenawroclaw.pl\/en\/category-events\/top-event-en\/"},{"@type":"ListItem","position":4,"name":"Otwarcie Muzeum \u015al\u0105ska Wroc\u0142aw"}]},{"@type":"WebSite","@id":"https:\/\/tarczynskiarenawroclaw.pl\/#website","url":"https:\/\/tarczynskiarenawroclaw.pl\/","name":"Tarczy\u0144ski Arena Wroc\u0142aw","description":"Stadion Miejski we Wroc\u0142awiu","publisher":{"@id":"https:\/\/tarczynskiarenawroclaw.pl\/#organization"},"potentialAction":[{"@type":"SearchAction","target":{"@type":"EntryPoint","urlTemplate":"https:\/\/tarczynskiarenawroclaw.pl\/?s={search_term_string}"},"query-input":{"@type":"PropertyValueSpecification","valueRequired":true,"valueName":"search_term_string"}}],"inLanguage":"en-US"},{"@type":"Organization","@id":"https:\/\/tarczynskiarenawroclaw.pl\/#organization","name":"Stadion Wroc\u0142aw","url":"https:\/\/tarczynskiarenawroclaw.pl\/","logo":{"@type":"ImageObject","inLanguage":"en-US","@id":"https:\/\/tarczynskiarenawroclaw.pl\/#\/schema\/logo\/image\/","url":"https:\/\/stadionwroclaw.pl\/wp-content\/uploads\/2021\/08\/favicon-stadion-wroclaw.png","contentUrl":"https:\/\/stadionwroclaw.pl\/wp-content\/uploads\/2021\/08\/favicon-stadion-wroclaw.png","width":512,"height":512,"caption":"Stadion Wroc\u0142aw"},"image":{"@id":"https:\/\/tarczynskiarenawroclaw.pl\/#\/schema\/logo\/image\/"}}]}},"featured_img":"https:\/\/tarczynskiarenawroclaw.pl\/wp-content\/uploads\/2023\/08\/Muezum-Slaska-Wroclaw-grafika4-330x330.jpg","coauthors":[],"author_meta":{"author_link":"https:\/\/tarczynskiarenawroclaw.pl\/en\/author\/nina-admin\/","display_name":"Nina Kolodziej"},"relative_dates":{"created":"Posted 3 years ago","modified":"Updated 3 years ago"},"absolute_dates":{"created":"Posted on 04.08.2023","modified":"Updated on 27.08.2023"},"absolute_dates_time":{"created":"Posted on 04.08.2023 15:34","modified":"Updated on 27.08.2023 23:33"},"featured_img_caption":"","tax_additional":{"post_tag":{"linked":[],"unlinked":[],"slug":"post_tag","name":"Tags"},"mec_category":{"linked":["<a href=\"https:\/\/tarczynskiarenawroclaw.pl\/en\/category-events\/leisure-recreation\/\" class=\"advgb-post-tax-term\">Leisure \/ Recreation<\/a>","<a href=\"https:\/\/tarczynskiarenawroclaw.pl\/en\/category-events\/top-event-en\/\" class=\"advgb-post-tax-term\">Top Event<\/a>"],"unlinked":["<span class=\"advgb-post-tax-term\">Leisure \/ Recreation<\/span>","<span class=\"advgb-post-tax-term\">Top Event<\/span>"],"slug":"mec_category","name":"Categories"},"mec_label":{"linked":[],"unlinked":[],"slug":"mec_label","name":"Labels"},"mec_location":{"linked":["<a href=\"https:\/\/tarczynskiarenawroclaw.pl\/events-location\/tarczynski-arena-wroclaw\/\" class=\"advgb-post-tax-term\">Tarczy\u0144ski Arena Wroc\u0142aw<\/a>"],"unlinked":["<span class=\"advgb-post-tax-term\">Tarczy\u0144ski Arena Wroc\u0142aw<\/span>"],"slug":"mec_location","name":"Locations"},"mec_organizer":{"linked":[],"unlinked":[],"slug":"mec_organizer","name":"Organizers"}},"series_order":"","_links":{"self":[{"href":"https:\/\/tarczynskiarenawroclaw.pl\/en\/wp-json\/wp\/v2\/mec-events\/14729","targetHints":{"allow":["GET"]}}],"collection":[{"href":"https:\/\/tarczynskiarenawroclaw.pl\/en\/wp-json\/wp\/v2\/mec-events"}],"about":[{"href":"https:\/\/tarczynskiarenawroclaw.pl\/en\/wp-json\/wp\/v2\/types\/mec-events"}],"author":[{"embeddable":true,"href":"https:\/\/tarczynskiarenawroclaw.pl\/en\/wp-json\/wp\/v2\/users\/3"}],"replies":[{"embeddable":true,"href":"https:\/\/tarczynskiarenawroclaw.pl\/en\/wp-json\/wp\/v2\/comments?post=14729"}],"wp:featuredmedia":[{"embeddable":true,"href":"https:\/\/tarczynskiarenawroclaw.pl\/en\/wp-json\/wp\/v2\/media\/14722"}],"wp:attachment":[{"href":"https:\/\/tarczynskiarenawroclaw.pl\/en\/wp-json\/wp\/v2\/media?parent=14729"}],"wp:term":[{"taxonomy":"post_tag","embeddable":true,"href":"https:\/\/tarczynskiarenawroclaw.pl\/en\/wp-json\/wp\/v2\/tags?post=14729"},{"taxonomy":"mec_category","embeddable":true,"href":"https:\/\/tarczynskiarenawroclaw.pl\/en\/wp-json\/wp\/v2\/mec_category?post=14729"}],"curies":[{"name":"wp","href":"https:\/\/api.w.org\/{rel}","templated":true}]}}