{"id":15086,"date":"2023-11-20T12:07:35","date_gmt":"2023-11-20T11:07:35","guid":{"rendered":"https:\/\/tarczynskiarenawroclaw.pl\/?post_type=mec-events&#038;p=15086"},"modified":"2023-11-20T12:08:27","modified_gmt":"2023-11-20T11:08:27","slug":"trwa-rejestracja-na-ii-samorzadowy-kongres-internetu-i-mediow-spolecznosciowych","status":"publish","type":"mec-events","link":"https:\/\/tarczynskiarenawroclaw.pl\/en\/events\/trwa-rejestracja-na-ii-samorzadowy-kongres-internetu-i-mediow-spolecznosciowych\/","title":{"rendered":"II Samorz\u0105dowy Kongres Internetu i Medi\u00f3w Spo\u0142eczno\u015bciowych"},"content":{"rendered":"\n<p>II Samorz\u0105dowy Kongres Internetu i Medi\u00f3w Spo\u0142eczno\u015bciowych Local SoMe\u201923 odb\u0119dzie si\u0119 28 i 29 listopada we Wroc\u0142awiu. To pierwsze i zarazem jedyne w Polsce wydarzenie dedykowane skutecznej komunikacji samorz\u0105dowej.<\/p>\n\n\n\n<figure class=\"wp-block-image aligncenter size-full\"><img loading=\"lazy\" decoding=\"async\" width=\"800\" height=\"450\" src=\"https:\/\/tarczynskiarenawroclaw.pl\/wp-content\/uploads\/2023\/11\/display_webp_Local_Some_23_1_.png.webp\" alt=\"\" class=\"wp-image-15082\"\/><\/figure>\n\n\n\n<p>Ju\u017c za 2 tygodnie spotykamy si\u0119 na&nbsp;II edycji Local-SoMe\u201923 we Wroc\u0142awiu. Serdecznie zapraszamy tych, kt\u00f3rzy jeszcze nie zg\u0142osili si\u0119 do&nbsp;udzia\u0142u w Kongresie oraz do aktywnego uczestnictwa w dyskusjach podczas tego wyj\u0105tkowego wydarzenia. To niepowtarzalna okazja do zdobycia wiedzy, inspiracji, nawi\u0105zania cennych kontakt\u00f3w i wsp\u00f3\u0142tworzenia przysz\u0142o\u015bci komunikacji samorz\u0105dowej. To tak\u017ce znakomita szansa na znalezienie&nbsp;odpowiedzi na pytania nurtuj\u0105ce spo\u0142eczno\u015b\u0107 samorz\u0105dow\u0105.<\/p>\n\n\n\n<p>Tegoroczny kongres Local-SoMe b\u0119dzie po\u015bwi\u0119cony&nbsp;<strong>analizie, sposobom przetwarzania i efektywnego wykorzystania danych sieciowych do zarz\u0105dzania miastem, komunikacji i dialogu z mieszka\u0144cami oraz zarz\u0105dzania mark\u0105 osobist\u0105<\/strong>&nbsp;w samorz\u0105dowych mediach spo\u0142eczno\u015bciowych. Podczas spotkania zostan\u0105 zaprezentowane&nbsp;<strong>najnowsze trendy w lokalnej komunikacji, sekrety efektywnego dotarcia do mieszka\u0144c\u00f3w i najlepsze praktyki rozwi\u0105zywania sytuacji kryzysowych w social media.<\/strong><\/p>\n\n\n\n<figure class=\"wp-block-embed is-type-video is-provider-youtube wp-block-embed-youtube wp-embed-aspect-16-9 wp-has-aspect-ratio\"><div class=\"wp-block-embed__wrapper\">\n<iframe loading=\"lazy\" title=\"Zaproszenie na II Samorz\u0105dowy Kongres Internetu i Medi\u00f3w Spo\u0142eczno\u015bciowych LOCAL-SOME&#039;23\" width=\"500\" height=\"281\" src=\"https:\/\/www.youtube.com\/embed\/iHieZbOgy_A?feature=oembed\" frameborder=\"0\" allow=\"accelerometer; autoplay; clipboard-write; encrypted-media; gyroscope; picture-in-picture; web-share\" referrerpolicy=\"strict-origin-when-cross-origin\" allowfullscreen><\/iframe>\n<\/div><\/figure>\n\n\n\n<p><strong>Zapraszamy szczeg\u00f3lnie burmistrz\u00f3w i prezydent\u00f3w, radnych, rzecznik\u00f3w prasowych, specjalist\u00f3w ds. marketingu i promocji w miastach oraz komunikacji i medi\u00f3w spo\u0142eczno\u015bciowych, profesjonalist\u00f3w z dzia\u0142\u00f3w IT w samorz\u0105dach, a tak\u017ce przedstawicieli sp\u00f3\u0142ek miejskich.<\/strong>&nbsp;<\/p>\n\n\n\n<p>W\u015br\u00f3d prelegent\u00f3w b\u0119d\u0105 osoby znane w bran\u017cy marketingu i komunikacji:&nbsp;<strong>Artur Kurasi\u0144ski<\/strong>&nbsp;&#8211; tw\u00f3rca, przedsi\u0119biorca, bloger,&nbsp;<strong>Rafa\u0142 Szyma\u0144ski<\/strong>&nbsp;&#8211; ekspert digital marketingu, kreator kampanii na Linkedln,&nbsp;<strong>Olaf Szyma\u0144ski<\/strong>&nbsp;&#8211; strateg kampanii spo\u0142eczno-politycznych,&nbsp;<strong>Micha\u0142 Fedorowicz<\/strong>&nbsp;&#8211; ekspert w dziedzinie kontroli wizerunku marki w internecie, prowadzenia komunikacji kryzysowej i strategicznych zagro\u017ce\u0144 wizerunkowych oraz eksperci z najwi\u0119kszych agencji ds. komunikacji oraz PR w Polsce. Go\u015bciem specjalnym b\u0119dzie znany w \u015brodowisku samorz\u0105dowym \u2013&nbsp;<strong>Jan Olbrycht<\/strong>, pose\u0142 do Parlamentu Europejskiego, kt\u00f3ry odpowie na pytania zwi\u0105zane z wyzwaniami komunikacji w samorz\u0105dach zwi\u0105zanymi z inwestycjami z Krajowego Planu Odbudowy.<\/p>\n\n\n\n<figure class=\"wp-block-image aligncenter size-full\"><img loading=\"lazy\" decoding=\"async\" width=\"900\" height=\"506\" src=\"https:\/\/tarczynskiarenawroclaw.pl\/wp-content\/uploads\/2023\/11\/display_LocalSome_2023_www.png\" alt=\"\" class=\"wp-image-15080\"\/><\/figure>\n\n\n\n<p>Na uczestniczki i uczestnik\u00f3w czekaj\u0105 prelekcje na temat przysz\u0142o\u015bci komunikacji w erze cyfrowej oraz sztucznej inteligencji, 35 paneli i warsztat\u00f3w podzielonych na 5 \u015bcie\u017cek tematycznych: Content, Gmina, Miasto, Region; Wyborcy, Mieszka\u0144cy, U\u017cytkownicy; Profil prywatny; Informacja, Dialog, Inwestycja; Prawo, Technologia, Bezpiecze\u0144stwo.<\/p>\n\n\n\n<p>Wszyscy zainteresowani efektywnym dialogiem z mieszka\u0144cami znajd\u0105 w nich cenne wskaz\u00f3wki i odpowiedzi na nurtuj\u0105ce ich pytania dotycz\u0105ce przysz\u0142o\u015bci samorz\u0105dowej komunikacji z mieszka\u0144cami oraz wyzwaniami w obliczu nadchodz\u0105cych wybor\u00f3w samorz\u0105dowych.<\/p>\n\n\n\n<p>Program tegorocznego kongresu zosta\u0142 obudowany wok\u00f3\u0142 5 kluczowych w\u0105tk\u00f3w:<\/p>\n\n\n\n<ol class=\"wp-block-list\">\n<li><strong>Sztuczna inteligencja w samorz\u0105dzie:<\/strong>&nbsp;Podczas Kongresu zostan\u0105 om\u00f3wione kluczowe zagadnienia, kt\u00f3re wymaga\u0142aby od miast dodatkowych szkole\u0144. Od porad ekspert\u00f3w jak efektywnie korzysta\u0107 z dost\u0119pnych narz\u0119dzi poprzez aspekty prawne zwi\u0105zane z rosn\u0105cymi pytaniami o prawa autorskie.<\/li>\n\n\n\n<li><strong>Nowe kana\u0142y komunikacji:<\/strong>&nbsp;Gdzie i jak mo\u017cna poszukiwa\u0107 w innowacyjny spos\u00f3b nowych form dotarcia do mieszka\u0144c\u00f3w oraz wyborc\u00f3w? Podczas kongresu przygotowali\u015bmy dla Pa\u0144stwa wyj\u0105tkowe panele oraz warsztaty dotycz\u0105ce kana\u0142\u00f3w TikTok oraz LinkedIn. Eksperci dyskutowa\u0107 b\u0119d\u0105 nie tylko o sposobach budowania samorz\u0105dowych profili na tych platformach, ale przede wszystkim jak tworzy\u0107 atrakcyjne tre\u015bci dostosowane do r\u00f3\u017cnych medi\u00f3w spo\u0142eczno\u015bciowych oraz oczekiwa\u0144 i zachowa\u0144 mieszka\u0144c\u00f3w.<\/li>\n\n\n\n<li><strong>Profesjonalizacja wizerunku w\u0142odarzy miast:<\/strong>&nbsp;Micha\u0142 Fedorowicz, ekspert od wizerunku oraz paneli\u015bci z Weber Shandwick, agencji PR funkcjonuj\u0105cej na polskim rynku w ramach grupy McCann Poland, jednej z najwi\u0119kszych agencji PR w Polsce, porusz\u0105 zagadnienia zwi\u0105zane z zarz\u0105dzaniem kryzysowym i budowaniem profesjonalnego wizerunku w\u0142odarzy miast.<\/li>\n\n\n\n<li><strong>Dane\/analityka\/mikrotargetowanie przysz\u0142ych wyborc\u00f3w:&nbsp;<\/strong>Podczas kongresu b\u0119dzie mo\u017cna si\u0119 dowiedzie\u0107, jak analizowa\u0107 dane z zakresu zachowa\u0144 behawioralnych i interakcji u\u017cytkownik\u00f3w, jak precyzyjnie dociera\u0107 do mieszka\u0144c\u00f3w, jak czyta\u0107 dane z sieci, kt\u00f3re tre\u015bci algorytm promuje w social mediach, a kt\u00f3re chowa jako nieciekawe, jak prowadzi\u0107 kampanie profrekwencyjne w mediach spo\u0142eczno\u015bciowych, czy popularno\u015b\u0107 w nich przek\u0142ada si\u0119 na poparcie w wyborach.<\/li>\n\n\n\n<li><strong>Jak budowa\u0107 sp\u00f3jn\u0105 narracj\u0119 gminy?<\/strong>: Podczas paneli b\u0119dzie mo\u017cna pozna\u0107, jakie strategie i narz\u0119dzia powinny stosowa\u0107 JST w social mediach, jak budowa\u0107 narracj\u0119 gminy, miasta czy regionu w mediach spo\u0142eczno\u015bciowych, aby zwi\u0119ksza\u0107 zaanga\u017cowanie mieszka\u0144c\u00f3w i promowa\u0107 lokalne inicjatywy i wydarzenia. O efektywnym zarz\u0105dzaniu komunikacj\u0105 kulturaln\u0105 w czasach nadmiaru informacji opowie Maciej Leonard Zybula \u2013 prezes Bees &amp; Honey, jednej z 5 najwi\u0119kszych agencji komunikacji w Polsce.<\/li>\n<\/ol>\n\n\n\n<p><strong>Wi\u0119cej w programie Kongresu, kt\u00f3ry&nbsp;znajduje si\u0119 na&nbsp;<\/strong>stronie&nbsp;<a href=\"https:\/\/localsome.pl\/\" target=\"_blank\" rel=\"noreferrer noopener\"><strong>https:\/\/localsome.pl\/<\/strong><\/a><\/p>\n\n\n\n<p><strong>Zach\u0119camy do&nbsp;<a href=\"https:\/\/bilety.localsome.pl\/\" target=\"_blank\" rel=\"noreferrer noopener\">REJESTRACJI<\/a>&nbsp;na Kongres.<\/strong><\/p>\n\n\n\n<p><strong>Uczestnicy z miast cz\u0142onkowskich ZMP otrzymaj\u0105 zni\u017ck\u0119 25%.<\/strong><\/p>\n\n\n\n<p>Kongres jest wsp\u00f3\u0142organizowany przez Zwi\u0105zek Miast Polskich i agencj\u0119 Samorz\u0105dowe Internety. Partnerami Kongresu s\u0105 Instytut Badania Internetu i Medi\u00f3w Spo\u0142eczno\u015bciowych (IBIMS), Instytut Bada\u0144 Rynkowych i Spo\u0142ecznych (IBRiS), Miasto Wroc\u0142aw, Open Eyes Economy, Fundacja Miasto,&nbsp;Mazowiecki Urz\u0105d Marsza\u0142kowski, JJ Dauman, Bees&amp;Honney,&nbsp;Weber Shandwick, A+V.<\/p>\n\n\n\n<p>Patronatu medialnego udzielili: dziennik \u201eRzeczpospolita\u201d,&nbsp;<a href=\"https:\/\/regiony.rp.pl\/\" target=\"_blank\" rel=\"noreferrer noopener\">\u201eRzeczpospolita&nbsp;\u017bycie Region\u00f3w\u201d<\/a>, portal&nbsp;<a href=\"https:\/\/www.rp.pl\/\" target=\"_blank\" rel=\"noreferrer noopener\">rp.pl<\/a>&nbsp;i&nbsp;<a href=\"https:\/\/www.portalsamorzadowy.pl\/\" target=\"_blank\" rel=\"noreferrer noopener\">Portal samorz\u0105dowy.pl<\/a>.&nbsp;<\/p>\n","protected":false},"excerpt":{"rendered":"<p>II Samorz\u0105dowy Kongres Internetu i Medi\u00f3w Spo\u0142eczno\u015bciowych Local SoMe\u201923 odb\u0119dzie si\u0119 28 i&#8230;<\/p>\n","protected":false},"author":3,"featured_media":15083,"comment_status":"closed","ping_status":"closed","template":"","tags":[],"mec_category":[52],"class_list":["post-15086","mec-events","type-mec-events","status-publish","has-post-thumbnail","hentry","mec_category-fairs-events"],"yoast_head":"<!-- This site is optimized with the Yoast SEO plugin v27.4 - https:\/\/yoast.com\/product\/yoast-seo-wordpress\/ -->\n<title>II Samorz\u0105dowy Kongres Internetu i Medi\u00f3w Spo\u0142eczno\u015bciowych &#8211; Tarczy\u0144ski Arena Wroc\u0142aw<\/title>\n<meta name=\"description\" content=\"II Samorz\u0105dowy Kongres Internetu i Medi\u00f3w Spo\u0142eczno\u015bciowych Local SoMe\u201923 odb\u0119dzie si\u0119 28 i 29 listopada we Wroc\u0142awiu. To pierwsze i zarazem jedyne w\" \/>\n<meta name=\"robots\" content=\"index, follow, max-snippet:-1, max-image-preview:large, max-video-preview:-1\" \/>\n<link rel=\"canonical\" href=\"https:\/\/tarczynskiarenawroclaw.pl\/events\/trwa-rejestracja-na-ii-samorzadowy-kongres-internetu-i-mediow-spolecznosciowych\/\" \/>\n<meta property=\"og:locale\" content=\"en_US\" \/>\n<meta property=\"og:type\" content=\"article\" \/>\n<meta property=\"og:title\" content=\"II Samorz\u0105dowy Kongres Internetu i Medi\u00f3w Spo\u0142eczno\u015bciowych &#8211; Tarczy\u0144ski Arena Wroc\u0142aw\" \/>\n<meta property=\"og:description\" content=\"II Samorz\u0105dowy Kongres Internetu i Medi\u00f3w Spo\u0142eczno\u015bciowych Local SoMe\u201923 odb\u0119dzie si\u0119 28 i 29 listopada we Wroc\u0142awiu. To pierwsze i zarazem jedyne w\" \/>\n<meta property=\"og:url\" content=\"https:\/\/tarczynskiarenawroclaw.pl\/events\/trwa-rejestracja-na-ii-samorzadowy-kongres-internetu-i-mediow-spolecznosciowych\/\" \/>\n<meta property=\"og:site_name\" content=\"Tarczy\u0144ski Arena Wroc\u0142aw\" \/>\n<meta property=\"article:modified_time\" content=\"2023-11-20T11:08:27+00:00\" \/>\n<meta property=\"og:image\" content=\"https:\/\/tarczynskiarenawroclaw.pl\/wp-content\/uploads\/2023\/11\/display_webp_Local_Some_23_1_.png.webp\" \/>\n\t<meta property=\"og:image:width\" content=\"800\" \/>\n\t<meta property=\"og:image:height\" content=\"450\" \/>\n\t<meta property=\"og:image:type\" content=\"image\/webp\" \/>\n<meta name=\"twitter:card\" content=\"summary_large_image\" \/>\n<meta name=\"twitter:label1\" content=\"Est. reading time\" \/>\n\t<meta name=\"twitter:data1\" content=\"5 minutes\" \/>\n<script type=\"application\/ld+json\" class=\"yoast-schema-graph\">{\"@context\":\"https:\\\/\\\/schema.org\",\"@graph\":[{\"@type\":\"WebPage\",\"@id\":\"https:\\\/\\\/tarczynskiarenawroclaw.pl\\\/events\\\/trwa-rejestracja-na-ii-samorzadowy-kongres-internetu-i-mediow-spolecznosciowych\\\/\",\"url\":\"https:\\\/\\\/tarczynskiarenawroclaw.pl\\\/events\\\/trwa-rejestracja-na-ii-samorzadowy-kongres-internetu-i-mediow-spolecznosciowych\\\/\",\"name\":\"II Samorz\u0105dowy Kongres Internetu i Medi\u00f3w Spo\u0142eczno\u015bciowych &#8211; Tarczy\u0144ski Arena Wroc\u0142aw\",\"isPartOf\":{\"@id\":\"https:\\\/\\\/tarczynskiarenawroclaw.pl\\\/#website\"},\"primaryImageOfPage\":{\"@id\":\"https:\\\/\\\/tarczynskiarenawroclaw.pl\\\/events\\\/trwa-rejestracja-na-ii-samorzadowy-kongres-internetu-i-mediow-spolecznosciowych\\\/#primaryimage\"},\"image\":{\"@id\":\"https:\\\/\\\/tarczynskiarenawroclaw.pl\\\/events\\\/trwa-rejestracja-na-ii-samorzadowy-kongres-internetu-i-mediow-spolecznosciowych\\\/#primaryimage\"},\"thumbnailUrl\":\"https:\\\/\\\/tarczynskiarenawroclaw.pl\\\/wp-content\\\/uploads\\\/2023\\\/11\\\/display_webp_Local_Some_23_1_.png.webp\",\"datePublished\":\"2023-11-20T11:07:35+00:00\",\"dateModified\":\"2023-11-20T11:08:27+00:00\",\"description\":\"II Samorz\u0105dowy Kongres Internetu i Medi\u00f3w Spo\u0142eczno\u015bciowych Local SoMe\u201923 odb\u0119dzie si\u0119 28 i 29 listopada we Wroc\u0142awiu. To pierwsze i zarazem jedyne w\",\"breadcrumb\":{\"@id\":\"https:\\\/\\\/tarczynskiarenawroclaw.pl\\\/events\\\/trwa-rejestracja-na-ii-samorzadowy-kongres-internetu-i-mediow-spolecznosciowych\\\/#breadcrumb\"},\"inLanguage\":\"en-US\",\"potentialAction\":[{\"@type\":\"ReadAction\",\"target\":[\"https:\\\/\\\/tarczynskiarenawroclaw.pl\\\/events\\\/trwa-rejestracja-na-ii-samorzadowy-kongres-internetu-i-mediow-spolecznosciowych\\\/\"]}]},{\"@type\":\"ImageObject\",\"inLanguage\":\"en-US\",\"@id\":\"https:\\\/\\\/tarczynskiarenawroclaw.pl\\\/events\\\/trwa-rejestracja-na-ii-samorzadowy-kongres-internetu-i-mediow-spolecznosciowych\\\/#primaryimage\",\"url\":\"https:\\\/\\\/tarczynskiarenawroclaw.pl\\\/wp-content\\\/uploads\\\/2023\\\/11\\\/display_webp_Local_Some_23_1_.png.webp\",\"contentUrl\":\"https:\\\/\\\/tarczynskiarenawroclaw.pl\\\/wp-content\\\/uploads\\\/2023\\\/11\\\/display_webp_Local_Some_23_1_.png.webp\",\"width\":800,\"height\":450},{\"@type\":\"BreadcrumbList\",\"@id\":\"https:\\\/\\\/tarczynskiarenawroclaw.pl\\\/events\\\/trwa-rejestracja-na-ii-samorzadowy-kongres-internetu-i-mediow-spolecznosciowych\\\/#breadcrumb\",\"itemListElement\":[{\"@type\":\"ListItem\",\"position\":1,\"name\":\"Strona g\u0142\u00f3wna\",\"item\":\"https:\\\/\\\/tarczynskiarenawroclaw.pl\\\/en\\\/\"},{\"@type\":\"ListItem\",\"position\":2,\"name\":\"Events\",\"item\":\"https:\\\/\\\/tarczynskiarenawroclaw.pl\\\/events\\\/\"},{\"@type\":\"ListItem\",\"position\":3,\"name\":\"Fairs \\\/ Events\",\"item\":\"https:\\\/\\\/tarczynskiarenawroclaw.pl\\\/en\\\/category-events\\\/fairs-events\\\/\"},{\"@type\":\"ListItem\",\"position\":4,\"name\":\"II Samorz\u0105dowy Kongres Internetu i Medi\u00f3w Spo\u0142eczno\u015bciowych\"}]},{\"@type\":\"WebSite\",\"@id\":\"https:\\\/\\\/tarczynskiarenawroclaw.pl\\\/#website\",\"url\":\"https:\\\/\\\/tarczynskiarenawroclaw.pl\\\/\",\"name\":\"Tarczy\u0144ski Arena Wroc\u0142aw\",\"description\":\"Stadion Miejski we Wroc\u0142awiu\",\"publisher\":{\"@id\":\"https:\\\/\\\/tarczynskiarenawroclaw.pl\\\/#organization\"},\"potentialAction\":[{\"@type\":\"SearchAction\",\"target\":{\"@type\":\"EntryPoint\",\"urlTemplate\":\"https:\\\/\\\/tarczynskiarenawroclaw.pl\\\/?s={search_term_string}\"},\"query-input\":{\"@type\":\"PropertyValueSpecification\",\"valueRequired\":true,\"valueName\":\"search_term_string\"}}],\"inLanguage\":\"en-US\"},{\"@type\":\"Organization\",\"@id\":\"https:\\\/\\\/tarczynskiarenawroclaw.pl\\\/#organization\",\"name\":\"Stadion Wroc\u0142aw\",\"url\":\"https:\\\/\\\/tarczynskiarenawroclaw.pl\\\/\",\"logo\":{\"@type\":\"ImageObject\",\"inLanguage\":\"en-US\",\"@id\":\"https:\\\/\\\/tarczynskiarenawroclaw.pl\\\/#\\\/schema\\\/logo\\\/image\\\/\",\"url\":\"https:\\\/\\\/stadionwroclaw.pl\\\/wp-content\\\/uploads\\\/2021\\\/08\\\/favicon-stadion-wroclaw.png\",\"contentUrl\":\"https:\\\/\\\/stadionwroclaw.pl\\\/wp-content\\\/uploads\\\/2021\\\/08\\\/favicon-stadion-wroclaw.png\",\"width\":512,\"height\":512,\"caption\":\"Stadion Wroc\u0142aw\"},\"image\":{\"@id\":\"https:\\\/\\\/tarczynskiarenawroclaw.pl\\\/#\\\/schema\\\/logo\\\/image\\\/\"}}]}<\/script>\n<!-- \/ Yoast SEO plugin. -->","yoast_head_json":{"title":"II Samorz\u0105dowy Kongres Internetu i Medi\u00f3w Spo\u0142eczno\u015bciowych &#8211; Tarczy\u0144ski Arena Wroc\u0142aw","description":"II Samorz\u0105dowy Kongres Internetu i Medi\u00f3w Spo\u0142eczno\u015bciowych Local SoMe\u201923 odb\u0119dzie si\u0119 28 i 29 listopada we Wroc\u0142awiu. To pierwsze i zarazem jedyne w","robots":{"index":"index","follow":"follow","max-snippet":"max-snippet:-1","max-image-preview":"max-image-preview:large","max-video-preview":"max-video-preview:-1"},"canonical":"https:\/\/tarczynskiarenawroclaw.pl\/events\/trwa-rejestracja-na-ii-samorzadowy-kongres-internetu-i-mediow-spolecznosciowych\/","og_locale":"en_US","og_type":"article","og_title":"II Samorz\u0105dowy Kongres Internetu i Medi\u00f3w Spo\u0142eczno\u015bciowych &#8211; Tarczy\u0144ski Arena Wroc\u0142aw","og_description":"II Samorz\u0105dowy Kongres Internetu i Medi\u00f3w Spo\u0142eczno\u015bciowych Local SoMe\u201923 odb\u0119dzie si\u0119 28 i 29 listopada we Wroc\u0142awiu. To pierwsze i zarazem jedyne w","og_url":"https:\/\/tarczynskiarenawroclaw.pl\/events\/trwa-rejestracja-na-ii-samorzadowy-kongres-internetu-i-mediow-spolecznosciowych\/","og_site_name":"Tarczy\u0144ski Arena Wroc\u0142aw","article_modified_time":"2023-11-20T11:08:27+00:00","og_image":[{"width":800,"height":450,"url":"https:\/\/tarczynskiarenawroclaw.pl\/wp-content\/uploads\/2023\/11\/display_webp_Local_Some_23_1_.png.webp","type":"image\/webp"}],"twitter_card":"summary_large_image","twitter_misc":{"Est. reading time":"5 minutes"},"schema":{"@context":"https:\/\/schema.org","@graph":[{"@type":"WebPage","@id":"https:\/\/tarczynskiarenawroclaw.pl\/events\/trwa-rejestracja-na-ii-samorzadowy-kongres-internetu-i-mediow-spolecznosciowych\/","url":"https:\/\/tarczynskiarenawroclaw.pl\/events\/trwa-rejestracja-na-ii-samorzadowy-kongres-internetu-i-mediow-spolecznosciowych\/","name":"II Samorz\u0105dowy Kongres Internetu i Medi\u00f3w Spo\u0142eczno\u015bciowych &#8211; Tarczy\u0144ski Arena Wroc\u0142aw","isPartOf":{"@id":"https:\/\/tarczynskiarenawroclaw.pl\/#website"},"primaryImageOfPage":{"@id":"https:\/\/tarczynskiarenawroclaw.pl\/events\/trwa-rejestracja-na-ii-samorzadowy-kongres-internetu-i-mediow-spolecznosciowych\/#primaryimage"},"image":{"@id":"https:\/\/tarczynskiarenawroclaw.pl\/events\/trwa-rejestracja-na-ii-samorzadowy-kongres-internetu-i-mediow-spolecznosciowych\/#primaryimage"},"thumbnailUrl":"https:\/\/tarczynskiarenawroclaw.pl\/wp-content\/uploads\/2023\/11\/display_webp_Local_Some_23_1_.png.webp","datePublished":"2023-11-20T11:07:35+00:00","dateModified":"2023-11-20T11:08:27+00:00","description":"II Samorz\u0105dowy Kongres Internetu i Medi\u00f3w Spo\u0142eczno\u015bciowych Local SoMe\u201923 odb\u0119dzie si\u0119 28 i 29 listopada we Wroc\u0142awiu. To pierwsze i zarazem jedyne w","breadcrumb":{"@id":"https:\/\/tarczynskiarenawroclaw.pl\/events\/trwa-rejestracja-na-ii-samorzadowy-kongres-internetu-i-mediow-spolecznosciowych\/#breadcrumb"},"inLanguage":"en-US","potentialAction":[{"@type":"ReadAction","target":["https:\/\/tarczynskiarenawroclaw.pl\/events\/trwa-rejestracja-na-ii-samorzadowy-kongres-internetu-i-mediow-spolecznosciowych\/"]}]},{"@type":"ImageObject","inLanguage":"en-US","@id":"https:\/\/tarczynskiarenawroclaw.pl\/events\/trwa-rejestracja-na-ii-samorzadowy-kongres-internetu-i-mediow-spolecznosciowych\/#primaryimage","url":"https:\/\/tarczynskiarenawroclaw.pl\/wp-content\/uploads\/2023\/11\/display_webp_Local_Some_23_1_.png.webp","contentUrl":"https:\/\/tarczynskiarenawroclaw.pl\/wp-content\/uploads\/2023\/11\/display_webp_Local_Some_23_1_.png.webp","width":800,"height":450},{"@type":"BreadcrumbList","@id":"https:\/\/tarczynskiarenawroclaw.pl\/events\/trwa-rejestracja-na-ii-samorzadowy-kongres-internetu-i-mediow-spolecznosciowych\/#breadcrumb","itemListElement":[{"@type":"ListItem","position":1,"name":"Strona g\u0142\u00f3wna","item":"https:\/\/tarczynskiarenawroclaw.pl\/en\/"},{"@type":"ListItem","position":2,"name":"Events","item":"https:\/\/tarczynskiarenawroclaw.pl\/events\/"},{"@type":"ListItem","position":3,"name":"Fairs \/ Events","item":"https:\/\/tarczynskiarenawroclaw.pl\/en\/category-events\/fairs-events\/"},{"@type":"ListItem","position":4,"name":"II Samorz\u0105dowy Kongres Internetu i Medi\u00f3w Spo\u0142eczno\u015bciowych"}]},{"@type":"WebSite","@id":"https:\/\/tarczynskiarenawroclaw.pl\/#website","url":"https:\/\/tarczynskiarenawroclaw.pl\/","name":"Tarczy\u0144ski Arena Wroc\u0142aw","description":"Stadion Miejski we Wroc\u0142awiu","publisher":{"@id":"https:\/\/tarczynskiarenawroclaw.pl\/#organization"},"potentialAction":[{"@type":"SearchAction","target":{"@type":"EntryPoint","urlTemplate":"https:\/\/tarczynskiarenawroclaw.pl\/?s={search_term_string}"},"query-input":{"@type":"PropertyValueSpecification","valueRequired":true,"valueName":"search_term_string"}}],"inLanguage":"en-US"},{"@type":"Organization","@id":"https:\/\/tarczynskiarenawroclaw.pl\/#organization","name":"Stadion Wroc\u0142aw","url":"https:\/\/tarczynskiarenawroclaw.pl\/","logo":{"@type":"ImageObject","inLanguage":"en-US","@id":"https:\/\/tarczynskiarenawroclaw.pl\/#\/schema\/logo\/image\/","url":"https:\/\/stadionwroclaw.pl\/wp-content\/uploads\/2021\/08\/favicon-stadion-wroclaw.png","contentUrl":"https:\/\/stadionwroclaw.pl\/wp-content\/uploads\/2021\/08\/favicon-stadion-wroclaw.png","width":512,"height":512,"caption":"Stadion Wroc\u0142aw"},"image":{"@id":"https:\/\/tarczynskiarenawroclaw.pl\/#\/schema\/logo\/image\/"}}]}},"featured_img":"https:\/\/tarczynskiarenawroclaw.pl\/wp-content\/uploads\/2023\/11\/display_webp_Local_Some_23_1_.png-330x330.webp","coauthors":[],"author_meta":{"author_link":"https:\/\/tarczynskiarenawroclaw.pl\/en\/author\/nina-admin\/","display_name":"Nina Kolodziej"},"relative_dates":{"created":"Posted 2 years ago","modified":"Updated 2 years ago"},"absolute_dates":{"created":"Posted on 20.11.2023","modified":"Updated on 20.11.2023"},"absolute_dates_time":{"created":"Posted on 20.11.2023 12:07","modified":"Updated on 20.11.2023 12:08"},"featured_img_caption":"","tax_additional":{"post_tag":{"linked":[],"unlinked":[],"slug":"post_tag","name":"Tags"},"mec_category":{"linked":["<a href=\"https:\/\/tarczynskiarenawroclaw.pl\/en\/category-events\/fairs-events\/\" class=\"advgb-post-tax-term\">Fairs \/ Events<\/a>"],"unlinked":["<span class=\"advgb-post-tax-term\">Fairs \/ Events<\/span>"],"slug":"mec_category","name":"Categories"},"mec_label":{"linked":[],"unlinked":[],"slug":"mec_label","name":"Labels"},"mec_location":{"linked":["<a href=\"https:\/\/tarczynskiarenawroclaw.pl\/events-location\/tarczynski-arena-wroclaw\/\" class=\"advgb-post-tax-term\">Tarczy\u0144ski Arena Wroc\u0142aw<\/a>"],"unlinked":["<span class=\"advgb-post-tax-term\">Tarczy\u0144ski Arena Wroc\u0142aw<\/span>"],"slug":"mec_location","name":"Locations"},"mec_organizer":{"linked":[],"unlinked":[],"slug":"mec_organizer","name":"Organizers"}},"series_order":"","_links":{"self":[{"href":"https:\/\/tarczynskiarenawroclaw.pl\/en\/wp-json\/wp\/v2\/mec-events\/15086","targetHints":{"allow":["GET"]}}],"collection":[{"href":"https:\/\/tarczynskiarenawroclaw.pl\/en\/wp-json\/wp\/v2\/mec-events"}],"about":[{"href":"https:\/\/tarczynskiarenawroclaw.pl\/en\/wp-json\/wp\/v2\/types\/mec-events"}],"author":[{"embeddable":true,"href":"https:\/\/tarczynskiarenawroclaw.pl\/en\/wp-json\/wp\/v2\/users\/3"}],"replies":[{"embeddable":true,"href":"https:\/\/tarczynskiarenawroclaw.pl\/en\/wp-json\/wp\/v2\/comments?post=15086"}],"wp:featuredmedia":[{"embeddable":true,"href":"https:\/\/tarczynskiarenawroclaw.pl\/en\/wp-json\/wp\/v2\/media\/15083"}],"wp:attachment":[{"href":"https:\/\/tarczynskiarenawroclaw.pl\/en\/wp-json\/wp\/v2\/media?parent=15086"}],"wp:term":[{"taxonomy":"post_tag","embeddable":true,"href":"https:\/\/tarczynskiarenawroclaw.pl\/en\/wp-json\/wp\/v2\/tags?post=15086"},{"taxonomy":"mec_category","embeddable":true,"href":"https:\/\/tarczynskiarenawroclaw.pl\/en\/wp-json\/wp\/v2\/mec_category?post=15086"}],"curies":[{"name":"wp","href":"https:\/\/api.w.org\/{rel}","templated":true}]}}