{"id":15118,"date":"2023-12-03T17:14:17","date_gmt":"2023-12-03T16:14:17","guid":{"rendered":"https:\/\/tarczynskiarenawroclaw.pl\/?post_type=mec-events&#038;p=15118"},"modified":"2023-12-03T17:14:22","modified_gmt":"2023-12-03T16:14:22","slug":"magiczne-spotkanie-ze-swietym-mikolajem","status":"publish","type":"mec-events","link":"https:\/\/tarczynskiarenawroclaw.pl\/en\/events\/magiczne-spotkanie-ze-swietym-mikolajem\/","title":{"rendered":"Magiczne spotkanie ze \u015awi\u0119tym Miko\u0142ajem"},"content":{"rendered":"\n<p>Serdecznie zapraszamy wszystkie dzieci z rodzinami na niezapomniane chwile pe\u0142ne rado\u015bci i magii \u015bwi\u0105t! Przygotujcie si\u0119 na radosne \u015blizganie, u\u015bmiechy i s\u0142odkie niespodzianki od samego \u015awi\u0119tego Miko\u0142aja!\u00a0<img loading=\"lazy\" decoding=\"async\" height=\"16\" width=\"16\" src=\"https:\/\/static.xx.fbcdn.net\/images\/emoji.php\/v9\/tdd\/1.5\/16\/1f381.png\" alt=\"\ud83c\udf81\"><img loading=\"lazy\" decoding=\"async\" height=\"16\" width=\"16\" src=\"https:\/\/static.xx.fbcdn.net\/images\/emoji.php\/v9\/tb5\/1.5\/16\/2744.png\" alt=\"\u2744\ufe0f\"><\/p>\n\n\n\n<ul class=\"wp-block-list\">\n<li>Data: 6 grudnia 2023<\/li>\n\n\n\n<li>15:00 &#8211; 18:00<\/li>\n\n\n\n<li>Lodowisko Tarczy\u0144ski Arena, Wroc\u0142aw<\/li>\n<\/ul>\n\n\n\n<p>Podczas spotkania z Miko\u0142ajem b\u0119dzie towarzyszy\u0142o nam Radio Eska, kt\u00f3re u\u015bwietni ca\u0142e wydarzenie.<\/p>\n\n\n\n<p><img loading=\"lazy\" decoding=\"async\" height=\"16\" width=\"16\" alt=\"\ud83e\udd73\" src=\"https:\/\/static.xx.fbcdn.net\/images\/emoji.php\/v9\/tc6\/1.5\/16\/1f973.png\">&nbsp;Atrakcje Dla Dzieci:<\/p>\n\n\n\n<ul class=\"wp-block-list\">\n<li>\u015alizganie na lodowisku ze \u015awi\u0119tym Miko\u0142ajem<\/li>\n\n\n\n<li>Spotkanie z uroczymi Gryzzalami<\/li>\n\n\n\n<li>S\u0142odkie upominki dla najm\u0142odszych<\/li>\n<\/ul>\n\n\n\n<p>Niech to b\u0119dzie magiczny czas dla Waszych najm\u0142odszych!\u00a0<\/p>\n","protected":false},"excerpt":{"rendered":"<p>Serdecznie zapraszamy wszystkie dzieci z rodzinami na niezapomniane chwile pe\u0142ne rado\u015bci i magii&#8230;<\/p>\n","protected":false},"author":3,"featured_media":15119,"comment_status":"closed","ping_status":"closed","template":"","tags":[],"mec_category":[51],"class_list":["post-15118","mec-events","type-mec-events","status-publish","has-post-thumbnail","hentry","mec_category-sport-en"],"yoast_head":"<!-- This site is optimized with the Yoast SEO plugin v27.4 - https:\/\/yoast.com\/product\/yoast-seo-wordpress\/ -->\n<title>Magiczne spotkanie ze \u015awi\u0119tym Miko\u0142ajem &#8211; Tarczy\u0144ski Arena Wroc\u0142aw<\/title>\n<meta name=\"description\" content=\"Serdecznie zapraszamy wszystkie dzieci z rodzinami na niezapomniane chwile pe\u0142ne rado\u015bci i magii \u015bwi\u0105t! Przygotujcie si\u0119 na radosne \u015blizganie, u\u015bmiechy i\" \/>\n<meta name=\"robots\" content=\"index, follow, max-snippet:-1, max-image-preview:large, max-video-preview:-1\" \/>\n<link rel=\"canonical\" href=\"https:\/\/tarczynskiarenawroclaw.pl\/events\/magiczne-spotkanie-ze-swietym-mikolajem\/\" \/>\n<meta property=\"og:locale\" content=\"en_US\" \/>\n<meta property=\"og:type\" content=\"article\" \/>\n<meta property=\"og:title\" content=\"Magiczne spotkanie ze \u015awi\u0119tym Miko\u0142ajem &#8211; Tarczy\u0144ski Arena Wroc\u0142aw\" \/>\n<meta property=\"og:description\" content=\"Serdecznie zapraszamy wszystkie dzieci z rodzinami na niezapomniane chwile pe\u0142ne rado\u015bci i magii \u015bwi\u0105t! Przygotujcie si\u0119 na radosne \u015blizganie, u\u015bmiechy i\" \/>\n<meta property=\"og:url\" content=\"https:\/\/tarczynskiarenawroclaw.pl\/events\/magiczne-spotkanie-ze-swietym-mikolajem\/\" \/>\n<meta property=\"og:site_name\" content=\"Tarczy\u0144ski Arena Wroc\u0142aw\" \/>\n<meta property=\"article:modified_time\" content=\"2023-12-03T16:14:22+00:00\" \/>\n<meta property=\"og:image\" content=\"https:\/\/tarczynskiarenawroclaw.pl\/wp-content\/uploads\/2023\/12\/wymiar-tla-wydarzenia-na-FB.png\" \/>\n\t<meta property=\"og:image:width\" content=\"1200\" \/>\n\t<meta property=\"og:image:height\" content=\"628\" \/>\n\t<meta property=\"og:image:type\" content=\"image\/png\" \/>\n<meta name=\"twitter:card\" content=\"summary_large_image\" \/>\n<meta name=\"twitter:label1\" content=\"Est. reading time\" \/>\n\t<meta name=\"twitter:data1\" content=\"2 minutes\" \/>\n<script type=\"application\/ld+json\" class=\"yoast-schema-graph\">{\"@context\":\"https:\\\/\\\/schema.org\",\"@graph\":[{\"@type\":\"WebPage\",\"@id\":\"https:\\\/\\\/tarczynskiarenawroclaw.pl\\\/events\\\/magiczne-spotkanie-ze-swietym-mikolajem\\\/\",\"url\":\"https:\\\/\\\/tarczynskiarenawroclaw.pl\\\/events\\\/magiczne-spotkanie-ze-swietym-mikolajem\\\/\",\"name\":\"Magiczne spotkanie ze \u015awi\u0119tym Miko\u0142ajem &#8211; Tarczy\u0144ski Arena Wroc\u0142aw\",\"isPartOf\":{\"@id\":\"https:\\\/\\\/tarczynskiarenawroclaw.pl\\\/#website\"},\"primaryImageOfPage\":{\"@id\":\"https:\\\/\\\/tarczynskiarenawroclaw.pl\\\/events\\\/magiczne-spotkanie-ze-swietym-mikolajem\\\/#primaryimage\"},\"image\":{\"@id\":\"https:\\\/\\\/tarczynskiarenawroclaw.pl\\\/events\\\/magiczne-spotkanie-ze-swietym-mikolajem\\\/#primaryimage\"},\"thumbnailUrl\":\"https:\\\/\\\/tarczynskiarenawroclaw.pl\\\/wp-content\\\/uploads\\\/2023\\\/12\\\/wymiar-tla-wydarzenia-na-FB.png\",\"datePublished\":\"2023-12-03T16:14:17+00:00\",\"dateModified\":\"2023-12-03T16:14:22+00:00\",\"description\":\"Serdecznie zapraszamy wszystkie dzieci z rodzinami na niezapomniane chwile pe\u0142ne rado\u015bci i magii \u015bwi\u0105t! Przygotujcie si\u0119 na radosne \u015blizganie, u\u015bmiechy i\",\"breadcrumb\":{\"@id\":\"https:\\\/\\\/tarczynskiarenawroclaw.pl\\\/events\\\/magiczne-spotkanie-ze-swietym-mikolajem\\\/#breadcrumb\"},\"inLanguage\":\"en-US\",\"potentialAction\":[{\"@type\":\"ReadAction\",\"target\":[\"https:\\\/\\\/tarczynskiarenawroclaw.pl\\\/events\\\/magiczne-spotkanie-ze-swietym-mikolajem\\\/\"]}]},{\"@type\":\"ImageObject\",\"inLanguage\":\"en-US\",\"@id\":\"https:\\\/\\\/tarczynskiarenawroclaw.pl\\\/events\\\/magiczne-spotkanie-ze-swietym-mikolajem\\\/#primaryimage\",\"url\":\"https:\\\/\\\/tarczynskiarenawroclaw.pl\\\/wp-content\\\/uploads\\\/2023\\\/12\\\/wymiar-tla-wydarzenia-na-FB.png\",\"contentUrl\":\"https:\\\/\\\/tarczynskiarenawroclaw.pl\\\/wp-content\\\/uploads\\\/2023\\\/12\\\/wymiar-tla-wydarzenia-na-FB.png\",\"width\":1200,\"height\":628},{\"@type\":\"BreadcrumbList\",\"@id\":\"https:\\\/\\\/tarczynskiarenawroclaw.pl\\\/events\\\/magiczne-spotkanie-ze-swietym-mikolajem\\\/#breadcrumb\",\"itemListElement\":[{\"@type\":\"ListItem\",\"position\":1,\"name\":\"Strona g\u0142\u00f3wna\",\"item\":\"https:\\\/\\\/tarczynskiarenawroclaw.pl\\\/en\\\/\"},{\"@type\":\"ListItem\",\"position\":2,\"name\":\"Events\",\"item\":\"https:\\\/\\\/tarczynskiarenawroclaw.pl\\\/events\\\/\"},{\"@type\":\"ListItem\",\"position\":3,\"name\":\"Sport\",\"item\":\"https:\\\/\\\/tarczynskiarenawroclaw.pl\\\/en\\\/category-events\\\/sport-en\\\/\"},{\"@type\":\"ListItem\",\"position\":4,\"name\":\"Magiczne spotkanie ze \u015awi\u0119tym Miko\u0142ajem\"}]},{\"@type\":\"WebSite\",\"@id\":\"https:\\\/\\\/tarczynskiarenawroclaw.pl\\\/#website\",\"url\":\"https:\\\/\\\/tarczynskiarenawroclaw.pl\\\/\",\"name\":\"Tarczy\u0144ski Arena Wroc\u0142aw\",\"description\":\"Stadion Miejski we Wroc\u0142awiu\",\"publisher\":{\"@id\":\"https:\\\/\\\/tarczynskiarenawroclaw.pl\\\/#organization\"},\"potentialAction\":[{\"@type\":\"SearchAction\",\"target\":{\"@type\":\"EntryPoint\",\"urlTemplate\":\"https:\\\/\\\/tarczynskiarenawroclaw.pl\\\/?s={search_term_string}\"},\"query-input\":{\"@type\":\"PropertyValueSpecification\",\"valueRequired\":true,\"valueName\":\"search_term_string\"}}],\"inLanguage\":\"en-US\"},{\"@type\":\"Organization\",\"@id\":\"https:\\\/\\\/tarczynskiarenawroclaw.pl\\\/#organization\",\"name\":\"Stadion Wroc\u0142aw\",\"url\":\"https:\\\/\\\/tarczynskiarenawroclaw.pl\\\/\",\"logo\":{\"@type\":\"ImageObject\",\"inLanguage\":\"en-US\",\"@id\":\"https:\\\/\\\/tarczynskiarenawroclaw.pl\\\/#\\\/schema\\\/logo\\\/image\\\/\",\"url\":\"https:\\\/\\\/stadionwroclaw.pl\\\/wp-content\\\/uploads\\\/2021\\\/08\\\/favicon-stadion-wroclaw.png\",\"contentUrl\":\"https:\\\/\\\/stadionwroclaw.pl\\\/wp-content\\\/uploads\\\/2021\\\/08\\\/favicon-stadion-wroclaw.png\",\"width\":512,\"height\":512,\"caption\":\"Stadion Wroc\u0142aw\"},\"image\":{\"@id\":\"https:\\\/\\\/tarczynskiarenawroclaw.pl\\\/#\\\/schema\\\/logo\\\/image\\\/\"}}]}<\/script>\n<!-- \/ Yoast SEO plugin. -->","yoast_head_json":{"title":"Magiczne spotkanie ze \u015awi\u0119tym Miko\u0142ajem &#8211; Tarczy\u0144ski Arena Wroc\u0142aw","description":"Serdecznie zapraszamy wszystkie dzieci z rodzinami na niezapomniane chwile pe\u0142ne rado\u015bci i magii \u015bwi\u0105t! Przygotujcie si\u0119 na radosne \u015blizganie, u\u015bmiechy i","robots":{"index":"index","follow":"follow","max-snippet":"max-snippet:-1","max-image-preview":"max-image-preview:large","max-video-preview":"max-video-preview:-1"},"canonical":"https:\/\/tarczynskiarenawroclaw.pl\/events\/magiczne-spotkanie-ze-swietym-mikolajem\/","og_locale":"en_US","og_type":"article","og_title":"Magiczne spotkanie ze \u015awi\u0119tym Miko\u0142ajem &#8211; Tarczy\u0144ski Arena Wroc\u0142aw","og_description":"Serdecznie zapraszamy wszystkie dzieci z rodzinami na niezapomniane chwile pe\u0142ne rado\u015bci i magii \u015bwi\u0105t! Przygotujcie si\u0119 na radosne \u015blizganie, u\u015bmiechy i","og_url":"https:\/\/tarczynskiarenawroclaw.pl\/events\/magiczne-spotkanie-ze-swietym-mikolajem\/","og_site_name":"Tarczy\u0144ski Arena Wroc\u0142aw","article_modified_time":"2023-12-03T16:14:22+00:00","og_image":[{"width":1200,"height":628,"url":"https:\/\/tarczynskiarenawroclaw.pl\/wp-content\/uploads\/2023\/12\/wymiar-tla-wydarzenia-na-FB.png","type":"image\/png"}],"twitter_card":"summary_large_image","twitter_misc":{"Est. reading time":"2 minutes"},"schema":{"@context":"https:\/\/schema.org","@graph":[{"@type":"WebPage","@id":"https:\/\/tarczynskiarenawroclaw.pl\/events\/magiczne-spotkanie-ze-swietym-mikolajem\/","url":"https:\/\/tarczynskiarenawroclaw.pl\/events\/magiczne-spotkanie-ze-swietym-mikolajem\/","name":"Magiczne spotkanie ze \u015awi\u0119tym Miko\u0142ajem &#8211; Tarczy\u0144ski Arena Wroc\u0142aw","isPartOf":{"@id":"https:\/\/tarczynskiarenawroclaw.pl\/#website"},"primaryImageOfPage":{"@id":"https:\/\/tarczynskiarenawroclaw.pl\/events\/magiczne-spotkanie-ze-swietym-mikolajem\/#primaryimage"},"image":{"@id":"https:\/\/tarczynskiarenawroclaw.pl\/events\/magiczne-spotkanie-ze-swietym-mikolajem\/#primaryimage"},"thumbnailUrl":"https:\/\/tarczynskiarenawroclaw.pl\/wp-content\/uploads\/2023\/12\/wymiar-tla-wydarzenia-na-FB.png","datePublished":"2023-12-03T16:14:17+00:00","dateModified":"2023-12-03T16:14:22+00:00","description":"Serdecznie zapraszamy wszystkie dzieci z rodzinami na niezapomniane chwile pe\u0142ne rado\u015bci i magii \u015bwi\u0105t! Przygotujcie si\u0119 na radosne \u015blizganie, u\u015bmiechy i","breadcrumb":{"@id":"https:\/\/tarczynskiarenawroclaw.pl\/events\/magiczne-spotkanie-ze-swietym-mikolajem\/#breadcrumb"},"inLanguage":"en-US","potentialAction":[{"@type":"ReadAction","target":["https:\/\/tarczynskiarenawroclaw.pl\/events\/magiczne-spotkanie-ze-swietym-mikolajem\/"]}]},{"@type":"ImageObject","inLanguage":"en-US","@id":"https:\/\/tarczynskiarenawroclaw.pl\/events\/magiczne-spotkanie-ze-swietym-mikolajem\/#primaryimage","url":"https:\/\/tarczynskiarenawroclaw.pl\/wp-content\/uploads\/2023\/12\/wymiar-tla-wydarzenia-na-FB.png","contentUrl":"https:\/\/tarczynskiarenawroclaw.pl\/wp-content\/uploads\/2023\/12\/wymiar-tla-wydarzenia-na-FB.png","width":1200,"height":628},{"@type":"BreadcrumbList","@id":"https:\/\/tarczynskiarenawroclaw.pl\/events\/magiczne-spotkanie-ze-swietym-mikolajem\/#breadcrumb","itemListElement":[{"@type":"ListItem","position":1,"name":"Strona g\u0142\u00f3wna","item":"https:\/\/tarczynskiarenawroclaw.pl\/en\/"},{"@type":"ListItem","position":2,"name":"Events","item":"https:\/\/tarczynskiarenawroclaw.pl\/events\/"},{"@type":"ListItem","position":3,"name":"Sport","item":"https:\/\/tarczynskiarenawroclaw.pl\/en\/category-events\/sport-en\/"},{"@type":"ListItem","position":4,"name":"Magiczne spotkanie ze \u015awi\u0119tym Miko\u0142ajem"}]},{"@type":"WebSite","@id":"https:\/\/tarczynskiarenawroclaw.pl\/#website","url":"https:\/\/tarczynskiarenawroclaw.pl\/","name":"Tarczy\u0144ski Arena Wroc\u0142aw","description":"Stadion Miejski we Wroc\u0142awiu","publisher":{"@id":"https:\/\/tarczynskiarenawroclaw.pl\/#organization"},"potentialAction":[{"@type":"SearchAction","target":{"@type":"EntryPoint","urlTemplate":"https:\/\/tarczynskiarenawroclaw.pl\/?s={search_term_string}"},"query-input":{"@type":"PropertyValueSpecification","valueRequired":true,"valueName":"search_term_string"}}],"inLanguage":"en-US"},{"@type":"Organization","@id":"https:\/\/tarczynskiarenawroclaw.pl\/#organization","name":"Stadion Wroc\u0142aw","url":"https:\/\/tarczynskiarenawroclaw.pl\/","logo":{"@type":"ImageObject","inLanguage":"en-US","@id":"https:\/\/tarczynskiarenawroclaw.pl\/#\/schema\/logo\/image\/","url":"https:\/\/stadionwroclaw.pl\/wp-content\/uploads\/2021\/08\/favicon-stadion-wroclaw.png","contentUrl":"https:\/\/stadionwroclaw.pl\/wp-content\/uploads\/2021\/08\/favicon-stadion-wroclaw.png","width":512,"height":512,"caption":"Stadion Wroc\u0142aw"},"image":{"@id":"https:\/\/tarczynskiarenawroclaw.pl\/#\/schema\/logo\/image\/"}}]}},"featured_img":"https:\/\/tarczynskiarenawroclaw.pl\/wp-content\/uploads\/2023\/12\/wymiar-tla-wydarzenia-na-FB-330x330.png","coauthors":[],"author_meta":{"author_link":"https:\/\/tarczynskiarenawroclaw.pl\/en\/author\/nina-admin\/","display_name":"Nina Kolodziej"},"relative_dates":{"created":"Posted 2 years ago","modified":"Updated 2 years ago"},"absolute_dates":{"created":"Posted on 03.12.2023","modified":"Updated on 03.12.2023"},"absolute_dates_time":{"created":"Posted on 03.12.2023 17:14","modified":"Updated on 03.12.2023 17:14"},"featured_img_caption":"","tax_additional":{"post_tag":{"linked":[],"unlinked":[],"slug":"post_tag","name":"Tags"},"mec_category":{"linked":["<a href=\"https:\/\/tarczynskiarenawroclaw.pl\/en\/category-events\/sport-en\/\" class=\"advgb-post-tax-term\">Sport<\/a>"],"unlinked":["<span class=\"advgb-post-tax-term\">Sport<\/span>"],"slug":"mec_category","name":"Categories"},"mec_label":{"linked":[],"unlinked":[],"slug":"mec_label","name":"Labels"},"mec_location":{"linked":["<a href=\"https:\/\/tarczynskiarenawroclaw.pl\/events-location\/tarczynski-arena-wroclaw\/\" class=\"advgb-post-tax-term\">Tarczy\u0144ski Arena Wroc\u0142aw<\/a>"],"unlinked":["<span class=\"advgb-post-tax-term\">Tarczy\u0144ski Arena Wroc\u0142aw<\/span>"],"slug":"mec_location","name":"Locations"},"mec_organizer":{"linked":[],"unlinked":[],"slug":"mec_organizer","name":"Organizers"}},"series_order":"","_links":{"self":[{"href":"https:\/\/tarczynskiarenawroclaw.pl\/en\/wp-json\/wp\/v2\/mec-events\/15118","targetHints":{"allow":["GET"]}}],"collection":[{"href":"https:\/\/tarczynskiarenawroclaw.pl\/en\/wp-json\/wp\/v2\/mec-events"}],"about":[{"href":"https:\/\/tarczynskiarenawroclaw.pl\/en\/wp-json\/wp\/v2\/types\/mec-events"}],"author":[{"embeddable":true,"href":"https:\/\/tarczynskiarenawroclaw.pl\/en\/wp-json\/wp\/v2\/users\/3"}],"replies":[{"embeddable":true,"href":"https:\/\/tarczynskiarenawroclaw.pl\/en\/wp-json\/wp\/v2\/comments?post=15118"}],"wp:featuredmedia":[{"embeddable":true,"href":"https:\/\/tarczynskiarenawroclaw.pl\/en\/wp-json\/wp\/v2\/media\/15119"}],"wp:attachment":[{"href":"https:\/\/tarczynskiarenawroclaw.pl\/en\/wp-json\/wp\/v2\/media?parent=15118"}],"wp:term":[{"taxonomy":"post_tag","embeddable":true,"href":"https:\/\/tarczynskiarenawroclaw.pl\/en\/wp-json\/wp\/v2\/tags?post=15118"},{"taxonomy":"mec_category","embeddable":true,"href":"https:\/\/tarczynskiarenawroclaw.pl\/en\/wp-json\/wp\/v2\/mec_category?post=15118"}],"curies":[{"name":"wp","href":"https:\/\/api.w.org\/{rel}","templated":true}]}}