{"id":15218,"date":"2023-12-29T14:19:38","date_gmt":"2023-12-29T13:19:38","guid":{"rendered":"https:\/\/tarczynskiarenawroclaw.pl\/?post_type=mec-events&#038;p=15218"},"modified":"2024-06-05T10:50:49","modified_gmt":"2024-06-05T08:50:49","slug":"dawid-podsiadlo-oglasza-siodmy-stadionowy-koncert-na-trasie-watpie-ze-kiedykolwiek-w-moim-zyciu-czekal-mnie-bedzie-taki-miesiac-jak-czerwiec-2024","status":"publish","type":"mec-events","link":"https:\/\/tarczynskiarenawroclaw.pl\/en\/events\/dawid-podsiadlo-oglasza-siodmy-stadionowy-koncert-na-trasie-watpie-ze-kiedykolwiek-w-moim-zyciu-czekal-mnie-bedzie-taki-miesiac-jak-czerwiec-2024\/","title":{"rendered":"Dawid Podsiad\u0142o og\u0142asza si\u00f3dmy stadionowy koncert na trasie! \u201eW\u0105tpi\u0119, \u017ce kiedykolwiek w moim \u017cyciu, czeka\u0142 mnie b\u0119dzie taki miesi\u0105c, jak czerwiec 2024\u201d"},"content":{"rendered":"\n<p><strong>Dawid Podsiad\u0142o postanowi\u0142 zrobi\u0107 swoim fanom wyj\u0105tkowy \u015bwi\u0105teczny prezent i og\u0142osi\u0142 kolejny stadionowy koncert. 8 czerwca 2024 wyst\u0105pi na Tarczy\u0144ski Arena we Wroc\u0142awiu. Sprzeda\u017c bilet\u00f3w na wydarzenie wystartuje 22 grudnia o 11.00.<\/strong><\/p>\n\n\n\n<p>\u2013&nbsp;<em>Idzie ten koniec roku. Jestem ju\u017c w \u015bwi\u0105tecznym nastroju, my\u015bl\u0119 sobie o wszystkim, co si\u0119 dzia\u0142o i dzieje. Jakie\u015b takie wiecie, podsumowania. 10 lat ju\u017c jeste\u015bmy razem \u2013&nbsp;<\/em>m\u00f3wi Dawid Podsiad\u0142o<em>. \u2013 Co b\u0119dzie dalej, ci\u0119\u017cko powiedzie\u0107. Natomiast prze\u017cyli\u015bmy razem bardzo wiele szalonych rzeczy, z roku na rok, mam wra\u017cenie, \u017ce skala tych rzeczy tylko ros\u0142a. Trudno wi\u0119c nie mie\u0107 wra\u017cenia, \u017ce limit szcz\u0119\u015bcia i pomy\u015blno\u015bci w jakim\u015b sensie dociera do swojej granicy. Ale absolutnie nie zamierzamy zwalnia\u0107 tempa i w\u0105tpi\u0119, \u017ce kiedykolwiek w moim \u017cyciu, czeka\u0142 mnie b\u0119dzie taki miesi\u0105c, jak czerwiec 2024&nbsp;<\/em>\u2013 dodaje.<\/p>\n\n\n\n<p>Wiosenna trasa stadionowa Dawida Podsiad\u0142o b\u0119dzie mia\u0142a jeszcze jeden przystanek. Po wyprzedaniu pi\u0119ciu koncert\u00f3w na stadionach w Gda\u0144sku, Poznaniu i Chorzowie, artysta postanowi\u0142 odwiedzi\u0107 jeszcze Wroc\u0142aw. Na Dolnym \u015al\u0105sku wyst\u0105pi 8 czerwca 2024 roku. Sprzeda\u017c bilet\u00f3w na wroc\u0142awski koncert wystartuje 22 grudnia br. o godz. 11.00 w&nbsp;serwisie eBilet.pl.<\/p>\n\n\n\n<p>Wszystkie zaplanowane na przysz\u0142y rok koncerty odb\u0119d\u0105 si\u0119 w wyj\u0105tkowej formule, na scenie 360 stopni, kt\u00f3ra sw\u00f3j debiut mia\u0142a podczas sierpniowego koncertu na PGE Narodowym.<\/p>\n\n\n\n<p>Trasa stadionowa w przysz\u0142ym roku zawita do czterech miast:<\/p>\n\n\n\n<ul class=\"wp-block-list\">\n<li>01.06.2024 i 02.06.2024 Gda\u0144sk \u2013 Polsat Plus Arena Gda\u0144sk<\/li>\n\n\n\n<li>08.06.2024 Wroc\u0142aw \u2013 Tarczy\u0144ski Arena Wroc\u0142aw<\/li>\n\n\n\n<li>15.06.2024 i 16.06.2024 Pozna\u0144 \u2013 Enea Stadion<\/li>\n\n\n\n<li>22.06.2024 i 23.06.2024 Chorz\u00f3w \u2013 Stadion \u015al\u0105ski<\/li>\n<\/ul>\n\n\n\n<p>Informator koncertowy:<a href=\"https:\/\/tarczynskiarenawroclaw.pl\/dawidpodsiadlo\/\"> https:\/\/tarczynskiarenawroclaw.pl\/dawidpodsiadlo\/<\/a><\/p>\n\n\n\n<p>Wi\u0119cej informacji:&nbsp;<a href=\"http:\/\/www.ebilet.pl\/dawidpodsiadlo\">http:\/\/www.ebilet.pl\/dawidpodsiadlo<\/a><\/p>\n\n\n\n<p>Partnerem strategicznym trasy jest: Bank Credit Agricole<br>Partnerami koncert\u00f3w s\u0105: Polsat Plus Arena Gda\u0144sk, Tarczy\u0144ski Arena Wroc\u0142aw, Enea Stadion, Stadion \u015al\u0105ski<br>Organizatorzy: MUZK, East Eventz<\/p>\n","protected":false},"excerpt":{"rendered":"<p>Dawid Podsiad\u0142o postanowi\u0142 zrobi\u0107 swoim fanom wyj\u0105tkowy \u015bwi\u0105teczny prezent i og\u0142osi\u0142 kolejny stadionowy&#8230;<\/p>\n","protected":false},"author":3,"featured_media":15163,"comment_status":"closed","ping_status":"closed","template":"","tags":[],"mec_category":[52,37],"class_list":["post-15218","mec-events","type-mec-events","status-publish","has-post-thumbnail","hentry","mec_category-fairs-events","mec_category-top-event-en"],"yoast_head":"<!-- This site is optimized with the Yoast SEO plugin v27.4 - https:\/\/yoast.com\/product\/yoast-seo-wordpress\/ -->\n<title>Dawid Podsiad\u0142o og\u0142asza si\u00f3dmy stadionowy koncert na trasie! \u201eW\u0105tpi\u0119, \u017ce kiedykolwiek w moim \u017cyciu, czeka\u0142 mnie b\u0119dzie taki miesi\u0105c, jak czerwiec 2024\u201d &#8211; Tarczy\u0144ski Arena Wroc\u0142aw<\/title>\n<meta name=\"description\" content=\"Dawid Podsiad\u0142o postanowi\u0142 zrobi\u0107 swoim fanom wyj\u0105tkowy \u015bwi\u0105teczny prezent i og\u0142osi\u0142 kolejny stadionowy koncert. 8 czerwca 2024 wyst\u0105pi na Tarczy\u0144ski\" \/>\n<meta name=\"robots\" content=\"index, follow, max-snippet:-1, max-image-preview:large, max-video-preview:-1\" \/>\n<link rel=\"canonical\" href=\"https:\/\/tarczynskiarenawroclaw.pl\/events\/dawid-podsiadlo-oglasza-siodmy-stadionowy-koncert-na-trasie-watpie-ze-kiedykolwiek-w-moim-zyciu-czekal-mnie-bedzie-taki-miesiac-jak-czerwiec-2024\/\" \/>\n<meta property=\"og:locale\" content=\"en_US\" \/>\n<meta property=\"og:type\" content=\"article\" \/>\n<meta property=\"og:title\" content=\"Dawid Podsiad\u0142o og\u0142asza si\u00f3dmy stadionowy koncert na trasie! \u201eW\u0105tpi\u0119, \u017ce kiedykolwiek w moim \u017cyciu, czeka\u0142 mnie b\u0119dzie taki miesi\u0105c, jak czerwiec 2024\u201d &#8211; Tarczy\u0144ski Arena Wroc\u0142aw\" \/>\n<meta property=\"og:description\" content=\"Dawid Podsiad\u0142o postanowi\u0142 zrobi\u0107 swoim fanom wyj\u0105tkowy \u015bwi\u0105teczny prezent i og\u0142osi\u0142 kolejny stadionowy koncert. 8 czerwca 2024 wyst\u0105pi na Tarczy\u0144ski\" \/>\n<meta property=\"og:url\" content=\"https:\/\/tarczynskiarenawroclaw.pl\/events\/dawid-podsiadlo-oglasza-siodmy-stadionowy-koncert-na-trasie-watpie-ze-kiedykolwiek-w-moim-zyciu-czekal-mnie-bedzie-taki-miesiac-jak-czerwiec-2024\/\" \/>\n<meta property=\"og:site_name\" content=\"Tarczy\u0144ski Arena Wroc\u0142aw\" \/>\n<meta property=\"article:modified_time\" content=\"2024-06-05T08:50:49+00:00\" \/>\n<meta property=\"og:image\" content=\"https:\/\/tarczynskiarenawroclaw.pl\/wp-content\/uploads\/2023\/12\/1080x1080-OCo-2.png\" \/>\n\t<meta property=\"og:image:width\" content=\"1080\" \/>\n\t<meta property=\"og:image:height\" content=\"1080\" \/>\n\t<meta property=\"og:image:type\" content=\"image\/png\" \/>\n<meta name=\"twitter:card\" content=\"summary_large_image\" \/>\n<meta name=\"twitter:label1\" content=\"Est. reading time\" \/>\n\t<meta name=\"twitter:data1\" content=\"2 minutes\" \/>\n<script type=\"application\/ld+json\" class=\"yoast-schema-graph\">{\"@context\":\"https:\\\/\\\/schema.org\",\"@graph\":[{\"@type\":\"WebPage\",\"@id\":\"https:\\\/\\\/tarczynskiarenawroclaw.pl\\\/events\\\/dawid-podsiadlo-oglasza-siodmy-stadionowy-koncert-na-trasie-watpie-ze-kiedykolwiek-w-moim-zyciu-czekal-mnie-bedzie-taki-miesiac-jak-czerwiec-2024\\\/\",\"url\":\"https:\\\/\\\/tarczynskiarenawroclaw.pl\\\/events\\\/dawid-podsiadlo-oglasza-siodmy-stadionowy-koncert-na-trasie-watpie-ze-kiedykolwiek-w-moim-zyciu-czekal-mnie-bedzie-taki-miesiac-jak-czerwiec-2024\\\/\",\"name\":\"Dawid Podsiad\u0142o og\u0142asza si\u00f3dmy stadionowy koncert na trasie! \u201eW\u0105tpi\u0119, \u017ce kiedykolwiek w moim \u017cyciu, czeka\u0142 mnie b\u0119dzie taki miesi\u0105c, jak czerwiec 2024\u201d &#8211; Tarczy\u0144ski Arena Wroc\u0142aw\",\"isPartOf\":{\"@id\":\"https:\\\/\\\/tarczynskiarenawroclaw.pl\\\/#website\"},\"primaryImageOfPage\":{\"@id\":\"https:\\\/\\\/tarczynskiarenawroclaw.pl\\\/events\\\/dawid-podsiadlo-oglasza-siodmy-stadionowy-koncert-na-trasie-watpie-ze-kiedykolwiek-w-moim-zyciu-czekal-mnie-bedzie-taki-miesiac-jak-czerwiec-2024\\\/#primaryimage\"},\"image\":{\"@id\":\"https:\\\/\\\/tarczynskiarenawroclaw.pl\\\/events\\\/dawid-podsiadlo-oglasza-siodmy-stadionowy-koncert-na-trasie-watpie-ze-kiedykolwiek-w-moim-zyciu-czekal-mnie-bedzie-taki-miesiac-jak-czerwiec-2024\\\/#primaryimage\"},\"thumbnailUrl\":\"https:\\\/\\\/tarczynskiarenawroclaw.pl\\\/wp-content\\\/uploads\\\/2023\\\/12\\\/1080x1080-OCo-2.png\",\"datePublished\":\"2023-12-29T13:19:38+00:00\",\"dateModified\":\"2024-06-05T08:50:49+00:00\",\"description\":\"Dawid Podsiad\u0142o postanowi\u0142 zrobi\u0107 swoim fanom wyj\u0105tkowy \u015bwi\u0105teczny prezent i og\u0142osi\u0142 kolejny stadionowy koncert. 8 czerwca 2024 wyst\u0105pi na Tarczy\u0144ski\",\"breadcrumb\":{\"@id\":\"https:\\\/\\\/tarczynskiarenawroclaw.pl\\\/events\\\/dawid-podsiadlo-oglasza-siodmy-stadionowy-koncert-na-trasie-watpie-ze-kiedykolwiek-w-moim-zyciu-czekal-mnie-bedzie-taki-miesiac-jak-czerwiec-2024\\\/#breadcrumb\"},\"inLanguage\":\"en-US\",\"potentialAction\":[{\"@type\":\"ReadAction\",\"target\":[\"https:\\\/\\\/tarczynskiarenawroclaw.pl\\\/events\\\/dawid-podsiadlo-oglasza-siodmy-stadionowy-koncert-na-trasie-watpie-ze-kiedykolwiek-w-moim-zyciu-czekal-mnie-bedzie-taki-miesiac-jak-czerwiec-2024\\\/\"]}]},{\"@type\":\"ImageObject\",\"inLanguage\":\"en-US\",\"@id\":\"https:\\\/\\\/tarczynskiarenawroclaw.pl\\\/events\\\/dawid-podsiadlo-oglasza-siodmy-stadionowy-koncert-na-trasie-watpie-ze-kiedykolwiek-w-moim-zyciu-czekal-mnie-bedzie-taki-miesiac-jak-czerwiec-2024\\\/#primaryimage\",\"url\":\"https:\\\/\\\/tarczynskiarenawroclaw.pl\\\/wp-content\\\/uploads\\\/2023\\\/12\\\/1080x1080-OCo-2.png\",\"contentUrl\":\"https:\\\/\\\/tarczynskiarenawroclaw.pl\\\/wp-content\\\/uploads\\\/2023\\\/12\\\/1080x1080-OCo-2.png\",\"width\":1080,\"height\":1080},{\"@type\":\"BreadcrumbList\",\"@id\":\"https:\\\/\\\/tarczynskiarenawroclaw.pl\\\/events\\\/dawid-podsiadlo-oglasza-siodmy-stadionowy-koncert-na-trasie-watpie-ze-kiedykolwiek-w-moim-zyciu-czekal-mnie-bedzie-taki-miesiac-jak-czerwiec-2024\\\/#breadcrumb\",\"itemListElement\":[{\"@type\":\"ListItem\",\"position\":1,\"name\":\"Strona g\u0142\u00f3wna\",\"item\":\"https:\\\/\\\/tarczynskiarenawroclaw.pl\\\/en\\\/\"},{\"@type\":\"ListItem\",\"position\":2,\"name\":\"Events\",\"item\":\"https:\\\/\\\/tarczynskiarenawroclaw.pl\\\/events\\\/\"},{\"@type\":\"ListItem\",\"position\":3,\"name\":\"Fairs \\\/ Events\",\"item\":\"https:\\\/\\\/tarczynskiarenawroclaw.pl\\\/en\\\/category-events\\\/fairs-events\\\/\"},{\"@type\":\"ListItem\",\"position\":4,\"name\":\"Dawid Podsiad\u0142o og\u0142asza si\u00f3dmy stadionowy koncert na trasie! \u201eW\u0105tpi\u0119, \u017ce kiedykolwiek w moim \u017cyciu, czeka\u0142 mnie b\u0119dzie taki miesi\u0105c, jak czerwiec 2024\u201d\"}]},{\"@type\":\"WebSite\",\"@id\":\"https:\\\/\\\/tarczynskiarenawroclaw.pl\\\/#website\",\"url\":\"https:\\\/\\\/tarczynskiarenawroclaw.pl\\\/\",\"name\":\"Tarczy\u0144ski Arena Wroc\u0142aw\",\"description\":\"Stadion Miejski we Wroc\u0142awiu\",\"publisher\":{\"@id\":\"https:\\\/\\\/tarczynskiarenawroclaw.pl\\\/#organization\"},\"potentialAction\":[{\"@type\":\"SearchAction\",\"target\":{\"@type\":\"EntryPoint\",\"urlTemplate\":\"https:\\\/\\\/tarczynskiarenawroclaw.pl\\\/?s={search_term_string}\"},\"query-input\":{\"@type\":\"PropertyValueSpecification\",\"valueRequired\":true,\"valueName\":\"search_term_string\"}}],\"inLanguage\":\"en-US\"},{\"@type\":\"Organization\",\"@id\":\"https:\\\/\\\/tarczynskiarenawroclaw.pl\\\/#organization\",\"name\":\"Stadion Wroc\u0142aw\",\"url\":\"https:\\\/\\\/tarczynskiarenawroclaw.pl\\\/\",\"logo\":{\"@type\":\"ImageObject\",\"inLanguage\":\"en-US\",\"@id\":\"https:\\\/\\\/tarczynskiarenawroclaw.pl\\\/#\\\/schema\\\/logo\\\/image\\\/\",\"url\":\"https:\\\/\\\/stadionwroclaw.pl\\\/wp-content\\\/uploads\\\/2021\\\/08\\\/favicon-stadion-wroclaw.png\",\"contentUrl\":\"https:\\\/\\\/stadionwroclaw.pl\\\/wp-content\\\/uploads\\\/2021\\\/08\\\/favicon-stadion-wroclaw.png\",\"width\":512,\"height\":512,\"caption\":\"Stadion Wroc\u0142aw\"},\"image\":{\"@id\":\"https:\\\/\\\/tarczynskiarenawroclaw.pl\\\/#\\\/schema\\\/logo\\\/image\\\/\"}}]}<\/script>\n<!-- \/ Yoast SEO plugin. -->","yoast_head_json":{"title":"Dawid Podsiad\u0142o og\u0142asza si\u00f3dmy stadionowy koncert na trasie! \u201eW\u0105tpi\u0119, \u017ce kiedykolwiek w moim \u017cyciu, czeka\u0142 mnie b\u0119dzie taki miesi\u0105c, jak czerwiec 2024\u201d &#8211; Tarczy\u0144ski Arena Wroc\u0142aw","description":"Dawid Podsiad\u0142o postanowi\u0142 zrobi\u0107 swoim fanom wyj\u0105tkowy \u015bwi\u0105teczny prezent i og\u0142osi\u0142 kolejny stadionowy koncert. 8 czerwca 2024 wyst\u0105pi na Tarczy\u0144ski","robots":{"index":"index","follow":"follow","max-snippet":"max-snippet:-1","max-image-preview":"max-image-preview:large","max-video-preview":"max-video-preview:-1"},"canonical":"https:\/\/tarczynskiarenawroclaw.pl\/events\/dawid-podsiadlo-oglasza-siodmy-stadionowy-koncert-na-trasie-watpie-ze-kiedykolwiek-w-moim-zyciu-czekal-mnie-bedzie-taki-miesiac-jak-czerwiec-2024\/","og_locale":"en_US","og_type":"article","og_title":"Dawid Podsiad\u0142o og\u0142asza si\u00f3dmy stadionowy koncert na trasie! \u201eW\u0105tpi\u0119, \u017ce kiedykolwiek w moim \u017cyciu, czeka\u0142 mnie b\u0119dzie taki miesi\u0105c, jak czerwiec 2024\u201d &#8211; Tarczy\u0144ski Arena Wroc\u0142aw","og_description":"Dawid Podsiad\u0142o postanowi\u0142 zrobi\u0107 swoim fanom wyj\u0105tkowy \u015bwi\u0105teczny prezent i og\u0142osi\u0142 kolejny stadionowy koncert. 8 czerwca 2024 wyst\u0105pi na Tarczy\u0144ski","og_url":"https:\/\/tarczynskiarenawroclaw.pl\/events\/dawid-podsiadlo-oglasza-siodmy-stadionowy-koncert-na-trasie-watpie-ze-kiedykolwiek-w-moim-zyciu-czekal-mnie-bedzie-taki-miesiac-jak-czerwiec-2024\/","og_site_name":"Tarczy\u0144ski Arena Wroc\u0142aw","article_modified_time":"2024-06-05T08:50:49+00:00","og_image":[{"width":1080,"height":1080,"url":"https:\/\/tarczynskiarenawroclaw.pl\/wp-content\/uploads\/2023\/12\/1080x1080-OCo-2.png","type":"image\/png"}],"twitter_card":"summary_large_image","twitter_misc":{"Est. reading time":"2 minutes"},"schema":{"@context":"https:\/\/schema.org","@graph":[{"@type":"WebPage","@id":"https:\/\/tarczynskiarenawroclaw.pl\/events\/dawid-podsiadlo-oglasza-siodmy-stadionowy-koncert-na-trasie-watpie-ze-kiedykolwiek-w-moim-zyciu-czekal-mnie-bedzie-taki-miesiac-jak-czerwiec-2024\/","url":"https:\/\/tarczynskiarenawroclaw.pl\/events\/dawid-podsiadlo-oglasza-siodmy-stadionowy-koncert-na-trasie-watpie-ze-kiedykolwiek-w-moim-zyciu-czekal-mnie-bedzie-taki-miesiac-jak-czerwiec-2024\/","name":"Dawid Podsiad\u0142o og\u0142asza si\u00f3dmy stadionowy koncert na trasie! \u201eW\u0105tpi\u0119, \u017ce kiedykolwiek w moim \u017cyciu, czeka\u0142 mnie b\u0119dzie taki miesi\u0105c, jak czerwiec 2024\u201d &#8211; Tarczy\u0144ski Arena Wroc\u0142aw","isPartOf":{"@id":"https:\/\/tarczynskiarenawroclaw.pl\/#website"},"primaryImageOfPage":{"@id":"https:\/\/tarczynskiarenawroclaw.pl\/events\/dawid-podsiadlo-oglasza-siodmy-stadionowy-koncert-na-trasie-watpie-ze-kiedykolwiek-w-moim-zyciu-czekal-mnie-bedzie-taki-miesiac-jak-czerwiec-2024\/#primaryimage"},"image":{"@id":"https:\/\/tarczynskiarenawroclaw.pl\/events\/dawid-podsiadlo-oglasza-siodmy-stadionowy-koncert-na-trasie-watpie-ze-kiedykolwiek-w-moim-zyciu-czekal-mnie-bedzie-taki-miesiac-jak-czerwiec-2024\/#primaryimage"},"thumbnailUrl":"https:\/\/tarczynskiarenawroclaw.pl\/wp-content\/uploads\/2023\/12\/1080x1080-OCo-2.png","datePublished":"2023-12-29T13:19:38+00:00","dateModified":"2024-06-05T08:50:49+00:00","description":"Dawid Podsiad\u0142o postanowi\u0142 zrobi\u0107 swoim fanom wyj\u0105tkowy \u015bwi\u0105teczny prezent i og\u0142osi\u0142 kolejny stadionowy koncert. 8 czerwca 2024 wyst\u0105pi na Tarczy\u0144ski","breadcrumb":{"@id":"https:\/\/tarczynskiarenawroclaw.pl\/events\/dawid-podsiadlo-oglasza-siodmy-stadionowy-koncert-na-trasie-watpie-ze-kiedykolwiek-w-moim-zyciu-czekal-mnie-bedzie-taki-miesiac-jak-czerwiec-2024\/#breadcrumb"},"inLanguage":"en-US","potentialAction":[{"@type":"ReadAction","target":["https:\/\/tarczynskiarenawroclaw.pl\/events\/dawid-podsiadlo-oglasza-siodmy-stadionowy-koncert-na-trasie-watpie-ze-kiedykolwiek-w-moim-zyciu-czekal-mnie-bedzie-taki-miesiac-jak-czerwiec-2024\/"]}]},{"@type":"ImageObject","inLanguage":"en-US","@id":"https:\/\/tarczynskiarenawroclaw.pl\/events\/dawid-podsiadlo-oglasza-siodmy-stadionowy-koncert-na-trasie-watpie-ze-kiedykolwiek-w-moim-zyciu-czekal-mnie-bedzie-taki-miesiac-jak-czerwiec-2024\/#primaryimage","url":"https:\/\/tarczynskiarenawroclaw.pl\/wp-content\/uploads\/2023\/12\/1080x1080-OCo-2.png","contentUrl":"https:\/\/tarczynskiarenawroclaw.pl\/wp-content\/uploads\/2023\/12\/1080x1080-OCo-2.png","width":1080,"height":1080},{"@type":"BreadcrumbList","@id":"https:\/\/tarczynskiarenawroclaw.pl\/events\/dawid-podsiadlo-oglasza-siodmy-stadionowy-koncert-na-trasie-watpie-ze-kiedykolwiek-w-moim-zyciu-czekal-mnie-bedzie-taki-miesiac-jak-czerwiec-2024\/#breadcrumb","itemListElement":[{"@type":"ListItem","position":1,"name":"Strona g\u0142\u00f3wna","item":"https:\/\/tarczynskiarenawroclaw.pl\/en\/"},{"@type":"ListItem","position":2,"name":"Events","item":"https:\/\/tarczynskiarenawroclaw.pl\/events\/"},{"@type":"ListItem","position":3,"name":"Fairs \/ Events","item":"https:\/\/tarczynskiarenawroclaw.pl\/en\/category-events\/fairs-events\/"},{"@type":"ListItem","position":4,"name":"Dawid Podsiad\u0142o og\u0142asza si\u00f3dmy stadionowy koncert na trasie! \u201eW\u0105tpi\u0119, \u017ce kiedykolwiek w moim \u017cyciu, czeka\u0142 mnie b\u0119dzie taki miesi\u0105c, jak czerwiec 2024\u201d"}]},{"@type":"WebSite","@id":"https:\/\/tarczynskiarenawroclaw.pl\/#website","url":"https:\/\/tarczynskiarenawroclaw.pl\/","name":"Tarczy\u0144ski Arena Wroc\u0142aw","description":"Stadion Miejski we Wroc\u0142awiu","publisher":{"@id":"https:\/\/tarczynskiarenawroclaw.pl\/#organization"},"potentialAction":[{"@type":"SearchAction","target":{"@type":"EntryPoint","urlTemplate":"https:\/\/tarczynskiarenawroclaw.pl\/?s={search_term_string}"},"query-input":{"@type":"PropertyValueSpecification","valueRequired":true,"valueName":"search_term_string"}}],"inLanguage":"en-US"},{"@type":"Organization","@id":"https:\/\/tarczynskiarenawroclaw.pl\/#organization","name":"Stadion Wroc\u0142aw","url":"https:\/\/tarczynskiarenawroclaw.pl\/","logo":{"@type":"ImageObject","inLanguage":"en-US","@id":"https:\/\/tarczynskiarenawroclaw.pl\/#\/schema\/logo\/image\/","url":"https:\/\/stadionwroclaw.pl\/wp-content\/uploads\/2021\/08\/favicon-stadion-wroclaw.png","contentUrl":"https:\/\/stadionwroclaw.pl\/wp-content\/uploads\/2021\/08\/favicon-stadion-wroclaw.png","width":512,"height":512,"caption":"Stadion Wroc\u0142aw"},"image":{"@id":"https:\/\/tarczynskiarenawroclaw.pl\/#\/schema\/logo\/image\/"}}]}},"featured_img":"https:\/\/tarczynskiarenawroclaw.pl\/wp-content\/uploads\/2023\/12\/1080x1080-OCo-2-330x330.png","coauthors":[],"author_meta":{"author_link":"https:\/\/tarczynskiarenawroclaw.pl\/en\/author\/nina-admin\/","display_name":"Nina Kolodziej"},"relative_dates":{"created":"Posted 2 years ago","modified":"Updated 2 years ago"},"absolute_dates":{"created":"Posted on 29.12.2023","modified":"Updated on 05.06.2024"},"absolute_dates_time":{"created":"Posted on 29.12.2023 14:19","modified":"Updated on 05.06.2024 10:50"},"featured_img_caption":"","tax_additional":{"post_tag":{"linked":[],"unlinked":[],"slug":"post_tag","name":"Tags"},"mec_category":{"linked":["<a href=\"https:\/\/tarczynskiarenawroclaw.pl\/en\/category-events\/fairs-events\/\" class=\"advgb-post-tax-term\">Fairs \/ Events<\/a>","<a href=\"https:\/\/tarczynskiarenawroclaw.pl\/en\/category-events\/top-event-en\/\" class=\"advgb-post-tax-term\">Top Event<\/a>"],"unlinked":["<span class=\"advgb-post-tax-term\">Fairs \/ Events<\/span>","<span class=\"advgb-post-tax-term\">Top Event<\/span>"],"slug":"mec_category","name":"Categories"},"mec_label":{"linked":[],"unlinked":[],"slug":"mec_label","name":"Labels"},"mec_location":{"linked":["<a href=\"https:\/\/tarczynskiarenawroclaw.pl\/events-location\/tarczynski-arena-wroclaw\/\" class=\"advgb-post-tax-term\">Tarczy\u0144ski Arena Wroc\u0142aw<\/a>"],"unlinked":["<span class=\"advgb-post-tax-term\">Tarczy\u0144ski Arena Wroc\u0142aw<\/span>"],"slug":"mec_location","name":"Locations"},"mec_organizer":{"linked":[],"unlinked":[],"slug":"mec_organizer","name":"Organizers"}},"series_order":"","_links":{"self":[{"href":"https:\/\/tarczynskiarenawroclaw.pl\/en\/wp-json\/wp\/v2\/mec-events\/15218","targetHints":{"allow":["GET"]}}],"collection":[{"href":"https:\/\/tarczynskiarenawroclaw.pl\/en\/wp-json\/wp\/v2\/mec-events"}],"about":[{"href":"https:\/\/tarczynskiarenawroclaw.pl\/en\/wp-json\/wp\/v2\/types\/mec-events"}],"author":[{"embeddable":true,"href":"https:\/\/tarczynskiarenawroclaw.pl\/en\/wp-json\/wp\/v2\/users\/3"}],"replies":[{"embeddable":true,"href":"https:\/\/tarczynskiarenawroclaw.pl\/en\/wp-json\/wp\/v2\/comments?post=15218"}],"wp:featuredmedia":[{"embeddable":true,"href":"https:\/\/tarczynskiarenawroclaw.pl\/en\/wp-json\/wp\/v2\/media\/15163"}],"wp:attachment":[{"href":"https:\/\/tarczynskiarenawroclaw.pl\/en\/wp-json\/wp\/v2\/media?parent=15218"}],"wp:term":[{"taxonomy":"post_tag","embeddable":true,"href":"https:\/\/tarczynskiarenawroclaw.pl\/en\/wp-json\/wp\/v2\/tags?post=15218"},{"taxonomy":"mec_category","embeddable":true,"href":"https:\/\/tarczynskiarenawroclaw.pl\/en\/wp-json\/wp\/v2\/mec_category?post=15218"}],"curies":[{"name":"wp","href":"https:\/\/api.w.org\/{rel}","templated":true}]}}