{"id":15338,"date":"2024-02-19T11:30:40","date_gmt":"2024-02-19T10:30:40","guid":{"rendered":"https:\/\/tarczynskiarenawroclaw.pl\/?post_type=mec-events&#038;p=15338"},"modified":"2024-02-19T12:20:33","modified_gmt":"2024-02-19T11:20:33","slug":"mecz-slask-wroclaw-vs-widzew-lodz","status":"publish","type":"mec-events","link":"https:\/\/tarczynskiarenawroclaw.pl\/en\/events\/mecz-slask-wroclaw-vs-widzew-lodz\/","title":{"rendered":"Mecz \u015al\u0105sk Wroc\u0142aw vs Widzew \u0141\u00f3d\u017a"},"content":{"rendered":"\n<p>WKS wci\u0105\u017c utrzymuje miejsce w \u015bcis\u0142ej czo\u0142\u00f3wce tabeli, ale by liczy\u0107 si\u0119 w walce o medale do ko\u0144ca, nie mo\u017cna pozwoli\u0107 sobie na d\u0142u\u017cszy przest\u00f3j. Kolejna okazja do zdobycia punkt\u00f3w na Tarczy\u0144ski Arenie Wroc\u0142aw w sobot\u0119, 2 marca, o godz. 17:30. Tr\u00f3jkolorowi podejm\u0105 Widzew \u0141od\u017a, kt\u00f3ry na wyje\u017adzie ograli 2:1.\u00a0Liczymy na Wasze wsparcie!<\/p>\n\n\n\n<p><strong>PARKINGI:<\/strong><\/p>\n\n\n\n<ul class=\"wp-block-list\">\n<li>parking p\u0142atny od strony Al. \u015al\u0105skiej<\/li>\n\n\n\n<li>parkingi Park &amp; Ride od ul. Kr\u00f3lewieckiej oraz ul.Lotniczej<\/li>\n\n\n\n<li>parkingi pod AOW, na kt\u00f3re wjazd odbywa si\u0119 od ul. Ma\u015blickiej i Szczeci\u0144skiej<\/li>\n\n\n\n<li>P\u0142atno\u015b\u0107 za po\u015brednictwem strony internetowej&nbsp;<a href=\"https:\/\/parking.vectorsoft.pl\/mvc\/pl\">https:\/\/parking.vectorsoft.pl\/mvc\/pl<\/a>&nbsp;lub w parkomacie (wy\u0142\u0105cznie kart\u0105)<\/li>\n<\/ul>\n\n\n\n<p>Bilety na&nbsp;<a href=\"https:\/\/bilety.slaskwroclaw.pl\/\">https:\/\/bilety.slaskwroclaw.pl\/<\/a><\/p>\n\n\n\n<figure class=\"wp-block-image\"><img loading=\"lazy\" decoding=\"async\" width=\"850\" height=\"279\" src=\"https:\/\/tarczynskiarenawroclaw.pl\/wp-content\/uploads\/2023\/11\/Parking-mecz.png\" alt=\"\" class=\"wp-image-15024\"\/><\/figure>\n","protected":false},"excerpt":{"rendered":"<p>WKS wci\u0105\u017c utrzymuje miejsce w \u015bcis\u0142ej czo\u0142\u00f3wce tabeli, ale by liczy\u0107 si\u0119 w&#8230;<\/p>\n","protected":false},"author":3,"featured_media":15339,"comment_status":"closed","ping_status":"closed","template":"","tags":[],"mec_category":[51],"class_list":["post-15338","mec-events","type-mec-events","status-publish","has-post-thumbnail","hentry","mec_category-sport-en"],"yoast_head":"<!-- This site is optimized with the Yoast SEO plugin v27.4 - https:\/\/yoast.com\/product\/yoast-seo-wordpress\/ -->\n<title>Mecz \u015al\u0105sk Wroc\u0142aw vs Widzew \u0141\u00f3d\u017a &#8211; Tarczy\u0144ski Arena Wroc\u0142aw<\/title>\n<meta name=\"description\" content=\"WKS wci\u0105\u017c utrzymuje miejsce w \u015bcis\u0142ej czo\u0142\u00f3wce tabeli, ale by liczy\u0107 si\u0119 w walce o medale do ko\u0144ca, nie mo\u017cna pozwoli\u0107 sobie na d\u0142u\u017cszy przest\u00f3j. Kolejna\" \/>\n<meta name=\"robots\" content=\"index, follow, max-snippet:-1, max-image-preview:large, max-video-preview:-1\" \/>\n<link rel=\"canonical\" href=\"https:\/\/tarczynskiarenawroclaw.pl\/events\/mecz-slask-wroclaw-vs-widzew-lodz\/\" \/>\n<meta property=\"og:locale\" content=\"en_US\" \/>\n<meta property=\"og:type\" content=\"article\" \/>\n<meta property=\"og:title\" content=\"Mecz \u015al\u0105sk Wroc\u0142aw vs Widzew \u0141\u00f3d\u017a &#8211; Tarczy\u0144ski Arena Wroc\u0142aw\" \/>\n<meta property=\"og:description\" content=\"WKS wci\u0105\u017c utrzymuje miejsce w \u015bcis\u0142ej czo\u0142\u00f3wce tabeli, ale by liczy\u0107 si\u0119 w walce o medale do ko\u0144ca, nie mo\u017cna pozwoli\u0107 sobie na d\u0142u\u017cszy przest\u00f3j. Kolejna\" \/>\n<meta property=\"og:url\" content=\"https:\/\/tarczynskiarenawroclaw.pl\/events\/mecz-slask-wroclaw-vs-widzew-lodz\/\" \/>\n<meta property=\"og:site_name\" content=\"Tarczy\u0144ski Arena Wroc\u0142aw\" \/>\n<meta property=\"article:modified_time\" content=\"2024-02-19T11:20:33+00:00\" \/>\n<meta property=\"og:image\" content=\"https:\/\/tarczynskiarenawroclaw.pl\/wp-content\/uploads\/2024\/02\/SLAWID.jpg\" \/>\n\t<meta property=\"og:image:width\" content=\"1080\" \/>\n\t<meta property=\"og:image:height\" content=\"1350\" \/>\n\t<meta property=\"og:image:type\" content=\"image\/jpeg\" \/>\n<meta name=\"twitter:card\" content=\"summary_large_image\" \/>\n<meta name=\"twitter:label1\" content=\"Est. reading time\" \/>\n\t<meta name=\"twitter:data1\" content=\"1 minute\" \/>\n<script type=\"application\/ld+json\" class=\"yoast-schema-graph\">{\"@context\":\"https:\\\/\\\/schema.org\",\"@graph\":[{\"@type\":\"WebPage\",\"@id\":\"https:\\\/\\\/tarczynskiarenawroclaw.pl\\\/events\\\/mecz-slask-wroclaw-vs-widzew-lodz\\\/\",\"url\":\"https:\\\/\\\/tarczynskiarenawroclaw.pl\\\/events\\\/mecz-slask-wroclaw-vs-widzew-lodz\\\/\",\"name\":\"Mecz \u015al\u0105sk Wroc\u0142aw vs Widzew \u0141\u00f3d\u017a &#8211; Tarczy\u0144ski Arena Wroc\u0142aw\",\"isPartOf\":{\"@id\":\"https:\\\/\\\/tarczynskiarenawroclaw.pl\\\/#website\"},\"primaryImageOfPage\":{\"@id\":\"https:\\\/\\\/tarczynskiarenawroclaw.pl\\\/events\\\/mecz-slask-wroclaw-vs-widzew-lodz\\\/#primaryimage\"},\"image\":{\"@id\":\"https:\\\/\\\/tarczynskiarenawroclaw.pl\\\/events\\\/mecz-slask-wroclaw-vs-widzew-lodz\\\/#primaryimage\"},\"thumbnailUrl\":\"https:\\\/\\\/tarczynskiarenawroclaw.pl\\\/wp-content\\\/uploads\\\/2024\\\/02\\\/SLAWID.jpg\",\"datePublished\":\"2024-02-19T10:30:40+00:00\",\"dateModified\":\"2024-02-19T11:20:33+00:00\",\"description\":\"WKS wci\u0105\u017c utrzymuje miejsce w \u015bcis\u0142ej czo\u0142\u00f3wce tabeli, ale by liczy\u0107 si\u0119 w walce o medale do ko\u0144ca, nie mo\u017cna pozwoli\u0107 sobie na d\u0142u\u017cszy przest\u00f3j. Kolejna\",\"breadcrumb\":{\"@id\":\"https:\\\/\\\/tarczynskiarenawroclaw.pl\\\/events\\\/mecz-slask-wroclaw-vs-widzew-lodz\\\/#breadcrumb\"},\"inLanguage\":\"en-US\",\"potentialAction\":[{\"@type\":\"ReadAction\",\"target\":[\"https:\\\/\\\/tarczynskiarenawroclaw.pl\\\/events\\\/mecz-slask-wroclaw-vs-widzew-lodz\\\/\"]}]},{\"@type\":\"ImageObject\",\"inLanguage\":\"en-US\",\"@id\":\"https:\\\/\\\/tarczynskiarenawroclaw.pl\\\/events\\\/mecz-slask-wroclaw-vs-widzew-lodz\\\/#primaryimage\",\"url\":\"https:\\\/\\\/tarczynskiarenawroclaw.pl\\\/wp-content\\\/uploads\\\/2024\\\/02\\\/SLAWID.jpg\",\"contentUrl\":\"https:\\\/\\\/tarczynskiarenawroclaw.pl\\\/wp-content\\\/uploads\\\/2024\\\/02\\\/SLAWID.jpg\",\"width\":1080,\"height\":1350},{\"@type\":\"BreadcrumbList\",\"@id\":\"https:\\\/\\\/tarczynskiarenawroclaw.pl\\\/events\\\/mecz-slask-wroclaw-vs-widzew-lodz\\\/#breadcrumb\",\"itemListElement\":[{\"@type\":\"ListItem\",\"position\":1,\"name\":\"Strona g\u0142\u00f3wna\",\"item\":\"https:\\\/\\\/tarczynskiarenawroclaw.pl\\\/en\\\/\"},{\"@type\":\"ListItem\",\"position\":2,\"name\":\"Events\",\"item\":\"https:\\\/\\\/tarczynskiarenawroclaw.pl\\\/events\\\/\"},{\"@type\":\"ListItem\",\"position\":3,\"name\":\"Sport\",\"item\":\"https:\\\/\\\/tarczynskiarenawroclaw.pl\\\/en\\\/category-events\\\/sport-en\\\/\"},{\"@type\":\"ListItem\",\"position\":4,\"name\":\"Mecz \u015al\u0105sk Wroc\u0142aw vs Widzew \u0141\u00f3d\u017a\"}]},{\"@type\":\"WebSite\",\"@id\":\"https:\\\/\\\/tarczynskiarenawroclaw.pl\\\/#website\",\"url\":\"https:\\\/\\\/tarczynskiarenawroclaw.pl\\\/\",\"name\":\"Tarczy\u0144ski Arena Wroc\u0142aw\",\"description\":\"Stadion Miejski we Wroc\u0142awiu\",\"publisher\":{\"@id\":\"https:\\\/\\\/tarczynskiarenawroclaw.pl\\\/#organization\"},\"potentialAction\":[{\"@type\":\"SearchAction\",\"target\":{\"@type\":\"EntryPoint\",\"urlTemplate\":\"https:\\\/\\\/tarczynskiarenawroclaw.pl\\\/?s={search_term_string}\"},\"query-input\":{\"@type\":\"PropertyValueSpecification\",\"valueRequired\":true,\"valueName\":\"search_term_string\"}}],\"inLanguage\":\"en-US\"},{\"@type\":\"Organization\",\"@id\":\"https:\\\/\\\/tarczynskiarenawroclaw.pl\\\/#organization\",\"name\":\"Stadion Wroc\u0142aw\",\"url\":\"https:\\\/\\\/tarczynskiarenawroclaw.pl\\\/\",\"logo\":{\"@type\":\"ImageObject\",\"inLanguage\":\"en-US\",\"@id\":\"https:\\\/\\\/tarczynskiarenawroclaw.pl\\\/#\\\/schema\\\/logo\\\/image\\\/\",\"url\":\"https:\\\/\\\/stadionwroclaw.pl\\\/wp-content\\\/uploads\\\/2021\\\/08\\\/favicon-stadion-wroclaw.png\",\"contentUrl\":\"https:\\\/\\\/stadionwroclaw.pl\\\/wp-content\\\/uploads\\\/2021\\\/08\\\/favicon-stadion-wroclaw.png\",\"width\":512,\"height\":512,\"caption\":\"Stadion Wroc\u0142aw\"},\"image\":{\"@id\":\"https:\\\/\\\/tarczynskiarenawroclaw.pl\\\/#\\\/schema\\\/logo\\\/image\\\/\"}}]}<\/script>\n<!-- \/ Yoast SEO plugin. -->","yoast_head_json":{"title":"Mecz \u015al\u0105sk Wroc\u0142aw vs Widzew \u0141\u00f3d\u017a &#8211; Tarczy\u0144ski Arena Wroc\u0142aw","description":"WKS wci\u0105\u017c utrzymuje miejsce w \u015bcis\u0142ej czo\u0142\u00f3wce tabeli, ale by liczy\u0107 si\u0119 w walce o medale do ko\u0144ca, nie mo\u017cna pozwoli\u0107 sobie na d\u0142u\u017cszy przest\u00f3j. Kolejna","robots":{"index":"index","follow":"follow","max-snippet":"max-snippet:-1","max-image-preview":"max-image-preview:large","max-video-preview":"max-video-preview:-1"},"canonical":"https:\/\/tarczynskiarenawroclaw.pl\/events\/mecz-slask-wroclaw-vs-widzew-lodz\/","og_locale":"en_US","og_type":"article","og_title":"Mecz \u015al\u0105sk Wroc\u0142aw vs Widzew \u0141\u00f3d\u017a &#8211; Tarczy\u0144ski Arena Wroc\u0142aw","og_description":"WKS wci\u0105\u017c utrzymuje miejsce w \u015bcis\u0142ej czo\u0142\u00f3wce tabeli, ale by liczy\u0107 si\u0119 w walce o medale do ko\u0144ca, nie mo\u017cna pozwoli\u0107 sobie na d\u0142u\u017cszy przest\u00f3j. Kolejna","og_url":"https:\/\/tarczynskiarenawroclaw.pl\/events\/mecz-slask-wroclaw-vs-widzew-lodz\/","og_site_name":"Tarczy\u0144ski Arena Wroc\u0142aw","article_modified_time":"2024-02-19T11:20:33+00:00","og_image":[{"width":1080,"height":1350,"url":"https:\/\/tarczynskiarenawroclaw.pl\/wp-content\/uploads\/2024\/02\/SLAWID.jpg","type":"image\/jpeg"}],"twitter_card":"summary_large_image","twitter_misc":{"Est. reading time":"1 minute"},"schema":{"@context":"https:\/\/schema.org","@graph":[{"@type":"WebPage","@id":"https:\/\/tarczynskiarenawroclaw.pl\/events\/mecz-slask-wroclaw-vs-widzew-lodz\/","url":"https:\/\/tarczynskiarenawroclaw.pl\/events\/mecz-slask-wroclaw-vs-widzew-lodz\/","name":"Mecz \u015al\u0105sk Wroc\u0142aw vs Widzew \u0141\u00f3d\u017a &#8211; Tarczy\u0144ski Arena Wroc\u0142aw","isPartOf":{"@id":"https:\/\/tarczynskiarenawroclaw.pl\/#website"},"primaryImageOfPage":{"@id":"https:\/\/tarczynskiarenawroclaw.pl\/events\/mecz-slask-wroclaw-vs-widzew-lodz\/#primaryimage"},"image":{"@id":"https:\/\/tarczynskiarenawroclaw.pl\/events\/mecz-slask-wroclaw-vs-widzew-lodz\/#primaryimage"},"thumbnailUrl":"https:\/\/tarczynskiarenawroclaw.pl\/wp-content\/uploads\/2024\/02\/SLAWID.jpg","datePublished":"2024-02-19T10:30:40+00:00","dateModified":"2024-02-19T11:20:33+00:00","description":"WKS wci\u0105\u017c utrzymuje miejsce w \u015bcis\u0142ej czo\u0142\u00f3wce tabeli, ale by liczy\u0107 si\u0119 w walce o medale do ko\u0144ca, nie mo\u017cna pozwoli\u0107 sobie na d\u0142u\u017cszy przest\u00f3j. Kolejna","breadcrumb":{"@id":"https:\/\/tarczynskiarenawroclaw.pl\/events\/mecz-slask-wroclaw-vs-widzew-lodz\/#breadcrumb"},"inLanguage":"en-US","potentialAction":[{"@type":"ReadAction","target":["https:\/\/tarczynskiarenawroclaw.pl\/events\/mecz-slask-wroclaw-vs-widzew-lodz\/"]}]},{"@type":"ImageObject","inLanguage":"en-US","@id":"https:\/\/tarczynskiarenawroclaw.pl\/events\/mecz-slask-wroclaw-vs-widzew-lodz\/#primaryimage","url":"https:\/\/tarczynskiarenawroclaw.pl\/wp-content\/uploads\/2024\/02\/SLAWID.jpg","contentUrl":"https:\/\/tarczynskiarenawroclaw.pl\/wp-content\/uploads\/2024\/02\/SLAWID.jpg","width":1080,"height":1350},{"@type":"BreadcrumbList","@id":"https:\/\/tarczynskiarenawroclaw.pl\/events\/mecz-slask-wroclaw-vs-widzew-lodz\/#breadcrumb","itemListElement":[{"@type":"ListItem","position":1,"name":"Strona g\u0142\u00f3wna","item":"https:\/\/tarczynskiarenawroclaw.pl\/en\/"},{"@type":"ListItem","position":2,"name":"Events","item":"https:\/\/tarczynskiarenawroclaw.pl\/events\/"},{"@type":"ListItem","position":3,"name":"Sport","item":"https:\/\/tarczynskiarenawroclaw.pl\/en\/category-events\/sport-en\/"},{"@type":"ListItem","position":4,"name":"Mecz \u015al\u0105sk Wroc\u0142aw vs Widzew \u0141\u00f3d\u017a"}]},{"@type":"WebSite","@id":"https:\/\/tarczynskiarenawroclaw.pl\/#website","url":"https:\/\/tarczynskiarenawroclaw.pl\/","name":"Tarczy\u0144ski Arena Wroc\u0142aw","description":"Stadion Miejski we Wroc\u0142awiu","publisher":{"@id":"https:\/\/tarczynskiarenawroclaw.pl\/#organization"},"potentialAction":[{"@type":"SearchAction","target":{"@type":"EntryPoint","urlTemplate":"https:\/\/tarczynskiarenawroclaw.pl\/?s={search_term_string}"},"query-input":{"@type":"PropertyValueSpecification","valueRequired":true,"valueName":"search_term_string"}}],"inLanguage":"en-US"},{"@type":"Organization","@id":"https:\/\/tarczynskiarenawroclaw.pl\/#organization","name":"Stadion Wroc\u0142aw","url":"https:\/\/tarczynskiarenawroclaw.pl\/","logo":{"@type":"ImageObject","inLanguage":"en-US","@id":"https:\/\/tarczynskiarenawroclaw.pl\/#\/schema\/logo\/image\/","url":"https:\/\/stadionwroclaw.pl\/wp-content\/uploads\/2021\/08\/favicon-stadion-wroclaw.png","contentUrl":"https:\/\/stadionwroclaw.pl\/wp-content\/uploads\/2021\/08\/favicon-stadion-wroclaw.png","width":512,"height":512,"caption":"Stadion Wroc\u0142aw"},"image":{"@id":"https:\/\/tarczynskiarenawroclaw.pl\/#\/schema\/logo\/image\/"}}]}},"featured_img":"https:\/\/tarczynskiarenawroclaw.pl\/wp-content\/uploads\/2024\/02\/SLAWID-330x330.jpg","coauthors":[],"author_meta":{"author_link":"https:\/\/tarczynskiarenawroclaw.pl\/en\/author\/nina-admin\/","display_name":"Nina Kolodziej"},"relative_dates":{"created":"Posted 2 years ago","modified":"Updated 2 years ago"},"absolute_dates":{"created":"Posted on 19.02.2024","modified":"Updated on 19.02.2024"},"absolute_dates_time":{"created":"Posted on 19.02.2024 11:30","modified":"Updated on 19.02.2024 12:20"},"featured_img_caption":"","tax_additional":{"post_tag":{"linked":[],"unlinked":[],"slug":"post_tag","name":"Tags"},"mec_category":{"linked":["<a href=\"https:\/\/tarczynskiarenawroclaw.pl\/en\/category-events\/sport-en\/\" class=\"advgb-post-tax-term\">Sport<\/a>"],"unlinked":["<span class=\"advgb-post-tax-term\">Sport<\/span>"],"slug":"mec_category","name":"Categories"},"mec_label":{"linked":[],"unlinked":[],"slug":"mec_label","name":"Labels"},"mec_location":{"linked":["<a href=\"https:\/\/tarczynskiarenawroclaw.pl\/events-location\/tarczynski-arena-wroclaw\/\" class=\"advgb-post-tax-term\">Tarczy\u0144ski Arena Wroc\u0142aw<\/a>"],"unlinked":["<span class=\"advgb-post-tax-term\">Tarczy\u0144ski Arena Wroc\u0142aw<\/span>"],"slug":"mec_location","name":"Locations"},"mec_organizer":{"linked":[],"unlinked":[],"slug":"mec_organizer","name":"Organizers"}},"series_order":"","_links":{"self":[{"href":"https:\/\/tarczynskiarenawroclaw.pl\/en\/wp-json\/wp\/v2\/mec-events\/15338","targetHints":{"allow":["GET"]}}],"collection":[{"href":"https:\/\/tarczynskiarenawroclaw.pl\/en\/wp-json\/wp\/v2\/mec-events"}],"about":[{"href":"https:\/\/tarczynskiarenawroclaw.pl\/en\/wp-json\/wp\/v2\/types\/mec-events"}],"author":[{"embeddable":true,"href":"https:\/\/tarczynskiarenawroclaw.pl\/en\/wp-json\/wp\/v2\/users\/3"}],"replies":[{"embeddable":true,"href":"https:\/\/tarczynskiarenawroclaw.pl\/en\/wp-json\/wp\/v2\/comments?post=15338"}],"wp:featuredmedia":[{"embeddable":true,"href":"https:\/\/tarczynskiarenawroclaw.pl\/en\/wp-json\/wp\/v2\/media\/15339"}],"wp:attachment":[{"href":"https:\/\/tarczynskiarenawroclaw.pl\/en\/wp-json\/wp\/v2\/media?parent=15338"}],"wp:term":[{"taxonomy":"post_tag","embeddable":true,"href":"https:\/\/tarczynskiarenawroclaw.pl\/en\/wp-json\/wp\/v2\/tags?post=15338"},{"taxonomy":"mec_category","embeddable":true,"href":"https:\/\/tarczynskiarenawroclaw.pl\/en\/wp-json\/wp\/v2\/mec_category?post=15338"}],"curies":[{"name":"wp","href":"https:\/\/api.w.org\/{rel}","templated":true}]}}