{"id":15359,"date":"2024-02-21T14:48:53","date_gmt":"2024-02-21T13:48:53","guid":{"rendered":"https:\/\/tarczynskiarenawroclaw.pl\/?post_type=mec-events&#038;p=15359"},"modified":"2024-02-21T14:49:00","modified_gmt":"2024-02-21T13:49:00","slug":"targi-pracy-talent-days","status":"publish","type":"mec-events","link":"https:\/\/tarczynskiarenawroclaw.pl\/en\/events\/targi-pracy-talent-days\/","title":{"rendered":"Targi pracy &#8211; Talent Days"},"content":{"rendered":"\n<p>Nie wiesz jak zabra\u0107 si\u0119 za poszukiwanie pracy? A mo\u017ce wysy\u0142asz 100 CV i wkurza Ci\u0119 zabawa w g\u0142uchy telefon z rekruterami? Chcesz zmieni\u0107 bran\u017c\u0119? Ciekawi\u0105 Ci\u0119 realia rynku pracy?\u00a0<img loading=\"lazy\" decoding=\"async\" height=\"16\" width=\"16\" src=\"https:\/\/static.xx.fbcdn.net\/images\/emoji.php\/v9\/t8d\/1.5\/16\/1f914.png\" alt=\"\ud83e\udd14\"><\/p>\n\n\n\n<p>\u015awietnie si\u0119 sk\u0142ada, poniewa\u017c ta niepowtarzalna okazja w\u0142a\u015bnie na Ciebie czeka. We\u017a udzia\u0142 w targach pracy Talent Days &#8211; najwi\u0119kszym evencie karierowym w Polsce. Cenna szansa, a jednak&#8230; zupe\u0142nie ZA DARMO!\u00a0Za udzia\u0142 w wydarzeniu nic nie p\u0142acisz.\u00a0<\/p>\n\n\n\n<img loading=\"lazy\" decoding=\"async\" height=\"16\" width=\"16\" alt=\"\u23f0\" src=\"https:\/\/static.xx.fbcdn.net\/images\/emoji.php\/v9\/tbb\/1.5\/16\/23f0.png\">&nbsp;KIEDY?&nbsp;<img loading=\"lazy\" decoding=\"async\" height=\"16\" width=\"16\" alt=\"\ud83d\udccd\" src=\"https:\/\/static.xx.fbcdn.net\/images\/emoji.php\/v9\/t86\/1.5\/16\/1f4cd.png\">&nbsp;GDZIE?<br>Wroc\u0142aw, Tarczy\u0144ski Arena<br>7 marca 2024, 10:00 &#8211; 16:00<\/p>\n\n\n\n<p>CO CI\u0118 CZEKA?\u00a0<img loading=\"lazy\" decoding=\"async\" height=\"16\" width=\"16\" src=\"https:\/\/static.xx.fbcdn.net\/images\/emoji.php\/v9\/t76\/1.5\/16\/1f9f2.png\" alt=\"\ud83e\uddf2\">\n\n\n\n<ul class=\"wp-block-list\">\n<li>PRACODAWCY &#8211; gotowi, by Ci\u0119 pozna\u0107,<\/li>\n\n\n\n<li>Aplikowanie na oferty za pomoc\u0105 OPASKI e-CV &#8211; teczk\u0119 pe\u0142n\u0105 papieru zostaw w domu,<\/li>\n\n\n\n<li>TALENT CLASS &#8211; certyfikowane warsztaty z ekspertami w ramach\u00a0<img loading=\"lazy\" decoding=\"async\" height=\"16\" width=\"16\" src=\"https:\/\/static.xx.fbcdn.net\/images\/emoji.php\/v9\/t2e\/1.5\/16\/36_20e3.png\" alt=\"6\ufe0f\u20e3\">\u00a0tematycznych \u015bcie\u017cek,<\/li>\n\n\n\n<li>CV-POINTy, gdzie specjali\u015bci poradz\u0105 Ci jak stworzy\u0107 lub poprawi\u0107 CV,<\/li>\n\n\n\n<li>FOTY do dokument\u00f3w robione przez profesjonalnego fotografa ZA FREE,<\/li>\n\n\n\n<li>Super GAD\u017bETY oraz wiele konkurs\u00f3w z nagrodami,<\/li>\n\n\n\n<li>FOOD TRUCKI z dobr\u0105 szam\u0105,<\/li>\n<\/ul>\n\n\n\n<p>I najwa\u017cniejsze\u2026To w\u0142a\u015bnie tu czeka na Ciebie PRACA MARZE\u0143!<\/p>\n\n\n\n<img loading=\"lazy\" decoding=\"async\" height=\"16\" width=\"16\" src=\"https:\/\/static.xx.fbcdn.net\/images\/emoji.php\/v9\/t64\/1.5\/16\/274c.png\" alt=\"\u274c\">\u00a0Nie pozostawiaj swoich karierowych los\u00f3w przypadkowi. Po\u0142\u0105czyli\u015bmy ju\u017c tysi\u0105ce kandydat\u00f3w i pracodawc\u00f3w &#8211; czas na Ciebie!\u00a0<img loading=\"lazy\" decoding=\"async\" height=\"16\" width=\"16\" src=\"https:\/\/static.xx.fbcdn.net\/images\/emoji.php\/v9\/t17\/1.5\/16\/1f3c6.png\" alt=\"\ud83c\udfc6\"><br>Wystarczy, \u017ce:<\/p>\n\n\n\n<ul class=\"wp-block-list\">\n<li>zarejestrujesz si\u0119 i pobierzesz bilet,<\/li>\n\n\n\n<li>pojawisz si\u0119 w odpowiednim miejscu i czasie,<\/li>\n\n\n\n<li>skorzystasz z tej SZANSY!<\/li>\n<\/ul>\n\n\n\n<p>B\u0105d\u017a z nami podczas najwi\u0119kszych w Polsce targ\u00f3w pracy Talent Days we Wroc\u0142awiu\u00a0<img loading=\"lazy\" decoding=\"async\" height=\"16\" width=\"16\" src=\"https:\/\/static.xx.fbcdn.net\/images\/emoji.php\/v9\/tdc\/1.5\/16\/1f60e.png\" alt=\"\ud83d\ude0e\">\n\n\n\n<p>Zapisy ruszy\u0142y,\u00a0<img loading=\"lazy\" decoding=\"async\" height=\"16\" width=\"16\" src=\"https:\/\/static.xx.fbcdn.net\/images\/emoji.php\/v9\/ta\/1.5\/16\/1f911.png\" alt=\"\ud83e\udd11\">\u00a0UDZIA\u0141 ZA FREE\u00a0<img loading=\"lazy\" decoding=\"async\" height=\"16\" width=\"16\" src=\"https:\/\/static.xx.fbcdn.net\/images\/emoji.php\/v9\/tbb\/1.5\/16\/1f4b8.png\" alt=\"\ud83d\udcb8\"><br><img loading=\"lazy\" decoding=\"async\" height=\"16\" width=\"16\" src=\"https:\/\/static.xx.fbcdn.net\/images\/emoji.php\/v9\/t31\/1.5\/16\/1f4f2.png\" alt=\"\ud83d\udcf2\">\u00a0<a href=\"http:\/\/talentdays.pl\/targi-pracy\/wroclaw?fbclid=IwAR0WoY2EUq4gmIX-onXDXIXqieUS-YLxE_uB7pieuiSVIkCfNG1ulKwAYY4\" target=\"_blank\" rel=\"noreferrer noopener\">talentdays.pl\/targi-pracy\/wroclaw<\/a><\/p>\n","protected":false},"excerpt":{"rendered":"<p>Nie wiesz jak zabra\u0107 si\u0119 za poszukiwanie pracy? A mo\u017ce wysy\u0142asz 100 CV&#8230;<\/p>\n","protected":false},"author":3,"featured_media":15360,"comment_status":"closed","ping_status":"closed","template":"","tags":[],"mec_category":[52],"class_list":["post-15359","mec-events","type-mec-events","status-publish","has-post-thumbnail","hentry","mec_category-fairs-events"],"yoast_head":"<!-- This site is optimized with the Yoast SEO plugin v27.4 - https:\/\/yoast.com\/product\/yoast-seo-wordpress\/ -->\n<title>Targi pracy - Talent Days &#8211; Tarczy\u0144ski Arena Wroc\u0142aw<\/title>\n<meta name=\"description\" content=\"Nie wiesz jak zabra\u0107 si\u0119 za poszukiwanie pracy? A mo\u017ce wysy\u0142asz 100 CV i wkurza Ci\u0119 zabawa w g\u0142uchy telefon z rekruterami? Chcesz zmieni\u0107 bran\u017c\u0119? Ciekawi\u0105\" \/>\n<meta name=\"robots\" content=\"index, follow, max-snippet:-1, max-image-preview:large, max-video-preview:-1\" \/>\n<link rel=\"canonical\" href=\"https:\/\/tarczynskiarenawroclaw.pl\/events\/targi-pracy-talent-days\/\" \/>\n<meta property=\"og:locale\" content=\"en_US\" \/>\n<meta property=\"og:type\" content=\"article\" \/>\n<meta property=\"og:title\" content=\"Targi pracy - Talent Days &#8211; Tarczy\u0144ski Arena Wroc\u0142aw\" \/>\n<meta property=\"og:description\" content=\"Nie wiesz jak zabra\u0107 si\u0119 za poszukiwanie pracy? A mo\u017ce wysy\u0142asz 100 CV i wkurza Ci\u0119 zabawa w g\u0142uchy telefon z rekruterami? Chcesz zmieni\u0107 bran\u017c\u0119? Ciekawi\u0105\" \/>\n<meta property=\"og:url\" content=\"https:\/\/tarczynskiarenawroclaw.pl\/events\/targi-pracy-talent-days\/\" \/>\n<meta property=\"og:site_name\" content=\"Tarczy\u0144ski Arena Wroc\u0142aw\" \/>\n<meta property=\"article:modified_time\" content=\"2024-02-21T13:49:00+00:00\" \/>\n<meta property=\"og:image\" content=\"https:\/\/tarczynskiarenawroclaw.pl\/wp-content\/uploads\/2024\/02\/Talent_Days_Wroclaw_post_1080x1080.png\" \/>\n\t<meta property=\"og:image:width\" content=\"1080\" \/>\n\t<meta property=\"og:image:height\" content=\"1080\" \/>\n\t<meta property=\"og:image:type\" content=\"image\/png\" \/>\n<meta name=\"twitter:card\" content=\"summary_large_image\" \/>\n<meta name=\"twitter:label1\" content=\"Est. reading time\" \/>\n\t<meta name=\"twitter:data1\" content=\"4 minutes\" \/>\n<script type=\"application\/ld+json\" class=\"yoast-schema-graph\">{\"@context\":\"https:\\\/\\\/schema.org\",\"@graph\":[{\"@type\":\"WebPage\",\"@id\":\"https:\\\/\\\/tarczynskiarenawroclaw.pl\\\/events\\\/targi-pracy-talent-days\\\/\",\"url\":\"https:\\\/\\\/tarczynskiarenawroclaw.pl\\\/events\\\/targi-pracy-talent-days\\\/\",\"name\":\"Targi pracy - Talent Days &#8211; Tarczy\u0144ski Arena Wroc\u0142aw\",\"isPartOf\":{\"@id\":\"https:\\\/\\\/tarczynskiarenawroclaw.pl\\\/#website\"},\"primaryImageOfPage\":{\"@id\":\"https:\\\/\\\/tarczynskiarenawroclaw.pl\\\/events\\\/targi-pracy-talent-days\\\/#primaryimage\"},\"image\":{\"@id\":\"https:\\\/\\\/tarczynskiarenawroclaw.pl\\\/events\\\/targi-pracy-talent-days\\\/#primaryimage\"},\"thumbnailUrl\":\"https:\\\/\\\/tarczynskiarenawroclaw.pl\\\/wp-content\\\/uploads\\\/2024\\\/02\\\/Talent_Days_Wroclaw_post_1080x1080.png\",\"datePublished\":\"2024-02-21T13:48:53+00:00\",\"dateModified\":\"2024-02-21T13:49:00+00:00\",\"description\":\"Nie wiesz jak zabra\u0107 si\u0119 za poszukiwanie pracy? A mo\u017ce wysy\u0142asz 100 CV i wkurza Ci\u0119 zabawa w g\u0142uchy telefon z rekruterami? Chcesz zmieni\u0107 bran\u017c\u0119? Ciekawi\u0105\",\"breadcrumb\":{\"@id\":\"https:\\\/\\\/tarczynskiarenawroclaw.pl\\\/events\\\/targi-pracy-talent-days\\\/#breadcrumb\"},\"inLanguage\":\"en-US\",\"potentialAction\":[{\"@type\":\"ReadAction\",\"target\":[\"https:\\\/\\\/tarczynskiarenawroclaw.pl\\\/events\\\/targi-pracy-talent-days\\\/\"]}]},{\"@type\":\"ImageObject\",\"inLanguage\":\"en-US\",\"@id\":\"https:\\\/\\\/tarczynskiarenawroclaw.pl\\\/events\\\/targi-pracy-talent-days\\\/#primaryimage\",\"url\":\"https:\\\/\\\/tarczynskiarenawroclaw.pl\\\/wp-content\\\/uploads\\\/2024\\\/02\\\/Talent_Days_Wroclaw_post_1080x1080.png\",\"contentUrl\":\"https:\\\/\\\/tarczynskiarenawroclaw.pl\\\/wp-content\\\/uploads\\\/2024\\\/02\\\/Talent_Days_Wroclaw_post_1080x1080.png\",\"width\":1080,\"height\":1080},{\"@type\":\"BreadcrumbList\",\"@id\":\"https:\\\/\\\/tarczynskiarenawroclaw.pl\\\/events\\\/targi-pracy-talent-days\\\/#breadcrumb\",\"itemListElement\":[{\"@type\":\"ListItem\",\"position\":1,\"name\":\"Strona g\u0142\u00f3wna\",\"item\":\"https:\\\/\\\/tarczynskiarenawroclaw.pl\\\/en\\\/\"},{\"@type\":\"ListItem\",\"position\":2,\"name\":\"Events\",\"item\":\"https:\\\/\\\/tarczynskiarenawroclaw.pl\\\/events\\\/\"},{\"@type\":\"ListItem\",\"position\":3,\"name\":\"Fairs \\\/ Events\",\"item\":\"https:\\\/\\\/tarczynskiarenawroclaw.pl\\\/en\\\/category-events\\\/fairs-events\\\/\"},{\"@type\":\"ListItem\",\"position\":4,\"name\":\"Targi pracy &#8211; Talent Days\"}]},{\"@type\":\"WebSite\",\"@id\":\"https:\\\/\\\/tarczynskiarenawroclaw.pl\\\/#website\",\"url\":\"https:\\\/\\\/tarczynskiarenawroclaw.pl\\\/\",\"name\":\"Tarczy\u0144ski Arena Wroc\u0142aw\",\"description\":\"Stadion Miejski we Wroc\u0142awiu\",\"publisher\":{\"@id\":\"https:\\\/\\\/tarczynskiarenawroclaw.pl\\\/#organization\"},\"potentialAction\":[{\"@type\":\"SearchAction\",\"target\":{\"@type\":\"EntryPoint\",\"urlTemplate\":\"https:\\\/\\\/tarczynskiarenawroclaw.pl\\\/?s={search_term_string}\"},\"query-input\":{\"@type\":\"PropertyValueSpecification\",\"valueRequired\":true,\"valueName\":\"search_term_string\"}}],\"inLanguage\":\"en-US\"},{\"@type\":\"Organization\",\"@id\":\"https:\\\/\\\/tarczynskiarenawroclaw.pl\\\/#organization\",\"name\":\"Stadion Wroc\u0142aw\",\"url\":\"https:\\\/\\\/tarczynskiarenawroclaw.pl\\\/\",\"logo\":{\"@type\":\"ImageObject\",\"inLanguage\":\"en-US\",\"@id\":\"https:\\\/\\\/tarczynskiarenawroclaw.pl\\\/#\\\/schema\\\/logo\\\/image\\\/\",\"url\":\"https:\\\/\\\/stadionwroclaw.pl\\\/wp-content\\\/uploads\\\/2021\\\/08\\\/favicon-stadion-wroclaw.png\",\"contentUrl\":\"https:\\\/\\\/stadionwroclaw.pl\\\/wp-content\\\/uploads\\\/2021\\\/08\\\/favicon-stadion-wroclaw.png\",\"width\":512,\"height\":512,\"caption\":\"Stadion Wroc\u0142aw\"},\"image\":{\"@id\":\"https:\\\/\\\/tarczynskiarenawroclaw.pl\\\/#\\\/schema\\\/logo\\\/image\\\/\"}}]}<\/script>\n<!-- \/ Yoast SEO plugin. -->","yoast_head_json":{"title":"Targi pracy - Talent Days &#8211; Tarczy\u0144ski Arena Wroc\u0142aw","description":"Nie wiesz jak zabra\u0107 si\u0119 za poszukiwanie pracy? A mo\u017ce wysy\u0142asz 100 CV i wkurza Ci\u0119 zabawa w g\u0142uchy telefon z rekruterami? Chcesz zmieni\u0107 bran\u017c\u0119? Ciekawi\u0105","robots":{"index":"index","follow":"follow","max-snippet":"max-snippet:-1","max-image-preview":"max-image-preview:large","max-video-preview":"max-video-preview:-1"},"canonical":"https:\/\/tarczynskiarenawroclaw.pl\/events\/targi-pracy-talent-days\/","og_locale":"en_US","og_type":"article","og_title":"Targi pracy - Talent Days &#8211; Tarczy\u0144ski Arena Wroc\u0142aw","og_description":"Nie wiesz jak zabra\u0107 si\u0119 za poszukiwanie pracy? A mo\u017ce wysy\u0142asz 100 CV i wkurza Ci\u0119 zabawa w g\u0142uchy telefon z rekruterami? Chcesz zmieni\u0107 bran\u017c\u0119? Ciekawi\u0105","og_url":"https:\/\/tarczynskiarenawroclaw.pl\/events\/targi-pracy-talent-days\/","og_site_name":"Tarczy\u0144ski Arena Wroc\u0142aw","article_modified_time":"2024-02-21T13:49:00+00:00","og_image":[{"width":1080,"height":1080,"url":"https:\/\/tarczynskiarenawroclaw.pl\/wp-content\/uploads\/2024\/02\/Talent_Days_Wroclaw_post_1080x1080.png","type":"image\/png"}],"twitter_card":"summary_large_image","twitter_misc":{"Est. reading time":"4 minutes"},"schema":{"@context":"https:\/\/schema.org","@graph":[{"@type":"WebPage","@id":"https:\/\/tarczynskiarenawroclaw.pl\/events\/targi-pracy-talent-days\/","url":"https:\/\/tarczynskiarenawroclaw.pl\/events\/targi-pracy-talent-days\/","name":"Targi pracy - Talent Days &#8211; Tarczy\u0144ski Arena Wroc\u0142aw","isPartOf":{"@id":"https:\/\/tarczynskiarenawroclaw.pl\/#website"},"primaryImageOfPage":{"@id":"https:\/\/tarczynskiarenawroclaw.pl\/events\/targi-pracy-talent-days\/#primaryimage"},"image":{"@id":"https:\/\/tarczynskiarenawroclaw.pl\/events\/targi-pracy-talent-days\/#primaryimage"},"thumbnailUrl":"https:\/\/tarczynskiarenawroclaw.pl\/wp-content\/uploads\/2024\/02\/Talent_Days_Wroclaw_post_1080x1080.png","datePublished":"2024-02-21T13:48:53+00:00","dateModified":"2024-02-21T13:49:00+00:00","description":"Nie wiesz jak zabra\u0107 si\u0119 za poszukiwanie pracy? A mo\u017ce wysy\u0142asz 100 CV i wkurza Ci\u0119 zabawa w g\u0142uchy telefon z rekruterami? Chcesz zmieni\u0107 bran\u017c\u0119? Ciekawi\u0105","breadcrumb":{"@id":"https:\/\/tarczynskiarenawroclaw.pl\/events\/targi-pracy-talent-days\/#breadcrumb"},"inLanguage":"en-US","potentialAction":[{"@type":"ReadAction","target":["https:\/\/tarczynskiarenawroclaw.pl\/events\/targi-pracy-talent-days\/"]}]},{"@type":"ImageObject","inLanguage":"en-US","@id":"https:\/\/tarczynskiarenawroclaw.pl\/events\/targi-pracy-talent-days\/#primaryimage","url":"https:\/\/tarczynskiarenawroclaw.pl\/wp-content\/uploads\/2024\/02\/Talent_Days_Wroclaw_post_1080x1080.png","contentUrl":"https:\/\/tarczynskiarenawroclaw.pl\/wp-content\/uploads\/2024\/02\/Talent_Days_Wroclaw_post_1080x1080.png","width":1080,"height":1080},{"@type":"BreadcrumbList","@id":"https:\/\/tarczynskiarenawroclaw.pl\/events\/targi-pracy-talent-days\/#breadcrumb","itemListElement":[{"@type":"ListItem","position":1,"name":"Strona g\u0142\u00f3wna","item":"https:\/\/tarczynskiarenawroclaw.pl\/en\/"},{"@type":"ListItem","position":2,"name":"Events","item":"https:\/\/tarczynskiarenawroclaw.pl\/events\/"},{"@type":"ListItem","position":3,"name":"Fairs \/ Events","item":"https:\/\/tarczynskiarenawroclaw.pl\/en\/category-events\/fairs-events\/"},{"@type":"ListItem","position":4,"name":"Targi pracy &#8211; Talent Days"}]},{"@type":"WebSite","@id":"https:\/\/tarczynskiarenawroclaw.pl\/#website","url":"https:\/\/tarczynskiarenawroclaw.pl\/","name":"Tarczy\u0144ski Arena Wroc\u0142aw","description":"Stadion Miejski we Wroc\u0142awiu","publisher":{"@id":"https:\/\/tarczynskiarenawroclaw.pl\/#organization"},"potentialAction":[{"@type":"SearchAction","target":{"@type":"EntryPoint","urlTemplate":"https:\/\/tarczynskiarenawroclaw.pl\/?s={search_term_string}"},"query-input":{"@type":"PropertyValueSpecification","valueRequired":true,"valueName":"search_term_string"}}],"inLanguage":"en-US"},{"@type":"Organization","@id":"https:\/\/tarczynskiarenawroclaw.pl\/#organization","name":"Stadion Wroc\u0142aw","url":"https:\/\/tarczynskiarenawroclaw.pl\/","logo":{"@type":"ImageObject","inLanguage":"en-US","@id":"https:\/\/tarczynskiarenawroclaw.pl\/#\/schema\/logo\/image\/","url":"https:\/\/stadionwroclaw.pl\/wp-content\/uploads\/2021\/08\/favicon-stadion-wroclaw.png","contentUrl":"https:\/\/stadionwroclaw.pl\/wp-content\/uploads\/2021\/08\/favicon-stadion-wroclaw.png","width":512,"height":512,"caption":"Stadion Wroc\u0142aw"},"image":{"@id":"https:\/\/tarczynskiarenawroclaw.pl\/#\/schema\/logo\/image\/"}}]}},"featured_img":"https:\/\/tarczynskiarenawroclaw.pl\/wp-content\/uploads\/2024\/02\/Talent_Days_Wroclaw_post_1080x1080-330x330.png","coauthors":[],"author_meta":{"author_link":"https:\/\/tarczynskiarenawroclaw.pl\/en\/author\/nina-admin\/","display_name":"Nina Kolodziej"},"relative_dates":{"created":"Posted 2 years ago","modified":"Updated 2 years ago"},"absolute_dates":{"created":"Posted on 21.02.2024","modified":"Updated on 21.02.2024"},"absolute_dates_time":{"created":"Posted on 21.02.2024 14:48","modified":"Updated on 21.02.2024 14:49"},"featured_img_caption":"","tax_additional":{"post_tag":{"linked":[],"unlinked":[],"slug":"post_tag","name":"Tags"},"mec_category":{"linked":["<a href=\"https:\/\/tarczynskiarenawroclaw.pl\/en\/category-events\/fairs-events\/\" class=\"advgb-post-tax-term\">Fairs \/ Events<\/a>"],"unlinked":["<span class=\"advgb-post-tax-term\">Fairs \/ Events<\/span>"],"slug":"mec_category","name":"Categories"},"mec_label":{"linked":[],"unlinked":[],"slug":"mec_label","name":"Labels"},"mec_location":{"linked":["<a href=\"https:\/\/tarczynskiarenawroclaw.pl\/events-location\/tarczynski-arena-wroclaw\/\" class=\"advgb-post-tax-term\">Tarczy\u0144ski Arena Wroc\u0142aw<\/a>"],"unlinked":["<span class=\"advgb-post-tax-term\">Tarczy\u0144ski Arena Wroc\u0142aw<\/span>"],"slug":"mec_location","name":"Locations"},"mec_organizer":{"linked":[],"unlinked":[],"slug":"mec_organizer","name":"Organizers"}},"series_order":"","_links":{"self":[{"href":"https:\/\/tarczynskiarenawroclaw.pl\/en\/wp-json\/wp\/v2\/mec-events\/15359","targetHints":{"allow":["GET"]}}],"collection":[{"href":"https:\/\/tarczynskiarenawroclaw.pl\/en\/wp-json\/wp\/v2\/mec-events"}],"about":[{"href":"https:\/\/tarczynskiarenawroclaw.pl\/en\/wp-json\/wp\/v2\/types\/mec-events"}],"author":[{"embeddable":true,"href":"https:\/\/tarczynskiarenawroclaw.pl\/en\/wp-json\/wp\/v2\/users\/3"}],"replies":[{"embeddable":true,"href":"https:\/\/tarczynskiarenawroclaw.pl\/en\/wp-json\/wp\/v2\/comments?post=15359"}],"wp:featuredmedia":[{"embeddable":true,"href":"https:\/\/tarczynskiarenawroclaw.pl\/en\/wp-json\/wp\/v2\/media\/15360"}],"wp:attachment":[{"href":"https:\/\/tarczynskiarenawroclaw.pl\/en\/wp-json\/wp\/v2\/media?parent=15359"}],"wp:term":[{"taxonomy":"post_tag","embeddable":true,"href":"https:\/\/tarczynskiarenawroclaw.pl\/en\/wp-json\/wp\/v2\/tags?post=15359"},{"taxonomy":"mec_category","embeddable":true,"href":"https:\/\/tarczynskiarenawroclaw.pl\/en\/wp-json\/wp\/v2\/mec_category?post=15359"}],"curies":[{"name":"wp","href":"https:\/\/api.w.org\/{rel}","templated":true}]}}