{"id":15400,"date":"2024-03-05T13:15:24","date_gmt":"2024-03-05T12:15:24","guid":{"rendered":"https:\/\/tarczynskiarenawroclaw.pl\/?post_type=mec-events&#038;p=15400"},"modified":"2024-03-05T13:15:29","modified_gmt":"2024-03-05T12:15:29","slug":"miedzynarodowe-targi-turystyki-i-czasu-wolnego-2","status":"publish","type":"mec-events","link":"https:\/\/tarczynskiarenawroclaw.pl\/en\/events\/miedzynarodowe-targi-turystyki-i-czasu-wolnego-2\/","title":{"rendered":"Mi\u0119dzynarodowe Targi Turystyki i czasu wolnego"},"content":{"rendered":"\n<p>Mi\u0119dzynarodowe Targi Turystyki i czasu wolnego \u2013 pierwsza w tym roku okazja, by zacz\u0105\u0107 my\u015ble\u0107 o wakacjach!<\/p>\n\n\n\n<p>Wszystkim mi\u0142o\u015bnikom podr\u00f3\u017cowania i aktywnego sp\u0119dzania wolnego czasu, turystom, eksploratorom, obie\u017cy\u015bwiatom lub po prostu mi\u0142o\u015bnikom targ\u00f3w turystycznych chcemy przekaza\u0107 wspania\u0142e wiadomo\u015bci. W dniach 22-24 marca we Wroc\u0142awiu zorganizujemy kolejn\u0105, 15. ju\u017c edycj\u0119 Mi\u0119dzynarodowych Targ\u00f3w Turystyki i czasu wolnego.<\/p>\n\n\n\n<p>Na terenie Tarczy\u0144ski Arena Wroc\u0142aw zgromadzimy wystawc\u00f3w z Polski i ze \u015bwiata, wiele lokalnych atrakcji oraz takich miejsc, o istnieniu kt\u00f3rych jeszcze nie s\u0142yszeli\u015bcie. Jak co troku staramy si\u0119, by ka\u017cdy znalaz\u0142 cos dla siebie, ale i odkry\u0142 co\u015b nowego. Najwa\u017cniejsza jest inspiracja!<\/p>\n\n\n\n<p>Pr\u00f3cz stoisk wystawc\u00f3w, zaprezentujemy wiele atrakcji dodatkowych. <strong>Festiwal Podr\u00f3\u017cnik\u00f3w \u201eSwoj\u0105 drog\u0105\u201d<\/strong> to ju\u017c sta\u0142y i kluczowy punkt programu, Swoj\u0105 obecno\u015b\u0107 potwierdzi\u0142o ju\u017c 18 podr\u00f3\u017cnik\u00f3w.<\/p>\n\n\n\n<p><strong>Festiwal Kulinarny<\/strong> to gotowanie na \u017cywo \u2013 ka\u017cdego dnia zaprezentujemy inn\u0105 kuchni\u0119, a przygotowane potrawy b\u0119d\u0105 dla Was uczt\u0105. Tradycyjnie zapraszamy producent\u00f3w produkt\u00f3w regionalnych, kt\u00f3rzy b\u0119d\u0105 mieli swoja stref\u0119.<\/p>\n\n\n\n<p>Z ka\u017cdego takiego wydarzenia odwiedzaj\u0105cy powinni co\u015b wynie\u015b\u0107. Opr\u00f3cz nowych inspiracji i wiedzy, materia\u0142\u00f3w i broszur turystycznych, wielu rozm\u00f3w \u2013 my, wraz z partnerami zapewnimy wiele wej\u015bci\u00f3wek, nagr\u00f3d, gad\u017cet\u00f3w. W\u015br\u00f3d nich wyjazdy weekendowe i nagroda g\u0142\u00f3wna \u2013 to na razie zostanie niespodziank\u0105.<\/p>\n\n\n\n<p>Rodzic\u00f3w przestrzegamy! Zaplanujcie troch\u0119 wi\u0119cej czasu na odwiedziny. Mnogo\u015b\u0107 atrakcji dla dzieci sprawi, \u017ce zostaniecie tu na d\u0142u\u017cej. A jak zg\u0142odniejecie, zapraszamy do strefy produkt\u00f3w regionalnych!<\/p>\n\n\n\n<p>W targowy pi\u0105tek przedstawiciele sektora turystycznego wezm\u0105 udzia\u0142 w warsztatach i spotkaniach bran\u017cowych, og\u0142osimy r\u00f3wnie\u017c laureat\u00f3w nagrody bran\u017cowej &#8211; Kryszta\u0142y Turystyki.<\/p>\n\n\n\n<p>Szczeg\u00f3\u0142y b\u0119d\u0105 publikowane na facebooku i instagramie:<\/p>\n\n\n\n<ul class=\"wp-block-list\">\n<li>https:\/\/www.facebook.com\/mttwroclaw<\/li>\n\n\n\n<li>https:\/\/www.instagram.com\/mtt.wroclaw<\/li>\n<\/ul>\n\n\n\n<p>Wsp\u00f3\u0142organizatorem targ\u00f3w jest Urz\u0105d Marsza\u0142kowski Wojew\u00f3dztwa Dolno\u015bl\u0105skiego oraz Dolno\u015bl\u0105ska Organizacja Turystyczna.<\/p>\n","protected":false},"excerpt":{"rendered":"<p>Mi\u0119dzynarodowe Targi Turystyki i czasu wolnego \u2013 pierwsza w tym roku okazja, by&#8230;<\/p>\n","protected":false},"author":3,"featured_media":15402,"comment_status":"closed","ping_status":"closed","template":"","tags":[],"mec_category":[52],"class_list":["post-15400","mec-events","type-mec-events","status-publish","has-post-thumbnail","hentry","mec_category-fairs-events"],"yoast_head":"<!-- This site is optimized with the Yoast SEO plugin v27.4 - https:\/\/yoast.com\/product\/yoast-seo-wordpress\/ -->\n<title>Mi\u0119dzynarodowe Targi Turystyki i czasu wolnego &#8211; Tarczy\u0144ski Arena Wroc\u0142aw<\/title>\n<meta name=\"description\" content=\"Mi\u0119dzynarodowe Targi Turystyki i czasu wolnego \u2013 pierwsza w tym roku okazja, by zacz\u0105\u0107 my\u015ble\u0107 o wakacjach! Wszystkim mi\u0142o\u015bnikom podr\u00f3\u017cowania i aktywnego\" \/>\n<meta name=\"robots\" content=\"index, follow, max-snippet:-1, max-image-preview:large, max-video-preview:-1\" \/>\n<link rel=\"canonical\" href=\"https:\/\/tarczynskiarenawroclaw.pl\/events\/miedzynarodowe-targi-turystyki-i-czasu-wolnego-2\/\" \/>\n<meta property=\"og:locale\" content=\"en_US\" \/>\n<meta property=\"og:type\" content=\"article\" \/>\n<meta property=\"og:title\" content=\"Mi\u0119dzynarodowe Targi Turystyki i czasu wolnego &#8211; Tarczy\u0144ski Arena Wroc\u0142aw\" \/>\n<meta property=\"og:description\" content=\"Mi\u0119dzynarodowe Targi Turystyki i czasu wolnego \u2013 pierwsza w tym roku okazja, by zacz\u0105\u0107 my\u015ble\u0107 o wakacjach! Wszystkim mi\u0142o\u015bnikom podr\u00f3\u017cowania i aktywnego\" \/>\n<meta property=\"og:url\" content=\"https:\/\/tarczynskiarenawroclaw.pl\/events\/miedzynarodowe-targi-turystyki-i-czasu-wolnego-2\/\" \/>\n<meta property=\"og:site_name\" content=\"Tarczy\u0144ski Arena Wroc\u0142aw\" \/>\n<meta property=\"article:modified_time\" content=\"2024-03-05T12:15:29+00:00\" \/>\n<meta property=\"og:image\" content=\"https:\/\/tarczynskiarenawroclaw.pl\/wp-content\/uploads\/2024\/03\/bb_kolejkowo-scaled.jpg\" \/>\n\t<meta property=\"og:image:width\" content=\"2560\" \/>\n\t<meta property=\"og:image:height\" content=\"1280\" \/>\n\t<meta property=\"og:image:type\" content=\"image\/jpeg\" \/>\n<meta name=\"twitter:card\" content=\"summary_large_image\" \/>\n<meta name=\"twitter:label1\" content=\"Est. reading time\" \/>\n\t<meta name=\"twitter:data1\" content=\"2 minutes\" \/>\n<script type=\"application\/ld+json\" class=\"yoast-schema-graph\">{\"@context\":\"https:\\\/\\\/schema.org\",\"@graph\":[{\"@type\":\"WebPage\",\"@id\":\"https:\\\/\\\/tarczynskiarenawroclaw.pl\\\/events\\\/miedzynarodowe-targi-turystyki-i-czasu-wolnego-2\\\/\",\"url\":\"https:\\\/\\\/tarczynskiarenawroclaw.pl\\\/events\\\/miedzynarodowe-targi-turystyki-i-czasu-wolnego-2\\\/\",\"name\":\"Mi\u0119dzynarodowe Targi Turystyki i czasu wolnego &#8211; Tarczy\u0144ski Arena Wroc\u0142aw\",\"isPartOf\":{\"@id\":\"https:\\\/\\\/tarczynskiarenawroclaw.pl\\\/#website\"},\"primaryImageOfPage\":{\"@id\":\"https:\\\/\\\/tarczynskiarenawroclaw.pl\\\/events\\\/miedzynarodowe-targi-turystyki-i-czasu-wolnego-2\\\/#primaryimage\"},\"image\":{\"@id\":\"https:\\\/\\\/tarczynskiarenawroclaw.pl\\\/events\\\/miedzynarodowe-targi-turystyki-i-czasu-wolnego-2\\\/#primaryimage\"},\"thumbnailUrl\":\"https:\\\/\\\/tarczynskiarenawroclaw.pl\\\/wp-content\\\/uploads\\\/2024\\\/03\\\/bb_kolejkowo-scaled.jpg\",\"datePublished\":\"2024-03-05T12:15:24+00:00\",\"dateModified\":\"2024-03-05T12:15:29+00:00\",\"description\":\"Mi\u0119dzynarodowe Targi Turystyki i czasu wolnego \u2013 pierwsza w tym roku okazja, by zacz\u0105\u0107 my\u015ble\u0107 o wakacjach! Wszystkim mi\u0142o\u015bnikom podr\u00f3\u017cowania i aktywnego\",\"breadcrumb\":{\"@id\":\"https:\\\/\\\/tarczynskiarenawroclaw.pl\\\/events\\\/miedzynarodowe-targi-turystyki-i-czasu-wolnego-2\\\/#breadcrumb\"},\"inLanguage\":\"en-US\",\"potentialAction\":[{\"@type\":\"ReadAction\",\"target\":[\"https:\\\/\\\/tarczynskiarenawroclaw.pl\\\/events\\\/miedzynarodowe-targi-turystyki-i-czasu-wolnego-2\\\/\"]}]},{\"@type\":\"ImageObject\",\"inLanguage\":\"en-US\",\"@id\":\"https:\\\/\\\/tarczynskiarenawroclaw.pl\\\/events\\\/miedzynarodowe-targi-turystyki-i-czasu-wolnego-2\\\/#primaryimage\",\"url\":\"https:\\\/\\\/tarczynskiarenawroclaw.pl\\\/wp-content\\\/uploads\\\/2024\\\/03\\\/bb_kolejkowo-scaled.jpg\",\"contentUrl\":\"https:\\\/\\\/tarczynskiarenawroclaw.pl\\\/wp-content\\\/uploads\\\/2024\\\/03\\\/bb_kolejkowo-scaled.jpg\",\"width\":2560,\"height\":1280},{\"@type\":\"BreadcrumbList\",\"@id\":\"https:\\\/\\\/tarczynskiarenawroclaw.pl\\\/events\\\/miedzynarodowe-targi-turystyki-i-czasu-wolnego-2\\\/#breadcrumb\",\"itemListElement\":[{\"@type\":\"ListItem\",\"position\":1,\"name\":\"Strona g\u0142\u00f3wna\",\"item\":\"https:\\\/\\\/tarczynskiarenawroclaw.pl\\\/en\\\/\"},{\"@type\":\"ListItem\",\"position\":2,\"name\":\"Events\",\"item\":\"https:\\\/\\\/tarczynskiarenawroclaw.pl\\\/events\\\/\"},{\"@type\":\"ListItem\",\"position\":3,\"name\":\"Fairs \\\/ Events\",\"item\":\"https:\\\/\\\/tarczynskiarenawroclaw.pl\\\/en\\\/category-events\\\/fairs-events\\\/\"},{\"@type\":\"ListItem\",\"position\":4,\"name\":\"Mi\u0119dzynarodowe Targi Turystyki i czasu wolnego\"}]},{\"@type\":\"WebSite\",\"@id\":\"https:\\\/\\\/tarczynskiarenawroclaw.pl\\\/#website\",\"url\":\"https:\\\/\\\/tarczynskiarenawroclaw.pl\\\/\",\"name\":\"Tarczy\u0144ski Arena Wroc\u0142aw\",\"description\":\"Stadion Miejski we Wroc\u0142awiu\",\"publisher\":{\"@id\":\"https:\\\/\\\/tarczynskiarenawroclaw.pl\\\/#organization\"},\"potentialAction\":[{\"@type\":\"SearchAction\",\"target\":{\"@type\":\"EntryPoint\",\"urlTemplate\":\"https:\\\/\\\/tarczynskiarenawroclaw.pl\\\/?s={search_term_string}\"},\"query-input\":{\"@type\":\"PropertyValueSpecification\",\"valueRequired\":true,\"valueName\":\"search_term_string\"}}],\"inLanguage\":\"en-US\"},{\"@type\":\"Organization\",\"@id\":\"https:\\\/\\\/tarczynskiarenawroclaw.pl\\\/#organization\",\"name\":\"Stadion Wroc\u0142aw\",\"url\":\"https:\\\/\\\/tarczynskiarenawroclaw.pl\\\/\",\"logo\":{\"@type\":\"ImageObject\",\"inLanguage\":\"en-US\",\"@id\":\"https:\\\/\\\/tarczynskiarenawroclaw.pl\\\/#\\\/schema\\\/logo\\\/image\\\/\",\"url\":\"https:\\\/\\\/stadionwroclaw.pl\\\/wp-content\\\/uploads\\\/2021\\\/08\\\/favicon-stadion-wroclaw.png\",\"contentUrl\":\"https:\\\/\\\/stadionwroclaw.pl\\\/wp-content\\\/uploads\\\/2021\\\/08\\\/favicon-stadion-wroclaw.png\",\"width\":512,\"height\":512,\"caption\":\"Stadion Wroc\u0142aw\"},\"image\":{\"@id\":\"https:\\\/\\\/tarczynskiarenawroclaw.pl\\\/#\\\/schema\\\/logo\\\/image\\\/\"}}]}<\/script>\n<!-- \/ Yoast SEO plugin. -->","yoast_head_json":{"title":"Mi\u0119dzynarodowe Targi Turystyki i czasu wolnego &#8211; Tarczy\u0144ski Arena Wroc\u0142aw","description":"Mi\u0119dzynarodowe Targi Turystyki i czasu wolnego \u2013 pierwsza w tym roku okazja, by zacz\u0105\u0107 my\u015ble\u0107 o wakacjach! Wszystkim mi\u0142o\u015bnikom podr\u00f3\u017cowania i aktywnego","robots":{"index":"index","follow":"follow","max-snippet":"max-snippet:-1","max-image-preview":"max-image-preview:large","max-video-preview":"max-video-preview:-1"},"canonical":"https:\/\/tarczynskiarenawroclaw.pl\/events\/miedzynarodowe-targi-turystyki-i-czasu-wolnego-2\/","og_locale":"en_US","og_type":"article","og_title":"Mi\u0119dzynarodowe Targi Turystyki i czasu wolnego &#8211; Tarczy\u0144ski Arena Wroc\u0142aw","og_description":"Mi\u0119dzynarodowe Targi Turystyki i czasu wolnego \u2013 pierwsza w tym roku okazja, by zacz\u0105\u0107 my\u015ble\u0107 o wakacjach! Wszystkim mi\u0142o\u015bnikom podr\u00f3\u017cowania i aktywnego","og_url":"https:\/\/tarczynskiarenawroclaw.pl\/events\/miedzynarodowe-targi-turystyki-i-czasu-wolnego-2\/","og_site_name":"Tarczy\u0144ski Arena Wroc\u0142aw","article_modified_time":"2024-03-05T12:15:29+00:00","og_image":[{"width":2560,"height":1280,"url":"https:\/\/tarczynskiarenawroclaw.pl\/wp-content\/uploads\/2024\/03\/bb_kolejkowo-scaled.jpg","type":"image\/jpeg"}],"twitter_card":"summary_large_image","twitter_misc":{"Est. reading time":"2 minutes"},"schema":{"@context":"https:\/\/schema.org","@graph":[{"@type":"WebPage","@id":"https:\/\/tarczynskiarenawroclaw.pl\/events\/miedzynarodowe-targi-turystyki-i-czasu-wolnego-2\/","url":"https:\/\/tarczynskiarenawroclaw.pl\/events\/miedzynarodowe-targi-turystyki-i-czasu-wolnego-2\/","name":"Mi\u0119dzynarodowe Targi Turystyki i czasu wolnego &#8211; Tarczy\u0144ski Arena Wroc\u0142aw","isPartOf":{"@id":"https:\/\/tarczynskiarenawroclaw.pl\/#website"},"primaryImageOfPage":{"@id":"https:\/\/tarczynskiarenawroclaw.pl\/events\/miedzynarodowe-targi-turystyki-i-czasu-wolnego-2\/#primaryimage"},"image":{"@id":"https:\/\/tarczynskiarenawroclaw.pl\/events\/miedzynarodowe-targi-turystyki-i-czasu-wolnego-2\/#primaryimage"},"thumbnailUrl":"https:\/\/tarczynskiarenawroclaw.pl\/wp-content\/uploads\/2024\/03\/bb_kolejkowo-scaled.jpg","datePublished":"2024-03-05T12:15:24+00:00","dateModified":"2024-03-05T12:15:29+00:00","description":"Mi\u0119dzynarodowe Targi Turystyki i czasu wolnego \u2013 pierwsza w tym roku okazja, by zacz\u0105\u0107 my\u015ble\u0107 o wakacjach! Wszystkim mi\u0142o\u015bnikom podr\u00f3\u017cowania i aktywnego","breadcrumb":{"@id":"https:\/\/tarczynskiarenawroclaw.pl\/events\/miedzynarodowe-targi-turystyki-i-czasu-wolnego-2\/#breadcrumb"},"inLanguage":"en-US","potentialAction":[{"@type":"ReadAction","target":["https:\/\/tarczynskiarenawroclaw.pl\/events\/miedzynarodowe-targi-turystyki-i-czasu-wolnego-2\/"]}]},{"@type":"ImageObject","inLanguage":"en-US","@id":"https:\/\/tarczynskiarenawroclaw.pl\/events\/miedzynarodowe-targi-turystyki-i-czasu-wolnego-2\/#primaryimage","url":"https:\/\/tarczynskiarenawroclaw.pl\/wp-content\/uploads\/2024\/03\/bb_kolejkowo-scaled.jpg","contentUrl":"https:\/\/tarczynskiarenawroclaw.pl\/wp-content\/uploads\/2024\/03\/bb_kolejkowo-scaled.jpg","width":2560,"height":1280},{"@type":"BreadcrumbList","@id":"https:\/\/tarczynskiarenawroclaw.pl\/events\/miedzynarodowe-targi-turystyki-i-czasu-wolnego-2\/#breadcrumb","itemListElement":[{"@type":"ListItem","position":1,"name":"Strona g\u0142\u00f3wna","item":"https:\/\/tarczynskiarenawroclaw.pl\/en\/"},{"@type":"ListItem","position":2,"name":"Events","item":"https:\/\/tarczynskiarenawroclaw.pl\/events\/"},{"@type":"ListItem","position":3,"name":"Fairs \/ Events","item":"https:\/\/tarczynskiarenawroclaw.pl\/en\/category-events\/fairs-events\/"},{"@type":"ListItem","position":4,"name":"Mi\u0119dzynarodowe Targi Turystyki i czasu wolnego"}]},{"@type":"WebSite","@id":"https:\/\/tarczynskiarenawroclaw.pl\/#website","url":"https:\/\/tarczynskiarenawroclaw.pl\/","name":"Tarczy\u0144ski Arena Wroc\u0142aw","description":"Stadion Miejski we Wroc\u0142awiu","publisher":{"@id":"https:\/\/tarczynskiarenawroclaw.pl\/#organization"},"potentialAction":[{"@type":"SearchAction","target":{"@type":"EntryPoint","urlTemplate":"https:\/\/tarczynskiarenawroclaw.pl\/?s={search_term_string}"},"query-input":{"@type":"PropertyValueSpecification","valueRequired":true,"valueName":"search_term_string"}}],"inLanguage":"en-US"},{"@type":"Organization","@id":"https:\/\/tarczynskiarenawroclaw.pl\/#organization","name":"Stadion Wroc\u0142aw","url":"https:\/\/tarczynskiarenawroclaw.pl\/","logo":{"@type":"ImageObject","inLanguage":"en-US","@id":"https:\/\/tarczynskiarenawroclaw.pl\/#\/schema\/logo\/image\/","url":"https:\/\/stadionwroclaw.pl\/wp-content\/uploads\/2021\/08\/favicon-stadion-wroclaw.png","contentUrl":"https:\/\/stadionwroclaw.pl\/wp-content\/uploads\/2021\/08\/favicon-stadion-wroclaw.png","width":512,"height":512,"caption":"Stadion Wroc\u0142aw"},"image":{"@id":"https:\/\/tarczynskiarenawroclaw.pl\/#\/schema\/logo\/image\/"}}]}},"featured_img":"https:\/\/tarczynskiarenawroclaw.pl\/wp-content\/uploads\/2024\/03\/bb_kolejkowo-330x330.jpg","coauthors":[],"author_meta":{"author_link":"https:\/\/tarczynskiarenawroclaw.pl\/en\/author\/nina-admin\/","display_name":"Nina Kolodziej"},"relative_dates":{"created":"Posted 2 years ago","modified":"Updated 2 years ago"},"absolute_dates":{"created":"Posted on 05.03.2024","modified":"Updated on 05.03.2024"},"absolute_dates_time":{"created":"Posted on 05.03.2024 13:15","modified":"Updated on 05.03.2024 13:15"},"featured_img_caption":"","tax_additional":{"post_tag":{"linked":[],"unlinked":[],"slug":"post_tag","name":"Tags"},"mec_category":{"linked":["<a href=\"https:\/\/tarczynskiarenawroclaw.pl\/en\/category-events\/fairs-events\/\" class=\"advgb-post-tax-term\">Fairs \/ Events<\/a>"],"unlinked":["<span class=\"advgb-post-tax-term\">Fairs \/ Events<\/span>"],"slug":"mec_category","name":"Categories"},"mec_label":{"linked":[],"unlinked":[],"slug":"mec_label","name":"Labels"},"mec_location":{"linked":["<a href=\"https:\/\/tarczynskiarenawroclaw.pl\/events-location\/tarczynski-arena-wroclaw\/\" class=\"advgb-post-tax-term\">Tarczy\u0144ski Arena Wroc\u0142aw<\/a>"],"unlinked":["<span class=\"advgb-post-tax-term\">Tarczy\u0144ski Arena Wroc\u0142aw<\/span>"],"slug":"mec_location","name":"Locations"},"mec_organizer":{"linked":[],"unlinked":[],"slug":"mec_organizer","name":"Organizers"}},"series_order":"","_links":{"self":[{"href":"https:\/\/tarczynskiarenawroclaw.pl\/en\/wp-json\/wp\/v2\/mec-events\/15400","targetHints":{"allow":["GET"]}}],"collection":[{"href":"https:\/\/tarczynskiarenawroclaw.pl\/en\/wp-json\/wp\/v2\/mec-events"}],"about":[{"href":"https:\/\/tarczynskiarenawroclaw.pl\/en\/wp-json\/wp\/v2\/types\/mec-events"}],"author":[{"embeddable":true,"href":"https:\/\/tarczynskiarenawroclaw.pl\/en\/wp-json\/wp\/v2\/users\/3"}],"replies":[{"embeddable":true,"href":"https:\/\/tarczynskiarenawroclaw.pl\/en\/wp-json\/wp\/v2\/comments?post=15400"}],"wp:featuredmedia":[{"embeddable":true,"href":"https:\/\/tarczynskiarenawroclaw.pl\/en\/wp-json\/wp\/v2\/media\/15402"}],"wp:attachment":[{"href":"https:\/\/tarczynskiarenawroclaw.pl\/en\/wp-json\/wp\/v2\/media?parent=15400"}],"wp:term":[{"taxonomy":"post_tag","embeddable":true,"href":"https:\/\/tarczynskiarenawroclaw.pl\/en\/wp-json\/wp\/v2\/tags?post=15400"},{"taxonomy":"mec_category","embeddable":true,"href":"https:\/\/tarczynskiarenawroclaw.pl\/en\/wp-json\/wp\/v2\/mec_category?post=15400"}],"curies":[{"name":"wp","href":"https:\/\/api.w.org\/{rel}","templated":true}]}}