{"id":15518,"date":"2024-04-16T10:50:23","date_gmt":"2024-04-16T08:50:23","guid":{"rendered":"https:\/\/tarczynskiarenawroclaw.pl\/?post_type=mec-events&#038;p=15518"},"modified":"2024-04-17T16:22:27","modified_gmt":"2024-04-17T14:22:27","slug":"miedzynarodowe-targi-pracy-with-eures-to-europe-po-raz-pierwszy-we-wroclawiu","status":"publish","type":"mec-events","link":"https:\/\/tarczynskiarenawroclaw.pl\/en\/events\/miedzynarodowe-targi-pracy-with-eures-to-europe-po-raz-pierwszy-we-wroclawiu\/","title":{"rendered":"Mi\u0119dzynarodowe Targi Pracy \u201eWith EURES to Europe!\u201d po raz pierwszy we Wroc\u0142awiu!"},"content":{"rendered":"\n<p><em>16 maja 2024r. w godz. od 10.00 do 15.00<\/em><\/p>\n\n\n\n<p><em>Wkraczasz na rynek pracy? Zmieniasz kierunek kariery? Szukasz Informacji?<\/em><br><em>Jeste\u015b poszukuj\u0105cym pracy, studentem, absolwentem, cudzoziemcem?<\/em><\/p>\n\n\n\n<p><strong><em>Przyjd\u017a na Mi\u0119dzynarodowe Targi Pracy \u201eWith EURES to Europe!\u201d<\/em><\/strong><em> !<\/em><\/p>\n\n\n\n<ul class=\"wp-block-list\">\n<li><strong>ponad 100 wystawc\u00f3w<\/strong> z Polski i kraj\u00f3w Unii Europejskiej, mi\u0119dzy innymi z: Niemiec, Austrii, Czech, S\u0142owacji, S\u0142owenii, Danii, Holandii, Irlandii<\/li>\n\n\n\n<li><strong>OFERTY PRACY<\/strong> r\u00f3\u017cnych bran\u017c w Polsce i za granic\u0105, r\u00f3wnie\u017c pracy sezonowej! <em>Bran\u017ca: automotive, biurowa, logistyczna, motoryzacyjna, opieku\u0144cza, gastronomiczna, praca w s\u0142u\u017cbach mundurowych i wiele wi\u0119cej!<\/em><\/li>\n\n\n\n<li><em>Instytucje wspieraj\u0105ce z obszaru rynku pracy<\/em><\/li>\n\n\n\n<li><em>Fachowe us\u0142ugi doradc\u00f3w EURES i doradc\u00f3w zawodowych<\/em><\/li>\n\n\n\n<li><em>Punkt ksero CV<\/em><\/li>\n\n\n\n<li><em>Oferta dla STUDENT\u00d3W: program wymiany kulturowej do USA, projekty dla m\u0142odych<\/em><\/li>\n\n\n\n<li><em>Punkt informacji dla migrant\u00f3w i cudzoziemc\u00f3w<\/em><\/li>\n<\/ul>\n\n\n\n<p><em><strong>Atrakcje wsp\u00f3\u0142towarzysz\u0105ce:<\/strong><\/em><\/p>\n\n\n\n<ul class=\"wp-block-list\">\n<li><em>Bogaty wachlarz <strong>WARSZTAT\u00d3W<\/strong> z ekspertami m.in.<\/em>\n<ul class=\"wp-block-list\">\n<li><em>ERASMUS+ i programy europejskie<\/em><\/li>\n\n\n\n<li><em>Warunki \u017cycia i pracy w<\/em> <em>Czechach, Holandii, Danii, Austrii, Niemczech, na S\u0142owacji oraz S\u0142owenii<\/em><\/li>\n\n\n\n<li><em>Wybrane zagadnienia bada\u0144 UX z wykorzystaniem AI<\/em><\/li>\n\n\n\n<li>Zak\u0142adanie firmy &#8211; DOTACJE UE<\/li>\n\n\n\n<li><em>Negocjacje w pracy i mowa cia\u0142a<\/em><\/li>\n\n\n\n<li><em>Budowanie MARKI OSOBISTEJ w procesie rekrutacji<\/em><\/li>\n\n\n\n<li><em>ZASI\u0141KI po zatrudnieniu za granic\u0105<\/em><\/li>\n\n\n\n<li><em>Aktywizacja zawodowa cudzoziemc\u00f3w<\/em>\n<ul class=\"wp-block-list\">\n<li><em>Prezentacje i <strong>PANELE DYSKUSYJNE<\/strong> na scenie g\u0142\u00f3wnej<\/em><\/li>\n\n\n\n<li><em>\u00a0<strong>GOGLE VR<\/strong> \u2013 \u201ezanurz\u201d si\u0119 w WIRTUALNYM \u015aWIECIE danego zawodu!<\/em><\/li>\n\n\n\n<li><strong><em>POKAZ MODY<\/em><\/strong><em> i tw\u00f3rczo\u015bci projektantki Estery Grabarczyk!<\/em><\/li>\n\n\n\n<li><em>Ekstra <strong>GAD\u017bETY <\/strong>na stoiskach<\/em><\/li>\n\n\n\n<li><strong><em>FOOD TRUCKI<\/em><\/strong><\/li>\n<\/ul>\n<\/li>\n<\/ul>\n<\/li>\n<\/ul>\n\n\n\n<p><em><strong>BEZP\u0141ATNY wst\u0119p!<\/strong><\/em><\/p>\n\n\n\n<p><em>Rejestracja na Targi nie jest wymagana, po prostu przyjed\u017a do Tarczy\u0144ski Arena, znajd\u017a prac\u0119 i \u015bwi\u0119tuj razem z nami tegoroczne obchody 30 lat sieci EURES i 20 lat sieci EURES w Polsce!<\/em><\/p>\n\n\n\n<p><em>Wi\u0119cej szczeg\u00f3\u0142owych informacji wkr\u00f3tce!<\/em><\/p>\n\n\n\n<p><em>Znajdziesz je na:<\/em><\/p>\n\n\n\n<ul class=\"wp-block-list\">\n<li><a href=\"http:\/\/eures.dwup.pl\/aktualnosci.html\"><em>http:\/\/eures.dwup.pl\/aktualnosci.html<\/em><\/a><\/li>\n\n\n\n<li><a href=\"https:\/\/www.facebook.com\/EuresDolnySlask\"><em>https:\/\/www.facebook.com\/EuresDolnySlask<\/em><\/a><\/li>\n<\/ul>\n\n\n\n<p>Organizatorem Targ\u00f3w jest Dolno\u015bl\u0105ski Wojew\u00f3dzki Urz\u0105d Pracy.<\/p>\n\n\n\n<p><em>Wydarzenie realizowane w ramach projektu \u201eModernizacja instytucji i s\u0142u\u017cb regionalnego rynku pracy\u201d i wsp\u00f3\u0142finansowane przez Uni\u0119 Europejsk\u0105 ze \u015brodk\u00f3w Europejskiego Funduszu Spo\u0142ecznego Plus w ramach Programu Fundusze Europejskie dla Dolnego \u015al\u0105ska 2021-2027.<\/em><\/p>\n","protected":false},"excerpt":{"rendered":"<p>16 maja 2024r. w godz. od 10.00 do 15.00 Wkraczasz na rynek pracy?&#8230;<\/p>\n","protected":false},"author":3,"featured_media":15519,"comment_status":"closed","ping_status":"closed","template":"","tags":[],"mec_category":[52,37],"class_list":["post-15518","mec-events","type-mec-events","status-publish","has-post-thumbnail","hentry","mec_category-fairs-events","mec_category-top-event-en"],"yoast_head":"<!-- This site is optimized with the Yoast SEO plugin v27.4 - https:\/\/yoast.com\/product\/yoast-seo-wordpress\/ -->\n<title>Mi\u0119dzynarodowe Targi Pracy \u201eWith EURES to Europe!\u201d po raz pierwszy we Wroc\u0142awiu! &#8211; Tarczy\u0144ski Arena Wroc\u0142aw<\/title>\n<meta name=\"description\" content=\"16 maja 2024r. w godz. od 10.00 do 15.00 Wkraczasz na rynek pracy? Zmieniasz kierunek kariery? Szukasz Informacji?Jeste\u015b poszukuj\u0105cym pracy, studentem,\" \/>\n<meta name=\"robots\" content=\"index, follow, max-snippet:-1, max-image-preview:large, max-video-preview:-1\" \/>\n<link rel=\"canonical\" href=\"https:\/\/tarczynskiarenawroclaw.pl\/events\/miedzynarodowe-targi-pracy-with-eures-to-europe-po-raz-pierwszy-we-wroclawiu\/\" \/>\n<meta property=\"og:locale\" content=\"en_US\" \/>\n<meta property=\"og:type\" content=\"article\" \/>\n<meta property=\"og:title\" content=\"Mi\u0119dzynarodowe Targi Pracy \u201eWith EURES to Europe!\u201d po raz pierwszy we Wroc\u0142awiu! &#8211; Tarczy\u0144ski Arena Wroc\u0142aw\" \/>\n<meta property=\"og:description\" content=\"16 maja 2024r. w godz. od 10.00 do 15.00 Wkraczasz na rynek pracy? Zmieniasz kierunek kariery? Szukasz Informacji?Jeste\u015b poszukuj\u0105cym pracy, studentem,\" \/>\n<meta property=\"og:url\" content=\"https:\/\/tarczynskiarenawroclaw.pl\/events\/miedzynarodowe-targi-pracy-with-eures-to-europe-po-raz-pierwszy-we-wroclawiu\/\" \/>\n<meta property=\"og:site_name\" content=\"Tarczy\u0144ski Arena Wroc\u0142aw\" \/>\n<meta property=\"article:modified_time\" content=\"2024-04-17T14:22:27+00:00\" \/>\n<meta property=\"og:image\" content=\"https:\/\/tarczynskiarenawroclaw.pl\/wp-content\/uploads\/2024\/04\/4.png\" \/>\n\t<meta property=\"og:image:width\" content=\"1080\" \/>\n\t<meta property=\"og:image:height\" content=\"1080\" \/>\n\t<meta property=\"og:image:type\" content=\"image\/png\" \/>\n<meta name=\"twitter:card\" content=\"summary_large_image\" \/>\n<meta name=\"twitter:label1\" content=\"Est. reading time\" \/>\n\t<meta name=\"twitter:data1\" content=\"2 minutes\" \/>\n<script type=\"application\/ld+json\" class=\"yoast-schema-graph\">{\"@context\":\"https:\\\/\\\/schema.org\",\"@graph\":[{\"@type\":\"WebPage\",\"@id\":\"https:\\\/\\\/tarczynskiarenawroclaw.pl\\\/events\\\/miedzynarodowe-targi-pracy-with-eures-to-europe-po-raz-pierwszy-we-wroclawiu\\\/\",\"url\":\"https:\\\/\\\/tarczynskiarenawroclaw.pl\\\/events\\\/miedzynarodowe-targi-pracy-with-eures-to-europe-po-raz-pierwszy-we-wroclawiu\\\/\",\"name\":\"Mi\u0119dzynarodowe Targi Pracy \u201eWith EURES to Europe!\u201d po raz pierwszy we Wroc\u0142awiu! &#8211; Tarczy\u0144ski Arena Wroc\u0142aw\",\"isPartOf\":{\"@id\":\"https:\\\/\\\/tarczynskiarenawroclaw.pl\\\/#website\"},\"primaryImageOfPage\":{\"@id\":\"https:\\\/\\\/tarczynskiarenawroclaw.pl\\\/events\\\/miedzynarodowe-targi-pracy-with-eures-to-europe-po-raz-pierwszy-we-wroclawiu\\\/#primaryimage\"},\"image\":{\"@id\":\"https:\\\/\\\/tarczynskiarenawroclaw.pl\\\/events\\\/miedzynarodowe-targi-pracy-with-eures-to-europe-po-raz-pierwszy-we-wroclawiu\\\/#primaryimage\"},\"thumbnailUrl\":\"https:\\\/\\\/tarczynskiarenawroclaw.pl\\\/wp-content\\\/uploads\\\/2024\\\/04\\\/4.png\",\"datePublished\":\"2024-04-16T08:50:23+00:00\",\"dateModified\":\"2024-04-17T14:22:27+00:00\",\"description\":\"16 maja 2024r. w godz. od 10.00 do 15.00 Wkraczasz na rynek pracy? Zmieniasz kierunek kariery? Szukasz Informacji?Jeste\u015b poszukuj\u0105cym pracy, studentem,\",\"breadcrumb\":{\"@id\":\"https:\\\/\\\/tarczynskiarenawroclaw.pl\\\/events\\\/miedzynarodowe-targi-pracy-with-eures-to-europe-po-raz-pierwszy-we-wroclawiu\\\/#breadcrumb\"},\"inLanguage\":\"en-US\",\"potentialAction\":[{\"@type\":\"ReadAction\",\"target\":[\"https:\\\/\\\/tarczynskiarenawroclaw.pl\\\/events\\\/miedzynarodowe-targi-pracy-with-eures-to-europe-po-raz-pierwszy-we-wroclawiu\\\/\"]}]},{\"@type\":\"ImageObject\",\"inLanguage\":\"en-US\",\"@id\":\"https:\\\/\\\/tarczynskiarenawroclaw.pl\\\/events\\\/miedzynarodowe-targi-pracy-with-eures-to-europe-po-raz-pierwszy-we-wroclawiu\\\/#primaryimage\",\"url\":\"https:\\\/\\\/tarczynskiarenawroclaw.pl\\\/wp-content\\\/uploads\\\/2024\\\/04\\\/4.png\",\"contentUrl\":\"https:\\\/\\\/tarczynskiarenawroclaw.pl\\\/wp-content\\\/uploads\\\/2024\\\/04\\\/4.png\",\"width\":1080,\"height\":1080},{\"@type\":\"BreadcrumbList\",\"@id\":\"https:\\\/\\\/tarczynskiarenawroclaw.pl\\\/events\\\/miedzynarodowe-targi-pracy-with-eures-to-europe-po-raz-pierwszy-we-wroclawiu\\\/#breadcrumb\",\"itemListElement\":[{\"@type\":\"ListItem\",\"position\":1,\"name\":\"Strona g\u0142\u00f3wna\",\"item\":\"https:\\\/\\\/tarczynskiarenawroclaw.pl\\\/en\\\/\"},{\"@type\":\"ListItem\",\"position\":2,\"name\":\"Events\",\"item\":\"https:\\\/\\\/tarczynskiarenawroclaw.pl\\\/events\\\/\"},{\"@type\":\"ListItem\",\"position\":3,\"name\":\"Fairs \\\/ Events\",\"item\":\"https:\\\/\\\/tarczynskiarenawroclaw.pl\\\/en\\\/category-events\\\/fairs-events\\\/\"},{\"@type\":\"ListItem\",\"position\":4,\"name\":\"Mi\u0119dzynarodowe Targi Pracy \u201eWith EURES to Europe!\u201d po raz pierwszy we Wroc\u0142awiu!\"}]},{\"@type\":\"WebSite\",\"@id\":\"https:\\\/\\\/tarczynskiarenawroclaw.pl\\\/#website\",\"url\":\"https:\\\/\\\/tarczynskiarenawroclaw.pl\\\/\",\"name\":\"Tarczy\u0144ski Arena Wroc\u0142aw\",\"description\":\"Stadion Miejski we Wroc\u0142awiu\",\"publisher\":{\"@id\":\"https:\\\/\\\/tarczynskiarenawroclaw.pl\\\/#organization\"},\"potentialAction\":[{\"@type\":\"SearchAction\",\"target\":{\"@type\":\"EntryPoint\",\"urlTemplate\":\"https:\\\/\\\/tarczynskiarenawroclaw.pl\\\/?s={search_term_string}\"},\"query-input\":{\"@type\":\"PropertyValueSpecification\",\"valueRequired\":true,\"valueName\":\"search_term_string\"}}],\"inLanguage\":\"en-US\"},{\"@type\":\"Organization\",\"@id\":\"https:\\\/\\\/tarczynskiarenawroclaw.pl\\\/#organization\",\"name\":\"Stadion Wroc\u0142aw\",\"url\":\"https:\\\/\\\/tarczynskiarenawroclaw.pl\\\/\",\"logo\":{\"@type\":\"ImageObject\",\"inLanguage\":\"en-US\",\"@id\":\"https:\\\/\\\/tarczynskiarenawroclaw.pl\\\/#\\\/schema\\\/logo\\\/image\\\/\",\"url\":\"https:\\\/\\\/stadionwroclaw.pl\\\/wp-content\\\/uploads\\\/2021\\\/08\\\/favicon-stadion-wroclaw.png\",\"contentUrl\":\"https:\\\/\\\/stadionwroclaw.pl\\\/wp-content\\\/uploads\\\/2021\\\/08\\\/favicon-stadion-wroclaw.png\",\"width\":512,\"height\":512,\"caption\":\"Stadion Wroc\u0142aw\"},\"image\":{\"@id\":\"https:\\\/\\\/tarczynskiarenawroclaw.pl\\\/#\\\/schema\\\/logo\\\/image\\\/\"}}]}<\/script>\n<!-- \/ Yoast SEO plugin. -->","yoast_head_json":{"title":"Mi\u0119dzynarodowe Targi Pracy \u201eWith EURES to Europe!\u201d po raz pierwszy we Wroc\u0142awiu! &#8211; Tarczy\u0144ski Arena Wroc\u0142aw","description":"16 maja 2024r. w godz. od 10.00 do 15.00 Wkraczasz na rynek pracy? Zmieniasz kierunek kariery? Szukasz Informacji?Jeste\u015b poszukuj\u0105cym pracy, studentem,","robots":{"index":"index","follow":"follow","max-snippet":"max-snippet:-1","max-image-preview":"max-image-preview:large","max-video-preview":"max-video-preview:-1"},"canonical":"https:\/\/tarczynskiarenawroclaw.pl\/events\/miedzynarodowe-targi-pracy-with-eures-to-europe-po-raz-pierwszy-we-wroclawiu\/","og_locale":"en_US","og_type":"article","og_title":"Mi\u0119dzynarodowe Targi Pracy \u201eWith EURES to Europe!\u201d po raz pierwszy we Wroc\u0142awiu! &#8211; Tarczy\u0144ski Arena Wroc\u0142aw","og_description":"16 maja 2024r. w godz. od 10.00 do 15.00 Wkraczasz na rynek pracy? Zmieniasz kierunek kariery? Szukasz Informacji?Jeste\u015b poszukuj\u0105cym pracy, studentem,","og_url":"https:\/\/tarczynskiarenawroclaw.pl\/events\/miedzynarodowe-targi-pracy-with-eures-to-europe-po-raz-pierwszy-we-wroclawiu\/","og_site_name":"Tarczy\u0144ski Arena Wroc\u0142aw","article_modified_time":"2024-04-17T14:22:27+00:00","og_image":[{"width":1080,"height":1080,"url":"https:\/\/tarczynskiarenawroclaw.pl\/wp-content\/uploads\/2024\/04\/4.png","type":"image\/png"}],"twitter_card":"summary_large_image","twitter_misc":{"Est. reading time":"2 minutes"},"schema":{"@context":"https:\/\/schema.org","@graph":[{"@type":"WebPage","@id":"https:\/\/tarczynskiarenawroclaw.pl\/events\/miedzynarodowe-targi-pracy-with-eures-to-europe-po-raz-pierwszy-we-wroclawiu\/","url":"https:\/\/tarczynskiarenawroclaw.pl\/events\/miedzynarodowe-targi-pracy-with-eures-to-europe-po-raz-pierwszy-we-wroclawiu\/","name":"Mi\u0119dzynarodowe Targi Pracy \u201eWith EURES to Europe!\u201d po raz pierwszy we Wroc\u0142awiu! &#8211; Tarczy\u0144ski Arena Wroc\u0142aw","isPartOf":{"@id":"https:\/\/tarczynskiarenawroclaw.pl\/#website"},"primaryImageOfPage":{"@id":"https:\/\/tarczynskiarenawroclaw.pl\/events\/miedzynarodowe-targi-pracy-with-eures-to-europe-po-raz-pierwszy-we-wroclawiu\/#primaryimage"},"image":{"@id":"https:\/\/tarczynskiarenawroclaw.pl\/events\/miedzynarodowe-targi-pracy-with-eures-to-europe-po-raz-pierwszy-we-wroclawiu\/#primaryimage"},"thumbnailUrl":"https:\/\/tarczynskiarenawroclaw.pl\/wp-content\/uploads\/2024\/04\/4.png","datePublished":"2024-04-16T08:50:23+00:00","dateModified":"2024-04-17T14:22:27+00:00","description":"16 maja 2024r. w godz. od 10.00 do 15.00 Wkraczasz na rynek pracy? Zmieniasz kierunek kariery? Szukasz Informacji?Jeste\u015b poszukuj\u0105cym pracy, studentem,","breadcrumb":{"@id":"https:\/\/tarczynskiarenawroclaw.pl\/events\/miedzynarodowe-targi-pracy-with-eures-to-europe-po-raz-pierwszy-we-wroclawiu\/#breadcrumb"},"inLanguage":"en-US","potentialAction":[{"@type":"ReadAction","target":["https:\/\/tarczynskiarenawroclaw.pl\/events\/miedzynarodowe-targi-pracy-with-eures-to-europe-po-raz-pierwszy-we-wroclawiu\/"]}]},{"@type":"ImageObject","inLanguage":"en-US","@id":"https:\/\/tarczynskiarenawroclaw.pl\/events\/miedzynarodowe-targi-pracy-with-eures-to-europe-po-raz-pierwszy-we-wroclawiu\/#primaryimage","url":"https:\/\/tarczynskiarenawroclaw.pl\/wp-content\/uploads\/2024\/04\/4.png","contentUrl":"https:\/\/tarczynskiarenawroclaw.pl\/wp-content\/uploads\/2024\/04\/4.png","width":1080,"height":1080},{"@type":"BreadcrumbList","@id":"https:\/\/tarczynskiarenawroclaw.pl\/events\/miedzynarodowe-targi-pracy-with-eures-to-europe-po-raz-pierwszy-we-wroclawiu\/#breadcrumb","itemListElement":[{"@type":"ListItem","position":1,"name":"Strona g\u0142\u00f3wna","item":"https:\/\/tarczynskiarenawroclaw.pl\/en\/"},{"@type":"ListItem","position":2,"name":"Events","item":"https:\/\/tarczynskiarenawroclaw.pl\/events\/"},{"@type":"ListItem","position":3,"name":"Fairs \/ Events","item":"https:\/\/tarczynskiarenawroclaw.pl\/en\/category-events\/fairs-events\/"},{"@type":"ListItem","position":4,"name":"Mi\u0119dzynarodowe Targi Pracy \u201eWith EURES to Europe!\u201d po raz pierwszy we Wroc\u0142awiu!"}]},{"@type":"WebSite","@id":"https:\/\/tarczynskiarenawroclaw.pl\/#website","url":"https:\/\/tarczynskiarenawroclaw.pl\/","name":"Tarczy\u0144ski Arena Wroc\u0142aw","description":"Stadion Miejski we Wroc\u0142awiu","publisher":{"@id":"https:\/\/tarczynskiarenawroclaw.pl\/#organization"},"potentialAction":[{"@type":"SearchAction","target":{"@type":"EntryPoint","urlTemplate":"https:\/\/tarczynskiarenawroclaw.pl\/?s={search_term_string}"},"query-input":{"@type":"PropertyValueSpecification","valueRequired":true,"valueName":"search_term_string"}}],"inLanguage":"en-US"},{"@type":"Organization","@id":"https:\/\/tarczynskiarenawroclaw.pl\/#organization","name":"Stadion Wroc\u0142aw","url":"https:\/\/tarczynskiarenawroclaw.pl\/","logo":{"@type":"ImageObject","inLanguage":"en-US","@id":"https:\/\/tarczynskiarenawroclaw.pl\/#\/schema\/logo\/image\/","url":"https:\/\/stadionwroclaw.pl\/wp-content\/uploads\/2021\/08\/favicon-stadion-wroclaw.png","contentUrl":"https:\/\/stadionwroclaw.pl\/wp-content\/uploads\/2021\/08\/favicon-stadion-wroclaw.png","width":512,"height":512,"caption":"Stadion Wroc\u0142aw"},"image":{"@id":"https:\/\/tarczynskiarenawroclaw.pl\/#\/schema\/logo\/image\/"}}]}},"featured_img":"https:\/\/tarczynskiarenawroclaw.pl\/wp-content\/uploads\/2024\/04\/4-330x330.png","coauthors":[],"author_meta":{"author_link":"https:\/\/tarczynskiarenawroclaw.pl\/en\/author\/nina-admin\/","display_name":"Nina Kolodziej"},"relative_dates":{"created":"Posted 2 years ago","modified":"Updated 2 years ago"},"absolute_dates":{"created":"Posted on 16.04.2024","modified":"Updated on 17.04.2024"},"absolute_dates_time":{"created":"Posted on 16.04.2024 10:50","modified":"Updated on 17.04.2024 16:22"},"featured_img_caption":"","tax_additional":{"post_tag":{"linked":[],"unlinked":[],"slug":"post_tag","name":"Tags"},"mec_category":{"linked":["<a href=\"https:\/\/tarczynskiarenawroclaw.pl\/en\/category-events\/fairs-events\/\" class=\"advgb-post-tax-term\">Fairs \/ Events<\/a>","<a href=\"https:\/\/tarczynskiarenawroclaw.pl\/en\/category-events\/top-event-en\/\" class=\"advgb-post-tax-term\">Top Event<\/a>"],"unlinked":["<span class=\"advgb-post-tax-term\">Fairs \/ Events<\/span>","<span class=\"advgb-post-tax-term\">Top Event<\/span>"],"slug":"mec_category","name":"Categories"},"mec_label":{"linked":[],"unlinked":[],"slug":"mec_label","name":"Labels"},"mec_location":{"linked":["<a href=\"https:\/\/tarczynskiarenawroclaw.pl\/events-location\/tarczynski-arena-wroclaw\/\" class=\"advgb-post-tax-term\">Tarczy\u0144ski Arena Wroc\u0142aw<\/a>"],"unlinked":["<span class=\"advgb-post-tax-term\">Tarczy\u0144ski Arena Wroc\u0142aw<\/span>"],"slug":"mec_location","name":"Locations"},"mec_organizer":{"linked":[],"unlinked":[],"slug":"mec_organizer","name":"Organizers"}},"series_order":"","_links":{"self":[{"href":"https:\/\/tarczynskiarenawroclaw.pl\/en\/wp-json\/wp\/v2\/mec-events\/15518","targetHints":{"allow":["GET"]}}],"collection":[{"href":"https:\/\/tarczynskiarenawroclaw.pl\/en\/wp-json\/wp\/v2\/mec-events"}],"about":[{"href":"https:\/\/tarczynskiarenawroclaw.pl\/en\/wp-json\/wp\/v2\/types\/mec-events"}],"author":[{"embeddable":true,"href":"https:\/\/tarczynskiarenawroclaw.pl\/en\/wp-json\/wp\/v2\/users\/3"}],"replies":[{"embeddable":true,"href":"https:\/\/tarczynskiarenawroclaw.pl\/en\/wp-json\/wp\/v2\/comments?post=15518"}],"wp:featuredmedia":[{"embeddable":true,"href":"https:\/\/tarczynskiarenawroclaw.pl\/en\/wp-json\/wp\/v2\/media\/15519"}],"wp:attachment":[{"href":"https:\/\/tarczynskiarenawroclaw.pl\/en\/wp-json\/wp\/v2\/media?parent=15518"}],"wp:term":[{"taxonomy":"post_tag","embeddable":true,"href":"https:\/\/tarczynskiarenawroclaw.pl\/en\/wp-json\/wp\/v2\/tags?post=15518"},{"taxonomy":"mec_category","embeddable":true,"href":"https:\/\/tarczynskiarenawroclaw.pl\/en\/wp-json\/wp\/v2\/mec_category?post=15518"}],"curies":[{"name":"wp","href":"https:\/\/api.w.org\/{rel}","templated":true}]}}