{"id":15587,"date":"2024-05-15T12:10:57","date_gmt":"2024-05-15T10:10:57","guid":{"rendered":"https:\/\/tarczynskiarenawroclaw.pl\/?post_type=mec-events&#038;p=15587"},"modified":"2024-08-27T14:16:33","modified_gmt":"2024-08-27T12:16:33","slug":"fajne-lato-rmf-sanah","status":"publish","type":"mec-events","link":"https:\/\/tarczynskiarenawroclaw.pl\/en\/events\/fajne-lato-rmf-sanah\/","title":{"rendered":"Fajne lato RMF: sanah"},"content":{"rendered":"\n<p>Du\u017co s\u0142o\u0144ca i du\u017co dobrej muzyki \u2013 to definicja fajnego lata, kt\u00f3re dla swoich fan\u00f3w zaplanowa\u0142a sanah! <strong>Najpopularniejsza polska artystka zaprasza na letnie koncerty, kt\u00f3re odb\u0119d\u0105 si\u0119 w a\u017c 10 polskich miastach<\/strong>: Koszalinie, Poznaniu, Gorzowie Wlkp., Opolu, Nowym S\u0105czu, Warszawie, Wroc\u0142awiu, Krakowie, Kazimierzu Dolnym i Bia\u0142ymstoku.<\/p>\n\n\n\n<p>Przed nami wakacje z najlepsz\u0105 \u015bcie\u017ck\u0105 d\u017awi\u0119kow\u0105. Artystka podczas koncert\u00f3w zagra swoje najwi\u0119ksze przeboje w i\u015bcie letnich aran\u017cacjach, ale jak zwykle \u2013 sanah szykuje tak\u017ce muzyczne niespodzianki!<\/p>\n\n\n\n<p>Harmonogram letnich koncert\u00f3w:<\/p>\n\n\n\n<p>18.07, godz. 20:30 \u2013 Koszalin \/ Amfiteatr im. I. J. Paderewskiego<br>20.07, godz. 20:30 \u2013 Pozna\u0144 \/ Polana Harcerza<br>21.07, godz. 20:30 \u2013 Gorz\u00f3w Wielkopolski \/ Amfiteatr MCK<br>2.08, godz. 20:00 \u2013 Opole \/ Amfiteatr NCPP<br>3.08, godz. 20:00 \u2013 Nowy S\u0105cz \/ Amfiteatr w Parku Strzeleckim<br>25.08, godz. 20:00 \u2013 Warszawa \/ B\u0142onia PGE Narodowego<br><strong>28.08, godz. 20:00 \u2013 Wroc\u0142aw \/ Tarczy\u0144ski Arena Wroc\u0142aw \u2013 Tereny Zielone<\/strong><br>29.08, godz. 20:00 \u2013 Krak\u00f3w \/ Plener przy TAURON Arenie Krak\u00f3w<br>7.09, godz. 20:00 \u2013 Kazimierz Dolny \/ Kamienio\u0142om<br>8.09, godz. 20:00 \u2013 Bia\u0142ystok \/ Teren Politechniki Bia\u0142ostockiej<\/p>\n\n\n\n<p>sanah to obecnie najpopularniejsza artystka polskiej sceny muzycznej. Mo\u017ce pochwali\u0107 si\u0119 niepowtarzalnym stylem pisania piosenek \u2013 w warstwie tekstowej z wdzi\u0119kiem i humorem \u0142\u0105czy m\u0142odzie\u017cowy slang z poezj\u0105. Autorka jednego z najwi\u0119kszych hit\u00f3w w polskiej muzyce pop ostatnich lat \u2013 \u201eSzampana\u201d oraz niezliczonych z\u0142otych, platynowych, multiplatynowych i diamentowych przeboj\u00f3w, w\u015br\u00f3d kt\u00f3rych znajduj\u0105 si\u0119: \u201eMelodia\u201d, \u201eAle jazz!\u201d, \u201eetc. (na disco)\u201d, \u201eten Stan\u201d, \u201eSzary \u015bwiat\u201d, \u201eostatnia nadzieja\u201d czy \u201eNic dwa razy\u201d.<\/p>\n\n\n\n<p>Rekordy popularno\u015bci bij\u0105 nie tylko utwory sanah na listach przeboj\u00f3w i w rankingach sprzeda\u017cy OLiS, ale r\u00f3wnie\u017c teledyski artystki, kt\u00f3re osi\u0105gaj\u0105 milionowe wy\u015bwietlenia. Nieustannie od 2020 roku artystka jest w trasie i niemal wszystkie koncerty maj\u0105 status \u201ewyprzedanych\u201d.&nbsp;<\/p>\n\n\n\n<p>Organizatorami koncert\u00f3w s\u0105: Good Taste Production, DM Agency, Magic Records; patron medialny: RMF FM.<\/p>\n\n\n\n<h3 class=\"wp-block-heading\">Najwa\u017cniejsze informacje na temat koncertu<\/h3>\n\n\n\n<p>Uwaga: w dniu koncertu bilety b\u0119d\u0105 dost\u0119pne przy wej\u015bciu na teren imprezy (od strony ul. Kr\u00f3lewieckiej) do wyczerpania zapas\u00f3w.<\/p>\n\n\n\n<p>Harmonogram wydarzenia:<br>18:00 \u2013 OTWARCIE BRAM<br>20:00 \u2013 KONCERT<br>*Podany harmonogram jest orientacyjny i mo\u017ce ulec zmianie.<\/p>\n\n\n\n<p>Dojazd &#8211; polecamy wybra\u0107 komunikacj\u0119 publiczn\u0105. <br>Tramwaje: 3, 10, 18, 20, 21.<br>Autobusy: 101, 102, 103, 104, 123,127, 243, 245, 253.<br><\/p>\n\n\n\n<p><strong>Komunikacja specjalna po koncercie:<\/strong> <a href=\"https:\/\/www.wroclaw.pl\/komunikacja\/bedzie-specjalna-komunikacja-tramwajowa-na-koncert-sanah-we-wroclawiu-trasa-przystanki?utm_source=zoo.wroclaw.pl&amp;utm_medium=topbar&amp;utm_campaign=topbar\">LINK<\/a><\/p>\n\n\n\n<p>Parkingi:<\/p>\n\n\n\n<figure class=\"wp-block-image aligncenter size-large\"><img loading=\"lazy\" decoding=\"async\" width=\"1024\" height=\"589\" src=\"https:\/\/tarczynskiarenawroclaw.pl\/wp-content\/uploads\/2024\/05\/Sanah-mapa-1024x589.png\" alt=\"\" class=\"wp-image-15886\"\/><\/figure>\n\n\n\n<p>Po zaparkowaniu pojazdu nale\u017cy niezw\u0142ocznie (jeszcze przed wej\u015bciem na stadion) ui\u015bci\u0107 op\u0142at\u0119.<br><strong>W dniu koncertu op\u0142ata za parkowanie b\u0119dzie wynosi\u0107 50,00 z\u0142.<\/strong><br>P\u0142atno\u015b\u0107 mo\u017cliwa b\u0119dzie w nowo zainstalowanych, bardzo intuicyjnych i \u0142atwych w obs\u0142udze, parkomatach Automatikon. P\u0142atno\u015b\u0107 mo\u017cliwa jest przy u\u017cyciu karty zbli\u017ceniowej, b\u0105d\u017a systemu BLIK. Cz\u0119\u015b\u0107 urz\u0105dze\u0144 umo\u017cliwia tak\u017ce p\u0142atno\u015b\u0107 monetami \u2013 trzeba mie\u0107 wtedy jednak odliczon\u0105 kwot\u0119.<br>Zach\u0119camy tak\u017ce do korzystania z aplikacji ePARK, dost\u0119pnej w Sklepie Google Play oraz App Store. Umo\u017cliwia ona dokonywanie p\u0142atno\u015bci bez konieczno\u015bci podchodzenia do parkomatu. W dniu koncertu, na parkingu pod Stadionem, b\u0119d\u0105 dost\u0119pni tak\u017ce promotorzy, kt\u00f3rzy wyja\u015bni\u0105 krok po kroku, jak dokona\u0107 op\u0142aty w systemie ePARK.<\/p>\n","protected":false},"excerpt":{"rendered":"<p>Du\u017co s\u0142o\u0144ca i du\u017co dobrej muzyki \u2013 to definicja fajnego lata, kt\u00f3re dla&#8230;<\/p>\n","protected":false},"author":3,"featured_media":15599,"comment_status":"closed","ping_status":"closed","template":"","tags":[],"mec_category":[52,37],"class_list":["post-15587","mec-events","type-mec-events","status-publish","has-post-thumbnail","hentry","mec_category-fairs-events","mec_category-top-event-en"],"yoast_head":"<!-- This site is optimized with the Yoast SEO plugin v27.4 - https:\/\/yoast.com\/product\/yoast-seo-wordpress\/ -->\n<title>Fajne lato RMF: sanah &#8211; Tarczy\u0144ski Arena Wroc\u0142aw<\/title>\n<meta name=\"description\" content=\"Du\u017co s\u0142o\u0144ca i du\u017co dobrej muzyki \u2013 to definicja fajnego lata, kt\u00f3re dla swoich fan\u00f3w zaplanowa\u0142a sanah! Najpopularniejsza polska artystka zaprasza na\" \/>\n<meta name=\"robots\" content=\"index, follow, max-snippet:-1, max-image-preview:large, max-video-preview:-1\" \/>\n<link rel=\"canonical\" href=\"https:\/\/tarczynskiarenawroclaw.pl\/events\/fajne-lato-rmf-sanah\/\" \/>\n<meta property=\"og:locale\" content=\"en_US\" \/>\n<meta property=\"og:type\" content=\"article\" \/>\n<meta property=\"og:title\" content=\"Fajne lato RMF: sanah &#8211; Tarczy\u0144ski Arena Wroc\u0142aw\" \/>\n<meta property=\"og:description\" content=\"Du\u017co s\u0142o\u0144ca i du\u017co dobrej muzyki \u2013 to definicja fajnego lata, kt\u00f3re dla swoich fan\u00f3w zaplanowa\u0142a sanah! Najpopularniejsza polska artystka zaprasza na\" \/>\n<meta property=\"og:url\" content=\"https:\/\/tarczynskiarenawroclaw.pl\/events\/fajne-lato-rmf-sanah\/\" \/>\n<meta property=\"og:site_name\" content=\"Tarczy\u0144ski Arena Wroc\u0142aw\" \/>\n<meta property=\"article:modified_time\" content=\"2024-08-27T12:16:33+00:00\" \/>\n<meta property=\"og:image\" content=\"https:\/\/tarczynskiarenawroclaw.pl\/wp-content\/uploads\/2024\/05\/1080x1080_Sanah_Wroclaw-1.png\" \/>\n\t<meta property=\"og:image:width\" content=\"768\" \/>\n\t<meta property=\"og:image:height\" content=\"768\" \/>\n\t<meta property=\"og:image:type\" content=\"image\/png\" \/>\n<meta name=\"twitter:card\" content=\"summary_large_image\" \/>\n<meta name=\"twitter:label1\" content=\"Est. reading time\" \/>\n\t<meta name=\"twitter:data1\" content=\"4 minutes\" \/>\n<script type=\"application\/ld+json\" class=\"yoast-schema-graph\">{\"@context\":\"https:\\\/\\\/schema.org\",\"@graph\":[{\"@type\":\"WebPage\",\"@id\":\"https:\\\/\\\/tarczynskiarenawroclaw.pl\\\/events\\\/fajne-lato-rmf-sanah\\\/\",\"url\":\"https:\\\/\\\/tarczynskiarenawroclaw.pl\\\/events\\\/fajne-lato-rmf-sanah\\\/\",\"name\":\"Fajne lato RMF: sanah &#8211; Tarczy\u0144ski Arena Wroc\u0142aw\",\"isPartOf\":{\"@id\":\"https:\\\/\\\/tarczynskiarenawroclaw.pl\\\/#website\"},\"primaryImageOfPage\":{\"@id\":\"https:\\\/\\\/tarczynskiarenawroclaw.pl\\\/events\\\/fajne-lato-rmf-sanah\\\/#primaryimage\"},\"image\":{\"@id\":\"https:\\\/\\\/tarczynskiarenawroclaw.pl\\\/events\\\/fajne-lato-rmf-sanah\\\/#primaryimage\"},\"thumbnailUrl\":\"https:\\\/\\\/tarczynskiarenawroclaw.pl\\\/wp-content\\\/uploads\\\/2024\\\/05\\\/1080x1080_Sanah_Wroclaw-1.png\",\"datePublished\":\"2024-05-15T10:10:57+00:00\",\"dateModified\":\"2024-08-27T12:16:33+00:00\",\"description\":\"Du\u017co s\u0142o\u0144ca i du\u017co dobrej muzyki \u2013 to definicja fajnego lata, kt\u00f3re dla swoich fan\u00f3w zaplanowa\u0142a sanah! Najpopularniejsza polska artystka zaprasza na\",\"breadcrumb\":{\"@id\":\"https:\\\/\\\/tarczynskiarenawroclaw.pl\\\/events\\\/fajne-lato-rmf-sanah\\\/#breadcrumb\"},\"inLanguage\":\"en-US\",\"potentialAction\":[{\"@type\":\"ReadAction\",\"target\":[\"https:\\\/\\\/tarczynskiarenawroclaw.pl\\\/events\\\/fajne-lato-rmf-sanah\\\/\"]}]},{\"@type\":\"ImageObject\",\"inLanguage\":\"en-US\",\"@id\":\"https:\\\/\\\/tarczynskiarenawroclaw.pl\\\/events\\\/fajne-lato-rmf-sanah\\\/#primaryimage\",\"url\":\"https:\\\/\\\/tarczynskiarenawroclaw.pl\\\/wp-content\\\/uploads\\\/2024\\\/05\\\/1080x1080_Sanah_Wroclaw-1.png\",\"contentUrl\":\"https:\\\/\\\/tarczynskiarenawroclaw.pl\\\/wp-content\\\/uploads\\\/2024\\\/05\\\/1080x1080_Sanah_Wroclaw-1.png\",\"width\":1080,\"height\":1080},{\"@type\":\"BreadcrumbList\",\"@id\":\"https:\\\/\\\/tarczynskiarenawroclaw.pl\\\/events\\\/fajne-lato-rmf-sanah\\\/#breadcrumb\",\"itemListElement\":[{\"@type\":\"ListItem\",\"position\":1,\"name\":\"Strona g\u0142\u00f3wna\",\"item\":\"https:\\\/\\\/tarczynskiarenawroclaw.pl\\\/en\\\/\"},{\"@type\":\"ListItem\",\"position\":2,\"name\":\"Events\",\"item\":\"https:\\\/\\\/tarczynskiarenawroclaw.pl\\\/events\\\/\"},{\"@type\":\"ListItem\",\"position\":3,\"name\":\"Top Event\",\"item\":\"https:\\\/\\\/tarczynskiarenawroclaw.pl\\\/en\\\/category-events\\\/top-event-en\\\/\"},{\"@type\":\"ListItem\",\"position\":4,\"name\":\"Fajne lato RMF: sanah\"}]},{\"@type\":\"WebSite\",\"@id\":\"https:\\\/\\\/tarczynskiarenawroclaw.pl\\\/#website\",\"url\":\"https:\\\/\\\/tarczynskiarenawroclaw.pl\\\/\",\"name\":\"Tarczy\u0144ski Arena Wroc\u0142aw\",\"description\":\"Stadion Miejski we Wroc\u0142awiu\",\"publisher\":{\"@id\":\"https:\\\/\\\/tarczynskiarenawroclaw.pl\\\/#organization\"},\"potentialAction\":[{\"@type\":\"SearchAction\",\"target\":{\"@type\":\"EntryPoint\",\"urlTemplate\":\"https:\\\/\\\/tarczynskiarenawroclaw.pl\\\/?s={search_term_string}\"},\"query-input\":{\"@type\":\"PropertyValueSpecification\",\"valueRequired\":true,\"valueName\":\"search_term_string\"}}],\"inLanguage\":\"en-US\"},{\"@type\":\"Organization\",\"@id\":\"https:\\\/\\\/tarczynskiarenawroclaw.pl\\\/#organization\",\"name\":\"Stadion Wroc\u0142aw\",\"url\":\"https:\\\/\\\/tarczynskiarenawroclaw.pl\\\/\",\"logo\":{\"@type\":\"ImageObject\",\"inLanguage\":\"en-US\",\"@id\":\"https:\\\/\\\/tarczynskiarenawroclaw.pl\\\/#\\\/schema\\\/logo\\\/image\\\/\",\"url\":\"https:\\\/\\\/stadionwroclaw.pl\\\/wp-content\\\/uploads\\\/2021\\\/08\\\/favicon-stadion-wroclaw.png\",\"contentUrl\":\"https:\\\/\\\/stadionwroclaw.pl\\\/wp-content\\\/uploads\\\/2021\\\/08\\\/favicon-stadion-wroclaw.png\",\"width\":512,\"height\":512,\"caption\":\"Stadion Wroc\u0142aw\"},\"image\":{\"@id\":\"https:\\\/\\\/tarczynskiarenawroclaw.pl\\\/#\\\/schema\\\/logo\\\/image\\\/\"}}]}<\/script>\n<!-- \/ Yoast SEO plugin. -->","yoast_head_json":{"title":"Fajne lato RMF: sanah &#8211; Tarczy\u0144ski Arena Wroc\u0142aw","description":"Du\u017co s\u0142o\u0144ca i du\u017co dobrej muzyki \u2013 to definicja fajnego lata, kt\u00f3re dla swoich fan\u00f3w zaplanowa\u0142a sanah! Najpopularniejsza polska artystka zaprasza na","robots":{"index":"index","follow":"follow","max-snippet":"max-snippet:-1","max-image-preview":"max-image-preview:large","max-video-preview":"max-video-preview:-1"},"canonical":"https:\/\/tarczynskiarenawroclaw.pl\/events\/fajne-lato-rmf-sanah\/","og_locale":"en_US","og_type":"article","og_title":"Fajne lato RMF: sanah &#8211; Tarczy\u0144ski Arena Wroc\u0142aw","og_description":"Du\u017co s\u0142o\u0144ca i du\u017co dobrej muzyki \u2013 to definicja fajnego lata, kt\u00f3re dla swoich fan\u00f3w zaplanowa\u0142a sanah! Najpopularniejsza polska artystka zaprasza na","og_url":"https:\/\/tarczynskiarenawroclaw.pl\/events\/fajne-lato-rmf-sanah\/","og_site_name":"Tarczy\u0144ski Arena Wroc\u0142aw","article_modified_time":"2024-08-27T12:16:33+00:00","og_image":[{"url":"https:\/\/tarczynskiarenawroclaw.pl\/wp-content\/uploads\/2024\/05\/1080x1080_Sanah_Wroclaw-1.png","width":768,"height":768,"type":"image\/png"}],"twitter_card":"summary_large_image","twitter_misc":{"Est. reading time":"4 minutes"},"schema":{"@context":"https:\/\/schema.org","@graph":[{"@type":"WebPage","@id":"https:\/\/tarczynskiarenawroclaw.pl\/events\/fajne-lato-rmf-sanah\/","url":"https:\/\/tarczynskiarenawroclaw.pl\/events\/fajne-lato-rmf-sanah\/","name":"Fajne lato RMF: sanah &#8211; Tarczy\u0144ski Arena Wroc\u0142aw","isPartOf":{"@id":"https:\/\/tarczynskiarenawroclaw.pl\/#website"},"primaryImageOfPage":{"@id":"https:\/\/tarczynskiarenawroclaw.pl\/events\/fajne-lato-rmf-sanah\/#primaryimage"},"image":{"@id":"https:\/\/tarczynskiarenawroclaw.pl\/events\/fajne-lato-rmf-sanah\/#primaryimage"},"thumbnailUrl":"https:\/\/tarczynskiarenawroclaw.pl\/wp-content\/uploads\/2024\/05\/1080x1080_Sanah_Wroclaw-1.png","datePublished":"2024-05-15T10:10:57+00:00","dateModified":"2024-08-27T12:16:33+00:00","description":"Du\u017co s\u0142o\u0144ca i du\u017co dobrej muzyki \u2013 to definicja fajnego lata, kt\u00f3re dla swoich fan\u00f3w zaplanowa\u0142a sanah! Najpopularniejsza polska artystka zaprasza na","breadcrumb":{"@id":"https:\/\/tarczynskiarenawroclaw.pl\/events\/fajne-lato-rmf-sanah\/#breadcrumb"},"inLanguage":"en-US","potentialAction":[{"@type":"ReadAction","target":["https:\/\/tarczynskiarenawroclaw.pl\/events\/fajne-lato-rmf-sanah\/"]}]},{"@type":"ImageObject","inLanguage":"en-US","@id":"https:\/\/tarczynskiarenawroclaw.pl\/events\/fajne-lato-rmf-sanah\/#primaryimage","url":"https:\/\/tarczynskiarenawroclaw.pl\/wp-content\/uploads\/2024\/05\/1080x1080_Sanah_Wroclaw-1.png","contentUrl":"https:\/\/tarczynskiarenawroclaw.pl\/wp-content\/uploads\/2024\/05\/1080x1080_Sanah_Wroclaw-1.png","width":1080,"height":1080},{"@type":"BreadcrumbList","@id":"https:\/\/tarczynskiarenawroclaw.pl\/events\/fajne-lato-rmf-sanah\/#breadcrumb","itemListElement":[{"@type":"ListItem","position":1,"name":"Strona g\u0142\u00f3wna","item":"https:\/\/tarczynskiarenawroclaw.pl\/en\/"},{"@type":"ListItem","position":2,"name":"Events","item":"https:\/\/tarczynskiarenawroclaw.pl\/events\/"},{"@type":"ListItem","position":3,"name":"Top Event","item":"https:\/\/tarczynskiarenawroclaw.pl\/en\/category-events\/top-event-en\/"},{"@type":"ListItem","position":4,"name":"Fajne lato RMF: sanah"}]},{"@type":"WebSite","@id":"https:\/\/tarczynskiarenawroclaw.pl\/#website","url":"https:\/\/tarczynskiarenawroclaw.pl\/","name":"Tarczy\u0144ski Arena Wroc\u0142aw","description":"Stadion Miejski we Wroc\u0142awiu","publisher":{"@id":"https:\/\/tarczynskiarenawroclaw.pl\/#organization"},"potentialAction":[{"@type":"SearchAction","target":{"@type":"EntryPoint","urlTemplate":"https:\/\/tarczynskiarenawroclaw.pl\/?s={search_term_string}"},"query-input":{"@type":"PropertyValueSpecification","valueRequired":true,"valueName":"search_term_string"}}],"inLanguage":"en-US"},{"@type":"Organization","@id":"https:\/\/tarczynskiarenawroclaw.pl\/#organization","name":"Stadion Wroc\u0142aw","url":"https:\/\/tarczynskiarenawroclaw.pl\/","logo":{"@type":"ImageObject","inLanguage":"en-US","@id":"https:\/\/tarczynskiarenawroclaw.pl\/#\/schema\/logo\/image\/","url":"https:\/\/stadionwroclaw.pl\/wp-content\/uploads\/2021\/08\/favicon-stadion-wroclaw.png","contentUrl":"https:\/\/stadionwroclaw.pl\/wp-content\/uploads\/2021\/08\/favicon-stadion-wroclaw.png","width":512,"height":512,"caption":"Stadion Wroc\u0142aw"},"image":{"@id":"https:\/\/tarczynskiarenawroclaw.pl\/#\/schema\/logo\/image\/"}}]}},"featured_img":"https:\/\/tarczynskiarenawroclaw.pl\/wp-content\/uploads\/2024\/05\/1080x1080_Sanah_Wroclaw-1-330x330.png","coauthors":[],"author_meta":{"author_link":"https:\/\/tarczynskiarenawroclaw.pl\/en\/author\/nina-admin\/","display_name":"Nina Kolodziej"},"relative_dates":{"created":"Posted 2 years ago","modified":"Updated 2 years ago"},"absolute_dates":{"created":"Posted on 15.05.2024","modified":"Updated on 27.08.2024"},"absolute_dates_time":{"created":"Posted on 15.05.2024 12:10","modified":"Updated on 27.08.2024 14:16"},"featured_img_caption":"","tax_additional":{"post_tag":{"linked":[],"unlinked":[],"slug":"post_tag","name":"Tags"},"mec_category":{"linked":["<a href=\"https:\/\/tarczynskiarenawroclaw.pl\/en\/category-events\/fairs-events\/\" class=\"advgb-post-tax-term\">Fairs \/ Events<\/a>","<a href=\"https:\/\/tarczynskiarenawroclaw.pl\/en\/category-events\/top-event-en\/\" class=\"advgb-post-tax-term\">Top Event<\/a>"],"unlinked":["<span class=\"advgb-post-tax-term\">Fairs \/ Events<\/span>","<span class=\"advgb-post-tax-term\">Top Event<\/span>"],"slug":"mec_category","name":"Categories"},"mec_label":{"linked":[],"unlinked":[],"slug":"mec_label","name":"Labels"},"mec_location":{"linked":["<a href=\"https:\/\/tarczynskiarenawroclaw.pl\/events-location\/tarczynski-arena-wroclaw\/\" class=\"advgb-post-tax-term\">Tarczy\u0144ski Arena Wroc\u0142aw<\/a>"],"unlinked":["<span class=\"advgb-post-tax-term\">Tarczy\u0144ski Arena Wroc\u0142aw<\/span>"],"slug":"mec_location","name":"Locations"},"mec_organizer":{"linked":[],"unlinked":[],"slug":"mec_organizer","name":"Organizers"}},"series_order":"","_links":{"self":[{"href":"https:\/\/tarczynskiarenawroclaw.pl\/en\/wp-json\/wp\/v2\/mec-events\/15587","targetHints":{"allow":["GET"]}}],"collection":[{"href":"https:\/\/tarczynskiarenawroclaw.pl\/en\/wp-json\/wp\/v2\/mec-events"}],"about":[{"href":"https:\/\/tarczynskiarenawroclaw.pl\/en\/wp-json\/wp\/v2\/types\/mec-events"}],"author":[{"embeddable":true,"href":"https:\/\/tarczynskiarenawroclaw.pl\/en\/wp-json\/wp\/v2\/users\/3"}],"replies":[{"embeddable":true,"href":"https:\/\/tarczynskiarenawroclaw.pl\/en\/wp-json\/wp\/v2\/comments?post=15587"}],"wp:featuredmedia":[{"embeddable":true,"href":"https:\/\/tarczynskiarenawroclaw.pl\/en\/wp-json\/wp\/v2\/media\/15599"}],"wp:attachment":[{"href":"https:\/\/tarczynskiarenawroclaw.pl\/en\/wp-json\/wp\/v2\/media?parent=15587"}],"wp:term":[{"taxonomy":"post_tag","embeddable":true,"href":"https:\/\/tarczynskiarenawroclaw.pl\/en\/wp-json\/wp\/v2\/tags?post=15587"},{"taxonomy":"mec_category","embeddable":true,"href":"https:\/\/tarczynskiarenawroclaw.pl\/en\/wp-json\/wp\/v2\/mec_category?post=15587"}],"curies":[{"name":"wp","href":"https:\/\/api.w.org\/{rel}","templated":true}]}}