{"id":15871,"date":"2024-08-22T10:51:58","date_gmt":"2024-08-22T08:51:58","guid":{"rendered":"https:\/\/tarczynskiarenawroclaw.pl\/?post_type=mec-events&#038;p=15871"},"modified":"2024-08-22T10:52:02","modified_gmt":"2024-08-22T08:52:02","slug":"koncert-eda-sheerana-we-wroclawiu-wyprzedany-artysta-oglasza-dodatkowa-date-koncertu-w-polsce-muzyk-wystapi-w-piatek-15-sierpnia-2025r","status":"publish","type":"mec-events","link":"https:\/\/tarczynskiarenawroclaw.pl\/en\/events\/koncert-eda-sheerana-we-wroclawiu-wyprzedany-artysta-oglasza-dodatkowa-date-koncertu-w-polsce-muzyk-wystapi-w-piatek-15-sierpnia-2025r\/","title":{"rendered":"Koncert Eda Sheerana we Wroc\u0142awiu wyprzedany! Artysta og\u0142asza dodatkow\u0105 dat\u0119 koncertu w Polsce. Muzyk wyst\u0105pi w pi\u0105tek 15 sierpnia 2025r!"},"content":{"rendered":"\n<p>Artysta \u015bwiatowego formatu, Ed Sheeran, og\u0142asza dobr\u0105 nowin\u0119 dla swoich polskich fan\u00f3w! Koncert zaplanowany na 16 sierpnia w Tarczy\u0144ski Arena Wroc\u0142aw zosta\u0142 wyprzedany, co jest potwierdzeniem ogromnego zainteresowania jego muzyk\u0105 i niezwyk\u0142ymi wyst\u0119pami na \u017cywo.<\/p>\n\n\n\n<p>Jednak, aby umo\u017cliwi\u0107 jeszcze wi\u0119kszej liczbie fan\u00f3w uczestnictwo w tym muzycznym wydarzeniu, Ed Sheeran zdecydowa\u0142 si\u0119 na dodatkowy wyst\u0119p! Druga data koncertu zosta\u0142a ustalona na pi\u0105tek, 15 sierpnia 2025 roku i b\u0119dzie to kolejna okazja, by do\u015bwiadczy\u0107 niezapomnianego wyst\u0119pu jednego z najwi\u0119kszych artyst\u00f3w wsp\u00f3\u0142czesnej muzyki pop.<\/p>\n\n\n\n<p>Bilety na dodatkowy koncert, b\u0119d\u0105 dost\u0119pne w sprzeda\u017cy od 27 sierpnia od godziny 11:00, za po\u015brednictwem eventim.pl.<\/p>\n\n\n\n<p><strong>Ed Sheeran &#8216;+-=\u00f7x&#8217; Tour<\/strong><br><strong>Data: Sobota, 16.08.2025 SOLD OUT!<\/strong><br><strong>Dodatkowa data: Pi\u0105tek, 15.08.2025<\/strong><br><strong>Miejsce: Tarczy\u0144ski Arena Wroc\u0142aw<\/strong><br><strong>Bilety w sprzeda\u017cy na Eventim.pl.<\/strong><br><br>ZAKUP BILET\u00d3W I DOST\u0118P DO INFORMACJI O SPRZEDA\u017bY NA STRONIE\u00a0<a href=\"http:\/\/www.edsheeran.comaby\/\" target=\"_blank\" rel=\"noreferrer noopener\">WWW.EDSHEERAN.COM<br><\/a><br>Aby unikn\u0105\u0107 potencjalnych problem\u00f3w zwi\u0105zanych z oszustwami, apelujemy o zakup bilet\u00f3w tylko i wy\u0142\u0105cznie na autoryzowanych platformach.<\/p>\n","protected":false},"excerpt":{"rendered":"<p>Artysta \u015bwiatowego formatu, Ed Sheeran, og\u0142asza dobr\u0105 nowin\u0119 dla swoich polskich fan\u00f3w! Koncert&#8230;<\/p>\n","protected":false},"author":4,"featured_media":15872,"comment_status":"closed","ping_status":"closed","template":"","tags":[],"mec_category":[52,37],"class_list":["post-15871","mec-events","type-mec-events","status-publish","has-post-thumbnail","hentry","mec_category-fairs-events","mec_category-top-event-en"],"yoast_head":"<!-- This site is optimized with the Yoast SEO plugin v27.4 - https:\/\/yoast.com\/product\/yoast-seo-wordpress\/ -->\n<title>Koncert Eda Sheerana we Wroc\u0142awiu wyprzedany! Artysta og\u0142asza dodatkow\u0105 dat\u0119 koncertu w Polsce. Muzyk wyst\u0105pi w pi\u0105tek 15 sierpnia 2025r! &#8211; Tarczy\u0144ski Arena Wroc\u0142aw<\/title>\n<meta name=\"description\" content=\"Artysta \u015bwiatowego formatu, Ed Sheeran, og\u0142asza dobr\u0105 nowin\u0119 dla swoich polskich fan\u00f3w! Koncert zaplanowany na 16 sierpnia w Tarczy\u0144ski Arena Wroc\u0142aw\" \/>\n<meta name=\"robots\" content=\"index, follow, max-snippet:-1, max-image-preview:large, max-video-preview:-1\" \/>\n<link rel=\"canonical\" href=\"https:\/\/tarczynskiarenawroclaw.pl\/events\/koncert-eda-sheerana-we-wroclawiu-wyprzedany-artysta-oglasza-dodatkowa-date-koncertu-w-polsce-muzyk-wystapi-w-piatek-15-sierpnia-2025r\/\" \/>\n<meta property=\"og:locale\" content=\"en_US\" \/>\n<meta property=\"og:type\" content=\"article\" \/>\n<meta property=\"og:title\" content=\"Koncert Eda Sheerana we Wroc\u0142awiu wyprzedany! Artysta og\u0142asza dodatkow\u0105 dat\u0119 koncertu w Polsce. Muzyk wyst\u0105pi w pi\u0105tek 15 sierpnia 2025r! &#8211; Tarczy\u0144ski Arena Wroc\u0142aw\" \/>\n<meta property=\"og:description\" content=\"Artysta \u015bwiatowego formatu, Ed Sheeran, og\u0142asza dobr\u0105 nowin\u0119 dla swoich polskich fan\u00f3w! Koncert zaplanowany na 16 sierpnia w Tarczy\u0144ski Arena Wroc\u0142aw\" \/>\n<meta property=\"og:url\" content=\"https:\/\/tarczynskiarenawroclaw.pl\/events\/koncert-eda-sheerana-we-wroclawiu-wyprzedany-artysta-oglasza-dodatkowa-date-koncertu-w-polsce-muzyk-wystapi-w-piatek-15-sierpnia-2025r\/\" \/>\n<meta property=\"og:site_name\" content=\"Tarczy\u0144ski Arena Wroc\u0142aw\" \/>\n<meta property=\"article:modified_time\" content=\"2024-08-22T08:52:02+00:00\" \/>\n<meta name=\"twitter:card\" content=\"summary_large_image\" \/>\n<meta name=\"twitter:label1\" content=\"Est. reading time\" \/>\n\t<meta name=\"twitter:data1\" content=\"1 minute\" \/>\n<script type=\"application\/ld+json\" class=\"yoast-schema-graph\">{\"@context\":\"https:\\\/\\\/schema.org\",\"@graph\":[{\"@type\":\"WebPage\",\"@id\":\"https:\\\/\\\/tarczynskiarenawroclaw.pl\\\/events\\\/koncert-eda-sheerana-we-wroclawiu-wyprzedany-artysta-oglasza-dodatkowa-date-koncertu-w-polsce-muzyk-wystapi-w-piatek-15-sierpnia-2025r\\\/\",\"url\":\"https:\\\/\\\/tarczynskiarenawroclaw.pl\\\/events\\\/koncert-eda-sheerana-we-wroclawiu-wyprzedany-artysta-oglasza-dodatkowa-date-koncertu-w-polsce-muzyk-wystapi-w-piatek-15-sierpnia-2025r\\\/\",\"name\":\"Koncert Eda Sheerana we Wroc\u0142awiu wyprzedany! Artysta og\u0142asza dodatkow\u0105 dat\u0119 koncertu w Polsce. Muzyk wyst\u0105pi w pi\u0105tek 15 sierpnia 2025r! &#8211; Tarczy\u0144ski Arena Wroc\u0142aw\",\"isPartOf\":{\"@id\":\"https:\\\/\\\/tarczynskiarenawroclaw.pl\\\/#website\"},\"primaryImageOfPage\":{\"@id\":\"https:\\\/\\\/tarczynskiarenawroclaw.pl\\\/events\\\/koncert-eda-sheerana-we-wroclawiu-wyprzedany-artysta-oglasza-dodatkowa-date-koncertu-w-polsce-muzyk-wystapi-w-piatek-15-sierpnia-2025r\\\/#primaryimage\"},\"image\":{\"@id\":\"https:\\\/\\\/tarczynskiarenawroclaw.pl\\\/events\\\/koncert-eda-sheerana-we-wroclawiu-wyprzedany-artysta-oglasza-dodatkowa-date-koncertu-w-polsce-muzyk-wystapi-w-piatek-15-sierpnia-2025r\\\/#primaryimage\"},\"thumbnailUrl\":\"https:\\\/\\\/tarczynskiarenawroclaw.pl\\\/wp-content\\\/uploads\\\/2024\\\/08\\\/1080x1080-2-data.jpg\",\"datePublished\":\"2024-08-22T08:51:58+00:00\",\"dateModified\":\"2024-08-22T08:52:02+00:00\",\"description\":\"Artysta \u015bwiatowego formatu, Ed Sheeran, og\u0142asza dobr\u0105 nowin\u0119 dla swoich polskich fan\u00f3w! Koncert zaplanowany na 16 sierpnia w Tarczy\u0144ski Arena Wroc\u0142aw\",\"breadcrumb\":{\"@id\":\"https:\\\/\\\/tarczynskiarenawroclaw.pl\\\/events\\\/koncert-eda-sheerana-we-wroclawiu-wyprzedany-artysta-oglasza-dodatkowa-date-koncertu-w-polsce-muzyk-wystapi-w-piatek-15-sierpnia-2025r\\\/#breadcrumb\"},\"inLanguage\":\"en-US\",\"potentialAction\":[{\"@type\":\"ReadAction\",\"target\":[\"https:\\\/\\\/tarczynskiarenawroclaw.pl\\\/events\\\/koncert-eda-sheerana-we-wroclawiu-wyprzedany-artysta-oglasza-dodatkowa-date-koncertu-w-polsce-muzyk-wystapi-w-piatek-15-sierpnia-2025r\\\/\"]}]},{\"@type\":\"ImageObject\",\"inLanguage\":\"en-US\",\"@id\":\"https:\\\/\\\/tarczynskiarenawroclaw.pl\\\/events\\\/koncert-eda-sheerana-we-wroclawiu-wyprzedany-artysta-oglasza-dodatkowa-date-koncertu-w-polsce-muzyk-wystapi-w-piatek-15-sierpnia-2025r\\\/#primaryimage\",\"url\":\"https:\\\/\\\/tarczynskiarenawroclaw.pl\\\/wp-content\\\/uploads\\\/2024\\\/08\\\/1080x1080-2-data.jpg\",\"contentUrl\":\"https:\\\/\\\/tarczynskiarenawroclaw.pl\\\/wp-content\\\/uploads\\\/2024\\\/08\\\/1080x1080-2-data.jpg\",\"width\":1080,\"height\":1080,\"caption\":\"Plakat koncertu Eda Sheerana we Wroc\u0142awiu\"},{\"@type\":\"BreadcrumbList\",\"@id\":\"https:\\\/\\\/tarczynskiarenawroclaw.pl\\\/events\\\/koncert-eda-sheerana-we-wroclawiu-wyprzedany-artysta-oglasza-dodatkowa-date-koncertu-w-polsce-muzyk-wystapi-w-piatek-15-sierpnia-2025r\\\/#breadcrumb\",\"itemListElement\":[{\"@type\":\"ListItem\",\"position\":1,\"name\":\"Strona g\u0142\u00f3wna\",\"item\":\"https:\\\/\\\/tarczynskiarenawroclaw.pl\\\/en\\\/\"},{\"@type\":\"ListItem\",\"position\":2,\"name\":\"Events\",\"item\":\"https:\\\/\\\/tarczynskiarenawroclaw.pl\\\/events\\\/\"},{\"@type\":\"ListItem\",\"position\":3,\"name\":\"Koncert Eda Sheerana we Wroc\u0142awiu wyprzedany! Artysta og\u0142asza dodatkow\u0105 dat\u0119 koncertu w Polsce. Muzyk wyst\u0105pi w pi\u0105tek 15 sierpnia 2025r!\"}]},{\"@type\":\"WebSite\",\"@id\":\"https:\\\/\\\/tarczynskiarenawroclaw.pl\\\/#website\",\"url\":\"https:\\\/\\\/tarczynskiarenawroclaw.pl\\\/\",\"name\":\"Tarczy\u0144ski Arena Wroc\u0142aw\",\"description\":\"Stadion Miejski we Wroc\u0142awiu\",\"publisher\":{\"@id\":\"https:\\\/\\\/tarczynskiarenawroclaw.pl\\\/#organization\"},\"potentialAction\":[{\"@type\":\"SearchAction\",\"target\":{\"@type\":\"EntryPoint\",\"urlTemplate\":\"https:\\\/\\\/tarczynskiarenawroclaw.pl\\\/?s={search_term_string}\"},\"query-input\":{\"@type\":\"PropertyValueSpecification\",\"valueRequired\":true,\"valueName\":\"search_term_string\"}}],\"inLanguage\":\"en-US\"},{\"@type\":\"Organization\",\"@id\":\"https:\\\/\\\/tarczynskiarenawroclaw.pl\\\/#organization\",\"name\":\"Stadion Wroc\u0142aw\",\"url\":\"https:\\\/\\\/tarczynskiarenawroclaw.pl\\\/\",\"logo\":{\"@type\":\"ImageObject\",\"inLanguage\":\"en-US\",\"@id\":\"https:\\\/\\\/tarczynskiarenawroclaw.pl\\\/#\\\/schema\\\/logo\\\/image\\\/\",\"url\":\"https:\\\/\\\/stadionwroclaw.pl\\\/wp-content\\\/uploads\\\/2021\\\/08\\\/favicon-stadion-wroclaw.png\",\"contentUrl\":\"https:\\\/\\\/stadionwroclaw.pl\\\/wp-content\\\/uploads\\\/2021\\\/08\\\/favicon-stadion-wroclaw.png\",\"width\":512,\"height\":512,\"caption\":\"Stadion Wroc\u0142aw\"},\"image\":{\"@id\":\"https:\\\/\\\/tarczynskiarenawroclaw.pl\\\/#\\\/schema\\\/logo\\\/image\\\/\"}}]}<\/script>\n<!-- \/ Yoast SEO plugin. -->","yoast_head_json":{"title":"Koncert Eda Sheerana we Wroc\u0142awiu wyprzedany! Artysta og\u0142asza dodatkow\u0105 dat\u0119 koncertu w Polsce. Muzyk wyst\u0105pi w pi\u0105tek 15 sierpnia 2025r! &#8211; Tarczy\u0144ski Arena Wroc\u0142aw","description":"Artysta \u015bwiatowego formatu, Ed Sheeran, og\u0142asza dobr\u0105 nowin\u0119 dla swoich polskich fan\u00f3w! Koncert zaplanowany na 16 sierpnia w Tarczy\u0144ski Arena Wroc\u0142aw","robots":{"index":"index","follow":"follow","max-snippet":"max-snippet:-1","max-image-preview":"max-image-preview:large","max-video-preview":"max-video-preview:-1"},"canonical":"https:\/\/tarczynskiarenawroclaw.pl\/events\/koncert-eda-sheerana-we-wroclawiu-wyprzedany-artysta-oglasza-dodatkowa-date-koncertu-w-polsce-muzyk-wystapi-w-piatek-15-sierpnia-2025r\/","og_locale":"en_US","og_type":"article","og_title":"Koncert Eda Sheerana we Wroc\u0142awiu wyprzedany! Artysta og\u0142asza dodatkow\u0105 dat\u0119 koncertu w Polsce. Muzyk wyst\u0105pi w pi\u0105tek 15 sierpnia 2025r! &#8211; Tarczy\u0144ski Arena Wroc\u0142aw","og_description":"Artysta \u015bwiatowego formatu, Ed Sheeran, og\u0142asza dobr\u0105 nowin\u0119 dla swoich polskich fan\u00f3w! Koncert zaplanowany na 16 sierpnia w Tarczy\u0144ski Arena Wroc\u0142aw","og_url":"https:\/\/tarczynskiarenawroclaw.pl\/events\/koncert-eda-sheerana-we-wroclawiu-wyprzedany-artysta-oglasza-dodatkowa-date-koncertu-w-polsce-muzyk-wystapi-w-piatek-15-sierpnia-2025r\/","og_site_name":"Tarczy\u0144ski Arena Wroc\u0142aw","article_modified_time":"2024-08-22T08:52:02+00:00","twitter_card":"summary_large_image","twitter_misc":{"Est. reading time":"1 minute"},"schema":{"@context":"https:\/\/schema.org","@graph":[{"@type":"WebPage","@id":"https:\/\/tarczynskiarenawroclaw.pl\/events\/koncert-eda-sheerana-we-wroclawiu-wyprzedany-artysta-oglasza-dodatkowa-date-koncertu-w-polsce-muzyk-wystapi-w-piatek-15-sierpnia-2025r\/","url":"https:\/\/tarczynskiarenawroclaw.pl\/events\/koncert-eda-sheerana-we-wroclawiu-wyprzedany-artysta-oglasza-dodatkowa-date-koncertu-w-polsce-muzyk-wystapi-w-piatek-15-sierpnia-2025r\/","name":"Koncert Eda Sheerana we Wroc\u0142awiu wyprzedany! Artysta og\u0142asza dodatkow\u0105 dat\u0119 koncertu w Polsce. Muzyk wyst\u0105pi w pi\u0105tek 15 sierpnia 2025r! &#8211; Tarczy\u0144ski Arena Wroc\u0142aw","isPartOf":{"@id":"https:\/\/tarczynskiarenawroclaw.pl\/#website"},"primaryImageOfPage":{"@id":"https:\/\/tarczynskiarenawroclaw.pl\/events\/koncert-eda-sheerana-we-wroclawiu-wyprzedany-artysta-oglasza-dodatkowa-date-koncertu-w-polsce-muzyk-wystapi-w-piatek-15-sierpnia-2025r\/#primaryimage"},"image":{"@id":"https:\/\/tarczynskiarenawroclaw.pl\/events\/koncert-eda-sheerana-we-wroclawiu-wyprzedany-artysta-oglasza-dodatkowa-date-koncertu-w-polsce-muzyk-wystapi-w-piatek-15-sierpnia-2025r\/#primaryimage"},"thumbnailUrl":"https:\/\/tarczynskiarenawroclaw.pl\/wp-content\/uploads\/2024\/08\/1080x1080-2-data.jpg","datePublished":"2024-08-22T08:51:58+00:00","dateModified":"2024-08-22T08:52:02+00:00","description":"Artysta \u015bwiatowego formatu, Ed Sheeran, og\u0142asza dobr\u0105 nowin\u0119 dla swoich polskich fan\u00f3w! Koncert zaplanowany na 16 sierpnia w Tarczy\u0144ski Arena Wroc\u0142aw","breadcrumb":{"@id":"https:\/\/tarczynskiarenawroclaw.pl\/events\/koncert-eda-sheerana-we-wroclawiu-wyprzedany-artysta-oglasza-dodatkowa-date-koncertu-w-polsce-muzyk-wystapi-w-piatek-15-sierpnia-2025r\/#breadcrumb"},"inLanguage":"en-US","potentialAction":[{"@type":"ReadAction","target":["https:\/\/tarczynskiarenawroclaw.pl\/events\/koncert-eda-sheerana-we-wroclawiu-wyprzedany-artysta-oglasza-dodatkowa-date-koncertu-w-polsce-muzyk-wystapi-w-piatek-15-sierpnia-2025r\/"]}]},{"@type":"ImageObject","inLanguage":"en-US","@id":"https:\/\/tarczynskiarenawroclaw.pl\/events\/koncert-eda-sheerana-we-wroclawiu-wyprzedany-artysta-oglasza-dodatkowa-date-koncertu-w-polsce-muzyk-wystapi-w-piatek-15-sierpnia-2025r\/#primaryimage","url":"https:\/\/tarczynskiarenawroclaw.pl\/wp-content\/uploads\/2024\/08\/1080x1080-2-data.jpg","contentUrl":"https:\/\/tarczynskiarenawroclaw.pl\/wp-content\/uploads\/2024\/08\/1080x1080-2-data.jpg","width":1080,"height":1080,"caption":"Plakat koncertu Eda Sheerana we Wroc\u0142awiu"},{"@type":"BreadcrumbList","@id":"https:\/\/tarczynskiarenawroclaw.pl\/events\/koncert-eda-sheerana-we-wroclawiu-wyprzedany-artysta-oglasza-dodatkowa-date-koncertu-w-polsce-muzyk-wystapi-w-piatek-15-sierpnia-2025r\/#breadcrumb","itemListElement":[{"@type":"ListItem","position":1,"name":"Strona g\u0142\u00f3wna","item":"https:\/\/tarczynskiarenawroclaw.pl\/en\/"},{"@type":"ListItem","position":2,"name":"Events","item":"https:\/\/tarczynskiarenawroclaw.pl\/events\/"},{"@type":"ListItem","position":3,"name":"Koncert Eda Sheerana we Wroc\u0142awiu wyprzedany! Artysta og\u0142asza dodatkow\u0105 dat\u0119 koncertu w Polsce. Muzyk wyst\u0105pi w pi\u0105tek 15 sierpnia 2025r!"}]},{"@type":"WebSite","@id":"https:\/\/tarczynskiarenawroclaw.pl\/#website","url":"https:\/\/tarczynskiarenawroclaw.pl\/","name":"Tarczy\u0144ski Arena Wroc\u0142aw","description":"Stadion Miejski we Wroc\u0142awiu","publisher":{"@id":"https:\/\/tarczynskiarenawroclaw.pl\/#organization"},"potentialAction":[{"@type":"SearchAction","target":{"@type":"EntryPoint","urlTemplate":"https:\/\/tarczynskiarenawroclaw.pl\/?s={search_term_string}"},"query-input":{"@type":"PropertyValueSpecification","valueRequired":true,"valueName":"search_term_string"}}],"inLanguage":"en-US"},{"@type":"Organization","@id":"https:\/\/tarczynskiarenawroclaw.pl\/#organization","name":"Stadion Wroc\u0142aw","url":"https:\/\/tarczynskiarenawroclaw.pl\/","logo":{"@type":"ImageObject","inLanguage":"en-US","@id":"https:\/\/tarczynskiarenawroclaw.pl\/#\/schema\/logo\/image\/","url":"https:\/\/stadionwroclaw.pl\/wp-content\/uploads\/2021\/08\/favicon-stadion-wroclaw.png","contentUrl":"https:\/\/stadionwroclaw.pl\/wp-content\/uploads\/2021\/08\/favicon-stadion-wroclaw.png","width":512,"height":512,"caption":"Stadion Wroc\u0142aw"},"image":{"@id":"https:\/\/tarczynskiarenawroclaw.pl\/#\/schema\/logo\/image\/"}}]}},"featured_img":"https:\/\/tarczynskiarenawroclaw.pl\/wp-content\/uploads\/2024\/08\/1080x1080-2-data-330x330.jpg","coauthors":[],"author_meta":{"author_link":"https:\/\/tarczynskiarenawroclaw.pl\/en\/author\/pm-admin\/","display_name":"Piotr Michalik"},"relative_dates":{"created":"Posted 2 years ago","modified":"Updated 2 years ago"},"absolute_dates":{"created":"Posted on 22.08.2024","modified":"Updated on 22.08.2024"},"absolute_dates_time":{"created":"Posted on 22.08.2024 10:51","modified":"Updated on 22.08.2024 10:52"},"featured_img_caption":"","tax_additional":{"post_tag":{"linked":[],"unlinked":[],"slug":"post_tag","name":"Tags"},"mec_category":{"linked":["<a href=\"https:\/\/tarczynskiarenawroclaw.pl\/en\/category-events\/fairs-events\/\" class=\"advgb-post-tax-term\">Fairs \/ Events<\/a>","<a href=\"https:\/\/tarczynskiarenawroclaw.pl\/en\/category-events\/top-event-en\/\" class=\"advgb-post-tax-term\">Top Event<\/a>"],"unlinked":["<span class=\"advgb-post-tax-term\">Fairs \/ Events<\/span>","<span class=\"advgb-post-tax-term\">Top Event<\/span>"],"slug":"mec_category","name":"Categories"},"mec_label":{"linked":[],"unlinked":[],"slug":"mec_label","name":"Labels"},"mec_location":{"linked":[],"unlinked":[],"slug":"mec_location","name":"Locations"},"mec_organizer":{"linked":[],"unlinked":[],"slug":"mec_organizer","name":"Organizers"}},"series_order":"","_links":{"self":[{"href":"https:\/\/tarczynskiarenawroclaw.pl\/en\/wp-json\/wp\/v2\/mec-events\/15871","targetHints":{"allow":["GET"]}}],"collection":[{"href":"https:\/\/tarczynskiarenawroclaw.pl\/en\/wp-json\/wp\/v2\/mec-events"}],"about":[{"href":"https:\/\/tarczynskiarenawroclaw.pl\/en\/wp-json\/wp\/v2\/types\/mec-events"}],"author":[{"embeddable":true,"href":"https:\/\/tarczynskiarenawroclaw.pl\/en\/wp-json\/wp\/v2\/users\/4"}],"replies":[{"embeddable":true,"href":"https:\/\/tarczynskiarenawroclaw.pl\/en\/wp-json\/wp\/v2\/comments?post=15871"}],"wp:featuredmedia":[{"embeddable":true,"href":"https:\/\/tarczynskiarenawroclaw.pl\/en\/wp-json\/wp\/v2\/media\/15872"}],"wp:attachment":[{"href":"https:\/\/tarczynskiarenawroclaw.pl\/en\/wp-json\/wp\/v2\/media?parent=15871"}],"wp:term":[{"taxonomy":"post_tag","embeddable":true,"href":"https:\/\/tarczynskiarenawroclaw.pl\/en\/wp-json\/wp\/v2\/tags?post=15871"},{"taxonomy":"mec_category","embeddable":true,"href":"https:\/\/tarczynskiarenawroclaw.pl\/en\/wp-json\/wp\/v2\/mec_category?post=15871"}],"curies":[{"name":"wp","href":"https:\/\/api.w.org\/{rel}","templated":true}]}}