{"id":16801,"date":"2025-07-09T12:15:00","date_gmt":"2025-07-09T10:15:00","guid":{"rendered":"https:\/\/tarczynskiarenawroclaw.pl\/?post_type=mec-events&#038;p=16801"},"modified":"2025-07-07T15:19:30","modified_gmt":"2025-07-07T13:19:30","slug":"sanah-na-stadionach","status":"publish","type":"mec-events","link":"https:\/\/tarczynskiarenawroclaw.pl\/en\/events\/sanah-na-stadionach\/","title":{"rendered":"sanah NA STADIONACH"},"content":{"rendered":"\n<p>Po zesz\u0142orocznym koncercie na terenach zielonych przy stadionie, sanah wraca do Wroc\u0142awia w jeszcze wi\u0119kszym stylu. 26 czerwca 2026 roku artystka wyst\u0105pi na p\u0142ycie g\u0142\u00f3wnej Tarczy\u0144ski Areny jako cz\u0119\u015b\u0107 og\u00f3lnopolskiej trasy \u201e<strong>sanah NA STADIONACH<\/strong>\u201d, po raz kolejny zapisuj\u0105c si\u0119 na kartach\u00a0historii polskiej muzyki.<\/p>\n\n\n\n<p>W 2026 roku artystka pojawi si\u0119 na pi\u0119ciu obiektach w:<strong> Gda\u0144sku, Poznaniu, Wroc\u0142awiu, Bia\u0142ymstoku <\/strong>oraz<strong> Krakowie.&nbsp;Bilety w sprzeda\u017cy na <\/strong><a href=\"http:\/\/www.sanahnastadionach.pl\"><strong>www.sanahnastadionach.pl<\/strong><\/a><strong>&nbsp;<\/strong><\/p>\n\n\n\n<p><strong>1.05.2026 &#8211; GDA\u0143SK, Polsat Plus Arena Gda\u0144sk<\/strong><\/p>\n\n\n\n<p><strong>29.05.2026 &#8211; POZNA\u0143, Enea Stadion<\/strong><\/p>\n\n\n\n<p><strong>26.06.2026 &#8211; WROC\u0141AW, Tarczy\u0144ski Arena Wroc\u0142aw<\/strong><\/p>\n\n\n\n<p><strong>10.07.2026 &#8211; BIA\u0141YSTOK, Chorten Arena<\/strong><\/p>\n\n\n\n<p><strong>14.08.2026 &#8211; KRAK\u00d3W, Stadion Miejski im. Henryka Reymana&nbsp;<\/strong><\/p>\n\n\n\n<p>Pierwsze stadionowe koncerty sanah na trasie \u201eUczta nad Ucztami\u201d w 2023 roku zachwyca\u0142y rozmachem i wyj\u0105tkow\u0105 opraw\u0105, na d\u0142ugo&nbsp;zapadaj\u0105c w pami\u0119\u0107 publiczno\u015bci. Trasa&nbsp;\u201esanah NA STADIONACH\u201d&nbsp;zapowiada si\u0119 jednak jeszcze bardziej imponuj\u0105co \u2013 zar\u00f3wno pod wzgl\u0119dem skali, jako\u015bci produkcji, jak i artystycznych dozna\u0144.&nbsp;Ka\u017cdy z koncert\u00f3w b\u0119dzie niezapomnianym muzycznym widowiskiem z udzia\u0142em zaproszonych go\u015bci.<\/p>\n\n\n\n<p>Zanim jednak na dobre przeniesiemy si\u0119 do przysz\u0142ego roku, przypomnijmy, \u017ce ju\u017c za nieco ponad dwa miesi\u0105ce&nbsp;(19 i 20 wrze\u015bnia)&nbsp;sanah wyst\u0105pi dwukrotnie na PGE Narodowym w&nbsp;Warszawie.<\/p>\n\n\n\n<p>Do zobaczenia na stadionach!&nbsp;<\/p>\n\n\n\n<p>Na <strong>sanah NA STADIONACH<\/strong> zapraszaj\u0105 patroni medialni <strong>RMF FM <\/strong>i <strong>AMS <\/strong>oraz organizatorzy: <strong>DM Agency <\/strong>i <strong>Magic Records. <\/strong>Bilety w sprzeda\u017cy na&nbsp;<a href=\"http:\/\/www.sanahnastadionach.pl\">www.sanahnastadionach.pl<\/a>&nbsp;<\/p>\n\n\n\n<p><em>sanah to najcz\u0119\u015bciej streamowana polska artystka w Spotify w ci\u0105gu ostatnich 10 lat. Na swoim koncie ma niezliczon\u0105 ilo\u015b\u0107 hit\u00f3w, a w\u015br\u00f3d nich&nbsp;<\/em><a href=\"http:\/\/m.in\/\"><em>m.in<\/em><\/a><em>.: \u201eSzampan\u201d, Ale jazz\u201d, \u201eten Stan\u201d, \u201eostatnia nadzieja\u201d, \u201eNic dwa razy\u201d, \u201eby\u0142o, min\u0119\u0142o\u201d czy \u201eEviva l\u2019arte!\u201d. Artystka do tej pory wyda\u0142a 8 album\u00f3w: \u201eIrenka\u201d, \u201eUczta\u201d (podw\u00f3jnie diamentowe p\u0142yty); \u201esanah \u015bpiewa Poezyje\u201d, \u201eKr\u00f3lowa dram\u201d (diamentowa p\u0142yta); \u201eKaprysy\u201d (3 x platynowa p\u0142yta); \u201eBankiet u sanah\u201d \u2013 album koncertowy (z\u0142ota p\u0142yta), \u201ePianinkowe Kaprysy\u201d (z\u0142ota p\u0142yta) oraz najnowsza poezyjowa p\u0142yta \u201eDwoje ludzie\u0144k\u00f3w\u201d.&nbsp;<\/em><\/p>\n\n\n\n<p><em>sanah to tak\u017ce czterokrotna laureatka Fryderyk\u00f3w (polska nagroda muzyczna, przyznawana corocznie) oraz czterokrotna zdobywczyni Bestseller\u00f3w Empiku (nagroda przyznawana za najwi\u0119ksz\u0105 sprzeda\u017c albumu). W grudniu 2024 w kinach pojawi\u0142 si\u0119 film dokumentalny opowiadaj\u0105cy o jej muzycznej karierze i drodze do niej.&nbsp;Artystk\u0119 mo\u017cna zobaczy\u0107 na licznych koncertach w kraju i za granic\u0105. Jako pierwsza osoba w historii polskiej sceny muzycznej wyprzeda\u0142a dwa koncerty stadionowe na PGE Narodowym, kt\u00f3re odb\u0119d\u0105 si\u0119 dzie\u0144 po dniu.<\/em><\/p>\n","protected":false},"excerpt":{"rendered":"<p>Po wyprzedanych w rekordowym tempie dw\u00f3ch koncertach na PGE Narodowym sanah og\u0142asza kolejne stadiony!\u00a0Artystka tym samym kontynuuje\u00a0swoj\u0105 tras\u0119 \u201esanah NA STADIONACH\u201d, po raz kolejny zapisuj\u0105c si\u0119 na kartach\u00a0historii polskiej muzyki.<\/p>\n","protected":false},"author":4,"featured_media":16796,"comment_status":"closed","ping_status":"closed","template":"","tags":[],"mec_category":[52,37],"class_list":["post-16801","mec-events","type-mec-events","status-publish","has-post-thumbnail","hentry","mec_category-fairs-events","mec_category-top-event-en"],"yoast_head":"<!-- This site is optimized with the Yoast SEO plugin v27.4 - https:\/\/yoast.com\/product\/yoast-seo-wordpress\/ -->\n<title>sanah NA STADIONACH &#8211; Tarczy\u0144ski Arena Wroc\u0142aw<\/title>\n<meta name=\"description\" content=\"Po wyprzedanych w rekordowym tempie dw\u00f3ch koncertach na PGE Narodowym sanah og\u0142asza kolejne stadiony!\u00a0Artystka tym samym kontynuuje\u00a0swoj\u0105 tras\u0119 \u201esanah NA STADIONACH\u201d, po raz kolejny zapisuj\u0105c si\u0119 na kartach\u00a0historii polskiej muzyki.\" \/>\n<meta name=\"robots\" content=\"index, follow, max-snippet:-1, max-image-preview:large, max-video-preview:-1\" \/>\n<link rel=\"canonical\" href=\"https:\/\/tarczynskiarenawroclaw.pl\/events\/sanah-na-stadionach\/\" \/>\n<meta property=\"og:locale\" content=\"en_US\" \/>\n<meta property=\"og:type\" content=\"article\" \/>\n<meta property=\"og:title\" content=\"sanah NA STADIONACH &#8211; Tarczy\u0144ski Arena Wroc\u0142aw\" \/>\n<meta property=\"og:description\" content=\"Po wyprzedanych w rekordowym tempie dw\u00f3ch koncertach na PGE Narodowym sanah og\u0142asza kolejne stadiony!\u00a0Artystka tym samym kontynuuje\u00a0swoj\u0105 tras\u0119 \u201esanah NA STADIONACH\u201d, po raz kolejny zapisuj\u0105c si\u0119 na kartach\u00a0historii polskiej muzyki.\" \/>\n<meta property=\"og:url\" content=\"https:\/\/tarczynskiarenawroclaw.pl\/events\/sanah-na-stadionach\/\" \/>\n<meta property=\"og:site_name\" content=\"Tarczy\u0144ski Arena Wroc\u0142aw\" \/>\n<meta property=\"og:image\" content=\"https:\/\/tarczynskiarenawroclaw.pl\/wp-content\/uploads\/2025\/07\/wroclaw_sns2026_1080x1080px.png\" \/>\n\t<meta property=\"og:image:width\" content=\"1080\" \/>\n\t<meta property=\"og:image:height\" content=\"1080\" \/>\n\t<meta property=\"og:image:type\" content=\"image\/png\" \/>\n<meta name=\"twitter:card\" content=\"summary_large_image\" \/>\n<meta name=\"twitter:label1\" content=\"Est. reading time\" \/>\n\t<meta name=\"twitter:data1\" content=\"3 minutes\" \/>\n<script type=\"application\/ld+json\" class=\"yoast-schema-graph\">{\"@context\":\"https:\\\/\\\/schema.org\",\"@graph\":[{\"@type\":\"WebPage\",\"@id\":\"https:\\\/\\\/tarczynskiarenawroclaw.pl\\\/events\\\/sanah-na-stadionach\\\/\",\"url\":\"https:\\\/\\\/tarczynskiarenawroclaw.pl\\\/events\\\/sanah-na-stadionach\\\/\",\"name\":\"sanah NA STADIONACH &#8211; Tarczy\u0144ski Arena Wroc\u0142aw\",\"isPartOf\":{\"@id\":\"https:\\\/\\\/tarczynskiarenawroclaw.pl\\\/#website\"},\"primaryImageOfPage\":{\"@id\":\"https:\\\/\\\/tarczynskiarenawroclaw.pl\\\/events\\\/sanah-na-stadionach\\\/#primaryimage\"},\"image\":{\"@id\":\"https:\\\/\\\/tarczynskiarenawroclaw.pl\\\/events\\\/sanah-na-stadionach\\\/#primaryimage\"},\"thumbnailUrl\":\"https:\\\/\\\/tarczynskiarenawroclaw.pl\\\/wp-content\\\/uploads\\\/2025\\\/07\\\/wroclaw_sns2026_1080x1080px.png\",\"datePublished\":\"2025-07-09T10:15:00+00:00\",\"description\":\"Po wyprzedanych w rekordowym tempie dw\u00f3ch koncertach na PGE Narodowym sanah og\u0142asza kolejne stadiony!\u00a0Artystka tym samym kontynuuje\u00a0swoj\u0105 tras\u0119 \u201esanah NA STADIONACH\u201d, po raz kolejny zapisuj\u0105c si\u0119 na kartach\u00a0historii polskiej muzyki.\",\"breadcrumb\":{\"@id\":\"https:\\\/\\\/tarczynskiarenawroclaw.pl\\\/events\\\/sanah-na-stadionach\\\/#breadcrumb\"},\"inLanguage\":\"en-US\",\"potentialAction\":[{\"@type\":\"ReadAction\",\"target\":[\"https:\\\/\\\/tarczynskiarenawroclaw.pl\\\/events\\\/sanah-na-stadionach\\\/\"]}]},{\"@type\":\"ImageObject\",\"inLanguage\":\"en-US\",\"@id\":\"https:\\\/\\\/tarczynskiarenawroclaw.pl\\\/events\\\/sanah-na-stadionach\\\/#primaryimage\",\"url\":\"https:\\\/\\\/tarczynskiarenawroclaw.pl\\\/wp-content\\\/uploads\\\/2025\\\/07\\\/wroclaw_sns2026_1080x1080px.png\",\"contentUrl\":\"https:\\\/\\\/tarczynskiarenawroclaw.pl\\\/wp-content\\\/uploads\\\/2025\\\/07\\\/wroclaw_sns2026_1080x1080px.png\",\"width\":1080,\"height\":1080,\"caption\":\"Sanah - plakat koncertu\"},{\"@type\":\"BreadcrumbList\",\"@id\":\"https:\\\/\\\/tarczynskiarenawroclaw.pl\\\/events\\\/sanah-na-stadionach\\\/#breadcrumb\",\"itemListElement\":[{\"@type\":\"ListItem\",\"position\":1,\"name\":\"Strona g\u0142\u00f3wna\",\"item\":\"https:\\\/\\\/tarczynskiarenawroclaw.pl\\\/en\\\/\"},{\"@type\":\"ListItem\",\"position\":2,\"name\":\"Events\",\"item\":\"https:\\\/\\\/tarczynskiarenawroclaw.pl\\\/events\\\/\"},{\"@type\":\"ListItem\",\"position\":3,\"name\":\"Top Event\",\"item\":\"https:\\\/\\\/tarczynskiarenawroclaw.pl\\\/en\\\/category-events\\\/top-event-en\\\/\"},{\"@type\":\"ListItem\",\"position\":4,\"name\":\"sanah NA STADIONACH\"}]},{\"@type\":\"WebSite\",\"@id\":\"https:\\\/\\\/tarczynskiarenawroclaw.pl\\\/#website\",\"url\":\"https:\\\/\\\/tarczynskiarenawroclaw.pl\\\/\",\"name\":\"Tarczy\u0144ski Arena Wroc\u0142aw\",\"description\":\"Stadion Miejski we Wroc\u0142awiu\",\"publisher\":{\"@id\":\"https:\\\/\\\/tarczynskiarenawroclaw.pl\\\/#organization\"},\"potentialAction\":[{\"@type\":\"SearchAction\",\"target\":{\"@type\":\"EntryPoint\",\"urlTemplate\":\"https:\\\/\\\/tarczynskiarenawroclaw.pl\\\/?s={search_term_string}\"},\"query-input\":{\"@type\":\"PropertyValueSpecification\",\"valueRequired\":true,\"valueName\":\"search_term_string\"}}],\"inLanguage\":\"en-US\"},{\"@type\":\"Organization\",\"@id\":\"https:\\\/\\\/tarczynskiarenawroclaw.pl\\\/#organization\",\"name\":\"Stadion Wroc\u0142aw\",\"url\":\"https:\\\/\\\/tarczynskiarenawroclaw.pl\\\/\",\"logo\":{\"@type\":\"ImageObject\",\"inLanguage\":\"en-US\",\"@id\":\"https:\\\/\\\/tarczynskiarenawroclaw.pl\\\/#\\\/schema\\\/logo\\\/image\\\/\",\"url\":\"https:\\\/\\\/stadionwroclaw.pl\\\/wp-content\\\/uploads\\\/2021\\\/08\\\/favicon-stadion-wroclaw.png\",\"contentUrl\":\"https:\\\/\\\/stadionwroclaw.pl\\\/wp-content\\\/uploads\\\/2021\\\/08\\\/favicon-stadion-wroclaw.png\",\"width\":512,\"height\":512,\"caption\":\"Stadion Wroc\u0142aw\"},\"image\":{\"@id\":\"https:\\\/\\\/tarczynskiarenawroclaw.pl\\\/#\\\/schema\\\/logo\\\/image\\\/\"}}]}<\/script>\n<!-- \/ Yoast SEO plugin. -->","yoast_head_json":{"title":"sanah NA STADIONACH &#8211; Tarczy\u0144ski Arena Wroc\u0142aw","description":"Po wyprzedanych w rekordowym tempie dw\u00f3ch koncertach na PGE Narodowym sanah og\u0142asza kolejne stadiony!\u00a0Artystka tym samym kontynuuje\u00a0swoj\u0105 tras\u0119 \u201esanah NA STADIONACH\u201d, po raz kolejny zapisuj\u0105c si\u0119 na kartach\u00a0historii polskiej muzyki.","robots":{"index":"index","follow":"follow","max-snippet":"max-snippet:-1","max-image-preview":"max-image-preview:large","max-video-preview":"max-video-preview:-1"},"canonical":"https:\/\/tarczynskiarenawroclaw.pl\/events\/sanah-na-stadionach\/","og_locale":"en_US","og_type":"article","og_title":"sanah NA STADIONACH &#8211; Tarczy\u0144ski Arena Wroc\u0142aw","og_description":"Po wyprzedanych w rekordowym tempie dw\u00f3ch koncertach na PGE Narodowym sanah og\u0142asza kolejne stadiony!\u00a0Artystka tym samym kontynuuje\u00a0swoj\u0105 tras\u0119 \u201esanah NA STADIONACH\u201d, po raz kolejny zapisuj\u0105c si\u0119 na kartach\u00a0historii polskiej muzyki.","og_url":"https:\/\/tarczynskiarenawroclaw.pl\/events\/sanah-na-stadionach\/","og_site_name":"Tarczy\u0144ski Arena Wroc\u0142aw","og_image":[{"width":1080,"height":1080,"url":"https:\/\/tarczynskiarenawroclaw.pl\/wp-content\/uploads\/2025\/07\/wroclaw_sns2026_1080x1080px.png","type":"image\/png"}],"twitter_card":"summary_large_image","twitter_misc":{"Est. reading time":"3 minutes"},"schema":{"@context":"https:\/\/schema.org","@graph":[{"@type":"WebPage","@id":"https:\/\/tarczynskiarenawroclaw.pl\/events\/sanah-na-stadionach\/","url":"https:\/\/tarczynskiarenawroclaw.pl\/events\/sanah-na-stadionach\/","name":"sanah NA STADIONACH &#8211; Tarczy\u0144ski Arena Wroc\u0142aw","isPartOf":{"@id":"https:\/\/tarczynskiarenawroclaw.pl\/#website"},"primaryImageOfPage":{"@id":"https:\/\/tarczynskiarenawroclaw.pl\/events\/sanah-na-stadionach\/#primaryimage"},"image":{"@id":"https:\/\/tarczynskiarenawroclaw.pl\/events\/sanah-na-stadionach\/#primaryimage"},"thumbnailUrl":"https:\/\/tarczynskiarenawroclaw.pl\/wp-content\/uploads\/2025\/07\/wroclaw_sns2026_1080x1080px.png","datePublished":"2025-07-09T10:15:00+00:00","description":"Po wyprzedanych w rekordowym tempie dw\u00f3ch koncertach na PGE Narodowym sanah og\u0142asza kolejne stadiony!\u00a0Artystka tym samym kontynuuje\u00a0swoj\u0105 tras\u0119 \u201esanah NA STADIONACH\u201d, po raz kolejny zapisuj\u0105c si\u0119 na kartach\u00a0historii polskiej muzyki.","breadcrumb":{"@id":"https:\/\/tarczynskiarenawroclaw.pl\/events\/sanah-na-stadionach\/#breadcrumb"},"inLanguage":"en-US","potentialAction":[{"@type":"ReadAction","target":["https:\/\/tarczynskiarenawroclaw.pl\/events\/sanah-na-stadionach\/"]}]},{"@type":"ImageObject","inLanguage":"en-US","@id":"https:\/\/tarczynskiarenawroclaw.pl\/events\/sanah-na-stadionach\/#primaryimage","url":"https:\/\/tarczynskiarenawroclaw.pl\/wp-content\/uploads\/2025\/07\/wroclaw_sns2026_1080x1080px.png","contentUrl":"https:\/\/tarczynskiarenawroclaw.pl\/wp-content\/uploads\/2025\/07\/wroclaw_sns2026_1080x1080px.png","width":1080,"height":1080,"caption":"Sanah - plakat koncertu"},{"@type":"BreadcrumbList","@id":"https:\/\/tarczynskiarenawroclaw.pl\/events\/sanah-na-stadionach\/#breadcrumb","itemListElement":[{"@type":"ListItem","position":1,"name":"Strona g\u0142\u00f3wna","item":"https:\/\/tarczynskiarenawroclaw.pl\/en\/"},{"@type":"ListItem","position":2,"name":"Events","item":"https:\/\/tarczynskiarenawroclaw.pl\/events\/"},{"@type":"ListItem","position":3,"name":"Top Event","item":"https:\/\/tarczynskiarenawroclaw.pl\/en\/category-events\/top-event-en\/"},{"@type":"ListItem","position":4,"name":"sanah NA STADIONACH"}]},{"@type":"WebSite","@id":"https:\/\/tarczynskiarenawroclaw.pl\/#website","url":"https:\/\/tarczynskiarenawroclaw.pl\/","name":"Tarczy\u0144ski Arena Wroc\u0142aw","description":"Stadion Miejski we Wroc\u0142awiu","publisher":{"@id":"https:\/\/tarczynskiarenawroclaw.pl\/#organization"},"potentialAction":[{"@type":"SearchAction","target":{"@type":"EntryPoint","urlTemplate":"https:\/\/tarczynskiarenawroclaw.pl\/?s={search_term_string}"},"query-input":{"@type":"PropertyValueSpecification","valueRequired":true,"valueName":"search_term_string"}}],"inLanguage":"en-US"},{"@type":"Organization","@id":"https:\/\/tarczynskiarenawroclaw.pl\/#organization","name":"Stadion Wroc\u0142aw","url":"https:\/\/tarczynskiarenawroclaw.pl\/","logo":{"@type":"ImageObject","inLanguage":"en-US","@id":"https:\/\/tarczynskiarenawroclaw.pl\/#\/schema\/logo\/image\/","url":"https:\/\/stadionwroclaw.pl\/wp-content\/uploads\/2021\/08\/favicon-stadion-wroclaw.png","contentUrl":"https:\/\/stadionwroclaw.pl\/wp-content\/uploads\/2021\/08\/favicon-stadion-wroclaw.png","width":512,"height":512,"caption":"Stadion Wroc\u0142aw"},"image":{"@id":"https:\/\/tarczynskiarenawroclaw.pl\/#\/schema\/logo\/image\/"}}]}},"featured_img":"https:\/\/tarczynskiarenawroclaw.pl\/wp-content\/uploads\/2025\/07\/wroclaw_sns2026_1080x1080px-330x330.png","coauthors":[],"author_meta":{"author_link":"https:\/\/tarczynskiarenawroclaw.pl\/en\/author\/pm-admin\/","display_name":"Piotr Michalik"},"relative_dates":{"created":"Posted 10 months ago","modified":"Updated 10 months ago"},"absolute_dates":{"created":"Posted on 09.07.2025","modified":"Updated on 07.07.2025"},"absolute_dates_time":{"created":"Posted on 09.07.2025 12:15","modified":"Updated on 07.07.2025 15:19"},"featured_img_caption":"","tax_additional":{"post_tag":{"linked":[],"unlinked":[],"slug":"post_tag","name":"Tags"},"mec_category":{"linked":["<a href=\"https:\/\/tarczynskiarenawroclaw.pl\/en\/category-events\/fairs-events\/\" class=\"advgb-post-tax-term\">Fairs \/ Events<\/a>","<a href=\"https:\/\/tarczynskiarenawroclaw.pl\/en\/category-events\/top-event-en\/\" class=\"advgb-post-tax-term\">Top Event<\/a>"],"unlinked":["<span class=\"advgb-post-tax-term\">Fairs \/ Events<\/span>","<span class=\"advgb-post-tax-term\">Top Event<\/span>"],"slug":"mec_category","name":"Categories"},"mec_label":{"linked":[],"unlinked":[],"slug":"mec_label","name":"Labels"},"mec_location":{"linked":["<a href=\"https:\/\/tarczynskiarenawroclaw.pl\/events-location\/tarczynski-arena-wroclaw\/\" class=\"advgb-post-tax-term\">Tarczy\u0144ski Arena Wroc\u0142aw<\/a>"],"unlinked":["<span class=\"advgb-post-tax-term\">Tarczy\u0144ski Arena Wroc\u0142aw<\/span>"],"slug":"mec_location","name":"Locations"},"mec_organizer":{"linked":[],"unlinked":[],"slug":"mec_organizer","name":"Organizers"}},"series_order":"","_links":{"self":[{"href":"https:\/\/tarczynskiarenawroclaw.pl\/en\/wp-json\/wp\/v2\/mec-events\/16801","targetHints":{"allow":["GET"]}}],"collection":[{"href":"https:\/\/tarczynskiarenawroclaw.pl\/en\/wp-json\/wp\/v2\/mec-events"}],"about":[{"href":"https:\/\/tarczynskiarenawroclaw.pl\/en\/wp-json\/wp\/v2\/types\/mec-events"}],"author":[{"embeddable":true,"href":"https:\/\/tarczynskiarenawroclaw.pl\/en\/wp-json\/wp\/v2\/users\/4"}],"replies":[{"embeddable":true,"href":"https:\/\/tarczynskiarenawroclaw.pl\/en\/wp-json\/wp\/v2\/comments?post=16801"}],"wp:featuredmedia":[{"embeddable":true,"href":"https:\/\/tarczynskiarenawroclaw.pl\/en\/wp-json\/wp\/v2\/media\/16796"}],"wp:attachment":[{"href":"https:\/\/tarczynskiarenawroclaw.pl\/en\/wp-json\/wp\/v2\/media?parent=16801"}],"wp:term":[{"taxonomy":"post_tag","embeddable":true,"href":"https:\/\/tarczynskiarenawroclaw.pl\/en\/wp-json\/wp\/v2\/tags?post=16801"},{"taxonomy":"mec_category","embeddable":true,"href":"https:\/\/tarczynskiarenawroclaw.pl\/en\/wp-json\/wp\/v2\/mec_category?post=16801"}],"curies":[{"name":"wp","href":"https:\/\/api.w.org\/{rel}","templated":true}]}}