{"id":17755,"date":"2026-09-04T14:25:25","date_gmt":"2026-09-04T12:25:25","guid":{"rendered":"https:\/\/tarczynskiarenawroclaw.pl\/?post_type=mec-events&#038;p=17755"},"modified":"2026-09-04T14:25:56","modified_gmt":"2026-09-04T12:25:56","slug":"mecz-mistrzow-polska-wlochy","status":"publish","type":"mec-events","link":"https:\/\/tarczynskiarenawroclaw.pl\/en\/events\/mecz-mistrzow-polska-wlochy\/","title":{"rendered":"Mecz Mistrz\u00f3w: Polska &#8211; W\u0142ochy"},"content":{"rendered":"\n<p class=\"wp-block-paragraph\"><strong>Czas na wielki Mecz Mistrz\u00f3w! Ju\u017c 4 pa\u017adziernika o 15:00 na Tarczy\u0144ski Arenie we Wroc\u0142awiu odb\u0119dzie si\u0119 starcie legend Polska &#8211; W\u0142ochy. \u201eSquadra Azzurra\u201d przyje\u017cd\u017ca w ikonicznym sk\u0142adzie z dziesi\u0119cioma mistrzami \u015bwiata na pok\u0142adzie! Bilety s\u0105 ju\u017c dost\u0119pne w sprzeda\u017cy na<\/strong> <a href=\"http:\/\/ebilet.pl\"><strong>eBilet.pl<\/strong><\/a><strong>.<\/strong><\/p>\n\n\n\n<h3 class=\"wp-block-heading\">Mecz Mistrz\u00f3w: Polska &#8211; W\u0142ochy 4 pa\u017adziernika we Wroc\u0142awiu<\/h3>\n\n\n\n<p class=\"wp-block-paragraph\">Mistrzowie \u015bwiata z 2006 roku zagraj\u0105 w Polsce! Reprezentacja W\u0142och z triumfatorami mundialu sprzed 20 lat przyje\u017cd\u017caj\u0105 do Wroc\u0142awia i zmierz\u0105 si\u0119 z legendami reprezentacji Polski. \u201eSquadra Azzurra\u201d przyje\u017cd\u017ca w mocnym sk\u0142adzie i jest gotowa na twardy, pi\u0142karski b\u00f3j z Bia\u0142o-czerwonymi.<\/p>\n\n\n\n<p class=\"wp-block-paragraph\">Jerzy Engel powo\u0142a\u0142 do reprezentacji Polski m.in. Jerzego Dudka, Sebastiana Mil\u0119 czy Emanuela Olisadebe. W kadrze W\u0142och dowodzonej przez Gianluc\u0119 Zambrott\u0119 zagraj\u0105 Gianluigi Buffon, Luca Toni czy Marco Materazzi. Kolejne nazwiska b\u0119d\u0105 og\u0142aszane w mediach spo\u0142eczno\u015bciowych wydarzenia.&nbsp;<\/p>\n\n\n\n<h3 class=\"wp-block-heading\">Polska &#8211; W\u0142ochy: Squadra Azzurra wraca po 15 latach na Tarczy\u0144ski Arenie<\/h3>\n\n\n\n<p class=\"wp-block-paragraph\">Mecz Mistrz\u00f3w Polska &#8211; W\u0142ochy b\u0119dzie okazj\u0105 do wspomnienia wielu wyj\u0105tkowych moment\u00f3w w historii nie tylko polskiego futbolu. W 2026 roku obchodzimy 25-lecie awansu Bia\u0142o-czerwonych na mundial w Korei i Japonii.&nbsp;<\/p>\n\n\n\n<p class=\"wp-block-paragraph\">To wyj\u0105tkowy rok tak\u017ce dla W\u0142och\u00f3w, kt\u00f3rzy 20 lat temu zdobyli mistrzostwo \u015bwiata w Niemczech podczas pami\u0119tnego fina\u0142u z Francuzami. 15 lat temu mecz Polska &#8211; W\u0142ochy by\u0142 tak\u017ce pierwszym meczem kadry na nowym stadionie we Wroc\u0142awiu.<\/p>\n\n\n\n<p class=\"wp-block-paragraph\">Bilety na Mecz Mistrz\u00f3w Polska &#8211; W\u0142ochy s\u0105 ju\u017c dost\u0119pne na platformie <a href=\"http:\/\/ebilet.pl\">eBilet.pl<\/a>. Ceny startuj\u0105 ju\u017c od 59 z\u0142!&nbsp;<\/p>\n\n\n\n<p class=\"wp-block-paragraph\"><\/p>\n","protected":false},"excerpt":{"rendered":"<p>Czas na wielki Mecz Mistrz\u00f3w! Ju\u017c 4 pa\u017adziernika o 15:00 na Tarczy\u0144ski Arenie&#8230;<\/p>\n","protected":false},"author":5,"featured_media":17756,"comment_status":"closed","ping_status":"closed","template":"","tags":[],"mec_category":[37],"class_list":["post-17755","mec-events","type-mec-events","status-publish","has-post-thumbnail","hentry","mec_category-top-event-en"],"yoast_head":"<!-- This site is optimized with the Yoast SEO plugin v28.0 - https:\/\/yoast.com\/product\/yoast-seo-wordpress\/ -->\n<title>Mecz Mistrz\u00f3w: Polska - W\u0142ochy &#8211; Tarczy\u0144ski Arena Wroc\u0142aw<\/title>\n<meta name=\"description\" content=\"Czas na wielki Mecz Mistrz\u00f3w! Ju\u017c 4 pa\u017adziernika o 15:00 na Tarczy\u0144ski Arenie we Wroc\u0142awiu odb\u0119dzie si\u0119 starcie legend Polska - W\u0142ochy. \u201eSquadra Azzurra\u201d\" \/>\n<meta name=\"robots\" content=\"index, follow, max-snippet:-1, max-image-preview:large, max-video-preview:-1\" \/>\n<link rel=\"canonical\" href=\"https:\/\/tarczynskiarenawroclaw.pl\/events\/mecz-mistrzow-polska-wlochy\/\" \/>\n<meta property=\"og:locale\" content=\"en_US\" \/>\n<meta property=\"og:type\" content=\"article\" \/>\n<meta property=\"og:title\" content=\"Mecz Mistrz\u00f3w: Polska - W\u0142ochy &#8211; Tarczy\u0144ski Arena Wroc\u0142aw\" \/>\n<meta property=\"og:description\" content=\"Czas na wielki Mecz Mistrz\u00f3w! Ju\u017c 4 pa\u017adziernika o 15:00 na Tarczy\u0144ski Arenie we Wroc\u0142awiu odb\u0119dzie si\u0119 starcie legend Polska - W\u0142ochy. \u201eSquadra Azzurra\u201d\" \/>\n<meta property=\"og:url\" content=\"https:\/\/tarczynskiarenawroclaw.pl\/events\/mecz-mistrzow-polska-wlochy\/\" \/>\n<meta property=\"og:site_name\" content=\"Tarczy\u0144ski Arena Wroc\u0142aw\" \/>\n<meta property=\"article:modified_time\" content=\"2026-09-04T12:25:56+00:00\" \/>\n<meta property=\"og:image\" content=\"https:\/\/tarczynskiarenawroclaw.pl\/wp-content\/uploads\/2026\/09\/1080x1080.jpg\" \/>\n\t<meta property=\"og:image:width\" content=\"1080\" \/>\n\t<meta property=\"og:image:height\" content=\"1080\" \/>\n\t<meta property=\"og:image:type\" content=\"image\/jpeg\" \/>\n<meta name=\"twitter:card\" content=\"summary_large_image\" \/>\n<meta name=\"twitter:label1\" content=\"Est. reading time\" \/>\n\t<meta name=\"twitter:data1\" content=\"2 minutes\" \/>\n<script type=\"application\/ld+json\" class=\"yoast-schema-graph\">{\"@context\":\"https:\\\/\\\/schema.org\",\"@graph\":[{\"@type\":\"WebPage\",\"@id\":\"https:\\\/\\\/tarczynskiarenawroclaw.pl\\\/events\\\/mecz-mistrzow-polska-wlochy\\\/\",\"url\":\"https:\\\/\\\/tarczynskiarenawroclaw.pl\\\/events\\\/mecz-mistrzow-polska-wlochy\\\/\",\"name\":\"Mecz Mistrz\u00f3w: Polska - W\u0142ochy &#8211; Tarczy\u0144ski Arena Wroc\u0142aw\",\"isPartOf\":{\"@id\":\"https:\\\/\\\/tarczynskiarenawroclaw.pl\\\/#website\"},\"primaryImageOfPage\":{\"@id\":\"https:\\\/\\\/tarczynskiarenawroclaw.pl\\\/events\\\/mecz-mistrzow-polska-wlochy\\\/#primaryimage\"},\"image\":{\"@id\":\"https:\\\/\\\/tarczynskiarenawroclaw.pl\\\/events\\\/mecz-mistrzow-polska-wlochy\\\/#primaryimage\"},\"thumbnailUrl\":\"https:\\\/\\\/tarczynskiarenawroclaw.pl\\\/wp-content\\\/uploads\\\/2026\\\/09\\\/1080x1080.jpg\",\"datePublished\":\"2026-09-04T12:25:25+00:00\",\"dateModified\":\"2026-09-04T12:25:56+00:00\",\"description\":\"Czas na wielki Mecz Mistrz\u00f3w! Ju\u017c 4 pa\u017adziernika o 15:00 na Tarczy\u0144ski Arenie we Wroc\u0142awiu odb\u0119dzie si\u0119 starcie legend Polska - W\u0142ochy. \u201eSquadra Azzurra\u201d\",\"breadcrumb\":{\"@id\":\"https:\\\/\\\/tarczynskiarenawroclaw.pl\\\/events\\\/mecz-mistrzow-polska-wlochy\\\/#breadcrumb\"},\"inLanguage\":\"en-US\",\"potentialAction\":[{\"@type\":\"ReadAction\",\"target\":[\"https:\\\/\\\/tarczynskiarenawroclaw.pl\\\/events\\\/mecz-mistrzow-polska-wlochy\\\/\"]}]},{\"@type\":\"ImageObject\",\"inLanguage\":\"en-US\",\"@id\":\"https:\\\/\\\/tarczynskiarenawroclaw.pl\\\/events\\\/mecz-mistrzow-polska-wlochy\\\/#primaryimage\",\"url\":\"https:\\\/\\\/tarczynskiarenawroclaw.pl\\\/wp-content\\\/uploads\\\/2026\\\/09\\\/1080x1080.jpg\",\"contentUrl\":\"https:\\\/\\\/tarczynskiarenawroclaw.pl\\\/wp-content\\\/uploads\\\/2026\\\/09\\\/1080x1080.jpg\",\"width\":1080,\"height\":1080},{\"@type\":\"BreadcrumbList\",\"@id\":\"https:\\\/\\\/tarczynskiarenawroclaw.pl\\\/events\\\/mecz-mistrzow-polska-wlochy\\\/#breadcrumb\",\"itemListElement\":[{\"@type\":\"ListItem\",\"position\":1,\"name\":\"Strona g\u0142\u00f3wna\",\"item\":\"https:\\\/\\\/tarczynskiarenawroclaw.pl\\\/en\\\/\"},{\"@type\":\"ListItem\",\"position\":2,\"name\":\"Events\",\"item\":\"https:\\\/\\\/tarczynskiarenawroclaw.pl\\\/events\\\/\"},{\"@type\":\"ListItem\",\"position\":3,\"name\":\"Top Event\",\"item\":\"https:\\\/\\\/tarczynskiarenawroclaw.pl\\\/en\\\/category-events\\\/top-event-en\\\/\"},{\"@type\":\"ListItem\",\"position\":4,\"name\":\"Mecz Mistrz\u00f3w: Polska &#8211; W\u0142ochy\"}]},{\"@type\":\"WebSite\",\"@id\":\"https:\\\/\\\/tarczynskiarenawroclaw.pl\\\/#website\",\"url\":\"https:\\\/\\\/tarczynskiarenawroclaw.pl\\\/\",\"name\":\"Tarczy\u0144ski Arena Wroc\u0142aw\",\"description\":\"Stadion Miejski we Wroc\u0142awiu\",\"publisher\":{\"@id\":\"https:\\\/\\\/tarczynskiarenawroclaw.pl\\\/#organization\"},\"potentialAction\":[{\"@type\":\"SearchAction\",\"target\":{\"@type\":\"EntryPoint\",\"urlTemplate\":\"https:\\\/\\\/tarczynskiarenawroclaw.pl\\\/?s={search_term_string}\"},\"query-input\":{\"@type\":\"PropertyValueSpecification\",\"valueRequired\":true,\"valueName\":\"search_term_string\"}}],\"inLanguage\":\"en-US\"},{\"@type\":\"Organization\",\"@id\":\"https:\\\/\\\/tarczynskiarenawroclaw.pl\\\/#organization\",\"name\":\"Stadion Wroc\u0142aw\",\"url\":\"https:\\\/\\\/tarczynskiarenawroclaw.pl\\\/\",\"logo\":{\"@type\":\"ImageObject\",\"inLanguage\":\"en-US\",\"@id\":\"https:\\\/\\\/tarczynskiarenawroclaw.pl\\\/#\\\/schema\\\/logo\\\/image\\\/\",\"url\":\"https:\\\/\\\/stadionwroclaw.pl\\\/wp-content\\\/uploads\\\/2021\\\/08\\\/favicon-stadion-wroclaw.png\",\"contentUrl\":\"https:\\\/\\\/stadionwroclaw.pl\\\/wp-content\\\/uploads\\\/2021\\\/08\\\/favicon-stadion-wroclaw.png\",\"width\":512,\"height\":512,\"caption\":\"Stadion Wroc\u0142aw\"},\"image\":{\"@id\":\"https:\\\/\\\/tarczynskiarenawroclaw.pl\\\/#\\\/schema\\\/logo\\\/image\\\/\"}}]}<\/script>\n<!-- \/ Yoast SEO plugin. -->","yoast_head_json":{"title":"Mecz Mistrz\u00f3w: Polska - W\u0142ochy &#8211; Tarczy\u0144ski Arena Wroc\u0142aw","description":"Czas na wielki Mecz Mistrz\u00f3w! Ju\u017c 4 pa\u017adziernika o 15:00 na Tarczy\u0144ski Arenie we Wroc\u0142awiu odb\u0119dzie si\u0119 starcie legend Polska - W\u0142ochy. \u201eSquadra Azzurra\u201d","robots":{"index":"index","follow":"follow","max-snippet":"max-snippet:-1","max-image-preview":"max-image-preview:large","max-video-preview":"max-video-preview:-1"},"canonical":"https:\/\/tarczynskiarenawroclaw.pl\/events\/mecz-mistrzow-polska-wlochy\/","og_locale":"en_US","og_type":"article","og_title":"Mecz Mistrz\u00f3w: Polska - W\u0142ochy &#8211; Tarczy\u0144ski Arena Wroc\u0142aw","og_description":"Czas na wielki Mecz Mistrz\u00f3w! Ju\u017c 4 pa\u017adziernika o 15:00 na Tarczy\u0144ski Arenie we Wroc\u0142awiu odb\u0119dzie si\u0119 starcie legend Polska - W\u0142ochy. \u201eSquadra Azzurra\u201d","og_url":"https:\/\/tarczynskiarenawroclaw.pl\/events\/mecz-mistrzow-polska-wlochy\/","og_site_name":"Tarczy\u0144ski Arena Wroc\u0142aw","article_modified_time":"2026-09-04T12:25:56+00:00","og_image":[{"width":1080,"height":1080,"url":"https:\/\/tarczynskiarenawroclaw.pl\/wp-content\/uploads\/2026\/09\/1080x1080.jpg","type":"image\/jpeg"}],"twitter_card":"summary_large_image","twitter_misc":{"Est. reading time":"2 minutes"},"schema":{"@context":"https:\/\/schema.org","@graph":[{"@type":"WebPage","@id":"https:\/\/tarczynskiarenawroclaw.pl\/events\/mecz-mistrzow-polska-wlochy\/","url":"https:\/\/tarczynskiarenawroclaw.pl\/events\/mecz-mistrzow-polska-wlochy\/","name":"Mecz Mistrz\u00f3w: Polska - W\u0142ochy &#8211; Tarczy\u0144ski Arena Wroc\u0142aw","isPartOf":{"@id":"https:\/\/tarczynskiarenawroclaw.pl\/#website"},"primaryImageOfPage":{"@id":"https:\/\/tarczynskiarenawroclaw.pl\/events\/mecz-mistrzow-polska-wlochy\/#primaryimage"},"image":{"@id":"https:\/\/tarczynskiarenawroclaw.pl\/events\/mecz-mistrzow-polska-wlochy\/#primaryimage"},"thumbnailUrl":"https:\/\/tarczynskiarenawroclaw.pl\/wp-content\/uploads\/2026\/09\/1080x1080.jpg","datePublished":"2026-09-04T12:25:25+00:00","dateModified":"2026-09-04T12:25:56+00:00","description":"Czas na wielki Mecz Mistrz\u00f3w! Ju\u017c 4 pa\u017adziernika o 15:00 na Tarczy\u0144ski Arenie we Wroc\u0142awiu odb\u0119dzie si\u0119 starcie legend Polska - W\u0142ochy. \u201eSquadra Azzurra\u201d","breadcrumb":{"@id":"https:\/\/tarczynskiarenawroclaw.pl\/events\/mecz-mistrzow-polska-wlochy\/#breadcrumb"},"inLanguage":"en-US","potentialAction":[{"@type":"ReadAction","target":["https:\/\/tarczynskiarenawroclaw.pl\/events\/mecz-mistrzow-polska-wlochy\/"]}]},{"@type":"ImageObject","inLanguage":"en-US","@id":"https:\/\/tarczynskiarenawroclaw.pl\/events\/mecz-mistrzow-polska-wlochy\/#primaryimage","url":"https:\/\/tarczynskiarenawroclaw.pl\/wp-content\/uploads\/2026\/09\/1080x1080.jpg","contentUrl":"https:\/\/tarczynskiarenawroclaw.pl\/wp-content\/uploads\/2026\/09\/1080x1080.jpg","width":1080,"height":1080},{"@type":"BreadcrumbList","@id":"https:\/\/tarczynskiarenawroclaw.pl\/events\/mecz-mistrzow-polska-wlochy\/#breadcrumb","itemListElement":[{"@type":"ListItem","position":1,"name":"Strona g\u0142\u00f3wna","item":"https:\/\/tarczynskiarenawroclaw.pl\/en\/"},{"@type":"ListItem","position":2,"name":"Events","item":"https:\/\/tarczynskiarenawroclaw.pl\/events\/"},{"@type":"ListItem","position":3,"name":"Top Event","item":"https:\/\/tarczynskiarenawroclaw.pl\/en\/category-events\/top-event-en\/"},{"@type":"ListItem","position":4,"name":"Mecz Mistrz\u00f3w: Polska &#8211; W\u0142ochy"}]},{"@type":"WebSite","@id":"https:\/\/tarczynskiarenawroclaw.pl\/#website","url":"https:\/\/tarczynskiarenawroclaw.pl\/","name":"Tarczy\u0144ski Arena Wroc\u0142aw","description":"Stadion Miejski we Wroc\u0142awiu","publisher":{"@id":"https:\/\/tarczynskiarenawroclaw.pl\/#organization"},"potentialAction":[{"@type":"SearchAction","target":{"@type":"EntryPoint","urlTemplate":"https:\/\/tarczynskiarenawroclaw.pl\/?s={search_term_string}"},"query-input":{"@type":"PropertyValueSpecification","valueRequired":true,"valueName":"search_term_string"}}],"inLanguage":"en-US"},{"@type":"Organization","@id":"https:\/\/tarczynskiarenawroclaw.pl\/#organization","name":"Stadion Wroc\u0142aw","url":"https:\/\/tarczynskiarenawroclaw.pl\/","logo":{"@type":"ImageObject","inLanguage":"en-US","@id":"https:\/\/tarczynskiarenawroclaw.pl\/#\/schema\/logo\/image\/","url":"https:\/\/stadionwroclaw.pl\/wp-content\/uploads\/2021\/08\/favicon-stadion-wroclaw.png","contentUrl":"https:\/\/stadionwroclaw.pl\/wp-content\/uploads\/2021\/08\/favicon-stadion-wroclaw.png","width":512,"height":512,"caption":"Stadion Wroc\u0142aw"},"image":{"@id":"https:\/\/tarczynskiarenawroclaw.pl\/#\/schema\/logo\/image\/"}}]}},"featured_img":"https:\/\/tarczynskiarenawroclaw.pl\/wp-content\/uploads\/2026\/09\/1080x1080-330x330.jpg","coauthors":[],"author_meta":{"author_link":"https:\/\/tarczynskiarenawroclaw.pl\/en\/author\/marketing\/","display_name":"marketing"},"relative_dates":{"created":"Posted 17 hours ago","modified":"Updated 17 hours ago"},"absolute_dates":{"created":"Posted on 04.09.2026","modified":"Updated on 04.09.2026"},"absolute_dates_time":{"created":"Posted on 04.09.2026 14:25","modified":"Updated on 04.09.2026 14:25"},"featured_img_caption":"","tax_additional":{"post_tag":{"linked":[],"unlinked":[],"slug":"post_tag","name":"Tags"},"mec_category":{"linked":["<a href=\"https:\/\/tarczynskiarenawroclaw.pl\/en\/category-events\/top-event-en\/\" class=\"advgb-post-tax-term\">Top Event<\/a>"],"unlinked":["<span class=\"advgb-post-tax-term\">Top Event<\/span>"],"slug":"mec_category","name":"Categories"},"mec_label":{"linked":[],"unlinked":[],"slug":"mec_label","name":"Labels"},"mec_location":{"linked":[],"unlinked":[],"slug":"mec_location","name":"Locations"},"mec_organizer":{"linked":[],"unlinked":[],"slug":"mec_organizer","name":"Organizers"}},"series_order":"","_links":{"self":[{"href":"https:\/\/tarczynskiarenawroclaw.pl\/en\/wp-json\/wp\/v2\/mec-events\/17755","targetHints":{"allow":["GET"]}}],"collection":[{"href":"https:\/\/tarczynskiarenawroclaw.pl\/en\/wp-json\/wp\/v2\/mec-events"}],"about":[{"href":"https:\/\/tarczynskiarenawroclaw.pl\/en\/wp-json\/wp\/v2\/types\/mec-events"}],"author":[{"embeddable":true,"href":"https:\/\/tarczynskiarenawroclaw.pl\/en\/wp-json\/wp\/v2\/users\/5"}],"replies":[{"embeddable":true,"href":"https:\/\/tarczynskiarenawroclaw.pl\/en\/wp-json\/wp\/v2\/comments?post=17755"}],"wp:featuredmedia":[{"embeddable":true,"href":"https:\/\/tarczynskiarenawroclaw.pl\/en\/wp-json\/wp\/v2\/media\/17756"}],"wp:attachment":[{"href":"https:\/\/tarczynskiarenawroclaw.pl\/en\/wp-json\/wp\/v2\/media?parent=17755"}],"wp:term":[{"taxonomy":"post_tag","embeddable":true,"href":"https:\/\/tarczynskiarenawroclaw.pl\/en\/wp-json\/wp\/v2\/tags?post=17755"},{"taxonomy":"mec_category","embeddable":true,"href":"https:\/\/tarczynskiarenawroclaw.pl\/en\/wp-json\/wp\/v2\/mec_category?post=17755"}],"curies":[{"name":"wp","href":"https:\/\/api.w.org\/{rel}","templated":true}]}}