{"id":7986,"date":"2021-08-23T11:41:50","date_gmt":"2021-08-23T09:41:50","guid":{"rendered":"https:\/\/tarczynskiarenawroclaw.pl\/events\/taras-widokowy\/"},"modified":"2021-08-23T11:41:50","modified_gmt":"2021-08-23T09:41:50","slug":"taras-widokowy","status":"publish","type":"mec-events","link":"https:\/\/tarczynskiarenawroclaw.pl\/en\/events\/taras-widokowy\/","title":{"rendered":"Taras widokowy"},"content":{"rendered":"<p>TARAS WIDOKOWY<\/p>\n<p>Serdecznie zapraszamy!<\/p>\n<p>Taras widokowy czynny jest 7 dni w tygodniu w godzinach 9.00-17.00. Czas pobytu na tarasie jest nieograniczony, natomiast godziny otwarcia wyd\u0142u\u017caj\u0105 si\u0119 lub skracaj\u0105 w zale\u017cno\u015bci od pory roku.<\/p>\n<p>Korzystaj\u0105c z tej formy zwiedzania, maj\u0105 Pa\u0144stwo mo\u017cliwo\u015b\u0107 wej\u015bcia na trybun\u0119 D stadionu, zobaczenia jednej z lepszych muraw w Polsce, czy pokonania 166 schodk\u00f3w dziel\u0105cych najni\u017cszy i najwy\u017cszy punkt trybuny.<\/p>\n<p>Wej\u015bcie na taras NIE JEST MO\u017bLIWE w dni imprez masowych oraz w dni je poprzedzaj\u0105ce. Szczeg\u00f3\u0142ow\u0105 informacj\u0119 o terminach znajd\u0105 Pa\u0144stwo w zak\u0142adce KALENDARZ.<\/p>\n<p>Parkingi:<br \/>\nKr\u00f3lewiecka \u2013 bezp\u0142atny<br \/>\nParking brama A \u2013 bezp\u0142atny<br \/>\nPolecamy r\u00f3wnie\u017c ZWIEDZANIE Z PRZEWODNIKIEM.<\/p>\n<p>Kontakt:<br \/>\nTel. +48 71 776 80 58, +48 606 492 692<br \/>\nzwiedzanie@stadionwroclaw.pl<\/p>\n","protected":false},"excerpt":{"rendered":"<p>TARAS WIDOKOWY Serdecznie zapraszamy! Taras widokowy czynny jest 7 dni w tygodniu w&#8230;<\/p>\n","protected":false},"author":1,"featured_media":7987,"comment_status":"closed","ping_status":"closed","template":"","tags":[],"mec_category":[38],"class_list":["post-7986","mec-events","type-mec-events","status-publish","has-post-thumbnail","hentry","mec_category-sightseeing"],"yoast_head":"<!-- This site is optimized with the Yoast SEO plugin v27.4 - https:\/\/yoast.com\/product\/yoast-seo-wordpress\/ -->\n<title>Taras widokowy &#8211; Tarczy\u0144ski Arena Wroc\u0142aw<\/title>\n<meta name=\"description\" content=\"TARAS WIDOKOWY Serdecznie zapraszamy! Taras widokowy czynny jest 7 dni w tygodniu w godzinach 9.00-17.00. Czas pobytu na tarasie jest nieograniczony,\" \/>\n<meta name=\"robots\" content=\"index, follow, max-snippet:-1, max-image-preview:large, max-video-preview:-1\" \/>\n<link rel=\"canonical\" href=\"https:\/\/tarczynskiarenawroclaw.pl\/en\/events\/taras-widokowy\/\" \/>\n<meta property=\"og:locale\" content=\"en_US\" \/>\n<meta property=\"og:type\" content=\"article\" \/>\n<meta property=\"og:title\" content=\"Taras widokowy &#8211; Tarczy\u0144ski Arena Wroc\u0142aw\" \/>\n<meta property=\"og:description\" content=\"TARAS WIDOKOWY Serdecznie zapraszamy! Taras widokowy czynny jest 7 dni w tygodniu w godzinach 9.00-17.00. Czas pobytu na tarasie jest nieograniczony,\" \/>\n<meta property=\"og:url\" content=\"https:\/\/tarczynskiarenawroclaw.pl\/en\/events\/taras-widokowy\/\" \/>\n<meta property=\"og:site_name\" content=\"Tarczy\u0144ski Arena Wroc\u0142aw\" \/>\n<meta property=\"og:image\" content=\"https:\/\/tarczynskiarenawroclaw.pl\/wp-content\/uploads\/2021\/08\/20150303-_MPF1394_www.jpg\" \/>\n\t<meta property=\"og:image:width\" content=\"1024\" \/>\n\t<meta property=\"og:image:height\" content=\"683\" \/>\n\t<meta property=\"og:image:type\" content=\"image\/jpeg\" \/>\n<meta name=\"twitter:card\" content=\"summary_large_image\" \/>\n<meta name=\"twitter:label1\" content=\"Est. reading time\" \/>\n\t<meta name=\"twitter:data1\" content=\"1 minute\" \/>\n<script type=\"application\/ld+json\" class=\"yoast-schema-graph\">{\"@context\":\"https:\\\/\\\/schema.org\",\"@graph\":[{\"@type\":\"WebPage\",\"@id\":\"https:\\\/\\\/tarczynskiarenawroclaw.pl\\\/en\\\/events\\\/taras-widokowy\\\/\",\"url\":\"https:\\\/\\\/tarczynskiarenawroclaw.pl\\\/en\\\/events\\\/taras-widokowy\\\/\",\"name\":\"Taras widokowy &#8211; Tarczy\u0144ski Arena Wroc\u0142aw\",\"isPartOf\":{\"@id\":\"https:\\\/\\\/tarczynskiarenawroclaw.pl\\\/#website\"},\"primaryImageOfPage\":{\"@id\":\"https:\\\/\\\/tarczynskiarenawroclaw.pl\\\/en\\\/events\\\/taras-widokowy\\\/#primaryimage\"},\"image\":{\"@id\":\"https:\\\/\\\/tarczynskiarenawroclaw.pl\\\/en\\\/events\\\/taras-widokowy\\\/#primaryimage\"},\"thumbnailUrl\":\"https:\\\/\\\/tarczynskiarenawroclaw.pl\\\/wp-content\\\/uploads\\\/2021\\\/08\\\/20150303-_MPF1394_www.jpg\",\"datePublished\":\"2021-08-23T09:41:50+00:00\",\"description\":\"TARAS WIDOKOWY Serdecznie zapraszamy! Taras widokowy czynny jest 7 dni w tygodniu w godzinach 9.00-17.00. Czas pobytu na tarasie jest nieograniczony,\",\"breadcrumb\":{\"@id\":\"https:\\\/\\\/tarczynskiarenawroclaw.pl\\\/en\\\/events\\\/taras-widokowy\\\/#breadcrumb\"},\"inLanguage\":\"en-US\",\"potentialAction\":[{\"@type\":\"ReadAction\",\"target\":[\"https:\\\/\\\/tarczynskiarenawroclaw.pl\\\/en\\\/events\\\/taras-widokowy\\\/\"]}]},{\"@type\":\"ImageObject\",\"inLanguage\":\"en-US\",\"@id\":\"https:\\\/\\\/tarczynskiarenawroclaw.pl\\\/en\\\/events\\\/taras-widokowy\\\/#primaryimage\",\"url\":\"https:\\\/\\\/tarczynskiarenawroclaw.pl\\\/wp-content\\\/uploads\\\/2021\\\/08\\\/20150303-_MPF1394_www.jpg\",\"contentUrl\":\"https:\\\/\\\/tarczynskiarenawroclaw.pl\\\/wp-content\\\/uploads\\\/2021\\\/08\\\/20150303-_MPF1394_www.jpg\",\"width\":1024,\"height\":683},{\"@type\":\"BreadcrumbList\",\"@id\":\"https:\\\/\\\/tarczynskiarenawroclaw.pl\\\/en\\\/events\\\/taras-widokowy\\\/#breadcrumb\",\"itemListElement\":[{\"@type\":\"ListItem\",\"position\":1,\"name\":\"Strona g\u0142\u00f3wna\",\"item\":\"https:\\\/\\\/tarczynskiarenawroclaw.pl\\\/en\\\/\"},{\"@type\":\"ListItem\",\"position\":2,\"name\":\"Events\",\"item\":\"https:\\\/\\\/tarczynskiarenawroclaw.pl\\\/events\\\/\"},{\"@type\":\"ListItem\",\"position\":3,\"name\":\"Sightseeing and observation deck\",\"item\":\"https:\\\/\\\/tarczynskiarenawroclaw.pl\\\/en\\\/category-events\\\/sightseeing\\\/\"},{\"@type\":\"ListItem\",\"position\":4,\"name\":\"Taras widokowy\"}]},{\"@type\":\"WebSite\",\"@id\":\"https:\\\/\\\/tarczynskiarenawroclaw.pl\\\/#website\",\"url\":\"https:\\\/\\\/tarczynskiarenawroclaw.pl\\\/\",\"name\":\"Tarczy\u0144ski Arena Wroc\u0142aw\",\"description\":\"Stadion Miejski we Wroc\u0142awiu\",\"publisher\":{\"@id\":\"https:\\\/\\\/tarczynskiarenawroclaw.pl\\\/#organization\"},\"potentialAction\":[{\"@type\":\"SearchAction\",\"target\":{\"@type\":\"EntryPoint\",\"urlTemplate\":\"https:\\\/\\\/tarczynskiarenawroclaw.pl\\\/?s={search_term_string}\"},\"query-input\":{\"@type\":\"PropertyValueSpecification\",\"valueRequired\":true,\"valueName\":\"search_term_string\"}}],\"inLanguage\":\"en-US\"},{\"@type\":\"Organization\",\"@id\":\"https:\\\/\\\/tarczynskiarenawroclaw.pl\\\/#organization\",\"name\":\"Stadion Wroc\u0142aw\",\"url\":\"https:\\\/\\\/tarczynskiarenawroclaw.pl\\\/\",\"logo\":{\"@type\":\"ImageObject\",\"inLanguage\":\"en-US\",\"@id\":\"https:\\\/\\\/tarczynskiarenawroclaw.pl\\\/#\\\/schema\\\/logo\\\/image\\\/\",\"url\":\"https:\\\/\\\/stadionwroclaw.pl\\\/wp-content\\\/uploads\\\/2021\\\/08\\\/favicon-stadion-wroclaw.png\",\"contentUrl\":\"https:\\\/\\\/stadionwroclaw.pl\\\/wp-content\\\/uploads\\\/2021\\\/08\\\/favicon-stadion-wroclaw.png\",\"width\":512,\"height\":512,\"caption\":\"Stadion Wroc\u0142aw\"},\"image\":{\"@id\":\"https:\\\/\\\/tarczynskiarenawroclaw.pl\\\/#\\\/schema\\\/logo\\\/image\\\/\"}}]}<\/script>\n<!-- \/ Yoast SEO plugin. -->","yoast_head_json":{"title":"Taras widokowy &#8211; Tarczy\u0144ski Arena Wroc\u0142aw","description":"TARAS WIDOKOWY Serdecznie zapraszamy! Taras widokowy czynny jest 7 dni w tygodniu w godzinach 9.00-17.00. Czas pobytu na tarasie jest nieograniczony,","robots":{"index":"index","follow":"follow","max-snippet":"max-snippet:-1","max-image-preview":"max-image-preview:large","max-video-preview":"max-video-preview:-1"},"canonical":"https:\/\/tarczynskiarenawroclaw.pl\/en\/events\/taras-widokowy\/","og_locale":"en_US","og_type":"article","og_title":"Taras widokowy &#8211; Tarczy\u0144ski Arena Wroc\u0142aw","og_description":"TARAS WIDOKOWY Serdecznie zapraszamy! Taras widokowy czynny jest 7 dni w tygodniu w godzinach 9.00-17.00. Czas pobytu na tarasie jest nieograniczony,","og_url":"https:\/\/tarczynskiarenawroclaw.pl\/en\/events\/taras-widokowy\/","og_site_name":"Tarczy\u0144ski Arena Wroc\u0142aw","og_image":[{"width":1024,"height":683,"url":"https:\/\/tarczynskiarenawroclaw.pl\/wp-content\/uploads\/2021\/08\/20150303-_MPF1394_www.jpg","type":"image\/jpeg"}],"twitter_card":"summary_large_image","twitter_misc":{"Est. reading time":"1 minute"},"schema":{"@context":"https:\/\/schema.org","@graph":[{"@type":"WebPage","@id":"https:\/\/tarczynskiarenawroclaw.pl\/en\/events\/taras-widokowy\/","url":"https:\/\/tarczynskiarenawroclaw.pl\/en\/events\/taras-widokowy\/","name":"Taras widokowy &#8211; Tarczy\u0144ski Arena Wroc\u0142aw","isPartOf":{"@id":"https:\/\/tarczynskiarenawroclaw.pl\/#website"},"primaryImageOfPage":{"@id":"https:\/\/tarczynskiarenawroclaw.pl\/en\/events\/taras-widokowy\/#primaryimage"},"image":{"@id":"https:\/\/tarczynskiarenawroclaw.pl\/en\/events\/taras-widokowy\/#primaryimage"},"thumbnailUrl":"https:\/\/tarczynskiarenawroclaw.pl\/wp-content\/uploads\/2021\/08\/20150303-_MPF1394_www.jpg","datePublished":"2021-08-23T09:41:50+00:00","description":"TARAS WIDOKOWY Serdecznie zapraszamy! Taras widokowy czynny jest 7 dni w tygodniu w godzinach 9.00-17.00. Czas pobytu na tarasie jest nieograniczony,","breadcrumb":{"@id":"https:\/\/tarczynskiarenawroclaw.pl\/en\/events\/taras-widokowy\/#breadcrumb"},"inLanguage":"en-US","potentialAction":[{"@type":"ReadAction","target":["https:\/\/tarczynskiarenawroclaw.pl\/en\/events\/taras-widokowy\/"]}]},{"@type":"ImageObject","inLanguage":"en-US","@id":"https:\/\/tarczynskiarenawroclaw.pl\/en\/events\/taras-widokowy\/#primaryimage","url":"https:\/\/tarczynskiarenawroclaw.pl\/wp-content\/uploads\/2021\/08\/20150303-_MPF1394_www.jpg","contentUrl":"https:\/\/tarczynskiarenawroclaw.pl\/wp-content\/uploads\/2021\/08\/20150303-_MPF1394_www.jpg","width":1024,"height":683},{"@type":"BreadcrumbList","@id":"https:\/\/tarczynskiarenawroclaw.pl\/en\/events\/taras-widokowy\/#breadcrumb","itemListElement":[{"@type":"ListItem","position":1,"name":"Strona g\u0142\u00f3wna","item":"https:\/\/tarczynskiarenawroclaw.pl\/en\/"},{"@type":"ListItem","position":2,"name":"Events","item":"https:\/\/tarczynskiarenawroclaw.pl\/events\/"},{"@type":"ListItem","position":3,"name":"Sightseeing and observation deck","item":"https:\/\/tarczynskiarenawroclaw.pl\/en\/category-events\/sightseeing\/"},{"@type":"ListItem","position":4,"name":"Taras widokowy"}]},{"@type":"WebSite","@id":"https:\/\/tarczynskiarenawroclaw.pl\/#website","url":"https:\/\/tarczynskiarenawroclaw.pl\/","name":"Tarczy\u0144ski Arena Wroc\u0142aw","description":"Stadion Miejski we Wroc\u0142awiu","publisher":{"@id":"https:\/\/tarczynskiarenawroclaw.pl\/#organization"},"potentialAction":[{"@type":"SearchAction","target":{"@type":"EntryPoint","urlTemplate":"https:\/\/tarczynskiarenawroclaw.pl\/?s={search_term_string}"},"query-input":{"@type":"PropertyValueSpecification","valueRequired":true,"valueName":"search_term_string"}}],"inLanguage":"en-US"},{"@type":"Organization","@id":"https:\/\/tarczynskiarenawroclaw.pl\/#organization","name":"Stadion Wroc\u0142aw","url":"https:\/\/tarczynskiarenawroclaw.pl\/","logo":{"@type":"ImageObject","inLanguage":"en-US","@id":"https:\/\/tarczynskiarenawroclaw.pl\/#\/schema\/logo\/image\/","url":"https:\/\/stadionwroclaw.pl\/wp-content\/uploads\/2021\/08\/favicon-stadion-wroclaw.png","contentUrl":"https:\/\/stadionwroclaw.pl\/wp-content\/uploads\/2021\/08\/favicon-stadion-wroclaw.png","width":512,"height":512,"caption":"Stadion Wroc\u0142aw"},"image":{"@id":"https:\/\/tarczynskiarenawroclaw.pl\/#\/schema\/logo\/image\/"}}]}},"featured_img":"https:\/\/tarczynskiarenawroclaw.pl\/wp-content\/uploads\/2021\/08\/20150303-_MPF1394_www-330x330.jpg","coauthors":[],"author_meta":{"author_link":"https:\/\/tarczynskiarenawroclaw.pl\/en\/author\/sw-admin\/","display_name":"WLM"},"relative_dates":{"created":"Posted 5 years ago","modified":"Updated 5 years ago"},"absolute_dates":{"created":"Posted on 23.08.2021","modified":"Updated on 23.08.2021"},"absolute_dates_time":{"created":"Posted on 23.08.2021 11:41","modified":"Updated on 23.08.2021 11:41"},"featured_img_caption":"","tax_additional":{"post_tag":{"linked":[],"unlinked":[],"slug":"post_tag","name":"Tags"},"mec_category":{"linked":["<a href=\"https:\/\/tarczynskiarenawroclaw.pl\/en\/category-events\/sightseeing\/\" class=\"advgb-post-tax-term\">Sightseeing and observation deck<\/a>"],"unlinked":["<span class=\"advgb-post-tax-term\">Sightseeing and observation deck<\/span>"],"slug":"mec_category","name":"Categories"},"mec_label":{"linked":[],"unlinked":[],"slug":"mec_label","name":"Labels"},"mec_location":{"linked":[],"unlinked":[],"slug":"mec_location","name":"Locations"},"mec_organizer":{"linked":[],"unlinked":[],"slug":"mec_organizer","name":"Organizers"}},"series_order":"","_links":{"self":[{"href":"https:\/\/tarczynskiarenawroclaw.pl\/en\/wp-json\/wp\/v2\/mec-events\/7986","targetHints":{"allow":["GET"]}}],"collection":[{"href":"https:\/\/tarczynskiarenawroclaw.pl\/en\/wp-json\/wp\/v2\/mec-events"}],"about":[{"href":"https:\/\/tarczynskiarenawroclaw.pl\/en\/wp-json\/wp\/v2\/types\/mec-events"}],"author":[{"embeddable":true,"href":"https:\/\/tarczynskiarenawroclaw.pl\/en\/wp-json\/wp\/v2\/users\/1"}],"replies":[{"embeddable":true,"href":"https:\/\/tarczynskiarenawroclaw.pl\/en\/wp-json\/wp\/v2\/comments?post=7986"}],"wp:featuredmedia":[{"embeddable":true,"href":"https:\/\/tarczynskiarenawroclaw.pl\/en\/wp-json\/wp\/v2\/media\/7987"}],"wp:attachment":[{"href":"https:\/\/tarczynskiarenawroclaw.pl\/en\/wp-json\/wp\/v2\/media?parent=7986"}],"wp:term":[{"taxonomy":"post_tag","embeddable":true,"href":"https:\/\/tarczynskiarenawroclaw.pl\/en\/wp-json\/wp\/v2\/tags?post=7986"},{"taxonomy":"mec_category","embeddable":true,"href":"https:\/\/tarczynskiarenawroclaw.pl\/en\/wp-json\/wp\/v2\/mec_category?post=7986"}],"curies":[{"name":"wp","href":"https:\/\/api.w.org\/{rel}","templated":true}]}}