{"id":8668,"date":"2021-08-23T11:45:28","date_gmt":"2021-08-23T09:45:28","guid":{"rendered":"https:\/\/tarczynskiarenawroclaw.pl\/events\/ferie-z-pasja\/"},"modified":"2021-08-23T11:45:28","modified_gmt":"2021-08-23T09:45:28","slug":"ferie-z-pasja","status":"publish","type":"mec-events","link":"https:\/\/tarczynskiarenawroclaw.pl\/en\/events\/ferie-z-pasja\/","title":{"rendered":"Ferie z pasj\u0105"},"content":{"rendered":"<div class=\"col-sm-10 col-sm-offset-1 col-xs-12 news-single__content\">\n<p class=\"news-single__featured\">W drugim tygodniu ferii zapraszamy najm\u0142odszych na zaj\u0119cia i do wsp\u00f3lnych aktywno\u015bci online. W dniach 11 &#8211; 15 stycznia przygotowali\u015bmy szereg tematycznych blok\u00f3w zaj\u0119\u0107 online. Judo, pi\u0142ka no\u017cna, Crossfit dla najm\u0142odszych, wsp\u00f3lne gotowanie, strefa bezpiecze\u0144stwa i pierwszej pomocy, program &#8220;zero waste&#8221; i wiele wiele innych atrakcji.<\/p>\n<div class=\"clearfix\"><\/div>\n<p>Nasze bloki tematyczne b\u0119d\u0105 emitowane \u201ena \u017cywo\u201d na kana\u0142ach Youtube i Facebook.<\/p>\n<p>Zaj\u0119cia i programy online w godzinach 12.00 \u2013 13.30:<\/p>\n<ul>\n<li>pokaz i kr\u00f3tki trening pi\u0142karski ze specjalnym go\u015bciem,<\/li>\n<li>poznaj Stadion Wroc\u0142aw, czyli wirtualny spacer po obiekcie i ciekawostki z nim zwi\u0105zane,<\/li>\n<li>trening Judo,<\/li>\n<li>go\u015b\u0107 \u2013 Kamil Chanas \u2013 koszyk\u00f3wka moj\u0105 pasj\u0105,<\/li>\n<li>nauka o zasadzie \u201ezero waste\u201d \u2013 rozmowy z Foodsharing Wroc\u0142aw i warsztaty z Fundaj\u0105 Ekopotencja\u0142,<\/li>\n<li>ma\u0142y k\u0105cik kulinarny,<\/li>\n<li>zaj\u0119cia z bezpiecze\u0144stwa i pierwszej pomocy,<\/li>\n<li>Co mo\u017cna hodowa\u0107 w domu? Dzieci opowiedz\u0105 o nietypowym hobby \u2013 gekony,<\/li>\n<li>zaj\u0119cia z ta\u0144ca<\/li>\n<li>trening og\u00f3lnorozwojowy \u2013 strefa ruchu dla najm\u0142odszych,<\/li>\n<li>rozci\u0105ganie na ekranie, joga nie jest tylko dla doros\u0142ych,<\/li>\n<li>Do you speak English? zaj\u0119cia i zabawa w j\u0119zyku angielskim,<\/li>\n<\/ul>\n<p>B\u0119d\u0105c w domu te\u017c mo\u017cna by\u0107 aktywnym, wiele si\u0119 nauczy\u0107, a mo\u017ce nawet zyska\u0107 now\u0105 pasj\u0119. Zapraszamy do wsp\u00f3lnych zaj\u0119\u0107 na \u017cywo i bezp\u0142atnie.<\/p>\n<p>B\u0105d\u017acie z nami w drugim tygodniu ferii.<\/p>\n<p>#TwojStadion<\/p>\n<p>Partner techniczny: Work Group<\/p>\n<p>Partnerzy i zaproszeni go\u015bcie: Zak\u0142ad Formy, Judo Tigers, Fundacja Ekopotencja\u0142, Foodsharing Wroc\u0142aw, WKS \u015al\u0105sk Wroc\u0142aw, Szko\u0142a Ta\u0144ca Flash Dance, Ochotnicza Stra\u017c Po\u017carna G\u0142oska, Kamil Chanas, Ola\u2019s flow.<\/p>\n<\/div>\n","protected":false},"excerpt":{"rendered":"<p>W drugim tygodniu ferii zapraszamy najm\u0142odszych na zaj\u0119cia i do wsp\u00f3lnych aktywno\u015bci online&#8230;.<\/p>\n","protected":false},"author":1,"featured_media":8540,"comment_status":"closed","ping_status":"closed","template":"","tags":[],"mec_category":[],"class_list":["post-8668","mec-events","type-mec-events","status-publish","has-post-thumbnail","hentry"],"yoast_head":"<!-- This site is optimized with the Yoast SEO plugin v27.4 - https:\/\/yoast.com\/product\/yoast-seo-wordpress\/ -->\n<title>Ferie z pasj\u0105 &#8211; Tarczy\u0144ski Arena Wroc\u0142aw<\/title>\n<meta name=\"description\" content=\"W drugim tygodniu ferii zapraszamy najm\u0142odszych na zaj\u0119cia i do wsp\u00f3lnych aktywno\u015bci online. W dniach 11 &#8211; 15 stycznia przygotowali\u015bmy szereg\" \/>\n<meta name=\"robots\" content=\"index, follow, max-snippet:-1, max-image-preview:large, max-video-preview:-1\" \/>\n<link rel=\"canonical\" href=\"https:\/\/tarczynskiarenawroclaw.pl\/en\/events\/ferie-z-pasja\/\" \/>\n<meta property=\"og:locale\" content=\"en_US\" \/>\n<meta property=\"og:type\" content=\"article\" \/>\n<meta property=\"og:title\" content=\"Ferie z pasj\u0105 &#8211; Tarczy\u0144ski Arena Wroc\u0142aw\" \/>\n<meta property=\"og:description\" content=\"W drugim tygodniu ferii zapraszamy najm\u0142odszych na zaj\u0119cia i do wsp\u00f3lnych aktywno\u015bci online. W dniach 11 &#8211; 15 stycznia przygotowali\u015bmy szereg\" \/>\n<meta property=\"og:url\" content=\"https:\/\/tarczynskiarenawroclaw.pl\/en\/events\/ferie-z-pasja\/\" \/>\n<meta property=\"og:site_name\" content=\"Tarczy\u0144ski Arena Wroc\u0142aw\" \/>\n<meta property=\"og:image\" content=\"https:\/\/tarczynskiarenawroclaw.pl\/wp-content\/uploads\/2021\/08\/stadion_lodowisko_plakat_ferie_zestaw_sm_fb_event.png\" \/>\n\t<meta property=\"og:image:width\" content=\"2048\" \/>\n\t<meta property=\"og:image:height\" content=\"1072\" \/>\n\t<meta property=\"og:image:type\" content=\"image\/png\" \/>\n<meta name=\"twitter:card\" content=\"summary_large_image\" \/>\n<meta name=\"twitter:label1\" content=\"Est. reading time\" \/>\n\t<meta name=\"twitter:data1\" content=\"1 minute\" \/>\n<script type=\"application\/ld+json\" class=\"yoast-schema-graph\">{\"@context\":\"https:\\\/\\\/schema.org\",\"@graph\":[{\"@type\":\"WebPage\",\"@id\":\"https:\\\/\\\/tarczynskiarenawroclaw.pl\\\/en\\\/events\\\/ferie-z-pasja\\\/\",\"url\":\"https:\\\/\\\/tarczynskiarenawroclaw.pl\\\/en\\\/events\\\/ferie-z-pasja\\\/\",\"name\":\"Ferie z pasj\u0105 &#8211; Tarczy\u0144ski Arena Wroc\u0142aw\",\"isPartOf\":{\"@id\":\"https:\\\/\\\/tarczynskiarenawroclaw.pl\\\/#website\"},\"primaryImageOfPage\":{\"@id\":\"https:\\\/\\\/tarczynskiarenawroclaw.pl\\\/en\\\/events\\\/ferie-z-pasja\\\/#primaryimage\"},\"image\":{\"@id\":\"https:\\\/\\\/tarczynskiarenawroclaw.pl\\\/en\\\/events\\\/ferie-z-pasja\\\/#primaryimage\"},\"thumbnailUrl\":\"https:\\\/\\\/tarczynskiarenawroclaw.pl\\\/wp-content\\\/uploads\\\/2021\\\/08\\\/stadion_lodowisko_plakat_ferie_zestaw_sm_fb_event.png\",\"datePublished\":\"2021-08-23T09:45:28+00:00\",\"description\":\"W drugim tygodniu ferii zapraszamy najm\u0142odszych na zaj\u0119cia i do wsp\u00f3lnych aktywno\u015bci online. W dniach 11 &#8211; 15 stycznia przygotowali\u015bmy szereg\",\"breadcrumb\":{\"@id\":\"https:\\\/\\\/tarczynskiarenawroclaw.pl\\\/en\\\/events\\\/ferie-z-pasja\\\/#breadcrumb\"},\"inLanguage\":\"en-US\",\"potentialAction\":[{\"@type\":\"ReadAction\",\"target\":[\"https:\\\/\\\/tarczynskiarenawroclaw.pl\\\/en\\\/events\\\/ferie-z-pasja\\\/\"]}]},{\"@type\":\"ImageObject\",\"inLanguage\":\"en-US\",\"@id\":\"https:\\\/\\\/tarczynskiarenawroclaw.pl\\\/en\\\/events\\\/ferie-z-pasja\\\/#primaryimage\",\"url\":\"https:\\\/\\\/tarczynskiarenawroclaw.pl\\\/wp-content\\\/uploads\\\/2021\\\/08\\\/stadion_lodowisko_plakat_ferie_zestaw_sm_fb_event.png\",\"contentUrl\":\"https:\\\/\\\/tarczynskiarenawroclaw.pl\\\/wp-content\\\/uploads\\\/2021\\\/08\\\/stadion_lodowisko_plakat_ferie_zestaw_sm_fb_event.png\",\"width\":2048,\"height\":1072},{\"@type\":\"BreadcrumbList\",\"@id\":\"https:\\\/\\\/tarczynskiarenawroclaw.pl\\\/en\\\/events\\\/ferie-z-pasja\\\/#breadcrumb\",\"itemListElement\":[{\"@type\":\"ListItem\",\"position\":1,\"name\":\"Strona g\u0142\u00f3wna\",\"item\":\"https:\\\/\\\/tarczynskiarenawroclaw.pl\\\/en\\\/\"},{\"@type\":\"ListItem\",\"position\":2,\"name\":\"Events\",\"item\":\"https:\\\/\\\/tarczynskiarenawroclaw.pl\\\/events\\\/\"},{\"@type\":\"ListItem\",\"position\":3,\"name\":\"Ferie z pasj\u0105\"}]},{\"@type\":\"WebSite\",\"@id\":\"https:\\\/\\\/tarczynskiarenawroclaw.pl\\\/#website\",\"url\":\"https:\\\/\\\/tarczynskiarenawroclaw.pl\\\/\",\"name\":\"Tarczy\u0144ski Arena Wroc\u0142aw\",\"description\":\"Stadion Miejski we Wroc\u0142awiu\",\"publisher\":{\"@id\":\"https:\\\/\\\/tarczynskiarenawroclaw.pl\\\/#organization\"},\"potentialAction\":[{\"@type\":\"SearchAction\",\"target\":{\"@type\":\"EntryPoint\",\"urlTemplate\":\"https:\\\/\\\/tarczynskiarenawroclaw.pl\\\/?s={search_term_string}\"},\"query-input\":{\"@type\":\"PropertyValueSpecification\",\"valueRequired\":true,\"valueName\":\"search_term_string\"}}],\"inLanguage\":\"en-US\"},{\"@type\":\"Organization\",\"@id\":\"https:\\\/\\\/tarczynskiarenawroclaw.pl\\\/#organization\",\"name\":\"Stadion Wroc\u0142aw\",\"url\":\"https:\\\/\\\/tarczynskiarenawroclaw.pl\\\/\",\"logo\":{\"@type\":\"ImageObject\",\"inLanguage\":\"en-US\",\"@id\":\"https:\\\/\\\/tarczynskiarenawroclaw.pl\\\/#\\\/schema\\\/logo\\\/image\\\/\",\"url\":\"https:\\\/\\\/stadionwroclaw.pl\\\/wp-content\\\/uploads\\\/2021\\\/08\\\/favicon-stadion-wroclaw.png\",\"contentUrl\":\"https:\\\/\\\/stadionwroclaw.pl\\\/wp-content\\\/uploads\\\/2021\\\/08\\\/favicon-stadion-wroclaw.png\",\"width\":512,\"height\":512,\"caption\":\"Stadion Wroc\u0142aw\"},\"image\":{\"@id\":\"https:\\\/\\\/tarczynskiarenawroclaw.pl\\\/#\\\/schema\\\/logo\\\/image\\\/\"}}]}<\/script>\n<!-- \/ Yoast SEO plugin. -->","yoast_head_json":{"title":"Ferie z pasj\u0105 &#8211; Tarczy\u0144ski Arena Wroc\u0142aw","description":"W drugim tygodniu ferii zapraszamy najm\u0142odszych na zaj\u0119cia i do wsp\u00f3lnych aktywno\u015bci online. W dniach 11 &#8211; 15 stycznia przygotowali\u015bmy szereg","robots":{"index":"index","follow":"follow","max-snippet":"max-snippet:-1","max-image-preview":"max-image-preview:large","max-video-preview":"max-video-preview:-1"},"canonical":"https:\/\/tarczynskiarenawroclaw.pl\/en\/events\/ferie-z-pasja\/","og_locale":"en_US","og_type":"article","og_title":"Ferie z pasj\u0105 &#8211; Tarczy\u0144ski Arena Wroc\u0142aw","og_description":"W drugim tygodniu ferii zapraszamy najm\u0142odszych na zaj\u0119cia i do wsp\u00f3lnych aktywno\u015bci online. W dniach 11 &#8211; 15 stycznia przygotowali\u015bmy szereg","og_url":"https:\/\/tarczynskiarenawroclaw.pl\/en\/events\/ferie-z-pasja\/","og_site_name":"Tarczy\u0144ski Arena Wroc\u0142aw","og_image":[{"width":2048,"height":1072,"url":"https:\/\/tarczynskiarenawroclaw.pl\/wp-content\/uploads\/2021\/08\/stadion_lodowisko_plakat_ferie_zestaw_sm_fb_event.png","type":"image\/png"}],"twitter_card":"summary_large_image","twitter_misc":{"Est. reading time":"1 minute"},"schema":{"@context":"https:\/\/schema.org","@graph":[{"@type":"WebPage","@id":"https:\/\/tarczynskiarenawroclaw.pl\/en\/events\/ferie-z-pasja\/","url":"https:\/\/tarczynskiarenawroclaw.pl\/en\/events\/ferie-z-pasja\/","name":"Ferie z pasj\u0105 &#8211; Tarczy\u0144ski Arena Wroc\u0142aw","isPartOf":{"@id":"https:\/\/tarczynskiarenawroclaw.pl\/#website"},"primaryImageOfPage":{"@id":"https:\/\/tarczynskiarenawroclaw.pl\/en\/events\/ferie-z-pasja\/#primaryimage"},"image":{"@id":"https:\/\/tarczynskiarenawroclaw.pl\/en\/events\/ferie-z-pasja\/#primaryimage"},"thumbnailUrl":"https:\/\/tarczynskiarenawroclaw.pl\/wp-content\/uploads\/2021\/08\/stadion_lodowisko_plakat_ferie_zestaw_sm_fb_event.png","datePublished":"2021-08-23T09:45:28+00:00","description":"W drugim tygodniu ferii zapraszamy najm\u0142odszych na zaj\u0119cia i do wsp\u00f3lnych aktywno\u015bci online. W dniach 11 &#8211; 15 stycznia przygotowali\u015bmy szereg","breadcrumb":{"@id":"https:\/\/tarczynskiarenawroclaw.pl\/en\/events\/ferie-z-pasja\/#breadcrumb"},"inLanguage":"en-US","potentialAction":[{"@type":"ReadAction","target":["https:\/\/tarczynskiarenawroclaw.pl\/en\/events\/ferie-z-pasja\/"]}]},{"@type":"ImageObject","inLanguage":"en-US","@id":"https:\/\/tarczynskiarenawroclaw.pl\/en\/events\/ferie-z-pasja\/#primaryimage","url":"https:\/\/tarczynskiarenawroclaw.pl\/wp-content\/uploads\/2021\/08\/stadion_lodowisko_plakat_ferie_zestaw_sm_fb_event.png","contentUrl":"https:\/\/tarczynskiarenawroclaw.pl\/wp-content\/uploads\/2021\/08\/stadion_lodowisko_plakat_ferie_zestaw_sm_fb_event.png","width":2048,"height":1072},{"@type":"BreadcrumbList","@id":"https:\/\/tarczynskiarenawroclaw.pl\/en\/events\/ferie-z-pasja\/#breadcrumb","itemListElement":[{"@type":"ListItem","position":1,"name":"Strona g\u0142\u00f3wna","item":"https:\/\/tarczynskiarenawroclaw.pl\/en\/"},{"@type":"ListItem","position":2,"name":"Events","item":"https:\/\/tarczynskiarenawroclaw.pl\/events\/"},{"@type":"ListItem","position":3,"name":"Ferie z pasj\u0105"}]},{"@type":"WebSite","@id":"https:\/\/tarczynskiarenawroclaw.pl\/#website","url":"https:\/\/tarczynskiarenawroclaw.pl\/","name":"Tarczy\u0144ski Arena Wroc\u0142aw","description":"Stadion Miejski we Wroc\u0142awiu","publisher":{"@id":"https:\/\/tarczynskiarenawroclaw.pl\/#organization"},"potentialAction":[{"@type":"SearchAction","target":{"@type":"EntryPoint","urlTemplate":"https:\/\/tarczynskiarenawroclaw.pl\/?s={search_term_string}"},"query-input":{"@type":"PropertyValueSpecification","valueRequired":true,"valueName":"search_term_string"}}],"inLanguage":"en-US"},{"@type":"Organization","@id":"https:\/\/tarczynskiarenawroclaw.pl\/#organization","name":"Stadion Wroc\u0142aw","url":"https:\/\/tarczynskiarenawroclaw.pl\/","logo":{"@type":"ImageObject","inLanguage":"en-US","@id":"https:\/\/tarczynskiarenawroclaw.pl\/#\/schema\/logo\/image\/","url":"https:\/\/stadionwroclaw.pl\/wp-content\/uploads\/2021\/08\/favicon-stadion-wroclaw.png","contentUrl":"https:\/\/stadionwroclaw.pl\/wp-content\/uploads\/2021\/08\/favicon-stadion-wroclaw.png","width":512,"height":512,"caption":"Stadion Wroc\u0142aw"},"image":{"@id":"https:\/\/tarczynskiarenawroclaw.pl\/#\/schema\/logo\/image\/"}}]}},"featured_img":"https:\/\/tarczynskiarenawroclaw.pl\/wp-content\/uploads\/2021\/08\/stadion_lodowisko_plakat_ferie_zestaw_sm_fb_event-330x330.png","coauthors":[],"author_meta":{"author_link":"https:\/\/tarczynskiarenawroclaw.pl\/en\/author\/sw-admin\/","display_name":"WLM"},"relative_dates":{"created":"Posted 5 years ago","modified":"Updated 5 years ago"},"absolute_dates":{"created":"Posted on 23.08.2021","modified":"Updated on 23.08.2021"},"absolute_dates_time":{"created":"Posted on 23.08.2021 11:45","modified":"Updated on 23.08.2021 11:45"},"featured_img_caption":"","tax_additional":{"post_tag":{"linked":[],"unlinked":[],"slug":"post_tag","name":"Tags"},"mec_category":{"linked":[],"unlinked":[],"slug":"mec_category","name":"Categories"},"mec_label":{"linked":[],"unlinked":[],"slug":"mec_label","name":"Labels"},"mec_location":{"linked":[],"unlinked":[],"slug":"mec_location","name":"Locations"},"mec_organizer":{"linked":[],"unlinked":[],"slug":"mec_organizer","name":"Organizers"}},"series_order":"","_links":{"self":[{"href":"https:\/\/tarczynskiarenawroclaw.pl\/en\/wp-json\/wp\/v2\/mec-events\/8668","targetHints":{"allow":["GET"]}}],"collection":[{"href":"https:\/\/tarczynskiarenawroclaw.pl\/en\/wp-json\/wp\/v2\/mec-events"}],"about":[{"href":"https:\/\/tarczynskiarenawroclaw.pl\/en\/wp-json\/wp\/v2\/types\/mec-events"}],"author":[{"embeddable":true,"href":"https:\/\/tarczynskiarenawroclaw.pl\/en\/wp-json\/wp\/v2\/users\/1"}],"replies":[{"embeddable":true,"href":"https:\/\/tarczynskiarenawroclaw.pl\/en\/wp-json\/wp\/v2\/comments?post=8668"}],"wp:featuredmedia":[{"embeddable":true,"href":"https:\/\/tarczynskiarenawroclaw.pl\/en\/wp-json\/wp\/v2\/media\/8540"}],"wp:attachment":[{"href":"https:\/\/tarczynskiarenawroclaw.pl\/en\/wp-json\/wp\/v2\/media?parent=8668"}],"wp:term":[{"taxonomy":"post_tag","embeddable":true,"href":"https:\/\/tarczynskiarenawroclaw.pl\/en\/wp-json\/wp\/v2\/tags?post=8668"},{"taxonomy":"mec_category","embeddable":true,"href":"https:\/\/tarczynskiarenawroclaw.pl\/en\/wp-json\/wp\/v2\/mec_category?post=8668"}],"curies":[{"name":"wp","href":"https:\/\/api.w.org\/{rel}","templated":true}]}}