{"id":8758,"date":"2021-08-23T11:43:47","date_gmt":"2021-08-23T09:43:47","guid":{"rendered":"https:\/\/tarczynskiarenawroclaw.pl\/events\/przedpremiera-depeche-mode-w-kinie-samochodowym\/"},"modified":"2021-08-23T11:43:47","modified_gmt":"2021-08-23T09:43:47","slug":"przedpremiera-depeche-mode-w-kinie-samochodowym","status":"publish","type":"mec-events","link":"https:\/\/tarczynskiarenawroclaw.pl\/en\/events\/przedpremiera-depeche-mode-w-kinie-samochodowym\/","title":{"rendered":"Przedpremiera Depeche Mode w kinie samochodowym"},"content":{"rendered":"<p>Niepowtarzalna okazja dla fan\u00f3w muzyki i grupy Depeche Mode. 26 czerwca na wielkim ekranie Stadionu Wroc\u0142aw wy\u015bwietlone zostan\u0105 zapisy dw\u00f3ch berli\u0144skich koncert\u00f3w z trasy Global Spirit.<\/p>\n<p>&nbsp;<\/p>\n<p>Po wielkim sukcesie kinowym jakim okaza\u0142 si\u0119 film dokumentalny \u201eDepeche Mode: SPiRiTS in the Forest\u201d, zesp\u00f3\u0142 zaprosi\u0142 fan\u00f3w do kolejnego spotkania, tym razem w domowym zaciszu i przygotowa\u0142 specjalne wydawnictwo. Zawiera ono cztery p\u0142yty &#8211; dwie z wideo i dwie ze \u015bcie\u017ck\u0105 d\u017awi\u0119kow\u0105. Dost\u0119pna b\u0119dzie tak\u017ce wersja z CD z samym soundtrackiem.<\/p>\n<p>&nbsp;<\/p>\n<p>Dyski wideo zawarte w pakiecie, to relacje z dw\u00f3ch koncert\u00f3w w amfiteatrze Waldb\u00fchne, kt\u00f3re jeszcze nigdy nie by\u0142y opublikowane w ca\u0142o\u015bci oraz film dokumentalny. \u201eDepeche Mode: SPiRiTS in the Forest\u201d ustanowi\u0142o \u201enowy, z\u0142oty standard\u201d w kategorii film\u00f3w koncertowych &#8211; tak o produkcji mo\u017cna by\u0142o przeczyta\u0107 w magazynie Forbes.<\/p>\n<p>&nbsp;<\/p>\n<p>W kinie samochodowym na Stadionie Wroc\u0142aw zapis koncert\u00f3w b\u0119dzie pokazywany przedpremierowo \u2013 po raz pierwszy w Polsce.<\/p>\n<p>&nbsp;<\/p>\n<p>W trakcie wydarzenia obraz wy\u015bwietlany b\u0119dzie z projektor\u00f3w w technologii 4K i \u2013 jak zapewnia firma odpowiedzialna za stron\u0119 technologiczn\u0105 przedsi\u0119wzi\u0119cia \u2013 na najwi\u0119kszym ekranie w Europie o powierzchni ponad 1500m\u00b2.<\/p>\n<p>&nbsp;<\/p>\n<p>Wjazd do kina mo\u017cliwy jest wy\u0142\u0105cznie dla samochod\u00f3w osobowych i\u00a0 odbywa si\u0119 bram\u0105 B Stadionu Wroc\u0142aw, od strony Al. \u015al\u0105skiej, gdzie sprawdzane b\u0119d\u0105 bilety. Widzowie nast\u0119pnie zostan\u0105 pokierowani przez obs\u0142ug\u0119 na wyznaczone miejsca. Bramy otwarte b\u0119d\u0105 na 1,5h przed seansem.<\/p>\n<p>&nbsp;<\/p>\n<p>Bilety na ten wyj\u0105tkowy pokaz mo\u017cna zdoby\u0107 za po\u015brednictwem strony abilet.pl. S\u0105 bezp\u0142atne, ale ich liczba jest ograniczona. Pocz\u0105tek projekcji o 22.30.<\/p>\n<p>&nbsp;<\/p>\n<p>Kino samochodowe zorganizowane jest zgodnie z obowi\u0105zuj\u0105cymi wymogami bezpiecze\u0144stwa i zasadami post\u0119powania w przestrzeni publicznej.<\/p>\n<p>&nbsp;<\/p>\n","protected":false},"excerpt":{"rendered":"<p>Niepowtarzalna okazja dla fan\u00f3w muzyki i grupy Depeche Mode. 26 czerwca na wielkim&#8230;<\/p>\n","protected":false},"author":1,"featured_media":8304,"comment_status":"closed","ping_status":"closed","template":"","tags":[],"mec_category":[],"class_list":["post-8758","mec-events","type-mec-events","status-publish","has-post-thumbnail","hentry"],"yoast_head":"<!-- This site is optimized with the Yoast SEO plugin v27.4 - https:\/\/yoast.com\/product\/yoast-seo-wordpress\/ -->\n<title>Przedpremiera Depeche Mode w kinie samochodowym &#8211; Tarczy\u0144ski Arena Wroc\u0142aw<\/title>\n<meta name=\"description\" content=\"Niepowtarzalna okazja dla fan\u00f3w muzyki i grupy Depeche Mode. 26 czerwca na wielkim ekranie Stadionu Wroc\u0142aw wy\u015bwietlone zostan\u0105 zapisy dw\u00f3ch berli\u0144skich\" \/>\n<meta name=\"robots\" content=\"index, follow, max-snippet:-1, max-image-preview:large, max-video-preview:-1\" \/>\n<link rel=\"canonical\" href=\"https:\/\/tarczynskiarenawroclaw.pl\/events\/przedpremiera-depeche-mode-w-kinie-samochodowym\/\" \/>\n<meta property=\"og:locale\" content=\"en_US\" \/>\n<meta property=\"og:type\" content=\"article\" \/>\n<meta property=\"og:title\" content=\"Przedpremiera Depeche Mode w kinie samochodowym &#8211; Tarczy\u0144ski Arena Wroc\u0142aw\" \/>\n<meta property=\"og:description\" content=\"Niepowtarzalna okazja dla fan\u00f3w muzyki i grupy Depeche Mode. 26 czerwca na wielkim ekranie Stadionu Wroc\u0142aw wy\u015bwietlone zostan\u0105 zapisy dw\u00f3ch berli\u0144skich\" \/>\n<meta property=\"og:url\" content=\"https:\/\/tarczynskiarenawroclaw.pl\/events\/przedpremiera-depeche-mode-w-kinie-samochodowym\/\" \/>\n<meta property=\"og:site_name\" content=\"Tarczy\u0144ski Arena Wroc\u0142aw\" \/>\n<meta property=\"og:image\" content=\"https:\/\/tarczynskiarenawroclaw.pl\/wp-content\/uploads\/2021\/08\/stadion_depeche_mode_851x315.png\" \/>\n\t<meta property=\"og:image:width\" content=\"851\" \/>\n\t<meta property=\"og:image:height\" content=\"315\" \/>\n\t<meta property=\"og:image:type\" content=\"image\/png\" \/>\n<meta name=\"twitter:card\" content=\"summary_large_image\" \/>\n<meta name=\"twitter:label1\" content=\"Est. reading time\" \/>\n\t<meta name=\"twitter:data1\" content=\"2 minutes\" \/>\n<script type=\"application\/ld+json\" class=\"yoast-schema-graph\">{\"@context\":\"https:\\\/\\\/schema.org\",\"@graph\":[{\"@type\":\"WebPage\",\"@id\":\"https:\\\/\\\/tarczynskiarenawroclaw.pl\\\/events\\\/przedpremiera-depeche-mode-w-kinie-samochodowym\\\/\",\"url\":\"https:\\\/\\\/tarczynskiarenawroclaw.pl\\\/events\\\/przedpremiera-depeche-mode-w-kinie-samochodowym\\\/\",\"name\":\"Przedpremiera Depeche Mode w kinie samochodowym &#8211; Tarczy\u0144ski Arena Wroc\u0142aw\",\"isPartOf\":{\"@id\":\"https:\\\/\\\/tarczynskiarenawroclaw.pl\\\/#website\"},\"primaryImageOfPage\":{\"@id\":\"https:\\\/\\\/tarczynskiarenawroclaw.pl\\\/events\\\/przedpremiera-depeche-mode-w-kinie-samochodowym\\\/#primaryimage\"},\"image\":{\"@id\":\"https:\\\/\\\/tarczynskiarenawroclaw.pl\\\/events\\\/przedpremiera-depeche-mode-w-kinie-samochodowym\\\/#primaryimage\"},\"thumbnailUrl\":\"https:\\\/\\\/tarczynskiarenawroclaw.pl\\\/wp-content\\\/uploads\\\/2021\\\/08\\\/stadion_depeche_mode_851x315.png\",\"datePublished\":\"2021-08-23T09:43:47+00:00\",\"description\":\"Niepowtarzalna okazja dla fan\u00f3w muzyki i grupy Depeche Mode. 26 czerwca na wielkim ekranie Stadionu Wroc\u0142aw wy\u015bwietlone zostan\u0105 zapisy dw\u00f3ch berli\u0144skich\",\"breadcrumb\":{\"@id\":\"https:\\\/\\\/tarczynskiarenawroclaw.pl\\\/events\\\/przedpremiera-depeche-mode-w-kinie-samochodowym\\\/#breadcrumb\"},\"inLanguage\":\"en-US\",\"potentialAction\":[{\"@type\":\"ReadAction\",\"target\":[\"https:\\\/\\\/tarczynskiarenawroclaw.pl\\\/events\\\/przedpremiera-depeche-mode-w-kinie-samochodowym\\\/\"]}]},{\"@type\":\"ImageObject\",\"inLanguage\":\"en-US\",\"@id\":\"https:\\\/\\\/tarczynskiarenawroclaw.pl\\\/events\\\/przedpremiera-depeche-mode-w-kinie-samochodowym\\\/#primaryimage\",\"url\":\"https:\\\/\\\/tarczynskiarenawroclaw.pl\\\/wp-content\\\/uploads\\\/2021\\\/08\\\/stadion_depeche_mode_851x315.png\",\"contentUrl\":\"https:\\\/\\\/tarczynskiarenawroclaw.pl\\\/wp-content\\\/uploads\\\/2021\\\/08\\\/stadion_depeche_mode_851x315.png\",\"width\":851,\"height\":315},{\"@type\":\"BreadcrumbList\",\"@id\":\"https:\\\/\\\/tarczynskiarenawroclaw.pl\\\/events\\\/przedpremiera-depeche-mode-w-kinie-samochodowym\\\/#breadcrumb\",\"itemListElement\":[{\"@type\":\"ListItem\",\"position\":1,\"name\":\"Strona g\u0142\u00f3wna\",\"item\":\"https:\\\/\\\/tarczynskiarenawroclaw.pl\\\/en\\\/\"},{\"@type\":\"ListItem\",\"position\":2,\"name\":\"Events\",\"item\":\"https:\\\/\\\/tarczynskiarenawroclaw.pl\\\/events\\\/\"},{\"@type\":\"ListItem\",\"position\":3,\"name\":\"Przedpremiera Depeche Mode w kinie samochodowym\"}]},{\"@type\":\"WebSite\",\"@id\":\"https:\\\/\\\/tarczynskiarenawroclaw.pl\\\/#website\",\"url\":\"https:\\\/\\\/tarczynskiarenawroclaw.pl\\\/\",\"name\":\"Tarczy\u0144ski Arena Wroc\u0142aw\",\"description\":\"Stadion Miejski we Wroc\u0142awiu\",\"publisher\":{\"@id\":\"https:\\\/\\\/tarczynskiarenawroclaw.pl\\\/#organization\"},\"potentialAction\":[{\"@type\":\"SearchAction\",\"target\":{\"@type\":\"EntryPoint\",\"urlTemplate\":\"https:\\\/\\\/tarczynskiarenawroclaw.pl\\\/?s={search_term_string}\"},\"query-input\":{\"@type\":\"PropertyValueSpecification\",\"valueRequired\":true,\"valueName\":\"search_term_string\"}}],\"inLanguage\":\"en-US\"},{\"@type\":\"Organization\",\"@id\":\"https:\\\/\\\/tarczynskiarenawroclaw.pl\\\/#organization\",\"name\":\"Stadion Wroc\u0142aw\",\"url\":\"https:\\\/\\\/tarczynskiarenawroclaw.pl\\\/\",\"logo\":{\"@type\":\"ImageObject\",\"inLanguage\":\"en-US\",\"@id\":\"https:\\\/\\\/tarczynskiarenawroclaw.pl\\\/#\\\/schema\\\/logo\\\/image\\\/\",\"url\":\"https:\\\/\\\/stadionwroclaw.pl\\\/wp-content\\\/uploads\\\/2021\\\/08\\\/favicon-stadion-wroclaw.png\",\"contentUrl\":\"https:\\\/\\\/stadionwroclaw.pl\\\/wp-content\\\/uploads\\\/2021\\\/08\\\/favicon-stadion-wroclaw.png\",\"width\":512,\"height\":512,\"caption\":\"Stadion Wroc\u0142aw\"},\"image\":{\"@id\":\"https:\\\/\\\/tarczynskiarenawroclaw.pl\\\/#\\\/schema\\\/logo\\\/image\\\/\"}}]}<\/script>\n<!-- \/ Yoast SEO plugin. -->","yoast_head_json":{"title":"Przedpremiera Depeche Mode w kinie samochodowym &#8211; Tarczy\u0144ski Arena Wroc\u0142aw","description":"Niepowtarzalna okazja dla fan\u00f3w muzyki i grupy Depeche Mode. 26 czerwca na wielkim ekranie Stadionu Wroc\u0142aw wy\u015bwietlone zostan\u0105 zapisy dw\u00f3ch berli\u0144skich","robots":{"index":"index","follow":"follow","max-snippet":"max-snippet:-1","max-image-preview":"max-image-preview:large","max-video-preview":"max-video-preview:-1"},"canonical":"https:\/\/tarczynskiarenawroclaw.pl\/events\/przedpremiera-depeche-mode-w-kinie-samochodowym\/","og_locale":"en_US","og_type":"article","og_title":"Przedpremiera Depeche Mode w kinie samochodowym &#8211; Tarczy\u0144ski Arena Wroc\u0142aw","og_description":"Niepowtarzalna okazja dla fan\u00f3w muzyki i grupy Depeche Mode. 26 czerwca na wielkim ekranie Stadionu Wroc\u0142aw wy\u015bwietlone zostan\u0105 zapisy dw\u00f3ch berli\u0144skich","og_url":"https:\/\/tarczynskiarenawroclaw.pl\/events\/przedpremiera-depeche-mode-w-kinie-samochodowym\/","og_site_name":"Tarczy\u0144ski Arena Wroc\u0142aw","og_image":[{"width":851,"height":315,"url":"https:\/\/tarczynskiarenawroclaw.pl\/wp-content\/uploads\/2021\/08\/stadion_depeche_mode_851x315.png","type":"image\/png"}],"twitter_card":"summary_large_image","twitter_misc":{"Est. reading time":"2 minutes"},"schema":{"@context":"https:\/\/schema.org","@graph":[{"@type":"WebPage","@id":"https:\/\/tarczynskiarenawroclaw.pl\/events\/przedpremiera-depeche-mode-w-kinie-samochodowym\/","url":"https:\/\/tarczynskiarenawroclaw.pl\/events\/przedpremiera-depeche-mode-w-kinie-samochodowym\/","name":"Przedpremiera Depeche Mode w kinie samochodowym &#8211; Tarczy\u0144ski Arena Wroc\u0142aw","isPartOf":{"@id":"https:\/\/tarczynskiarenawroclaw.pl\/#website"},"primaryImageOfPage":{"@id":"https:\/\/tarczynskiarenawroclaw.pl\/events\/przedpremiera-depeche-mode-w-kinie-samochodowym\/#primaryimage"},"image":{"@id":"https:\/\/tarczynskiarenawroclaw.pl\/events\/przedpremiera-depeche-mode-w-kinie-samochodowym\/#primaryimage"},"thumbnailUrl":"https:\/\/tarczynskiarenawroclaw.pl\/wp-content\/uploads\/2021\/08\/stadion_depeche_mode_851x315.png","datePublished":"2021-08-23T09:43:47+00:00","description":"Niepowtarzalna okazja dla fan\u00f3w muzyki i grupy Depeche Mode. 26 czerwca na wielkim ekranie Stadionu Wroc\u0142aw wy\u015bwietlone zostan\u0105 zapisy dw\u00f3ch berli\u0144skich","breadcrumb":{"@id":"https:\/\/tarczynskiarenawroclaw.pl\/events\/przedpremiera-depeche-mode-w-kinie-samochodowym\/#breadcrumb"},"inLanguage":"en-US","potentialAction":[{"@type":"ReadAction","target":["https:\/\/tarczynskiarenawroclaw.pl\/events\/przedpremiera-depeche-mode-w-kinie-samochodowym\/"]}]},{"@type":"ImageObject","inLanguage":"en-US","@id":"https:\/\/tarczynskiarenawroclaw.pl\/events\/przedpremiera-depeche-mode-w-kinie-samochodowym\/#primaryimage","url":"https:\/\/tarczynskiarenawroclaw.pl\/wp-content\/uploads\/2021\/08\/stadion_depeche_mode_851x315.png","contentUrl":"https:\/\/tarczynskiarenawroclaw.pl\/wp-content\/uploads\/2021\/08\/stadion_depeche_mode_851x315.png","width":851,"height":315},{"@type":"BreadcrumbList","@id":"https:\/\/tarczynskiarenawroclaw.pl\/events\/przedpremiera-depeche-mode-w-kinie-samochodowym\/#breadcrumb","itemListElement":[{"@type":"ListItem","position":1,"name":"Strona g\u0142\u00f3wna","item":"https:\/\/tarczynskiarenawroclaw.pl\/en\/"},{"@type":"ListItem","position":2,"name":"Events","item":"https:\/\/tarczynskiarenawroclaw.pl\/events\/"},{"@type":"ListItem","position":3,"name":"Przedpremiera Depeche Mode w kinie samochodowym"}]},{"@type":"WebSite","@id":"https:\/\/tarczynskiarenawroclaw.pl\/#website","url":"https:\/\/tarczynskiarenawroclaw.pl\/","name":"Tarczy\u0144ski Arena Wroc\u0142aw","description":"Stadion Miejski we Wroc\u0142awiu","publisher":{"@id":"https:\/\/tarczynskiarenawroclaw.pl\/#organization"},"potentialAction":[{"@type":"SearchAction","target":{"@type":"EntryPoint","urlTemplate":"https:\/\/tarczynskiarenawroclaw.pl\/?s={search_term_string}"},"query-input":{"@type":"PropertyValueSpecification","valueRequired":true,"valueName":"search_term_string"}}],"inLanguage":"en-US"},{"@type":"Organization","@id":"https:\/\/tarczynskiarenawroclaw.pl\/#organization","name":"Stadion Wroc\u0142aw","url":"https:\/\/tarczynskiarenawroclaw.pl\/","logo":{"@type":"ImageObject","inLanguage":"en-US","@id":"https:\/\/tarczynskiarenawroclaw.pl\/#\/schema\/logo\/image\/","url":"https:\/\/stadionwroclaw.pl\/wp-content\/uploads\/2021\/08\/favicon-stadion-wroclaw.png","contentUrl":"https:\/\/stadionwroclaw.pl\/wp-content\/uploads\/2021\/08\/favicon-stadion-wroclaw.png","width":512,"height":512,"caption":"Stadion Wroc\u0142aw"},"image":{"@id":"https:\/\/tarczynskiarenawroclaw.pl\/#\/schema\/logo\/image\/"}}]}},"featured_img":"https:\/\/tarczynskiarenawroclaw.pl\/wp-content\/uploads\/2021\/08\/stadion_depeche_mode_851x315-330x315.png","coauthors":[],"author_meta":{"author_link":"https:\/\/tarczynskiarenawroclaw.pl\/en\/author\/sw-admin\/","display_name":"WLM"},"relative_dates":{"created":"Posted 5 years ago","modified":"Updated 5 years ago"},"absolute_dates":{"created":"Posted on 23.08.2021","modified":"Updated on 23.08.2021"},"absolute_dates_time":{"created":"Posted on 23.08.2021 11:43","modified":"Updated on 23.08.2021 11:43"},"featured_img_caption":"","tax_additional":{"post_tag":{"linked":[],"unlinked":[],"slug":"post_tag","name":"Tags"},"mec_category":{"linked":[],"unlinked":[],"slug":"mec_category","name":"Categories"},"mec_label":{"linked":[],"unlinked":[],"slug":"mec_label","name":"Labels"},"mec_location":{"linked":[],"unlinked":[],"slug":"mec_location","name":"Locations"},"mec_organizer":{"linked":[],"unlinked":[],"slug":"mec_organizer","name":"Organizers"}},"series_order":"","_links":{"self":[{"href":"https:\/\/tarczynskiarenawroclaw.pl\/en\/wp-json\/wp\/v2\/mec-events\/8758","targetHints":{"allow":["GET"]}}],"collection":[{"href":"https:\/\/tarczynskiarenawroclaw.pl\/en\/wp-json\/wp\/v2\/mec-events"}],"about":[{"href":"https:\/\/tarczynskiarenawroclaw.pl\/en\/wp-json\/wp\/v2\/types\/mec-events"}],"author":[{"embeddable":true,"href":"https:\/\/tarczynskiarenawroclaw.pl\/en\/wp-json\/wp\/v2\/users\/1"}],"replies":[{"embeddable":true,"href":"https:\/\/tarczynskiarenawroclaw.pl\/en\/wp-json\/wp\/v2\/comments?post=8758"}],"wp:featuredmedia":[{"embeddable":true,"href":"https:\/\/tarczynskiarenawroclaw.pl\/en\/wp-json\/wp\/v2\/media\/8304"}],"wp:attachment":[{"href":"https:\/\/tarczynskiarenawroclaw.pl\/en\/wp-json\/wp\/v2\/media?parent=8758"}],"wp:term":[{"taxonomy":"post_tag","embeddable":true,"href":"https:\/\/tarczynskiarenawroclaw.pl\/en\/wp-json\/wp\/v2\/tags?post=8758"},{"taxonomy":"mec_category","embeddable":true,"href":"https:\/\/tarczynskiarenawroclaw.pl\/en\/wp-json\/wp\/v2\/mec_category?post=8758"}],"curies":[{"name":"wp","href":"https:\/\/api.w.org\/{rel}","templated":true}]}}