{"id":8782,"date":"2021-08-23T11:43:18","date_gmt":"2021-08-23T09:43:18","guid":{"rendered":"https:\/\/tarczynskiarenawroclaw.pl\/events\/festiwal-pracy-jobicon\/"},"modified":"2021-08-23T11:43:18","modified_gmt":"2021-08-23T09:43:18","slug":"festiwal-pracy-jobicon","status":"publish","type":"mec-events","link":"https:\/\/tarczynskiarenawroclaw.pl\/en\/events\/festiwal-pracy-jobicon\/","title":{"rendered":"Festiwal Pracy Jobicon"},"content":{"rendered":"<p>Szukasz zawodowych inspiracji, ofert pracy albo merytorycznych szkole\u0144?<br \/>\nPrzyjd\u017a na Festiwal Pracy JOBICON organizowany przez najwi\u0119kszy portal rekrutacyjny Pracuj.pl!<\/p>\n<p>REJESTRACJA:<br \/>\nOdbierz bezp\u0142atny bilet na wydarzenie \u2b07<br \/>\n<a href=\"https:\/\/l.facebook.com\/l.php?u=https%3A%2F%2Fbit.ly%2F2RVKc3D%3Ffbclid%3DIwAR2T-z1WcbNJqtPGH51-gxQCkpRxvjWeBLlJUQHlnjc4hfs41GQ_SGVs8zw&amp;h=AT3kH1O4SPNOXUkI15tmXIV7-0Rypf5fOdC231euiBNUclHEJOJJFHVz1aBUflTlRvdAOF5qMkoGTpzKWRSjHmiBXVSM8drnQwmxs98SbPefAYSs-g1g149zdGeCBHppzSoT\" target=\"_blank\" rel=\"nofollow noopener noreferrer\" data-lynx-mode=\"hover\">http:\/\/bit.ly\/2RVKc3D<\/a><\/p>\n<p>JEDEN DZIE\u0143, MILIONY MO\u017bLIWO\u015aCI:<br \/>\n???? Poznaj wymarzonego pracodawc\u0119 i przeka\u017c mu swoje CV<br \/>\n???? Skonsultuj swoje CV z ekspertami Pracuj.pl<br \/>\n????\u200d???? Poszerzaj swoje kompetencje na profesjonalnych szkoleniach<br \/>\n???? Sprawd\u017a si\u0119 podczas symulacji rozmowy rekrutacyjnej<br \/>\n???? Zr\u00f3b profesjonalne zdj\u0119cie do CV<br \/>\n????\u200d\u2642 We\u017a udzia\u0142 w wyk\u0142adach inspiruj\u0105cych go\u015bci (Magda Gessler, Rafa\u0142 Masny)<\/p>\n<p>I nie r\u00f3b tego wszystkiego na g\u0142odniaka! Zadbamy o to w strefie food truck\u00f3w ????<br \/>\nDla pierwszych 250 os\u00f3b voucher na jedzenie w prezencie!<br \/>\nVoucher otrzymaj\u0105 osoby z biletem na wydarzenie, kt\u00f3re pojawi\u0105 si\u0119 jako pierwsze na Festiwalu Pracy JOBICON.<\/p>\n<p>WARSZTATY:<br \/>\n???? 11:00 &#8211; 12:00 Jakie funkcj\u0119 mo\u017cesz pe\u0142ni\u0107 pracuj\u0105c w bran\u017cy IT i ile zarobisz? \u2013 Coders Lab<br \/>\n???? 12:00 &#8211; 13:00 warsztat Triki PowerPointa w pracy (\u0141ukasz Grochowina &#8211; Expose)<br \/>\n???? 13:10 &#8211; 14:10 warsztat Excel na rozmowie rekrutacyjnej (\u0141ukasz Grochowina &#8211; Expose)<br \/>\n???? 14:10 &#8211; 15:10 warsztat Personal Branding \u2013 b\u0105d\u017a kandydatem nie do odrzucenia (Ula Zaj\u0105c)<br \/>\n????\u200d???? 15:10 &#8211; 16:10 warsztat Jak odkry\u0107 co chcesz robi\u0107 w \u017cyciu? (Emilia Wojciechowska)<\/p>\n<p>PRELEKCJE:<br \/>\n11:15 &#8211; 12:15 Przysz\u0142o\u015b\u0107 pracy. Co zrobi\u0107 by nie zast\u0105pi\u0142 Ci\u0119 robot?<br \/>\nGo\u015b\u0107 specjalny &#8211; Rafa\u0142 Masny<br \/>\n12:15 &#8211; 13:00 Prelekcja Pracodawcy<br \/>\n13:00 -13:45 Prelekcja Pracodawcy LG Chem Wroc\u0142aw Energy<br \/>\n13:45 &#8211; 14:45 Go\u015b\u0107 specjalny! gwiazda Magda Gessler \u201eJak przeku\u0107 pasj\u0119 w prac\u0119?\u201d<br \/>\n14:45 &#8211; 15:00 Prelekcja Pracodawcy<br \/>\n15:00 &#8211; 15:45 Prelekcja Pracodawcy<\/p>\n<p>NAGRODY ????<br \/>\n\u2757\ufe0f WE\u0179 UDZIA\u0141 W PRELEKCJACH<br \/>\nPRACODAWC\u00d3W \u2757\ufe0f<br \/>\nWYPE\u0141NIJ KART\u0118 KONKURSOW\u0104 ONLINE I ZGARNIJ ATRAKCYJNE NAGRODY????<\/p>\n<p>*REGULAMIN KONKURSU DOST\u0118PNY PRZY REJESTRACJI ORAZ NA KARCIE KONKURSOWEJ<\/p>\n<p>TERMIN I MIEJSCE:<br \/>\nKiedy ???? 09.03.<br \/>\nGdzie ???? Stadion Wroc\u0142aw<\/p>\n<p>Nie jeste\u015b z Wroc\u0142awia? B\u0119dziemy te\u017c:<br \/>\n???? Warszawa 02.03.- <a href=\"https:\/\/l.facebook.com\/l.php?u=https%3A%2F%2Fbit.ly%2F2ShL5Cl%3Ffbclid%3DIwAR1uhgrp6lzT5pBosC-FOtI8qpgAqI1MAZpJWsVDSiKJVyxFhy_ZUXdBpY4&amp;h=AT31hy33CDjfhrTXXZVXj5lu5YiYzGjaLLjP70wzO0CMV56TA0GD8gK6W6Zcfnro1HM0BsDyr_Y4aPKaRREdd_aDnVdODyVqLRVPfPE53uRg-3T826ebIhhMRvKR1R-K6QXS\" target=\"_blank\" rel=\"nofollow noopener noreferrer\" data-lynx-mode=\"hover\">http:\/\/bit.ly\/2ShL5Cl<\/a><br \/>\n???? Krak\u00f3w 12.03. &#8211; <a href=\"https:\/\/l.facebook.com\/l.php?u=https%3A%2F%2Fbit.ly%2F36VFMxN%3Ffbclid%3DIwAR2cvhaioTeJ1li048EkJV8B4XhMtzMaCmk0lYpyk12NAz6HPnKkInPlt1E&amp;h=AT0MLHRaT8M193LUW6Mrl3FYLIm1Qqdq2HQHfLbwZLU-CfBVAZyO4fUI9lyNsKmIWrHbUehk8f-2s1dEGM_QTCmgywW0D9i8ZciFf0SzOlazGNkh0Ay51b-NAQ1JUkXzGadQ\" target=\"_blank\" rel=\"nofollow noopener noreferrer\" data-lynx-mode=\"hover\">http:\/\/bit.ly\/36VFMxN<\/a><\/p>\n<p>Sprawd\u017a, jak wygl\u0105da\u0142y poprzednie edycje:<br \/>\n<a href=\"https:\/\/www.youtube.com\/watch?v=6hyZ73idhM0&amp;fbclid=IwAR1Mz4o2p1CxqgXiHMD7yT1GMZccQo0GERxajrsbfz_FvjPpPMMM_FX4M98\" target=\"_blank\" rel=\"nofollow noopener noreferrer\" data-lynx-mode=\"hover\" data-lynx-uri=\"https:\/\/l.facebook.com\/l.php?u=https%3A%2F%2Fwww.youtube.com%2Fwatch%3Fv%3D6hyZ73idhM0%26fbclid%3DIwAR1Mz4o2p1CxqgXiHMD7yT1GMZccQo0GERxajrsbfz_FvjPpPMMM_FX4M98&amp;h=AT0ECF9TucG4XVBdjTQTilRfqPXx6L8kv-LWeof2D2IQNGqItQrd5XccrmH5wcjiU0OiVu0l4-kXA7lICMJhLKSqYdvNScOq1HJcwXVy84lzL9PEI2s5oIK7n6YnnjulmWx1\">https:\/\/www.youtube.com\/watch?v=6hyZ73idhM0<\/a><\/p>\n<p>Spe\u0142niaj marzenia z <a href=\"https:\/\/www.facebook.com\/hashtag\/jobicon\" target=\"_blank\" rel=\"noopener noreferrer\">#JOBICON<\/a> ????<\/p>\n","protected":false},"excerpt":{"rendered":"<p>Szukasz zawodowych inspiracji, ofert pracy albo merytorycznych szkole\u0144? Przyjd\u017a na Festiwal Pracy JOBICON&#8230;<\/p>\n","protected":false},"author":1,"featured_media":8240,"comment_status":"closed","ping_status":"closed","template":"","tags":[],"mec_category":[],"class_list":["post-8782","mec-events","type-mec-events","status-publish","has-post-thumbnail","hentry"],"yoast_head":"<!-- This site is optimized with the Yoast SEO plugin v27.4 - https:\/\/yoast.com\/product\/yoast-seo-wordpress\/ -->\n<title>Festiwal Pracy Jobicon &#8211; Tarczy\u0144ski Arena Wroc\u0142aw<\/title>\n<meta name=\"description\" content=\"Szukasz zawodowych inspiracji, ofert pracy albo merytorycznych szkole\u0144? Przyjd\u017a na Festiwal Pracy JOBICON organizowany przez najwi\u0119kszy portal\" \/>\n<meta name=\"robots\" content=\"index, follow, max-snippet:-1, max-image-preview:large, max-video-preview:-1\" \/>\n<link rel=\"canonical\" href=\"https:\/\/tarczynskiarenawroclaw.pl\/events\/festiwal-pracy-jobicon\/\" \/>\n<meta property=\"og:locale\" content=\"en_US\" \/>\n<meta property=\"og:type\" content=\"article\" \/>\n<meta property=\"og:title\" content=\"Festiwal Pracy Jobicon &#8211; Tarczy\u0144ski Arena Wroc\u0142aw\" \/>\n<meta property=\"og:description\" content=\"Szukasz zawodowych inspiracji, ofert pracy albo merytorycznych szkole\u0144? Przyjd\u017a na Festiwal Pracy JOBICON organizowany przez najwi\u0119kszy portal\" \/>\n<meta property=\"og:url\" content=\"https:\/\/tarczynskiarenawroclaw.pl\/events\/festiwal-pracy-jobicon\/\" \/>\n<meta property=\"og:site_name\" content=\"Tarczy\u0144ski Arena Wroc\u0142aw\" \/>\n<meta property=\"og:image\" content=\"https:\/\/tarczynskiarenawroclaw.pl\/wp-content\/uploads\/2021\/08\/Jobicon-png.jpg\" \/>\n\t<meta property=\"og:image:width\" content=\"749\" \/>\n\t<meta property=\"og:image:height\" content=\"389\" \/>\n\t<meta property=\"og:image:type\" content=\"image\/jpeg\" \/>\n<meta name=\"twitter:card\" content=\"summary_large_image\" \/>\n<meta name=\"twitter:label1\" content=\"Est. reading time\" \/>\n\t<meta name=\"twitter:data1\" content=\"2 minutes\" \/>\n<script type=\"application\/ld+json\" class=\"yoast-schema-graph\">{\"@context\":\"https:\\\/\\\/schema.org\",\"@graph\":[{\"@type\":\"WebPage\",\"@id\":\"https:\\\/\\\/tarczynskiarenawroclaw.pl\\\/events\\\/festiwal-pracy-jobicon\\\/\",\"url\":\"https:\\\/\\\/tarczynskiarenawroclaw.pl\\\/events\\\/festiwal-pracy-jobicon\\\/\",\"name\":\"Festiwal Pracy Jobicon &#8211; Tarczy\u0144ski Arena Wroc\u0142aw\",\"isPartOf\":{\"@id\":\"https:\\\/\\\/tarczynskiarenawroclaw.pl\\\/#website\"},\"primaryImageOfPage\":{\"@id\":\"https:\\\/\\\/tarczynskiarenawroclaw.pl\\\/events\\\/festiwal-pracy-jobicon\\\/#primaryimage\"},\"image\":{\"@id\":\"https:\\\/\\\/tarczynskiarenawroclaw.pl\\\/events\\\/festiwal-pracy-jobicon\\\/#primaryimage\"},\"thumbnailUrl\":\"https:\\\/\\\/tarczynskiarenawroclaw.pl\\\/wp-content\\\/uploads\\\/2021\\\/08\\\/Jobicon-png.jpg\",\"datePublished\":\"2021-08-23T09:43:18+00:00\",\"description\":\"Szukasz zawodowych inspiracji, ofert pracy albo merytorycznych szkole\u0144? Przyjd\u017a na Festiwal Pracy JOBICON organizowany przez najwi\u0119kszy portal\",\"breadcrumb\":{\"@id\":\"https:\\\/\\\/tarczynskiarenawroclaw.pl\\\/events\\\/festiwal-pracy-jobicon\\\/#breadcrumb\"},\"inLanguage\":\"en-US\",\"potentialAction\":[{\"@type\":\"ReadAction\",\"target\":[\"https:\\\/\\\/tarczynskiarenawroclaw.pl\\\/events\\\/festiwal-pracy-jobicon\\\/\"]}]},{\"@type\":\"ImageObject\",\"inLanguage\":\"en-US\",\"@id\":\"https:\\\/\\\/tarczynskiarenawroclaw.pl\\\/events\\\/festiwal-pracy-jobicon\\\/#primaryimage\",\"url\":\"https:\\\/\\\/tarczynskiarenawroclaw.pl\\\/wp-content\\\/uploads\\\/2021\\\/08\\\/Jobicon-png.jpg\",\"contentUrl\":\"https:\\\/\\\/tarczynskiarenawroclaw.pl\\\/wp-content\\\/uploads\\\/2021\\\/08\\\/Jobicon-png.jpg\",\"width\":749,\"height\":389},{\"@type\":\"BreadcrumbList\",\"@id\":\"https:\\\/\\\/tarczynskiarenawroclaw.pl\\\/events\\\/festiwal-pracy-jobicon\\\/#breadcrumb\",\"itemListElement\":[{\"@type\":\"ListItem\",\"position\":1,\"name\":\"Strona g\u0142\u00f3wna\",\"item\":\"https:\\\/\\\/tarczynskiarenawroclaw.pl\\\/en\\\/\"},{\"@type\":\"ListItem\",\"position\":2,\"name\":\"Events\",\"item\":\"https:\\\/\\\/tarczynskiarenawroclaw.pl\\\/events\\\/\"},{\"@type\":\"ListItem\",\"position\":3,\"name\":\"Festiwal Pracy Jobicon\"}]},{\"@type\":\"WebSite\",\"@id\":\"https:\\\/\\\/tarczynskiarenawroclaw.pl\\\/#website\",\"url\":\"https:\\\/\\\/tarczynskiarenawroclaw.pl\\\/\",\"name\":\"Tarczy\u0144ski Arena Wroc\u0142aw\",\"description\":\"Stadion Miejski we Wroc\u0142awiu\",\"publisher\":{\"@id\":\"https:\\\/\\\/tarczynskiarenawroclaw.pl\\\/#organization\"},\"potentialAction\":[{\"@type\":\"SearchAction\",\"target\":{\"@type\":\"EntryPoint\",\"urlTemplate\":\"https:\\\/\\\/tarczynskiarenawroclaw.pl\\\/?s={search_term_string}\"},\"query-input\":{\"@type\":\"PropertyValueSpecification\",\"valueRequired\":true,\"valueName\":\"search_term_string\"}}],\"inLanguage\":\"en-US\"},{\"@type\":\"Organization\",\"@id\":\"https:\\\/\\\/tarczynskiarenawroclaw.pl\\\/#organization\",\"name\":\"Stadion Wroc\u0142aw\",\"url\":\"https:\\\/\\\/tarczynskiarenawroclaw.pl\\\/\",\"logo\":{\"@type\":\"ImageObject\",\"inLanguage\":\"en-US\",\"@id\":\"https:\\\/\\\/tarczynskiarenawroclaw.pl\\\/#\\\/schema\\\/logo\\\/image\\\/\",\"url\":\"https:\\\/\\\/stadionwroclaw.pl\\\/wp-content\\\/uploads\\\/2021\\\/08\\\/favicon-stadion-wroclaw.png\",\"contentUrl\":\"https:\\\/\\\/stadionwroclaw.pl\\\/wp-content\\\/uploads\\\/2021\\\/08\\\/favicon-stadion-wroclaw.png\",\"width\":512,\"height\":512,\"caption\":\"Stadion Wroc\u0142aw\"},\"image\":{\"@id\":\"https:\\\/\\\/tarczynskiarenawroclaw.pl\\\/#\\\/schema\\\/logo\\\/image\\\/\"}}]}<\/script>\n<!-- \/ Yoast SEO plugin. -->","yoast_head_json":{"title":"Festiwal Pracy Jobicon &#8211; Tarczy\u0144ski Arena Wroc\u0142aw","description":"Szukasz zawodowych inspiracji, ofert pracy albo merytorycznych szkole\u0144? Przyjd\u017a na Festiwal Pracy JOBICON organizowany przez najwi\u0119kszy portal","robots":{"index":"index","follow":"follow","max-snippet":"max-snippet:-1","max-image-preview":"max-image-preview:large","max-video-preview":"max-video-preview:-1"},"canonical":"https:\/\/tarczynskiarenawroclaw.pl\/events\/festiwal-pracy-jobicon\/","og_locale":"en_US","og_type":"article","og_title":"Festiwal Pracy Jobicon &#8211; Tarczy\u0144ski Arena Wroc\u0142aw","og_description":"Szukasz zawodowych inspiracji, ofert pracy albo merytorycznych szkole\u0144? Przyjd\u017a na Festiwal Pracy JOBICON organizowany przez najwi\u0119kszy portal","og_url":"https:\/\/tarczynskiarenawroclaw.pl\/events\/festiwal-pracy-jobicon\/","og_site_name":"Tarczy\u0144ski Arena Wroc\u0142aw","og_image":[{"width":749,"height":389,"url":"https:\/\/tarczynskiarenawroclaw.pl\/wp-content\/uploads\/2021\/08\/Jobicon-png.jpg","type":"image\/jpeg"}],"twitter_card":"summary_large_image","twitter_misc":{"Est. reading time":"2 minutes"},"schema":{"@context":"https:\/\/schema.org","@graph":[{"@type":"WebPage","@id":"https:\/\/tarczynskiarenawroclaw.pl\/events\/festiwal-pracy-jobicon\/","url":"https:\/\/tarczynskiarenawroclaw.pl\/events\/festiwal-pracy-jobicon\/","name":"Festiwal Pracy Jobicon &#8211; Tarczy\u0144ski Arena Wroc\u0142aw","isPartOf":{"@id":"https:\/\/tarczynskiarenawroclaw.pl\/#website"},"primaryImageOfPage":{"@id":"https:\/\/tarczynskiarenawroclaw.pl\/events\/festiwal-pracy-jobicon\/#primaryimage"},"image":{"@id":"https:\/\/tarczynskiarenawroclaw.pl\/events\/festiwal-pracy-jobicon\/#primaryimage"},"thumbnailUrl":"https:\/\/tarczynskiarenawroclaw.pl\/wp-content\/uploads\/2021\/08\/Jobicon-png.jpg","datePublished":"2021-08-23T09:43:18+00:00","description":"Szukasz zawodowych inspiracji, ofert pracy albo merytorycznych szkole\u0144? Przyjd\u017a na Festiwal Pracy JOBICON organizowany przez najwi\u0119kszy portal","breadcrumb":{"@id":"https:\/\/tarczynskiarenawroclaw.pl\/events\/festiwal-pracy-jobicon\/#breadcrumb"},"inLanguage":"en-US","potentialAction":[{"@type":"ReadAction","target":["https:\/\/tarczynskiarenawroclaw.pl\/events\/festiwal-pracy-jobicon\/"]}]},{"@type":"ImageObject","inLanguage":"en-US","@id":"https:\/\/tarczynskiarenawroclaw.pl\/events\/festiwal-pracy-jobicon\/#primaryimage","url":"https:\/\/tarczynskiarenawroclaw.pl\/wp-content\/uploads\/2021\/08\/Jobicon-png.jpg","contentUrl":"https:\/\/tarczynskiarenawroclaw.pl\/wp-content\/uploads\/2021\/08\/Jobicon-png.jpg","width":749,"height":389},{"@type":"BreadcrumbList","@id":"https:\/\/tarczynskiarenawroclaw.pl\/events\/festiwal-pracy-jobicon\/#breadcrumb","itemListElement":[{"@type":"ListItem","position":1,"name":"Strona g\u0142\u00f3wna","item":"https:\/\/tarczynskiarenawroclaw.pl\/en\/"},{"@type":"ListItem","position":2,"name":"Events","item":"https:\/\/tarczynskiarenawroclaw.pl\/events\/"},{"@type":"ListItem","position":3,"name":"Festiwal Pracy Jobicon"}]},{"@type":"WebSite","@id":"https:\/\/tarczynskiarenawroclaw.pl\/#website","url":"https:\/\/tarczynskiarenawroclaw.pl\/","name":"Tarczy\u0144ski Arena Wroc\u0142aw","description":"Stadion Miejski we Wroc\u0142awiu","publisher":{"@id":"https:\/\/tarczynskiarenawroclaw.pl\/#organization"},"potentialAction":[{"@type":"SearchAction","target":{"@type":"EntryPoint","urlTemplate":"https:\/\/tarczynskiarenawroclaw.pl\/?s={search_term_string}"},"query-input":{"@type":"PropertyValueSpecification","valueRequired":true,"valueName":"search_term_string"}}],"inLanguage":"en-US"},{"@type":"Organization","@id":"https:\/\/tarczynskiarenawroclaw.pl\/#organization","name":"Stadion Wroc\u0142aw","url":"https:\/\/tarczynskiarenawroclaw.pl\/","logo":{"@type":"ImageObject","inLanguage":"en-US","@id":"https:\/\/tarczynskiarenawroclaw.pl\/#\/schema\/logo\/image\/","url":"https:\/\/stadionwroclaw.pl\/wp-content\/uploads\/2021\/08\/favicon-stadion-wroclaw.png","contentUrl":"https:\/\/stadionwroclaw.pl\/wp-content\/uploads\/2021\/08\/favicon-stadion-wroclaw.png","width":512,"height":512,"caption":"Stadion Wroc\u0142aw"},"image":{"@id":"https:\/\/tarczynskiarenawroclaw.pl\/#\/schema\/logo\/image\/"}}]}},"featured_img":"https:\/\/tarczynskiarenawroclaw.pl\/wp-content\/uploads\/2021\/08\/Jobicon-png-330x330.jpg","coauthors":[],"author_meta":{"author_link":"https:\/\/tarczynskiarenawroclaw.pl\/en\/author\/sw-admin\/","display_name":"WLM"},"relative_dates":{"created":"Posted 5 years ago","modified":"Updated 5 years ago"},"absolute_dates":{"created":"Posted on 23.08.2021","modified":"Updated on 23.08.2021"},"absolute_dates_time":{"created":"Posted on 23.08.2021 11:43","modified":"Updated on 23.08.2021 11:43"},"featured_img_caption":"","tax_additional":{"post_tag":{"linked":[],"unlinked":[],"slug":"post_tag","name":"Tags"},"mec_category":{"linked":[],"unlinked":[],"slug":"mec_category","name":"Categories"},"mec_label":{"linked":[],"unlinked":[],"slug":"mec_label","name":"Labels"},"mec_location":{"linked":[],"unlinked":[],"slug":"mec_location","name":"Locations"},"mec_organizer":{"linked":[],"unlinked":[],"slug":"mec_organizer","name":"Organizers"}},"series_order":"","_links":{"self":[{"href":"https:\/\/tarczynskiarenawroclaw.pl\/en\/wp-json\/wp\/v2\/mec-events\/8782","targetHints":{"allow":["GET"]}}],"collection":[{"href":"https:\/\/tarczynskiarenawroclaw.pl\/en\/wp-json\/wp\/v2\/mec-events"}],"about":[{"href":"https:\/\/tarczynskiarenawroclaw.pl\/en\/wp-json\/wp\/v2\/types\/mec-events"}],"author":[{"embeddable":true,"href":"https:\/\/tarczynskiarenawroclaw.pl\/en\/wp-json\/wp\/v2\/users\/1"}],"replies":[{"embeddable":true,"href":"https:\/\/tarczynskiarenawroclaw.pl\/en\/wp-json\/wp\/v2\/comments?post=8782"}],"wp:featuredmedia":[{"embeddable":true,"href":"https:\/\/tarczynskiarenawroclaw.pl\/en\/wp-json\/wp\/v2\/media\/8240"}],"wp:attachment":[{"href":"https:\/\/tarczynskiarenawroclaw.pl\/en\/wp-json\/wp\/v2\/media?parent=8782"}],"wp:term":[{"taxonomy":"post_tag","embeddable":true,"href":"https:\/\/tarczynskiarenawroclaw.pl\/en\/wp-json\/wp\/v2\/tags?post=8782"},{"taxonomy":"mec_category","embeddable":true,"href":"https:\/\/tarczynskiarenawroclaw.pl\/en\/wp-json\/wp\/v2\/mec_category?post=8782"}],"curies":[{"name":"wp","href":"https:\/\/api.w.org\/{rel}","templated":true}]}}